{"id":577397,"date":"2023-03-12T15:50:39","date_gmt":"2023-03-12T14:50:39","guid":{"rendered":"https:\/\/www.samoens.com\/samoens-paradis-des-randonneurs\/"},"modified":"2025-08-19T17:19:08","modified_gmt":"2025-08-19T15:19:08","slug":"samoens-paradis-des-randonneurs","status":"publish","type":"page","link":"https:\/\/www.samoens.com\/nl\/samoens-paradis-des-randonneurs\/","title":{"rendered":"Samo\u00ebns, een paradijs voor wandelaars"},"content":{"rendered":"<div class=\"wpb-content-wrapper\"><p>[vc_row][vc_column][vc_column_text]<strong>Wandelen in Samo\u00ebns, geniet van een uniek moment in het hart van de bergen van de Haute-Savoie<\/strong>[\/vc_column_text][vc_column_text]<\/p>\n<h2 class=\"chapeau\"><em>Profiteer in het zomerseizoen van de talrijke wandelingen in de omgeving van Samo\u00ebns. Laat u meeslepen door de majestueuze berglandschappen die dit kleine Haut-Savoyard dorp omringen. Voor een halve dag, een dag, of zelfs meerdere dagen met een overnachting in een berghut of in een bivak, vindt u de mooiste gezins- en sportieve wandelingen in de vallei van de Giffre.<\/em><\/h2>\n<p>[\/vc_column_text][\/vc_column][\/vc_row][vc_row][vc_column][vc_video link=&#8221;https:\/\/youtu.be\/PcN46c219Y8&#8243;][vc_column_text]<\/p>\n<h3>WANDELEN IN SAMO\u00cbNS<\/h3>\n<p>[\/vc_column_text][\/vc_column][\/vc_row][vc_row][vc_column][vc_column_text]<\/p>\n<h5>Wandelroutes met familie en vrienden<\/h5>\n<p>Om de stadsdrukte te ontvluchten en het dorp Samo\u00ebns te leren kennen, is er niets beter dan goede wandelschoenen aan te trekken en de omliggende paden te veroveren. De wandelingen in het middengebergte, die rechtstreeks toegankelijk zijn vanuit het stadscentrum, vanuit de gehuchten of vanaf de talrijke bergparkings, zijn een gelegenheid om de vallei van de Haut-Giffre vanuit een heel andere hoek te ontdekken. Alleen, met het gezin of met vrienden, het is een goede activiteit om een halve of hele dag te doen voordat u weer naar beneden gaat om te genieten van Samo\u00ebns en zijn ontspanningsgebieden.[\/vc_column_text][vc_btn title=&#8221;ontdekken&#8221; link=&#8221;url:https%3A%2F%2Fwww.samoens.com%2Fitineraires%2F|target:_blank&#8221;][vc_empty_space][vc_column_text]<\/p>\n<h5>Skiliften, wandelen op de hoogten van Samo\u00ebns<\/h5>\n<p>Hoewel de vallei van de Giffre en de omliggende bergen veeleisende wandelingen bieden, zullen andere, meer toegankelijke routes u over de streep trekken. U ontdekt alle schoonheid van de vallei langs het water of in de hoogte op brede en begaanbare paden. Om de routes te vari\u00ebren, gaat u naar de hoogten van Samo\u00ebns, door de skiliften van het Grand Massif station te nemen, waar brede paden u tussen de historische gehuchten van Samo\u00ebns zullen leiden om u de rijkdom van deze Haute-Savoie vallei te laten ontdekken.[\/vc_column_text][vc_btn title=&#8221;ontdekken&#8221; link=&#8221;url:https%3A%2F%2Fwww.samoens.com%2Fremontees-mecaniques%2F|target:_blank&#8221;][vc_empty_space][vc_column_text]<\/p>\n<h5>Wandelen met schuilplaats, waarbij de mooiste alpentoppen gedurende meerdere dagen worden aangedaan<\/h5>\n<p>Ook de avonturiers en wandelliefhebbers komen aan hun trekken. In Samo\u00ebns liggen enkele van de mooiste toppen van de Haute-Savoie. Met uitzicht op de Zwitserse massieven, de Mont Blanc, de keten van de Aiguilles Rouges en het massief van de Haut-Giffre, is wandelen in het hart van de Haut-Giffre de perfecte gelegenheid om de bergen in hun beste licht te ontdekken en gemzen en marmotten in het zonlicht te observeren. Voor de liefhebbers van een warme avond verwelkomen de berghutten u tijdens de zomerperiode met vol- of halfpension. Ze zijn ook een ideale tussenstop in de loop van de tocht om te eten en nieuwe energie op te doen voordat u weer op pad gaat over de mooiste Haut-Savoyard paden.[\/vc_column_text][vc_btn title=&#8221;ontdekken&#8221; link=&#8221;url:https%3A%2F%2Fwww.samoens.com%2Fles-activites-a-samoens%2Factivites-dete%2Frandonnee%2Frefuges%2F|target:_blank&#8221;][vc_empty_space][vc_column_text]<\/p>\n<h5><b>Het Cirque du Fer-\u00e0-Cheval, de mythische plek om te wandelen in de Haut-Giffre<\/b><\/h5>\n<p>Gelegen in het hart van een van de mooiste valleien van de Haute-Savoie, zijn Samo\u00ebns en de omliggende dorpen het perfecte vertrekpunt voor uw volgende wandeling in de vallei. De Haut-Giffre omvat enkele opmerkelijke sites en vele adembenemende routes. Het Cirque Fer-\u00e0-Cheval is geen uitzondering op de regel en deze even onvergetelijke als toegankelijke omgeving dompelt u onder in het hart van een relatief vlakke vallei met wanden die meer dan 2.500 meter hoog zijn. Of u nu een halve dag, een dag of meerdere dagen gaat, u kunt genieten van deze unieke plek, die welbekend is. In het voorjaar geven de smeltende sneeuw en de talloze watervallen een bijzonder tintje en bieden een onvergetelijk schouwspel.[\/vc_column_text][vc_btn title=&#8221;ontdekken&#8221; link=&#8221;url:https%3A%2F%2Fwww.samoens.com%2Fnl%2Fbalade-du-bout-du-monde%2F|target:_blank&#8221;][vc_empty_space][vc_column_text]<\/p>\n<h5>Begeleide wandelingen<\/h5>\n<p>Om u op uw volgende bergwandeling te begeleiden en in alle veiligheid de Alpentoppen te bedwingen, staan het hele jaar door professionele gidsen (staatsgediplomeerd) van Samo\u00ebns tot uw beschikking. Deze bergprofessionals, die de regio door en door kennen, zijn er ook om de wandeling kracht bij te zetten met anekdotes en uitleg over de bergen, fauna en flora om u heen. Naar de bergen gaan met een gids is ook de zekerheid van een combinatie van veiligheid en ontdekking in een van de mooiste bergketens van de regio. Het extraatje voor een geslaagde dag in de bergen, de gidsen zijn er ook om de geschikte wandeling te kiezen in functie van uw wensen, uw niveau en de weersomstandigheden.[\/vc_column_text][vc_btn title=&#8221;ontdekken&#8221; link=&#8221;url:https%3A%2F%2Fwww.samoens.com%2Fles-activites-a-samoens%2Factivites-dete%2Frandonnee%2Frandonnees-accompagnees%2F|target:_blank&#8221;][\/vc_column][\/vc_row][vc_row][vc_column width=&#8221;1\/2&#8243;][vc_empty_space][vc_column_text]<\/p>\n<h4>De bergen van Giffre in het kort :<\/h4>\n<p>650 kilometer gemarkeerde paden<br \/>\nEen rijk en wild natuurlijk erfgoed<br \/>\nVan familiewandelingen tot sportieve wandelingen<br \/>\nEen natuurreservaat in Sixt-Fer-\u00e0-Cheval<br \/>\nEen Natura 2000-gebied op het plateau van Lo\u00ebx[\/vc_column_text][vc_empty_space height=&#8221;5px&#8221;][\/vc_column][vc_column width=&#8221;1\/2&#8243;][vc_single_image image=&#8221;530816&#8243; img_size=&#8221;500&#215;300&#8243;][\/vc_column][\/vc_row][vc_row][vc_column][vc_single_image image=&#8221;542115&#8243; img_size=&#8221;2000&#215;900&#8243;][\/vc_column][\/vc_row][vc_row][vc_column][vc_column_text]<\/p>\n<h2>Foire aux questions<\/h2>\n<p>[\/vc_column_text]<div class=\"blocqr\"><div class=\"question\" id=\"qr366q\" onclick=\"openqr('qr366');\"><span>Welke routes zijn haalbaar over meerdere dagen met berghutten?<\/span><i class=\"fas fa-chevron-down\"><\/i><\/div><div class=\"reponse\" id=\"qr366\">U kunt de GR5 &#8211; Alpen ontdekken, een mythische langeafstandswandelroute die Samo\u00ebns het dorp van een van zijn 40 etappes maakt. Tussen het uitzicht op de Mont-Blanc tijdens de route en de rijkdom van de alpiene biodiversiteit, biedt het u een moment van ontsnapping buiten het gewone. De tweede beroemde route van de regio voert u rond het massief van de Haut-Giffre en wordt in verschillende korte etappes afgelegd. Deze route, met zijn berghutten, laat u alle facetten van dit juweel van de Alpen ontdekken: de vallei, het bos, de bergweiden, de hoogtepaden, de meren&#8230;<\/div><\/div><script>function openqr(div){\n                    if($(\"#\"+div+\"q\").hasClass(\"opened\")){\n                    $(\"#\"+div+\"\").toggle(\"fast\");\n                    $(\"#\"+div+\"q\").removeClass(\"opened\");\n                    }\n                    else{\n                        $(\"#\"+div+\"\").toggle(\"fast\");\n                        $(\"#\"+div+\"q\").addClass(\"opened\");\n                    }\n                }<\/script><div class=\"blocqr\"><div class=\"question\" id=\"qr290q\" onclick=\"openqr('qr290');\"><span>Waar kun je heen om van een opmerkelijk panorama te genieten en toch je auto te kunnen parkeren?<\/span><i class=\"fas fa-chevron-down\"><\/i><\/div><div class=\"reponse\" id=\"qr290\">Er zijn veel plaatsen waar u kunt genieten van een prachtig uitzicht en toch gemakkelijk bereikbaar bent. U kunt bijvoorbeeld naar de Joux Plane pas op de hoogten van Samo\u00ebns gaan, het startpunt voor vele wandelingen van verschillende moeilijkheidsgraad. Nadat u van het uitzicht op het hele massief van de Haut-Giffre hebt genoten, is het tijd om uit te rusten bij het meer voordat u terugkeert naar de historische stad Samo\u00ebns. In het hart van de vallei bieden andere opmerkelijke plaatsen u het voorrecht om het uitzicht te combineren met de eenvoudige toegang vanuit het stadscentrum, zoals Samo\u00ebns 1600, met uitzicht op het dorp, en zijn skilift naast de meren van Bois aux Dames.<\/div><\/div><script>function openqr(div){\n                    if($(\"#\"+div+\"q\").hasClass(\"opened\")){\n                    $(\"#\"+div+\"\").toggle(\"fast\");\n                    $(\"#\"+div+\"q\").removeClass(\"opened\");\n                    }\n                    else{\n                        $(\"#\"+div+\"\").toggle(\"fast\");\n                        $(\"#\"+div+\"q\").addClass(\"opened\");\n                    }\n                }<\/script><div class=\"blocqr\"><div class=\"question\" id=\"qr915q\" onclick=\"openqr('qr915');\"><span>Welke routes kiest u voor een gezinswandeling, die voor iedereen toegankelijk is?<\/span><i class=\"fas fa-chevron-down\"><\/i><\/div><div class=\"reponse\" id=\"qr915\">Een leuk idee voor een route is de wandeling van de Lacs aux Dames naar het Lac Bleu. Deze wandeling is ideaal voor gezinnen. Hij voert langs de oevers van de Giffre tussen Samo\u00ebns en Morillon over een breed bospad. Ten slotte, om te profiteren van de uitzonderlijke panorama&#8217;s van de Alpen, en dankzij de opening van de skiliften in de zomer, kunt u naar Samo\u00ebns 1600 gaan, vanwaar talrijke paden en tracks u naar de hoogten van Samo\u00ebns leiden, een wandeling die u een prachtig uitzicht op de Mont Blanc biedt.<\/div><\/div><script>function openqr(div){\n                    if($(\"#\"+div+\"q\").hasClass(\"opened\")){\n                    $(\"#\"+div+\"\").toggle(\"fast\");\n                    $(\"#\"+div+\"q\").removeClass(\"opened\");\n                    }\n                    else{\n                        $(\"#\"+div+\"\").toggle(\"fast\");\n                        $(\"#\"+div+\"q\").addClass(\"opened\");\n                    }\n                }<\/script><div class=\"blocqr\"><div class=\"question\" id=\"qr991q\" onclick=\"openqr('qr991');\"><span>Waar vind ik informatie over wandelen in de regio?<\/span><i class=\"fas fa-chevron-down\"><\/i><\/div><div class=\"reponse\" id=\"qr991\">Alle nuttige informatie vindt u bij het Office du Tourisme van Samoens. Vele gidsen zijn beschikbaar om u te adviseren over de vele keuzemogelijkheden. De volgende documenten zijn beschikbaar op het kantoor:<\/p>\n<p><strong>Kaart-gids<\/strong><\/p>\n<p>Voor wandelaars van alle niveaus.<\/p>\n<p>Geeft een overzicht van de gemarkeerde paden in de omgeving en biedt 55 begeleide wandelingen.<\/p>\n<p>Te koop &#8211; 6 euro &#8211; in de toeristische diensten van het gebied en in het chalet van de Grand Site operatie in het Cirque du Fer-\u00e0-Cheval.<\/p>\n<p><strong>Topo-gids<\/strong><\/p>\n<p>32 routes en beschrijvingen van gezinswandelingen.<\/p>\n<p>Zeer gemakkelijk tot vrij gemakkelijk niveau, lage hellingsgraad, maximum 3u30 heen en terug.<\/p>\n<p>Ideaal om de onvermoede facetten van het gebied te ontdekken op het gebied van landschap, fauna, flora en erfgoed.<\/p>\n<p>Te koop &#8211; 3 euro &#8211; in de toeristenbureaus.<\/p>\n<p><strong>Presentatiebrochure &#8220;Au Fil du Giffre<\/strong><\/p>\n<p>De begeleidende kaart geeft informatie over de afstanden en mogelijke etappes langs de route van 29 kilometer. Hij vermeldt ook de professionals die fietsen verhuren.<\/p>\n<p>Gratis &#8211; verkrijgbaar bij de toeristische diensten.<\/p>\n<p><strong>IGN-kaart Samo\u00ebns Haut Giffre 3530 ET<\/strong><\/p>\n<p>Een zeer nauwkeurige wandelkaart waarop u alle details van het terrein vindt, de weergave van het reli\u00ebf door middel van hoogtelijnen en natuurlijk de gemarkeerde paden.<\/p>\n<p>Te koop &#8211; 13,40 euro &#8211; in toeristenbureaus en winkels.<\/div><\/div><script>function openqr(div){\n                    if($(\"#\"+div+\"q\").hasClass(\"opened\")){\n                    $(\"#\"+div+\"\").toggle(\"fast\");\n                    $(\"#\"+div+\"q\").removeClass(\"opened\");\n                    }\n                    else{\n                        $(\"#\"+div+\"\").toggle(\"fast\");\n                        $(\"#\"+div+\"q\").addClass(\"opened\");\n                    }\n                }<\/script><div class=\"blocqr\"><div class=\"question\" id=\"qr36q\" onclick=\"openqr('qr36');\"><span>Is het mogelijk om te bivakkeren in het hart van de Haut-Giffre?<\/span><i class=\"fas fa-chevron-down\"><\/i><\/div><div class=\"reponse\" id=\"qr36\">Voor uw rondtrekkende wandelingen kunt u bivakkeren in het hart van het massief, maar dit moet gebeuren met inachtneming van de geldende voorschriften. U kunt overal in Frankrijk een tent voor de nacht opzetten op voorwaarde dat u hem na 19.00 uur opzet en bij zonsopgang weer inklapt, zodat u niet ongeoorloofd kunt kamperen, wat in de bergen formeel verboden is. Aarzel echter niet om u te informeren over de plaatselijke uitzonderingen. In Natura 2000-gebieden is bivakkeren bijvoorbeeld niet toegestaan.<\/div><\/div><script>function openqr(div){\n                    if($(\"#\"+div+\"q\").hasClass(\"opened\")){\n                    $(\"#\"+div+\"\").toggle(\"fast\");\n                    $(\"#\"+div+\"q\").removeClass(\"opened\");\n                    }\n                    else{\n                        $(\"#\"+div+\"\").toggle(\"fast\");\n                        $(\"#\"+div+\"q\").addClass(\"opened\");\n                    }\n                }<\/script><div class=\"blocqr\"><div class=\"question\" id=\"qr205q\" onclick=\"openqr('qr205');\"><span>Is het mogelijk om met de pendelbus naar het begin van de wandelingen te gaan?<\/span><i class=\"fas fa-chevron-down\"><\/i><\/div><div class=\"reponse\" id=\"qr205\">Een pendeldienst brengt u naar de plaatsen die populair zijn bij onze wandelaars, zoals het plateau van Praz de Lys-Sumand, het vliegtuig van de Col de Joux, het Cirque du fer \u00e0 cheval, de waterval van Rouget, de meren van Samo\u00ebns en Morillon en de parkeerplaats van Lignon.<\/p>\n<p>Betalende dienst &#8211; Kaart en dienstregeling <a href=\"https:\/\/www.samoens.com\/wp-content\/uploads\/2022\/06\/Navettes-estivales-CCMG.pdf\">hier<\/a><\/div><\/div><script>function openqr(div){\n                    if($(\"#\"+div+\"q\").hasClass(\"opened\")){\n                    $(\"#\"+div+\"\").toggle(\"fast\");\n                    $(\"#\"+div+\"q\").removeClass(\"opened\");\n                    }\n                    else{\n                        $(\"#\"+div+\"\").toggle(\"fast\");\n                        $(\"#\"+div+\"q\").addClass(\"opened\");\n                    }\n                }<\/script>[\/vc_column][\/vc_row][vc_row][vc_column][vc_separator][vc_single_image image=&#8221;530813&#8243; img_size=&#8221;2000&#215;740&#8243;][\/vc_column][\/vc_row][vc_row][vc_column][vc_column_text]<\/p>\n<h3><b>VIND ONS EN NEEM GEMAKKELIJK CONTACT MET ONS OP!<\/b><\/h3>\n<p><strong>Samo\u00ebns Toeristische Dienst<\/strong><\/p>\n<p><span style=\"font-weight: 400;\">66, place de l\u2019Office de Tourisme \u2013 74340 SAMO\u00cbNS<\/span><\/p>\n<p><span style=\"font-weight: 400;\">T\u00e9l. : +(33) 04.50.34.40.28<\/span><\/p>\n<p><span style=\"font-weight: 400;\">Mail : infos@samoens.com<\/span><\/p>\n<p>Geopend van dinsdag tot zondag van 9 tot 12 uur en van 14.30 tot 18.30 uur.[\/vc_column_text][\/vc_column][\/vc_row]<\/p>\n<\/div>","protected":false},"excerpt":{"rendered":"<p>[vc_row][vc_column][vc_column_text]Wandelen in Samo\u00ebns, geniet van een uniek moment in het hart van de bergen van de Haute-Savoie[\/vc_column_text][vc_column_text] Profiteer in het zomerseizoen van de talrijke wandelingen in de omgeving van Samo\u00ebns. Laat u meeslepen door de majestueuze berglandschappen die dit kleine Haut-Savoyard dorp omringen. Voor een halve dag, een dag, of zelfs meerdere dagen met een [&hellip;]<\/p>\n","protected":false},"author":2,"featured_media":530820,"parent":0,"menu_order":146,"comment_status":"closed","ping_status":"closed","template":"","meta":{"_acf_changed":false,"footnotes":""},"class_list":["post-577397","page","type-page","status-publish","hentry"],"acf":[],"yoast_head":"<!-- This site is optimized with the Yoast SEO plugin v27.4 - https:\/\/yoast.com\/product\/yoast-seo-wordpress\/ -->\n<title>Samo\u00ebns, een paradijs voor wandelaars<\/title>\n<meta name=\"description\" content=\"Le temps d\u2019un week-end, le jardin de Samo\u00ebns se transforme en un r\u00e9el paradis \u00e0 ciel ouvert pour tous les amateurs de botanique. D\u00e9couvrez les Journ\u00e9es Botaniques de Samo\u00ebns !\" \/>\n<meta name=\"robots\" content=\"index, follow, max-snippet:-1, max-image-preview:large, max-video-preview:-1\" \/>\n<link rel=\"canonical\" href=\"https:\/\/www.samoens.com\/nl\/samoens-paradis-des-randonneurs\/\" \/>\n<meta property=\"og:locale\" content=\"nl_NL\" \/>\n<meta property=\"og:type\" content=\"article\" \/>\n<meta property=\"og:title\" content=\"Samo\u00ebns, een paradijs voor wandelaars\" \/>\n<meta property=\"og:description\" content=\"Le temps d\u2019un week-end, le jardin de Samo\u00ebns se transforme en un r\u00e9el paradis \u00e0 ciel ouvert pour tous les amateurs de botanique. D\u00e9couvrez les Journ\u00e9es Botaniques de Samo\u00ebns !\" \/>\n<meta property=\"og:url\" content=\"https:\/\/www.samoens.com\/nl\/samoens-paradis-des-randonneurs\/\" \/>\n<meta property=\"og:site_name\" content=\"Samo\u00ebns, station de ski et village authentique en Haute-Savoie\" \/>\n<meta property=\"article:modified_time\" content=\"2025-08-19T15:19:08+00:00\" \/>\n<meta property=\"og:image\" content=\"https:\/\/www.samoens.com\/wp-content\/uploads\/2021\/06\/shutterstock_589402718-scaled.jpg\" \/>\n\t<meta property=\"og:image:width\" content=\"2560\" \/>\n\t<meta property=\"og:image:height\" content=\"1706\" \/>\n\t<meta property=\"og:image:type\" content=\"image\/jpeg\" \/>\n<meta name=\"twitter:card\" content=\"summary_large_image\" \/>\n<meta name=\"twitter:label1\" content=\"Geschatte leestijd\" \/>\n\t<meta name=\"twitter:data1\" content=\"8 minuten\" \/>\n<script type=\"application\/ld+json\" class=\"yoast-schema-graph\">{\"@context\":\"https:\\\/\\\/schema.org\",\"@graph\":[{\"@type\":\"WebPage\",\"@id\":\"https:\\\/\\\/www.samoens.com\\\/nl\\\/samoens-paradis-des-randonneurs\\\/\",\"url\":\"https:\\\/\\\/www.samoens.com\\\/nl\\\/samoens-paradis-des-randonneurs\\\/\",\"name\":\"Samo\u00ebns, een paradijs voor wandelaars\",\"isPartOf\":{\"@id\":\"https:\\\/\\\/www.samoens.com\\\/#website\"},\"primaryImageOfPage\":{\"@id\":\"https:\\\/\\\/www.samoens.com\\\/nl\\\/samoens-paradis-des-randonneurs\\\/#primaryimage\"},\"image\":{\"@id\":\"https:\\\/\\\/www.samoens.com\\\/nl\\\/samoens-paradis-des-randonneurs\\\/#primaryimage\"},\"thumbnailUrl\":\"https:\\\/\\\/www.samoens.com\\\/wp-content\\\/uploads\\\/2021\\\/06\\\/shutterstock_589402718-scaled.jpg\",\"datePublished\":\"2023-03-12T14:50:39+00:00\",\"dateModified\":\"2025-08-19T15:19:08+00:00\",\"description\":\"Le temps d\u2019un week-end, le jardin de Samo\u00ebns se transforme en un r\u00e9el paradis \u00e0 ciel ouvert pour tous les amateurs de botanique. D\u00e9couvrez les Journ\u00e9es Botaniques de Samo\u00ebns !\",\"breadcrumb\":{\"@id\":\"https:\\\/\\\/www.samoens.com\\\/nl\\\/samoens-paradis-des-randonneurs\\\/#breadcrumb\"},\"inLanguage\":\"nl-NL\",\"potentialAction\":[{\"@type\":\"ReadAction\",\"target\":[\"https:\\\/\\\/www.samoens.com\\\/nl\\\/samoens-paradis-des-randonneurs\\\/\"]}]},{\"@type\":\"ImageObject\",\"inLanguage\":\"nl-NL\",\"@id\":\"https:\\\/\\\/www.samoens.com\\\/nl\\\/samoens-paradis-des-randonneurs\\\/#primaryimage\",\"url\":\"https:\\\/\\\/www.samoens.com\\\/wp-content\\\/uploads\\\/2021\\\/06\\\/shutterstock_589402718-scaled.jpg\",\"contentUrl\":\"https:\\\/\\\/www.samoens.com\\\/wp-content\\\/uploads\\\/2021\\\/06\\\/shutterstock_589402718-scaled.jpg\",\"width\":2560,\"height\":1706},{\"@type\":\"BreadcrumbList\",\"@id\":\"https:\\\/\\\/www.samoens.com\\\/nl\\\/samoens-paradis-des-randonneurs\\\/#breadcrumb\",\"itemListElement\":[{\"@type\":\"ListItem\",\"position\":1,\"name\":\"Accueil\",\"item\":\"https:\\\/\\\/www.samoens.com\\\/nl\\\/\"},{\"@type\":\"ListItem\",\"position\":2,\"name\":\"Samo\u00ebns, een paradijs voor wandelaars\"}]},{\"@type\":\"WebSite\",\"@id\":\"https:\\\/\\\/www.samoens.com\\\/#website\",\"url\":\"https:\\\/\\\/www.samoens.com\\\/\",\"name\":\"Samo\u00ebns, station de ski et village authentique en Haute-Savoie\",\"description\":\"Nich\u00e9e au coeur du domaine skiable du Grand Massif et \u00e0 moins d&#039;1h de Gen\u00e8ve, Samo\u00ebns rendra vos vacances inoubliables en \u00e9t\u00e9 comme en hiver\",\"potentialAction\":[{\"@type\":\"SearchAction\",\"target\":{\"@type\":\"EntryPoint\",\"urlTemplate\":\"https:\\\/\\\/www.samoens.com\\\/?s={search_term_string}\"},\"query-input\":{\"@type\":\"PropertyValueSpecification\",\"valueRequired\":true,\"valueName\":\"search_term_string\"}}],\"inLanguage\":\"nl-NL\"}]}<\/script>\n<!-- \/ Yoast SEO plugin. -->","yoast_head_json":{"title":"Samo\u00ebns, een paradijs voor wandelaars","description":"Le temps d\u2019un week-end, le jardin de Samo\u00ebns se transforme en un r\u00e9el paradis \u00e0 ciel ouvert pour tous les amateurs de botanique. D\u00e9couvrez les Journ\u00e9es Botaniques de Samo\u00ebns !","robots":{"index":"index","follow":"follow","max-snippet":"max-snippet:-1","max-image-preview":"max-image-preview:large","max-video-preview":"max-video-preview:-1"},"canonical":"https:\/\/www.samoens.com\/nl\/samoens-paradis-des-randonneurs\/","og_locale":"nl_NL","og_type":"article","og_title":"Samo\u00ebns, een paradijs voor wandelaars","og_description":"Le temps d\u2019un week-end, le jardin de Samo\u00ebns se transforme en un r\u00e9el paradis \u00e0 ciel ouvert pour tous les amateurs de botanique. D\u00e9couvrez les Journ\u00e9es Botaniques de Samo\u00ebns !","og_url":"https:\/\/www.samoens.com\/nl\/samoens-paradis-des-randonneurs\/","og_site_name":"Samo\u00ebns, station de ski et village authentique en Haute-Savoie","article_modified_time":"2025-08-19T15:19:08+00:00","og_image":[{"width":2560,"height":1706,"url":"https:\/\/www.samoens.com\/wp-content\/uploads\/2021\/06\/shutterstock_589402718-scaled.jpg","type":"image\/jpeg"}],"twitter_card":"summary_large_image","twitter_misc":{"Geschatte leestijd":"8 minuten"},"schema":{"@context":"https:\/\/schema.org","@graph":[{"@type":"WebPage","@id":"https:\/\/www.samoens.com\/nl\/samoens-paradis-des-randonneurs\/","url":"https:\/\/www.samoens.com\/nl\/samoens-paradis-des-randonneurs\/","name":"Samo\u00ebns, een paradijs voor wandelaars","isPartOf":{"@id":"https:\/\/www.samoens.com\/#website"},"primaryImageOfPage":{"@id":"https:\/\/www.samoens.com\/nl\/samoens-paradis-des-randonneurs\/#primaryimage"},"image":{"@id":"https:\/\/www.samoens.com\/nl\/samoens-paradis-des-randonneurs\/#primaryimage"},"thumbnailUrl":"https:\/\/www.samoens.com\/wp-content\/uploads\/2021\/06\/shutterstock_589402718-scaled.jpg","datePublished":"2023-03-12T14:50:39+00:00","dateModified":"2025-08-19T15:19:08+00:00","description":"Le temps d\u2019un week-end, le jardin de Samo\u00ebns se transforme en un r\u00e9el paradis \u00e0 ciel ouvert pour tous les amateurs de botanique. D\u00e9couvrez les Journ\u00e9es Botaniques de Samo\u00ebns !","breadcrumb":{"@id":"https:\/\/www.samoens.com\/nl\/samoens-paradis-des-randonneurs\/#breadcrumb"},"inLanguage":"nl-NL","potentialAction":[{"@type":"ReadAction","target":["https:\/\/www.samoens.com\/nl\/samoens-paradis-des-randonneurs\/"]}]},{"@type":"ImageObject","inLanguage":"nl-NL","@id":"https:\/\/www.samoens.com\/nl\/samoens-paradis-des-randonneurs\/#primaryimage","url":"https:\/\/www.samoens.com\/wp-content\/uploads\/2021\/06\/shutterstock_589402718-scaled.jpg","contentUrl":"https:\/\/www.samoens.com\/wp-content\/uploads\/2021\/06\/shutterstock_589402718-scaled.jpg","width":2560,"height":1706},{"@type":"BreadcrumbList","@id":"https:\/\/www.samoens.com\/nl\/samoens-paradis-des-randonneurs\/#breadcrumb","itemListElement":[{"@type":"ListItem","position":1,"name":"Accueil","item":"https:\/\/www.samoens.com\/nl\/"},{"@type":"ListItem","position":2,"name":"Samo\u00ebns, een paradijs voor wandelaars"}]},{"@type":"WebSite","@id":"https:\/\/www.samoens.com\/#website","url":"https:\/\/www.samoens.com\/","name":"Samo\u00ebns, station de ski et village authentique en Haute-Savoie","description":"Nich\u00e9e au coeur du domaine skiable du Grand Massif et \u00e0 moins d&#039;1h de Gen\u00e8ve, Samo\u00ebns rendra vos vacances inoubliables en \u00e9t\u00e9 comme en hiver","potentialAction":[{"@type":"SearchAction","target":{"@type":"EntryPoint","urlTemplate":"https:\/\/www.samoens.com\/?s={search_term_string}"},"query-input":{"@type":"PropertyValueSpecification","valueRequired":true,"valueName":"search_term_string"}}],"inLanguage":"nl-NL"}]}},"_links":{"self":[{"href":"https:\/\/www.samoens.com\/nl\/wp-json\/wp\/v2\/pages\/577397","targetHints":{"allow":["GET"]}}],"collection":[{"href":"https:\/\/www.samoens.com\/nl\/wp-json\/wp\/v2\/pages"}],"about":[{"href":"https:\/\/www.samoens.com\/nl\/wp-json\/wp\/v2\/types\/page"}],"author":[{"embeddable":true,"href":"https:\/\/www.samoens.com\/nl\/wp-json\/wp\/v2\/users\/2"}],"replies":[{"embeddable":true,"href":"https:\/\/www.samoens.com\/nl\/wp-json\/wp\/v2\/comments?post=577397"}],"version-history":[{"count":4,"href":"https:\/\/www.samoens.com\/nl\/wp-json\/wp\/v2\/pages\/577397\/revisions"}],"predecessor-version":[{"id":599082,"href":"https:\/\/www.samoens.com\/nl\/wp-json\/wp\/v2\/pages\/577397\/revisions\/599082"}],"wp:featuredmedia":[{"embeddable":true,"href":"https:\/\/www.samoens.com\/nl\/wp-json\/wp\/v2\/media\/530820"}],"wp:attachment":[{"href":"https:\/\/www.samoens.com\/nl\/wp-json\/wp\/v2\/media?parent=577397"}],"curies":[{"name":"wp","href":"https:\/\/api.w.org\/{rel}","templated":true}]}}