{"id":543707,"date":"2023-03-13T14:19:15","date_gmt":"2023-03-13T13:19:15","guid":{"rendered":"https:\/\/www.samoens.com\/environnement\/"},"modified":"2026-06-09T15:24:46","modified_gmt":"2026-06-09T13:24:46","slug":"environnement","status":"publish","type":"page","link":"https:\/\/www.samoens.com\/nl\/environnement\/","title":{"rendered":"Samo\u00ebns, een resort dat zich inzetvoor het milieu!"},"content":{"rendered":"<div class=\"wpb-content-wrapper\"><p>[vc_row][vc_column][vc_column_text css=&#8221;&#8221;]<\/p>\n<h2>Samo\u00ebns op weg naar de energietransitie<\/h2>\n<p>[\/vc_column_text][\/vc_column][\/vc_row][vc_row][vc_column][vc_column_text css=&#8221;&#8221;]<\/p>\n<h2 class=\"chapeau\">Goed leven en gezondheid hangen in grote mate af van de omgeving. Het dorpstation Samo\u00ebns heeft dit goed begrepen en neemt verschillende maatregelen om die te beschermen, met \u00e9\u00e9n belangrijk doel: deze prachtige \u00ab natuurbestemming \u00bb behouden.<\/h2>\n<p>[\/vc_column_text][\/vc_column][\/vc_row][vc_row][vc_column width=&#8221;2\/3&#8243;][vc_column_text css=&#8221;&#8221;]<\/p>\n<h2><\/h2>\n<div class=\"flex max-w-full flex-col gap-4 grow\">\n<div class=\"min-h-8 text-message relative flex w-full flex-col items-end gap-2 text-start break-words whitespace-normal outline-none keyboard-focused:focus-ring [.text-message+&amp;]:mt-1\" dir=\"auto\" tabindex=\"0\" data-message-author-role=\"assistant\" data-message-id=\"380153bf-9d88-4f07-847f-ff982142cd8d\" data-message-model-slug=\"gpt-5-5\" data-turn-start-message=\"true\">\n<div class=\"flex w-full flex-col gap-1 empty:hidden\">\n<div class=\"markdown prose dark:prose-invert wrap-break-word w-full light markdown-new-styling\">\n<h2 data-start=\"0\" data-end=\"71\">De acties van de Gemeenschap van Gemeenten van de Bergen van de Giffre<\/h2>\n<\/div>\n<\/div>\n<\/div>\n<\/div>\n<div class=\"z-0 flex min-h-[46px] justify-start\"><\/div>\n<div class=\"mt-3 w-full empty:hidden\">\n<div class=\"text-center\">\n<div>\n<div class=\"inline-flex border border-gray-100 dark:border-gray-700 rounded-xl\">\n<div class=\"bg-token-main-surface-tertiary w-px flex-1 self-stretch\"><\/div>\n<\/div>\n<\/div>\n<\/div>\n<\/div>\n<p>[\/vc_column_text][vc_column_text css=&#8221;&#8221;]<strong>Wat mobiliteit betreft:<\/strong><\/p>\n<ul>\n<li><span style=\"color: #6c9ed8;\"><strong><a style=\"color: #6c9ed8;\" href=\"https:\/\/www.montagnesdugiffre.fr\/vivre-et-habiter\/deplacements\/lignes-interurbaines-service-a-lannee\/\" target=\"_blank\" rel=\"noopener\">De interstedelijke lijnen<\/a> <\/strong><\/span>\u2013 dienstverlening het hele jaar door<\/li>\n<li><a href=\"https:\/\/www.montagnesdugiffre.fr\/vivre-et-habiter\/deplacements\/navettes-du-giffre-ete-hiver\/\" target=\"_blank\" rel=\"noopener\"><span style=\"color: #6c9ed8;\"><strong>De Navettes du Giffre<\/strong> <\/span><\/a>\u2013 seizoensgebonden dienstverlening<\/li>\n<li><span style=\"color: #6c9ed8;\"><strong><a style=\"color: #6c9ed8;\" href=\"https:\/\/www.montagnesdugiffre.fr\/vivre-et-habiter\/deplacements\/la-navette-du-giffre-a-la-demande\/\" target=\"_blank\" rel=\"noopener\">D<span style=\"font-size: 1em;\">e Giffre-shuttle op aanvraag<\/span><\/a><\/strong><\/span><\/li>\n<li><span style=\"color: #6c9ed8;\"><strong><a style=\"color: #6c9ed8;\" href=\"https:\/\/www.montagnesdugiffre.fr\/vivre-et-habiter\/deplacements\/rezo-pouce\/\" target=\"_blank\" rel=\"noopener\">Je Covoit\u2019<\/a> <\/strong><\/span>\u2013 deel je ritten en kosten!<\/li>\n<\/ul>\n<p><strong>Wat afvalbeheer betreft:<\/strong><\/p>\n<ul>\n<li><span style=\"color: #6c9ed8;\"><strong><a style=\"color: #6c9ed8;\" href=\"https:\/\/www.montagnesdugiffre.fr\/vivre-et-habiter\/la-gestion-des-dechets\/decheteries\/\" target=\"_blank\" rel=\"noopener\">Containerpark<\/a><\/strong><\/span><\/li>\n<li><span style=\"color: #6c9ed8;\"><strong><a style=\"color: #6c9ed8;\" href=\"https:\/\/www.montagnesdugiffre.fr\/vivre-et-habiter\/la-gestion-des-dechets\/collecte-et-tri\/\" target=\"_blank\" rel=\"noopener\">Ophaling van huishoudelijk afval<\/a><\/strong><\/span><\/li>\n<li><span style=\"color: #6c9ed8;\"><strong><a style=\"color: #6c9ed8;\" href=\"https:\/\/www.montagnesdugiffre.fr\/vivre-et-habiter\/la-gestion-des-dechets\/collecte-selective\/\" target=\"_blank\" rel=\"noopener\">Selectieve inzameling<\/a><\/strong><\/span><\/li>\n<li><span style=\"color: #6c9ed8;\"><strong><a style=\"color: #6c9ed8;\" href=\"https:\/\/www.montagnesdugiffre.fr\/vivre-et-habiter\/la-gestion-des-dechets\/collecte-des-cartons\/\" target=\"_blank\" rel=\"noopener\">Kartoninzameling<\/a><\/strong><\/span><\/li>\n<li><span style=\"color: #6c9ed8;\"><strong><a style=\"color: #6c9ed8;\" href=\"https:\/\/www.montagnesdugiffre.fr\/vivre-et-habiter\/la-gestion-des-dechets\/collecte-des-textiles\/\" target=\"_blank\" rel=\"noopener\">Textielinzameling<\/a><\/strong><\/span><\/li>\n<li><span style=\"color: #6c9ed8;\"><strong><a style=\"color: #6c9ed8;\" href=\"https:\/\/www.montagnesdugiffre.fr\/vivre-et-habiter\/la-gestion-des-dechets\/compostage-et-biodechets\/\" target=\"_blank\" rel=\"noopener\">Compostering en bioafval<\/a><\/strong><\/span><\/li>\n<li><span style=\"color: #6c9ed8;\"><strong><a style=\"color: #6c9ed8;\" href=\"https:\/\/www.montagnesdugiffre.fr\/vivre-et-habiter\/la-gestion-des-dechets\/broyage-des-vegetaux-a-domicile\/\" target=\"_blank\" rel=\"noopener\">Versnipperen van groenafval aan huis<\/a><\/strong><\/span><\/li>\n<li><span style=\"color: #6c9ed8;\"><strong><a style=\"color: #6c9ed8;\" href=\"https:\/\/www.montagnesdugiffre.fr\/vivre-et-habiter\/la-gestion-des-dechets\/pret-de-materiel-pour-les-organisateurs-devenements\/\" target=\"_blank\" rel=\"noopener\">Uitleen van materiaal voor evenementen<\/a><\/strong><\/span><\/li>\n<\/ul>\n<p><strong>Wat ruimtelijke ordening en bescherming van het grondgebied betreft:<\/strong><\/p>\n<ul>\n<li><span style=\"color: #6c9ed8;\"><strong><a style=\"color: #6c9ed8;\" href=\"https:\/\/www.montagnesdugiffre.fr\/amenager-et-proteger-le-territoire\/arve-pure-2022\/\" target=\"_blank\" rel=\"noopener\">Programma \u00ab Arve Pure \u00bb<\/a><\/strong><\/span><\/li>\n<li><span style=\"color: #6c9ed8;\"><strong><a style=\"color: #6c9ed8;\" href=\"https:\/\/www.montagnesdugiffre.fr\/projet-de-voie-verte-au-fil-du-giffre\/\" target=\"_blank\" rel=\"noopener\">Inrichtingsproject van de groene weg \u00ab Langs de Giffre \u00bb<\/a><\/strong><\/span><\/li>\n<li><span style=\"color: #6c9ed8;\"><strong><a style=\"color: #6c9ed8;\" href=\"https:\/\/www.montagnesdugiffre.fr\/amenager-et-proteger-le-territoire\/projet-grand-site-de-france-du-cirque-du-fer-a-cheval\/\" target=\"_blank\" rel=\"noopener\">Project \u00ab Grand Site de France van het Cirque du Fer-\u00e0-Cheval \u00bb<\/a><\/strong><\/span><\/li>\n<li><span style=\"color: #6c9ed8;\"><strong><a style=\"color: #6c9ed8;\" href=\"https:\/\/www.montagnesdugiffre.fr\/amenager-et-proteger-le-territoire\/espaces-naturels\/\" target=\"_blank\" rel=\"noopener\">Beschermde natuurgebieden<\/a><\/strong><\/span><\/li>\n<li><span style=\"color: #6c9ed8;\"><strong><a style=\"color: #6c9ed8;\" href=\"https:\/\/www.montagnesdugiffre.fr\/amenager-et-proteger-le-territoire\/espaces-naturels\/lespace-naturel-sensible-du-plateau-de-loex\/\" target=\"_blank\" rel=\"noopener\">Gevoelig natuurgebied van het Lo\u00ebx-plateau<\/a><\/strong><\/span><\/li>\n<li><span style=\"color: #6c9ed8;\"><strong><a style=\"color: #6c9ed8;\" href=\"https:\/\/www.montagnesdugiffre.fr\/amenager-et-proteger-le-territoire\/espaces-naturels\/enquete-publique-afp-plateau-de-loex\/\" target=\"_blank\" rel=\"noopener\">Pastorale grondvereniging van het Lo\u00ebx-plateau\u00a0<\/a><\/strong><\/span><\/li>\n<\/ul>\n<p>[\/vc_column_text][\/vc_column][vc_column width=&#8221;1\/3&#8243;][vc_single_image image=&#8221;587835&#8243;][\/vc_column][\/vc_row][vc_row][vc_column width=&#8221;1\/3&#8243;][vc_single_image image=&#8221;50640&#8243; img_size=&#8221;medium&#8221;][\/vc_column][vc_column width=&#8221;1\/3&#8243;][vc_single_image image=&#8221;50578&#8243; img_size=&#8221;medium&#8221;][\/vc_column][vc_column width=&#8221;1\/3&#8243;][vc_single_image image=&#8221;529412&#8243; img_size=&#8221;medium&#8221;][\/vc_column][\/vc_row][vc_row][vc_column][vc_column_text css=&#8221;&#8221;]<\/p>\n<h2>De acties van de gemeente Samo\u00ebns<\/h2>\n<p>[\/vc_column_text][\/vc_column][\/vc_row][vc_row][vc_column width=&#8221;1\/2&#8243;][vc_column_text css=&#8221;&#8221;]<\/p>\n<h2 class=\"chapeau\">De gemeente heeft beslist om zich op de toekomst te richten en bij te dragen aan de productie van hernieuwbare energie op haar grondgebied, door haar natuurlijke hulpbronnen te benutten en zo korte energieketens te bevorderen. Met als doel om, indien mogelijk, tegen 2025-2030 energiepositief te worden voor het elektriciteitsverbruik van huishoudens, en zelfs in het algemeen.<\/h2>\n<h4><strong>Wat betekent lokaal produceren in Samo\u00ebns?<\/strong><\/h4>\n<ul>\n<li data-section-id=\"1p7352d\" data-start=\"0\" data-end=\"65\">Gebruikmaken van waterkracht op sommige van onze bergstromen.<\/li>\n<li data-section-id=\"1xy4ap0\" data-start=\"66\" data-end=\"132\">Zonne-energie produceren op onze daken en\/of parkeerterreinen.<\/li>\n<li data-section-id=\"c2w9v1\" data-start=\"133\" data-end=\"206\" data-is-last-node=\"\">Warmte produceren voor stadsverwarming door ons erfgoed te valoriseren.<\/li>\n<\/ul>\n<h4><strong>Waarom deze ambitie?<\/strong><\/h4>\n<p>&nbsp;<\/p>\n<div class=\"qMYqUG_convSearchResultHighlightRoot\">\n<div class=\"\" data-turn-id-container=\"request-WEB:fd7d24e8-9416-43e8-b8cb-77bd46e40fd5-12\" data-is-intersecting=\"true\">\n<section class=\"text-token-text-primary w-full focus:outline-none has-data-writing-block:pointer-events-none [&amp;:has([data-writing-block])&gt;*]:pointer-events-auto R6Vx5W_threadScrollVars scroll-mb-[calc(var(--scroll-root-safe-area-inset-bottom,0px)+var(--thread-response-height))] scroll-mt-[calc(var(--header-height)+min(200px,max(70px,20svh)))]\" dir=\"auto\" data-turn-id=\"request-WEB:fd7d24e8-9416-43e8-b8cb-77bd46e40fd5-12\" data-turn-id-container=\"request-WEB:fd7d24e8-9416-43e8-b8cb-77bd46e40fd5-12\" data-testid=\"conversation-turn-26\" data-scroll-anchor=\"false\" data-turn=\"assistant\">\n<div class=\"text-base my-auto mx-auto pb-10 [--thread-content-margin:var(--thread-content-margin-xs,calc(var(--spacing)*4))] @w-sm\/main:[--thread-content-margin:var(--thread-content-margin-sm,calc(var(--spacing)*6))] @w-lg\/main:[--thread-content-margin:var(--thread-content-margin-lg,calc(var(--spacing)*16))] px-(--thread-content-margin)\">\n<div class=\"[--thread-content-max-width:40rem] @w-lg\/main:[--thread-content-max-width:48rem] mx-auto max-w-(--thread-content-max-width) flex-1 group\/turn-messages focus-visible:outline-hidden relative flex w-full min-w-0 flex-col agent-turn\">\n<div class=\"flex max-w-full flex-col gap-4 grow\">\n<div class=\"min-h-8 text-message relative flex w-full flex-col items-end gap-2 text-start break-words whitespace-normal outline-none keyboard-focused:focus-ring [.text-message+&amp;]:mt-1\" dir=\"auto\" tabindex=\"0\" data-message-author-role=\"assistant\" data-message-id=\"4da6bc9f-5edd-4ae3-bd85-838c6d835922\" data-message-model-slug=\"gpt-5-5\" data-turn-start-message=\"true\">\n<div class=\"flex w-full flex-col gap-1 empty:hidden\">\n<div class=\"markdown prose dark:prose-invert wrap-break-word w-full light markdown-new-styling\">\n<p data-start=\"0\" data-end=\"174\" data-is-last-node=\"\" data-is-only-node=\"\">Door groene energie te produceren, dragen we bij aan de strijd tegen de klimaatopwarming, stimuleren we het onderhoud van ons boserfgoed en cre\u00ebren we lokale werkgelegenheid.<\/p>\n<\/div>\n<\/div>\n<\/div>\n<\/div>\n<div class=\"z-0 flex min-h-[46px] justify-start\"><\/div>\n<div class=\"mt-3 w-full empty:hidden\">\n<div class=\"text-center\"><\/div>\n<\/div>\n<\/div>\n<\/div>\n<\/section>\n<\/div>\n<\/div>\n<div class=\"pointer-events-none -mt-px h-px translate-y-[calc(var(--scroll-root-safe-area-inset-bottom)-14*var(--spacing))]\" aria-hidden=\"true\"><\/div>\n<p>[\/vc_column_text][\/vc_column][vc_column width=&#8221;1\/2&#8243;][vc_single_image image=&#8221;529416&#8243; img_size=&#8221;medium&#8221;][\/vc_column][\/vc_row][vc_row][vc_column width=&#8221;5\/6&#8243;][vc_column_text css=&#8221;&#8221;]<\/p>\n<h4><strong>Enkele voorbeelden van uitgevoerde acties:<\/strong><\/h4>\n<ul>\n<li data-start=\"0\" data-end=\"161\">Er zullen sensoren in het dorp worden ge\u00efnstalleerd om de hoeveelheden fijnstof nauwkeurig te meten en acties te ondernemen op basis van de gemeten resultaten.<\/li>\n<li data-start=\"163\" data-end=\"262\">Er zijn twee openbare laadpalen beschikbaar zodat elektrische voertuigen kunnen worden opgeladen.<\/li>\n<li data-start=\"264\" data-end=\"367\">De gemeente heeft zich bijna volledig uitgerust met elektrisch gereedschap en elektrische voertuigen.<\/li>\n<li data-start=\"369\" data-end=\"540\">De zwaarste en meest vervuilende voertuigen die worden gebruikt voor sneeuwruimen in de winter of voor materiaaltransport in de zomer voldoen aan de nieuwste milieunormen.<\/li>\n<\/ul>\n<p>[\/vc_column_text][vc_column_text css=&#8221;&#8221;]<\/p>\n<p data-start=\"0\" data-end=\"27\"><strong data-start=\"0\" data-end=\"27\">Op het vlak van energie<\/strong><\/p>\n<ul>\n<li data-start=\"29\" data-end=\"107\">De ijsbaan en het gebouw van Bois aux Dames werken op geothermische energie.<\/li>\n<li data-start=\"109\" data-end=\"317\">Alle openbare verlichting werd uitgerust met ledverlichting. De resterende projecten voor energiezuinige openbare verlichting zullen in bepaalde zones worden geregeld met tijdschakelaars of bewegingssensoren.<\/li>\n<\/ul>\n<p>[\/vc_column_text][\/vc_column][vc_column width=&#8221;1\/6&#8243;][vc_single_image image=&#8221;588158&#8243;][\/vc_column][\/vc_row][vc_row][vc_column width=&#8221;1\/3&#8243;][vc_single_image image=&#8221;588216&#8243; img_size=&#8221;medium&#8221;][\/vc_column][vc_column width=&#8221;1\/3&#8243;][vc_single_image image=&#8221;588148&#8243; img_size=&#8221;medium&#8221;][\/vc_column][vc_column width=&#8221;1\/3&#8243;][vc_single_image image=&#8221;588142&#8243; img_size=&#8221;medium&#8221;][\/vc_column][\/vc_row][vc_row][vc_column][vc_column_text css=&#8221;&#8221;]<\/p>\n<h2><\/h2>\n<div class=\"qMYqUG_convSearchResultHighlightRoot\">\n<div class=\"\" data-turn-id-container=\"request-WEB:fd7d24e8-9416-43e8-b8cb-77bd46e40fd5-16\" data-is-intersecting=\"true\">\n<section class=\"text-token-text-primary w-full focus:outline-none has-data-writing-block:pointer-events-none [&amp;:has([data-writing-block])&gt;*]:pointer-events-auto R6Vx5W_threadScrollVars scroll-mb-[calc(var(--scroll-root-safe-area-inset-bottom,0px)+var(--thread-response-height))] scroll-mt-[calc(var(--header-height)+min(200px,max(70px,20svh)))]\" dir=\"auto\" data-turn-id=\"request-WEB:fd7d24e8-9416-43e8-b8cb-77bd46e40fd5-16\" data-turn-id-container=\"request-WEB:fd7d24e8-9416-43e8-b8cb-77bd46e40fd5-16\" data-testid=\"conversation-turn-34\" data-scroll-anchor=\"false\" data-turn=\"assistant\">\n<div class=\"text-base my-auto mx-auto pb-10 [--thread-content-margin:var(--thread-content-margin-xs,calc(var(--spacing)*4))] @w-sm\/main:[--thread-content-margin:var(--thread-content-margin-sm,calc(var(--spacing)*6))] @w-lg\/main:[--thread-content-margin:var(--thread-content-margin-lg,calc(var(--spacing)*16))] px-(--thread-content-margin)\">\n<div class=\"[--thread-content-max-width:40rem] @w-lg\/main:[--thread-content-max-width:48rem] mx-auto max-w-(--thread-content-max-width) flex-1 group\/turn-messages focus-visible:outline-hidden relative flex w-full min-w-0 flex-col agent-turn\">\n<div class=\"flex max-w-full flex-col gap-4 grow\">\n<div class=\"min-h-8 text-message relative flex w-full flex-col items-end gap-2 text-start break-words whitespace-normal outline-none keyboard-focused:focus-ring [.text-message+&amp;]:mt-1\" dir=\"auto\" tabindex=\"0\" data-message-author-role=\"assistant\" data-message-id=\"6ea7d1f3-5e96-4b88-9cf2-0b5ac2154822\" data-message-model-slug=\"gpt-5-5\" data-turn-start-message=\"true\">\n<div class=\"flex w-full flex-col gap-1 empty:hidden\">\n<div class=\"markdown prose dark:prose-invert wrap-break-word w-full light markdown-new-styling\">\n<h2 data-start=\"0\" data-end=\"37\">De acties van Grand Massif Skigebied<\/h2>\n<\/div>\n<\/div>\n<\/div>\n<\/div>\n<div class=\"z-0 flex min-h-[46px] justify-start\"><\/div>\n<div class=\"mt-3 w-full empty:hidden\">\n<div class=\"text-center\"><\/div>\n<\/div>\n<\/div>\n<\/div>\n<\/section>\n<\/div>\n<\/div>\n<div class=\"pointer-events-none -mt-px h-px translate-y-[calc(var(--scroll-root-safe-area-inset-bottom)-14*var(--spacing))]\" aria-hidden=\"true\"><\/div>\n<p>[\/vc_column_text][\/vc_column][\/vc_row][vc_row][vc_column width=&#8221;5\/6&#8243;][vc_column_text css=&#8221;&#8221;]<\/p>\n<p data-start=\"0\" data-end=\"53\"><strong data-start=\"0\" data-end=\"53\">Grand Massif zet zich in voor een duurzame aanpak<\/strong><\/p>\n<p>&nbsp;<\/p>\n<p data-start=\"55\" data-end=\"93\"><strong data-start=\"55\" data-end=\"93\">Wat is het energiezuinigheidsplan?<\/strong><\/p>\n<p>&nbsp;<\/p>\n<p data-start=\"95\" data-end=\"313\">Dit energiezuinigheidsplan heeft als doel het energieverbruik op het grondgebied van Grand Massif te verminderen. Het heeft ook als doel om op lange termijn bij te dragen aan het behalen van de klimaatdoelstellingen.<\/p>\n<p data-start=\"315\" data-end=\"407\">Daarom worden onder andere bepaalde skiliften buiten periodes van grote drukte stilgelegd.<\/p>\n<p>&nbsp;<\/p>\n<p data-start=\"409\" data-end=\"437\"><strong data-start=\"409\" data-end=\"437\">Onze ambitie tegen 2030!<\/strong><\/p>\n<p>&nbsp;<\/p>\n<p data-start=\"439\" data-end=\"568\">Grand Massif engageert zich voor een duurzame aanpak en voert een strategie in om de druk op het milieu tegen 2030 te beperken.<\/p>\n<p data-start=\"570\" data-end=\"619\">Deze aanpak is opgebouwd rond 5 doelstellingen:<\/p>\n<ul data-start=\"621\" data-end=\"1496\">\n<li data-section-id=\"43t764\" data-start=\"621\" data-end=\"759\">Een levensvatbaar en aantrekkelijk skigebied, ook wanneer het kleiner wordt (maximale vermindering van 30% van het huidige skigebied).<\/li>\n<li data-section-id=\"dz0w5r\" data-start=\"760\" data-end=\"1056\">Een gecontroleerde en duurzame ontwikkeling van het gebied:\n<ul data-start=\"827\" data-end=\"1056\">\n<li data-section-id=\"1mliq6j\" data-start=\"827\" data-end=\"902\">Geen uitbreiding van het skigebied en netto herstel van natuurgebieden.<\/li>\n<li data-section-id=\"19tyzu5\" data-start=\"906\" data-end=\"1011\">Geen extra totale behoefte aan water en elektriciteit als het energiezuinigheidsplan behouden blijft.<\/li>\n<li data-section-id=\"c9mnvs\" data-start=\"1015\" data-end=\"1056\">Geen nood aan extra beddencapaciteit.<\/li>\n<\/ul>\n<\/li>\n<li data-section-id=\"1isy2z2\" data-start=\"1057\" data-end=\"1121\">Het behoud van bijna alle jobs (230 voltijdse equivalenten).<\/li>\n<li data-section-id=\"ami5eu\" data-start=\"1122\" data-end=\"1330\">Investeringen die grotendeels gebaseerd zijn op hergebruik en herlokalisatie van bestaande infrastructuur (sneeuwkanonnen, skiliften), om redelijk te blijven in verhouding tot de financi\u00eble mogelijkheden.<\/li>\n<li data-section-id=\"ta0ec7\" data-start=\"1331\" data-end=\"1496\">Een groen plan dat verdere verstedelijking van de bergen vermijdt ten voordele van diensten op hoogte, wandelroutes, ontdekkingstrajecten en duurzame mobiliteit.<\/li>\n<\/ul>\n<p data-start=\"1498\" data-end=\"1715\">Voor elke doelstelling worden concrete acties uitgevoerd om onze impact op het milieu te vermijden en te verminderen. Om de gevolgen van onze projecten te compenseren, worden ook compenserende maatregelen ingevoerd.<\/p>\n<p data-start=\"1717\" data-end=\"1782\" data-is-last-node=\"\" data-is-only-node=\"\">Ontdek enkele van onze acties om deze doelstellingen te bereiken.<\/p>\n<p>[\/vc_column_text][vc_btn title=&#8221;Het veerkrachtplan&#8221; color=&#8221;danger&#8221; css=&#8221;&#8221; link=&#8221;url:https%3A%2F%2Fresilience-grand-massif.com%2F|target:_blank&#8221;][\/vc_column][vc_column width=&#8221;1\/6&#8243;][vc_single_image image=&#8221;588864&#8243;][\/vc_column][\/vc_row][vc_row][vc_column width=&#8221;1\/3&#8243;][vc_single_image image=&#8221;588234&#8243; img_size=&#8221;medium&#8221;][\/vc_column][vc_column width=&#8221;1\/3&#8243;][vc_single_image image=&#8221;588228&#8243; img_size=&#8221;medium&#8221;][\/vc_column][vc_column width=&#8221;1\/3&#8243;][vc_single_image image=&#8221;588231&#8243; img_size=&#8221;medium&#8221;][\/vc_column][\/vc_row][vc_row][vc_column][vc_column_text css=&#8221;&#8221;]<\/p>\n<h2>De acties van het Toerismebureau van Samo\u00ebns<\/h2>\n<p>[\/vc_column_text][\/vc_column][\/vc_row][vc_row][vc_column][vc_column_text css=&#8221;&#8221;]<\/p>\n<p data-start=\"0\" data-end=\"50\"><strong data-start=\"0\" data-end=\"50\">Het Toerismebureau zet zich in voor het milieu<\/strong><\/p>\n<p>&nbsp;<\/p>\n<p data-start=\"52\" data-end=\"354\" data-is-last-node=\"\" data-is-only-node=\"\">Iedereen brengt ongeveer een derde van zijn tijd door op de werkplek. Zich bekommeren om het milieu betekent ook handelen op kantoor. Eenvoudige, logische gewoonten toepassen om de impact op het milieu te beperken en tegelijk kosten te besparen, betekent ecologisch bewust en verantwoordelijk handelen.<\/p>\n<p>[\/vc_column_text][\/vc_column][\/vc_row][vc_row][vc_column width=&#8221;1\/2&#8243;][vc_btn title=&#8221;Handvest van het ecologisch verantwoorde Toerismebureau.&#8221; color=&#8221;danger&#8221; align=&#8221;center&#8221; css=&#8221;&#8221; link=&#8221;url:https%3A%2F%2Fwww.samoens.com%2Fwp-content%2Fuploads%2F2026%2F05%2Fengagement_2026_ok_site.pdf&#8221;][\/vc_column][vc_column width=&#8221;1\/2&#8243;][vc_btn title=&#8221;Verbintenisbrief Maatschappelijk Verantwoord Ondernemen (MVO).&#8221; color=&#8221;sky&#8221; align=&#8221;center&#8221; css=&#8221;&#8221; link=&#8221;url:https%3A%2F%2Fwww.samoens.com%2Fwp-content%2Fuploads%2F2026%2F06%2FLettre-engagement-RSE-signee.pdf&#8221;][\/vc_column][\/vc_row][vc_row][vc_column][vc_separator color=&#8221;white&#8221; css=&#8221;&#8221;][\/vc_column][\/vc_row][vc_row][vc_column width=&#8221;1\/2&#8243;][vc_single_image image=&#8221;587838&#8243; alignment=&#8221;right&#8221; css=&#8221;&#8221;][\/vc_column][vc_column width=&#8221;1\/2&#8243;][vc_single_image image=&#8221;588239&#8243; css=&#8221;&#8221;][\/vc_column][\/vc_row][vc_row][vc_column][vc_separator][\/vc_column][\/vc_row][vc_row][vc_column][vc_column_text css=&#8221;&#8221;]<\/p>\n<p data-start=\"0\" data-end=\"37\"><strong data-start=\"0\" data-end=\"37\">Zachte mobiliteit en grote drukte<\/strong><\/p>\n<p>&nbsp;<\/p>\n<p data-start=\"39\" data-end=\"376\" data-is-last-node=\"\" data-is-only-node=\"\">Tijdens het hoogseizoen kunnen sommige van onze iconische locaties snel erg druk worden en kunnen de parkeerplaatsen verzadigd raken. Om u een rustigere, milieuvriendelijkere en even verrassende ervaring te garanderen,<strong><span style=\"color: #6c9ed8;\"><a style=\"color: #6c9ed8;\" href=\"https:\/\/www.samoens.com\/fortes-affluences\/\" target=\"_blank\" rel=\"noopener\"> ontdek onze praktische tips en alternatieven<\/a><\/span> <\/strong>om de drukte te vermijden en de vallei op een andere manier te ontdekken.<\/p>\n<p>[\/vc_column_text][\/vc_column][\/vc_row][vc_row][vc_column][vc_separator][\/vc_column][\/vc_row][vc_row][vc_column][vc_column_text css=&#8221;&#8221;]<\/p>\n<p data-start=\"0\" data-end=\"50\"><strong data-start=\"0\" data-end=\"50\">Ecologisch verantwoorde praktijken aanmoedigen<\/strong><\/p>\n<p>&nbsp;<\/p>\n<p data-start=\"52\" data-end=\"435\" data-is-last-node=\"\" data-is-only-node=\"\">Samo\u00ebns en de Giffrevallei beschermen betekent ook dagelijks eenvoudige gewoonten aannemen om een uitzonderlijke natuurlijke en erfgoedrijke omgeving te behouden. Zachte mobiliteit, respect voor de natuur, lokaal consumeren en afvalbeheer: ontdek hoe u concreet kunt bijdragen aan een meer verantwoord toerisme dankzij onze <a href=\"https:\/\/www.samoens.com\/nl\/un-ete-ecoresponsable-a-samoens\/\" target=\"_blank\" rel=\"noopener\"><strong><span style=\"color: #6c9ed8;\">ecogebaren voor de zomer<\/span> <\/strong><\/a>en onze <span style=\"color: #6c9ed8;\"><strong><a style=\"color: #6c9ed8;\" href=\"https:\/\/www.samoens.com\/nl\/un-hiver-ecoresponsable-a-samoens\/\" target=\"_blank\" rel=\"noopener\">ecogebaren voor de winter<\/a><\/strong><\/span>.<\/p>\n<p>[\/vc_column_text][\/vc_column][\/vc_row][vc_row][vc_column]<div class=\"ye_brochure \"><a class=\"gtm_brochures_download brochure_link gtm-brochures\" title=\"De goede praktijken\" href=\"https:\/\/www.samoens.com\/wp-content\/uploads\/2026\/06\/Les-bonnes-pratiques.pdf\" target=\"_blank\"><div class=\"ye_brochure_img\"><img decoding=\"async\" src=\"https:\/\/www.samoens.com\/wp-content\/uploads\/2026\/06\/Les-bonnes-pratiques-jpg-846x1200.jpg\"><\/div><\/a><div class=\"ye_brochure_bout\"><a class=\"gtm_brochures_download\" href=\"https:\/\/www.samoens.com\/wp-content\/uploads\/2026\/06\/Les-bonnes-pratiques.pdf\" title=\"De goede praktijken\" target=\"_blank\">De goede praktijken<\/a><\/div><div class=\"ye_btn_ctn\"><a class=\"ye_boutPlein gtm_brochures_download\" href=\"https:\/\/www.samoens.com\/wp-content\/uploads\/2026\/06\/Les-bonnes-pratiques.pdf\" target=\"_blank\">Download the brochure<\/a><\/div><\/div>[\/vc_column][\/vc_row][vc_row][vc_column][vc_separator][\/vc_column][\/vc_row][vc_row][vc_column][vc_column_text css=&#8221;&#8221;]<\/p>\n<p data-start=\"0\" data-end=\"54\"><strong data-start=\"0\" data-end=\"54\">Ook de leden van het Toerismebureau engageren zich<\/strong><\/p>\n<p>&nbsp;<\/p>\n<p data-start=\"56\" data-end=\"250\">Het Toerismebureau zet zich actief in om professionals uit de regio te promoten die betrokken zijn bij erkende lokale of nationale initiatieven op het vlak van milieu en duurzame ontwikkeling.<\/p>\n<p data-start=\"252\" data-end=\"514\" data-is-last-node=\"\" data-is-only-node=\"\">Bijzondere aandacht gaat naar lokale ambachtslieden en producenten die <strong>verantwoord werken<\/strong>: gebruik van lokale grondstoffen, korte ketens, traditioneel vakmanschap, ecodesign, afvalvermindering, doordachte productie of deelname aan erkende labels en initiatieven.<\/p>\n<p>[\/vc_column_text][\/vc_column][\/vc_row][vc_row][vc_column width=&#8221;1\/2&#8243;][vc_column_text css=&#8221;&#8221;]<\/p>\n<h6><span style=\"color: #eb4747;\"><strong>Accommodaties\u00a0\ud83d\udecc\u200b<\/strong><\/span><\/h6>\n<p>Club Med Samo\u00ebns Grand Massif : <span style=\"color: #6c9ed8;\"><a style=\"color: #6c9ed8;\" href=\"https:\/\/www.samoens.com\/nl\/club-med-grand-massif-samoens-morillon\/\">Kilk hier<\/a><\/span><\/p>\n<p>R\u00e9sidence Club Med Chalets de Samo\u00ebns : <span style=\"color: #6c9ed8;\"><a style=\"color: #6c9ed8;\" href=\"https:\/\/www.samoens.com\/nl\/residence-club-med-chalets-van-samoens\/\">Kilk hier<\/a><\/span><\/p>\n<p>H\u00f4tel &#8211; Chalet de charme Neige et Roc : <span style=\"color: #6c9ed8;\"><a style=\"color: #6c9ed8;\" href=\"https:\/\/www.samoens.com\/nl\/hotel-chalet-de-charme-neige-et-roc\/#\" target=\"_blank\" rel=\"noopener\">Kilk hier<\/a><\/span><\/p>\n<p>H\u00f4tel et r\u00e9sidence de tourisme Alexane : <span style=\"color: #6c9ed8;\"><a style=\"color: #6c9ed8;\" href=\"https:\/\/www.samoens.com\/nl\/hotel-alexane\/\">\u00a0Kilk hier voor het hotel<\/a>\u00a0<\/span>e <span style=\"color: #6c9ed8;\"><a style=\"color: #6c9ed8;\" href=\"https:\/\/www.samoens.com\/nl\/alexane-residence\/\">\u00a0Klik hier voor de residentie<\/a><\/span><\/p>\n<p>H\u00f4tel La Boule de Neige : <span style=\"color: #6c9ed8;\"><a style=\"color: #6c9ed8;\" href=\"https:\/\/www.samoens.com\/nl\/hotel-la-boule-de-neige\/\" target=\"_blank\" rel=\"noopener\">Klik hier<\/a><\/span><\/p>\n<p>R\u00e9sidence Club MMV : <span style=\"color: #6c9ed8;\"><a style=\"color: #6c9ed8;\" href=\"https:\/\/www.samoens.com\/nl\/residence-club-mmv-samoens-village\/\">Klik hier<\/a><\/span><\/p>\n<p>Alps Accommodation &#8211; Chalet Toubkal :<span style=\"color: #6c9ed8;\"><a style=\"color: #6c9ed8;\" href=\"https:\/\/www.samoens.com\/nl\/alps-accommodation-chalet-toubkal\/\" target=\"_blank\" rel=\"noopener\"> Klik hier\u00a0<\/a><\/span><\/p>\n<p>Alps Accommodation &#8211; Le Mazot :<span style=\"color: #6c9ed8;\"><a style=\"color: #6c9ed8;\" href=\"https:\/\/www.samoens.com\/nl\/alps-accommodation-le-mazot\/\" target=\"_blank\" rel=\"noopener\"> Klik hier\u00a0<\/a><\/span><\/p>\n<p>Alps Accommodation &#8211; Chalet Moccand :<span style=\"color: #6c9ed8;\"><a style=\"color: #6c9ed8;\" href=\"https:\/\/www.samoens.com\/nl\/alps-accommodation-chalet-moccand\/\" target=\"_blank\" rel=\"noopener\"> Klik hier\u00a0<\/a><\/span><\/p>\n<p>R\u00e9sidence de tourisme la Renardi\u00e8re : <span style=\"color: #6c9ed8;\"><a style=\"color: #6c9ed8;\" href=\"https:\/\/www.samoens.com\/nl\/residentie-la-renardiere\/\">\u00a0Klik hier<\/a><\/span><\/p>\n<p>Village Vacances AEC Les Becchi : <span style=\"color: #6c9ed8;\"><a style=\"color: #6c9ed8;\" href=\"https:\/\/www.samoens.com\/nl\/aec-vacances-les-becchi-vakantiedorpen\/\">Klik hier<\/a><\/span><\/p>\n<p>R\u00e9sidence Arts et Vie : <span style=\"color: #6c9ed8;\"><a style=\"color: #6c9ed8;\" href=\"https:\/\/www.samoens.com\/nl\/arts-et-vie-residentie\/\">Klik hier<\/a><\/span><\/p>\n<p>G\u00eete du Vionnet :\u00a0<span style=\"color: #6c9ed8;\"><a style=\"color: #6c9ed8;\" href=\"https:\/\/www.samoens.com\/nl\/gite-du-vionnet\/\">Klik hier<\/a><\/span><\/p>\n<p>Mont Plaisir, Chalet d\u2019alpage \u00e9coresponsable :\u00a0<span style=\"color: #6c9ed8;\"><a style=\"color: #6c9ed8;\" href=\"https:\/\/www.samoens.com\/nl\/chalet-mont-plaisir\/\">Klik hier<\/a><\/span><\/p>\n<p>Refuge de Bostan :\u00a0<a href=\"https:\/\/www.samoens.com\/refuge-de-bostan\/\"><span style=\"color: #6c9ed8;\">Klik hier<\/span><\/a><\/p>\n<p>Refuge du lac de Gers :\u00a0<a href=\"https:\/\/www.samoens.com\/nl\/toevluchtsoord-bij-het-gersmeer\/\"><span style=\"color: #6c9ed8;\">Klik hier\u00a0<\/span><\/a><\/p>\n<p>Refuge du Folly :\u00a0<span style=\"color: #6c9ed8;\"><a style=\"color: #6c9ed8;\" href=\"https:\/\/www.samoens.com\/nl\/toevluchtsoord-van-folly\/\">Klik hier<\/a><\/span><\/p>\n<p>Refuge Alfred Wills :\u00a0<span style=\"color: #6c9ed8;\"><a style=\"color: #6c9ed8;\" href=\"https:\/\/www.samoens.com\/nl\/vluchteling-alfred-wills\/\">Klik hier<\/a><\/span><\/p>\n<p>Refuge de la Vogealle :\u00a0<span style=\"color: #6c9ed8;\"><a style=\"color: #6c9ed8;\" href=\"https:\/\/www.samoens.com\/nl\/vogealle-berghut\/\">Klik hier<\/a><\/span><\/p>\n<p>Refuge du Grenairon : <span style=\"color: #6c9ed8;\"><a style=\"color: #6c9ed8;\" href=\"https:\/\/www.samoens.com\/nl\/grenairon-berghut\/\">Klik hier<\/a>\u00a0<\/span><\/p>\n<p>Refuge des Fonts :\u00a0<span style=\"color: #6c9ed8;\"><a style=\"color: #6c9ed8;\" href=\"https:\/\/www.samoens.com\/nl\/refuge-des-fonts\/\">Klik hier<\/a><\/span>[\/vc_column_text][\/vc_column][vc_column width=&#8221;1\/2&#8243;][vc_column_text css=&#8221;&#8221;]<\/p>\n<h6><span style=\"color: #eb4747;\">Handelaars \u200b\ud83e\uddc0\u200b<\/span><\/h6>\n<p>Aereau Voyages : <span style=\"color: #6c9ed8;\"><a style=\"color: #6c9ed8;\" href=\"https:\/\/www.aereau-events-worldwide.com\/demarche-rse-63d767b8aa2ad\" target=\"_blank\" rel=\"noopener\">Klik hier<\/a><\/span><\/p>\n<p>Au Nid Nature : <span style=\"color: #6c9ed8;\"><a style=\"color: #6c9ed8;\" href=\"https:\/\/www.samoens.com\/nl\/biologische-kruidenierswinke-au-nid-nature\/\">Klik hier<\/a><\/span><\/p>\n<p>L&#8217;Art des Choix : <span style=\"color: #6c9ed8;\"><a style=\"color: #6c9ed8;\" href=\"https:\/\/www.samoens.com\/nl\/lart-des-choix-bestek\/\">Klik hier\u00a0<\/a><\/span><\/p>\n<p>Brasserie du Criou : <span style=\"color: #6c9ed8;\"><a style=\"color: #6c9ed8;\" href=\"https:\/\/www.samoens.com\/nl\/bar-de-la-brasserie-du-criou\/\">Klik hier<\/a><\/span><\/p>\n<p>Brasserie du Giffre : <span style=\"color: #6c9ed8;\"><a style=\"color: #6c9ed8;\" href=\"https:\/\/www.samoens.com\/nl\/brasserie-de-la-vallee-du-giffre\/\">Klik hier\u00a0<\/a><\/span><\/p>\n<p>P\u00e2tisserie Chocolaterie Ja\u00ffsinia : <span style=\"color: #6c9ed8;\"><a style=\"color: #6c9ed8;\" href=\"https:\/\/www.samoens.com\/nl\/a-la-jaysinia\/\">Klik hier<\/a><\/span><\/p>\n<p>Boulangerie Tiffanie : <span style=\"color: #6c9ed8;\"><a style=\"color: #6c9ed8;\" href=\"https:\/\/www.samoens.com\/nl\/tiffanie-bakkerij-centrum\/\">Klik hier<\/a><\/span><\/p>\n<p>Boucherie Le Veau Gras : <span style=\"color: #6c9ed8;\"><a style=\"color: #6c9ed8;\" href=\"https:\/\/www.samoens.com\/nl\/slagerij-le-veau-gras\/\">Klik hier\u00a0<\/a><\/span><\/p>\n<p>Boucherie Le Pied de Poule : <span style=\"color: #6c9ed8;\"><a style=\"color: #6c9ed8;\" href=\"https:\/\/www.samoens.com\/nl\/slagerij-le-pied-de-poule\/\">Klik hier\u00a0<\/a><\/span><\/p>\n<p>Cave \u00e0 vin La Feuille de Vigne :<span style=\"color: #6c9ed8;\"><a style=\"color: #6c9ed8;\" href=\"https:\/\/www.samoens.com\/nl\/la-feuille-de-vigne-savoyarde\/#\"> Klik hier\u00a0<\/a><\/span><\/p>\n<p>Cave \u00e0 vin Le Nez en l&#8217;Air : <span style=\"color: #6c9ed8;\"><a style=\"color: #6c9ed8;\" href=\"https:\/\/www.samoens.com\/nl\/le-nez-en-lair\/\">\u00a0Klik hier\u00a0<\/a><\/span><\/p>\n<p>La Tour Gourmande : <span style=\"color: #6c9ed8;\"><a style=\"color: #6c9ed8;\" href=\"https:\/\/www.samoens.com\/nl\/la-tour-gourmande\/\">Klik hier\u00a0<\/a><\/span><\/p>\n<p>Refuge des Saveurs : <span style=\"color: #6c9ed8;\"><a style=\"color: #6c9ed8;\" href=\"https:\/\/www.samoens.com\/nl\/le-refuge-des-saveurs\/\">Klik hier<\/a><\/span><\/p>\n<p>Xtreme Glisses :\u00a0<span style=\"color: #6c9ed8;\"><a style=\"color: #6c9ed8;\" href=\"https:\/\/www.samoens.com\/nl\/xtreme-glisses-samoens\/\">Klik hier<\/a><\/span><\/p>\n<p>Le Grenier Savoyard : <span style=\"color: #6c9ed8;\"><a style=\"color: #6c9ed8;\" href=\"https:\/\/www.samoens.com\/nl\/le-grenier-savoyard\/\">Klik hier<\/a><\/span><\/p>\n<p>Dahu&amp;Co :<span style=\"color: #6c9ed8;\"><a style=\"color: #6c9ed8;\" href=\"https:\/\/www.samoens.com\/nl\/dahuco\/\"> Klik hier<\/a><\/span>[\/vc_column_text][\/vc_column][\/vc_row][vc_row][vc_column width=&#8221;1\/2&#8243;][vc_column_text css=&#8221;&#8221;]<\/p>\n<h6><span style=\"color: #eb4747;\"><strong>Boerderijen\u200b\ud83d\udc04\u200b<\/strong><\/span><\/h6>\n<p>Ferme des C\u00eemes : <span style=\"color: #6c9ed8;\"><a style=\"color: #6c9ed8;\" href=\"https:\/\/www.samoens.com\/nl\/la-ferme-des-cimes\/\">Kilk hier<\/a><\/span><\/p>\n<p>Ferme GAEC Cro\u00ebs Canailles : <span style=\"color: #6c9ed8;\"><a style=\"color: #6c9ed8;\" href=\"https:\/\/www.samoens.com\/nl\/gaec-des-croes-canailles\/\">Kilk hier\u00a0<\/a><\/span><\/p>\n<p>Ferme GAEC du Criou : <span style=\"color: #6c9ed8;\"><a style=\"color: #6c9ed8;\" href=\"https:\/\/www.samoens.com\/nl\/gaec-le-criou-fromages-frais-fermiers\/\">Klik hier<\/a><\/span><\/p>\n<p>Restaurant La Ferme Dunoyer : <span style=\"color: #6c9ed8;\"><a style=\"color: #6c9ed8;\" href=\"https:\/\/www.samoens.com\/nl\/ferme-dunoyer\/\">Klik hier<\/a><\/span><\/p>\n<p>Bezoek aan de boerderij van het Ecomuseum Clos Parchet : <a href=\"https:\/\/www.samoens.com\/nl\/clos-parchet-boerderijen-eco-museumbezoek\/\">Klik hier<\/a>[\/vc_column_text][\/vc_column][vc_column width=&#8221;1\/2&#8243;][vc_column_text css=&#8221;&#8221;]<\/p>\n<h6><span style=\"color: #eb4747;\">Ambachtslieden en aanbieders van activiteiten \u200b\u200b\ud83c\udffa\u200b<\/span><\/h6>\n<p>L&#8217;Atelier de Puce : <span style=\"color: #6c9ed8;\"><a style=\"color: #6c9ed8;\" href=\"https:\/\/www.samoens.com\/nl\/latelier-de-puce-handgemaakt-aardewerk\/\">Klik hier<\/a><\/span><\/p>\n<p>Montagne et Chocolat : <span style=\"color: #6c9ed8;\"><a style=\"color: #6c9ed8;\" href=\"https:\/\/www.samoens.com\/nl\/montagne-et-chocolat\/\">klik hier\u00a0<\/a><\/span><\/p>\n<p>Saijana -Atelier Macram\u00e9 : <span style=\"color: #6c9ed8;\"><a style=\"color: #6c9ed8;\" href=\"https:\/\/www.samoens.com\/nl\/saijana\/\">Klik hier\u00a0<\/a><\/span><\/p>\n<p>Cours de p\u00e2tisserie : <span style=\"color: #6c9ed8;\"><a style=\"color: #6c9ed8;\" href=\"https:\/\/www.samoens.com\/nl\/gebak-lessen-ana-maria-de-la-fuente\/\" target=\"_blank\" rel=\"noopener\">Klik hier<\/a><\/span><\/p>\n<p>O&#8217;Bi Sport Events : <span style=\"color: #6c9ed8;\"><a style=\"color: #6c9ed8;\" href=\"https:\/\/www.samoens.com\/nl\/obi-sport-events\/\" target=\"_blank\" rel=\"noopener\">Klik hier\u00a0<\/a><\/span>[\/vc_column_text][\/vc_column][\/vc_row][vc_row][vc_column][vc_separator][\/vc_column][\/vc_row][vc_row][vc_column][vc_column_text css=&#8221;&#8221;]<\/p>\n<p data-start=\"0\" data-end=\"74\"><strong data-start=\"0\" data-end=\"74\">Dienstverleners die zich engageren in een gecertificeerde milieuaanpak<\/strong><\/p>\n<p>&nbsp;<\/p>\n<p data-start=\"76\" data-end=\"370\">Als aanvulling op de initiatieven die door talrijke lokale actoren worden genomen voor een meer verantwoord toerisme, genieten verschillende dienstverleners van de bestemming van een offici\u00eble erkenning via milieulabels zoals Clef Verte, Green Globe, Travelife of het partnerschap met de LPO.<\/p>\n<p data-start=\"372\" data-end=\"594\" data-is-last-node=\"\" data-is-only-node=\"\">Deze onderscheidingen getuigen van een gestructureerd engagement dat regelmatig wordt ge\u00ebvalueerd op het vlak van milieubeheer, het beheersen van verbruik, het behoud van biodiversiteit en het sensibiliseren van bezoekers.<\/p>\n<p>[\/vc_column_text][\/vc_column][\/vc_row][vc_row][vc_column width=&#8221;1\/2&#8243;][vc_column_text css=&#8221;&#8221;]<\/p>\n<p style=\"text-align: left;\"><strong style=\"color: #eb4747; font-size: 1.05em;\">Vakantiedorp AEC Les Becchi \u2013 Clef Verte &amp; LPO-refuge.<\/strong><\/p>\n<div class=\"qMYqUG_convSearchResultHighlightRoot\">\n<div class=\"\" data-turn-id-container=\"request-WEB:fd7d24e8-9416-43e8-b8cb-77bd46e40fd5-28\" data-is-intersecting=\"true\">\n<section class=\"text-token-text-primary w-full focus:outline-none has-data-writing-block:pointer-events-none [&amp;:has([data-writing-block])&gt;*]:pointer-events-auto R6Vx5W_threadScrollVars scroll-mb-[calc(var(--scroll-root-safe-area-inset-bottom,0px)+var(--thread-response-height))] scroll-mt-[calc(var(--header-height)+min(200px,max(70px,20svh)))]\" dir=\"auto\" data-turn-id=\"request-WEB:fd7d24e8-9416-43e8-b8cb-77bd46e40fd5-28\" data-turn-id-container=\"request-WEB:fd7d24e8-9416-43e8-b8cb-77bd46e40fd5-28\" data-testid=\"conversation-turn-58\" data-scroll-anchor=\"false\" data-turn=\"assistant\">\n<div class=\"text-base my-auto mx-auto pb-10 [--thread-content-margin:var(--thread-content-margin-xs,calc(var(--spacing)*4))] @w-sm\/main:[--thread-content-margin:var(--thread-content-margin-sm,calc(var(--spacing)*6))] @w-lg\/main:[--thread-content-margin:var(--thread-content-margin-lg,calc(var(--spacing)*16))] px-(--thread-content-margin)\">\n<div class=\"[--thread-content-max-width:40rem] @w-lg\/main:[--thread-content-max-width:48rem] mx-auto max-w-(--thread-content-max-width) flex-1 group\/turn-messages focus-visible:outline-hidden relative flex w-full min-w-0 flex-col agent-turn\">\n<div class=\"z-0 flex min-h-[46px] justify-start\"><\/div>\n<div class=\"mt-3 w-full empty:hidden\">\n<div class=\"text-center\"><\/div>\n<\/div>\n<\/div>\n<\/div>\n<\/section>\n<\/div>\n<\/div>\n<div class=\"pointer-events-none -mt-px h-px translate-y-[calc(var(--scroll-root-safe-area-inset-bottom)-14*var(--spacing))]\" aria-hidden=\"true\"><\/div>\n<p>&nbsp;<\/p>\n<p data-start=\"0\" data-end=\"43\"><strong data-start=\"0\" data-end=\"43\">Gecertificeerd met het Clef Verte-label<\/strong><\/p>\n<p data-start=\"45\" data-end=\"380\" data-is-last-node=\"\" data-is-only-node=\"\">Het vakantiedorp AEC Les Becchi zet zich in voor duurzaam toerisme, erkend door het Clef Verte-label. Deze certificering bevestigt de uitvoering van concrete acties op het vlak van het beheersen van water- en energieverbruik, afvalbeheer, het sensibiliseren van bezoekers rond ecologische gewoonten en het promoten van de lokale regio.<\/p>\n<p>&nbsp;<\/p>\n<div class=\"\" data-turn-id-container=\"a0b4cc94-a46c-4c8f-ba32-d88445bc76a0\" data-is-intersecting=\"true\"><\/div>\n<div class=\"\" data-turn-id-container=\"request-WEB:fd7d24e8-9416-43e8-b8cb-77bd46e40fd5-30\" data-is-intersecting=\"true\">\n<section class=\"text-token-text-primary w-full focus:outline-none has-data-writing-block:pointer-events-none [&amp;:has([data-writing-block])&gt;*]:pointer-events-auto R6Vx5W_threadScrollVars scroll-mb-[calc(var(--scroll-root-safe-area-inset-bottom,0px)+var(--thread-response-height))] scroll-mt-[calc(var(--header-height)+min(200px,max(70px,20svh)))]\" dir=\"auto\" data-turn-id=\"request-WEB:fd7d24e8-9416-43e8-b8cb-77bd46e40fd5-30\" data-turn-id-container=\"request-WEB:fd7d24e8-9416-43e8-b8cb-77bd46e40fd5-30\" data-testid=\"conversation-turn-62\" data-scroll-anchor=\"false\" data-turn=\"assistant\">\n<div class=\"text-base my-auto mx-auto pb-10 [--thread-content-margin:var(--thread-content-margin-xs,calc(var(--spacing)*4))] @w-sm\/main:[--thread-content-margin:var(--thread-content-margin-sm,calc(var(--spacing)*6))] @w-lg\/main:[--thread-content-margin:var(--thread-content-margin-lg,calc(var(--spacing)*16))] px-(--thread-content-margin)\">\n<div class=\"[--thread-content-max-width:40rem] @w-lg\/main:[--thread-content-max-width:48rem] mx-auto max-w-(--thread-content-max-width) flex-1 group\/turn-messages focus-visible:outline-hidden relative flex w-full min-w-0 flex-col agent-turn\">\n<div class=\"flex max-w-full flex-col gap-4 grow\">\n<div class=\"min-h-8 text-message relative flex w-full flex-col items-end gap-2 text-start break-words whitespace-normal outline-none keyboard-focused:focus-ring [.text-message+&amp;]:mt-1\" dir=\"auto\" tabindex=\"0\" data-message-author-role=\"assistant\" data-message-id=\"03fd8595-993f-4310-abaf-d2c553027fce\" data-message-model-slug=\"gpt-5-5\" data-turn-start-message=\"true\">\n<div class=\"flex w-full flex-col gap-1 empty:hidden\">\n<div class=\"markdown prose dark:prose-invert wrap-break-word w-full light markdown-new-styling\">\n<p data-start=\"0\" data-end=\"53\"><strong data-start=\"0\" data-end=\"53\">Engageert zich voor het behoud van biodiversiteit<\/strong><\/p>\n<p data-start=\"55\" data-end=\"372\" data-is-last-node=\"\" data-is-only-node=\"\">De accommodatie is ook partner van de Liga voor de Bescherming van Vogels (LPO) via een aanpak die de opvang en bescherming van de lokale fauna bevordert. Dit engagement draagt bij aan het behoud van biodiversiteit en aan de bewustmaking van bezoekers rond de rijkdom van de natuurlijke omgevingen in de Giffrevallei.<\/p>\n<\/div>\n<\/div>\n<\/div>\n<\/div>\n<\/div>\n<\/div>\n<\/section>\n<\/div>\n<p><a href=\"https:\/\/www.samoens.com\/nl\/aec-vacances-les-becchi-vakantiedorpen\/\" target=\"_blank\" rel=\"noopener\"><span style=\"color: #6c9ed8;\">Meer informatie hier.<\/span><\/a>[\/vc_column_text][vc_column_text css=&#8221;&#8221;]<\/p>\n<p data-start=\"0\" data-end=\"50\"><span style=\"color: #eb4747;\"><strong data-start=\"0\" data-end=\"50\">R\u00e9sidence Arts et Vie \u2013 Clef Verte &amp; Travelife<\/strong><\/span><\/p>\n<p data-start=\"52\" data-end=\"95\"><strong data-start=\"52\" data-end=\"95\">Gecertificeerd met het Clef Verte-label<\/strong><\/p>\n<p data-start=\"97\" data-end=\"429\">De R\u00e9sidence Arts et Vie in Samo\u00ebns draagt het Clef Verte-label, als erkenning voor haar engagement voor meer verantwoord toerisme. Doordacht beheer van hulpbronnen, afvalsortering, duurzame aankopen, groene energie en sensibilisering van vakantiegangers maken deel uit van de dagelijkse acties om de milieu-impact te verminderen.<\/p>\n<p data-start=\"431\" data-end=\"468\"><strong data-start=\"431\" data-end=\"468\">Een internationaal erkende aanpak<\/strong><\/p>\n<p data-start=\"470\" data-end=\"778\" data-is-last-node=\"\" data-is-only-node=\"\">De R\u00e9sidence Arts et Vie engageert zich ook binnen de Travelife-certificering, een internationale referentie op het gebied van duurzaam toerisme. Deze aanpak waardeert goede milieu-, sociale en economische praktijken, evenals de promotie van toerisme dat respect toont voor de lokale bevolking en het gebied.<\/p>\n<p><a href=\"https:\/\/www.artsetvie.com\/residence\/samoens\/\" target=\"_blank\" rel=\"noopener\"><span style=\"color: #6c9ed8;\">Meer informatie hier.<\/span><\/a>[\/vc_column_text][vc_column_text css=&#8221;&#8221;]<\/p>\n<p data-start=\"0\" data-end=\"56\"><span style=\"color: #eb4747;\"><strong data-start=\"0\" data-end=\"56\">Club Med Grand Massif Samo\u00ebns Morillon \u2013 Green Globe<\/strong><\/span><\/p>\n<p data-start=\"58\" data-end=\"102\"><strong data-start=\"58\" data-end=\"102\">Gecertificeerd met het Green Globe-label<\/strong><\/p>\n<p data-start=\"104\" data-end=\"487\">Club Med Grand Massif Samo\u00ebns Morillon is gecertificeerd met het Green Globe-label, een internationaal erkend label voor toeristische actoren die zich engageren voor duurzame ontwikkeling. Deze certificering beoordeelt onder meer het beheer van hulpbronnen, afvalvermindering, verantwoorde aankopen, het beperken van milieueffecten en het sensibiliseren van klanten en medewerkers.<\/p>\n<p data-start=\"489\" data-end=\"548\"><strong data-start=\"489\" data-end=\"548\">Happy to Care: toerisme op een meer verantwoorde manier<\/strong><\/p>\n<p data-start=\"550\" data-end=\"838\">Via het programma \u00ab Happy to Care \u00bb voert Club Med tal van acties uit ten gunste van duurzamer toerisme: vermindering van de ecologische voetafdruk van de resorts, behoud van natuurlijke hulpbronnen, ondersteuning van lokale economie\u00ebn en bewustmaking van bezoekers rond milieukwesties.<\/p>\n<p data-start=\"840\" data-end=\"881\"><strong data-start=\"840\" data-end=\"881\">Engagement voor lokale biodiversiteit<\/strong><\/p>\n<p data-start=\"883\" data-end=\"1087\" data-is-last-node=\"\" data-is-only-node=\"\">Het resort ondersteunt ook initiatieven voor het behoud van de lokale biodiversiteit en draagt zo bij aan de bescherming van bergecosystemen en de valorisatie van het natuurlijke erfgoed van Haute-Savoie.<\/p>\n<p><a style=\"font-size: 1.05em;\" href=\"https:\/\/www.clubmed.fr\/r\/grand-massif-samoens-morillon\/w\" target=\"_blank\" rel=\"noopener\"><span style=\"color: #6c9ed8;\">Meer informatie hier.<\/span><\/a>[\/vc_column_text][\/vc_column][vc_column width=&#8221;1\/2&#8243;][vc_column_text css=&#8221;&#8221;]<\/p>\n<div class=\"qMYqUG_convSearchResultHighlightRoot\">\n<div class=\"\" data-turn-id-container=\"request-WEB:fd7d24e8-9416-43e8-b8cb-77bd46e40fd5-33\" data-is-intersecting=\"true\">\n<section class=\"text-token-text-primary w-full focus:outline-none has-data-writing-block:pointer-events-none [&amp;:has([data-writing-block])&gt;*]:pointer-events-auto R6Vx5W_threadScrollVars scroll-mb-[calc(var(--scroll-root-safe-area-inset-bottom,0px)+var(--thread-response-height))] scroll-mt-[calc(var(--header-height)+min(200px,max(70px,20svh)))]\" dir=\"auto\" data-turn-id=\"request-WEB:fd7d24e8-9416-43e8-b8cb-77bd46e40fd5-33\" data-turn-id-container=\"request-WEB:fd7d24e8-9416-43e8-b8cb-77bd46e40fd5-33\" data-testid=\"conversation-turn-68\" data-scroll-anchor=\"false\" data-turn=\"assistant\">\n<div class=\"text-base my-auto mx-auto pb-10 [--thread-content-margin:var(--thread-content-margin-xs,calc(var(--spacing)*4))] @w-sm\/main:[--thread-content-margin:var(--thread-content-margin-sm,calc(var(--spacing)*6))] @w-lg\/main:[--thread-content-margin:var(--thread-content-margin-lg,calc(var(--spacing)*16))] px-(--thread-content-margin)\">\n<div class=\"[--thread-content-max-width:40rem] @w-lg\/main:[--thread-content-max-width:48rem] mx-auto max-w-(--thread-content-max-width) flex-1 group\/turn-messages focus-visible:outline-hidden relative flex w-full min-w-0 flex-col agent-turn\">\n<div class=\"flex max-w-full flex-col gap-4 grow\">\n<div class=\"min-h-8 text-message relative flex w-full flex-col items-end gap-2 text-start break-words whitespace-normal outline-none keyboard-focused:focus-ring [.text-message+&amp;]:mt-1\" dir=\"auto\" tabindex=\"0\" data-message-author-role=\"assistant\" data-message-id=\"f811bbf0-7105-4276-9cc6-1cce73f9b84a\" data-message-model-slug=\"gpt-5-5\" data-turn-start-message=\"true\">\n<div class=\"flex w-full flex-col gap-1 empty:hidden\">\n<div class=\"markdown prose dark:prose-invert wrap-break-word w-full light markdown-new-styling\">\n<p data-start=\"0\" data-end=\"46\"><span style=\"color: #eb4747;\"><strong data-start=\"0\" data-end=\"46\">R\u00e9sidence MMV Samo\u00ebns Village \u2013 Clef Verte<\/strong><\/span><\/p>\n<p data-start=\"48\" data-end=\"91\"><strong data-start=\"48\" data-end=\"91\">Gecertificeerd met het Clef Verte-label<\/strong><\/p>\n<p data-start=\"93\" data-end=\"397\">De R\u00e9sidence MMV Samo\u00ebns Village zet zich in voor duurzaam toerisme, erkend door het Clef Verte-label. Deze certificering waardeert de acties die worden ondernomen om het verbruik van hulpbronnen te verminderen, afvalsortering te verbeteren en vakantiegangers bewust te maken van ecologische gewoonten.<\/p>\n<p data-start=\"399\" data-end=\"433\"><strong data-start=\"399\" data-end=\"433\">Concrete acties voor de bergen<\/strong><\/p>\n<p data-start=\"435\" data-end=\"645\" data-is-last-node=\"\" data-is-only-node=\"\">MMV ontwikkelt ook initiatieven om verspilling te beperken, korte ketens te bevorderen, de energie-effici\u00ebntie van haar verblijven te verbeteren en de ecologische transitie van bergbestemmingen te ondersteunen.<\/p>\n<\/div>\n<\/div>\n<\/div>\n<\/div>\n<div class=\"z-0 flex min-h-[46px] justify-start\"><a style=\"font-size: 1.05em;\" href=\"https:\/\/www.mmv.fr\/destinations\/alpes-du-nord\/samoens\/residence-samoens-village-ete\" target=\"_blank\" rel=\"noopener\"><span style=\"color: #6c9ed8;\">Meer informatie hier.<\/span><\/a><\/div>\n<\/div>\n<\/div>\n<\/section>\n<\/div>\n<\/div>\n<p>[\/vc_column_text][vc_column_text css=&#8221;&#8221;]<\/p>\n<div class=\"qMYqUG_convSearchResultHighlightRoot\">\n<div class=\"\" data-turn-id-container=\"request-WEB:fd7d24e8-9416-43e8-b8cb-77bd46e40fd5-34\" data-is-intersecting=\"true\">\n<section class=\"text-token-text-primary w-full focus:outline-none has-data-writing-block:pointer-events-none [&amp;:has([data-writing-block])&gt;*]:pointer-events-auto R6Vx5W_threadScrollVars scroll-mb-[calc(var(--scroll-root-safe-area-inset-bottom,0px)+var(--thread-response-height))] scroll-mt-[calc(var(--header-height)+min(200px,max(70px,20svh)))]\" dir=\"auto\" data-turn-id=\"request-WEB:fd7d24e8-9416-43e8-b8cb-77bd46e40fd5-34\" data-turn-id-container=\"request-WEB:fd7d24e8-9416-43e8-b8cb-77bd46e40fd5-34\" data-testid=\"conversation-turn-70\" data-scroll-anchor=\"false\" data-turn=\"assistant\">\n<div class=\"text-base my-auto mx-auto pb-10 [--thread-content-margin:var(--thread-content-margin-xs,calc(var(--spacing)*4))] @w-sm\/main:[--thread-content-margin:var(--thread-content-margin-sm,calc(var(--spacing)*6))] @w-lg\/main:[--thread-content-margin:var(--thread-content-margin-lg,calc(var(--spacing)*16))] px-(--thread-content-margin)\">\n<div class=\"[--thread-content-max-width:40rem] @w-lg\/main:[--thread-content-max-width:48rem] mx-auto max-w-(--thread-content-max-width) flex-1 group\/turn-messages focus-visible:outline-hidden relative flex w-full min-w-0 flex-col agent-turn\">\n<div class=\"flex max-w-full flex-col gap-4 grow\">\n<div class=\"min-h-8 text-message relative flex w-full flex-col items-end gap-2 text-start break-words whitespace-normal outline-none keyboard-focused:focus-ring [.text-message+&amp;]:mt-1\" dir=\"auto\" tabindex=\"0\" data-message-author-role=\"assistant\" data-message-id=\"044037a4-a1a0-4e56-a33f-1eaca59102d7\" data-message-model-slug=\"gpt-5-5\" data-turn-start-message=\"true\">\n<div class=\"flex w-full flex-col gap-1 empty:hidden\">\n<div class=\"markdown prose dark:prose-invert wrap-break-word w-full light markdown-new-styling\">\n<p data-start=\"0\" data-end=\"34\"><span style=\"color: #eb4747;\"><strong data-start=\"0\" data-end=\"34\">R\u00e9sidence Alexane \u2013 Clef Verte<\/strong><\/span><\/p>\n<p data-start=\"36\" data-end=\"79\"><strong data-start=\"36\" data-end=\"79\">Gecertificeerd met het Clef Verte-label<\/strong><\/p>\n<p data-start=\"81\" data-end=\"402\">De R\u00e9sidence Alexane draagt het Clef Verte-label, het eerste internationale label voor duurzaam toerisme in toeristische accommodaties. Deze onderscheiding beloont de acties die worden uitgevoerd op het vlak van milieubeheer, energiebesparing, afvalvermindering en het sensibiliseren van gasten rond verantwoord gedrag.<\/p>\n<p data-start=\"404\" data-end=\"458\"><strong data-start=\"404\" data-end=\"458\">Een engagement voor duurzaam toerisme in de bergen<\/strong><\/p>\n<p data-start=\"460\" data-end=\"727\" data-is-last-node=\"\" data-is-only-node=\"\">Via de milieuaanpak van MGM H\u00f4tels &amp; R\u00e9sidences zet de accommodatie zich in om haar impact op het milieu te verminderen, lokale actoren te ondersteunen en praktijken te stimuleren die respect tonen voor natuurlijke hulpbronnen en de biodiversiteit van het berggebied.<\/p>\n<\/div>\n<\/div>\n<\/div>\n<\/div>\n<\/div>\n<\/div>\n<\/section>\n<\/div>\n<\/div>\n<p><a href=\"https:\/\/www.mgm-hotels-residences.com\/fr\/nos-engagements\" target=\"_blank\" rel=\"noopener\"><span style=\"color: #6c9ed8;\">Meer informatie hier.<\/span><\/a>[\/vc_column_text][vc_column_text css=&#8221;&#8221;]<\/p>\n<div class=\"qMYqUG_convSearchResultHighlightRoot\">\n<div class=\"\" data-turn-id-container=\"request-WEB:fd7d24e8-9416-43e8-b8cb-77bd46e40fd5-36\" data-is-intersecting=\"true\">\n<section class=\"text-token-text-primary w-full focus:outline-none has-data-writing-block:pointer-events-none [&amp;:has([data-writing-block])&gt;*]:pointer-events-auto R6Vx5W_threadScrollVars scroll-mb-[calc(var(--scroll-root-safe-area-inset-bottom,0px)+var(--thread-response-height))] scroll-mt-[calc(var(--header-height)+min(200px,max(70px,20svh)))]\" dir=\"auto\" data-turn-id=\"request-WEB:fd7d24e8-9416-43e8-b8cb-77bd46e40fd5-36\" data-turn-id-container=\"request-WEB:fd7d24e8-9416-43e8-b8cb-77bd46e40fd5-36\" data-testid=\"conversation-turn-74\" data-scroll-anchor=\"false\" data-turn=\"assistant\">\n<div class=\"text-base my-auto mx-auto pb-10 [--thread-content-margin:var(--thread-content-margin-xs,calc(var(--spacing)*4))] @w-sm\/main:[--thread-content-margin:var(--thread-content-margin-sm,calc(var(--spacing)*6))] @w-lg\/main:[--thread-content-margin:var(--thread-content-margin-lg,calc(var(--spacing)*16))] px-(--thread-content-margin)\">\n<div class=\"[--thread-content-max-width:40rem] @w-lg\/main:[--thread-content-max-width:48rem] mx-auto max-w-(--thread-content-max-width) flex-1 group\/turn-messages focus-visible:outline-hidden relative flex w-full min-w-0 flex-col agent-turn\">\n<div class=\"flex max-w-full flex-col gap-4 grow\">\n<div class=\"min-h-8 text-message relative flex w-full flex-col items-end gap-2 text-start break-words whitespace-normal outline-none keyboard-focused:focus-ring [.text-message+&amp;]:mt-1\" dir=\"auto\" tabindex=\"0\" data-message-author-role=\"assistant\" data-message-id=\"62aaf2e2-bd56-46da-b7ea-90395c9ddb2e\" data-message-model-slug=\"gpt-5-5\" data-turn-start-message=\"true\">\n<div class=\"flex w-full flex-col gap-1 empty:hidden\">\n<div class=\"markdown prose dark:prose-invert wrap-break-word w-full light markdown-new-styling\">\n<p data-start=\"0\" data-end=\"40\"><span style=\"color: #eb4747;\"><strong data-start=\"0\" data-end=\"40\">Au Nid Nature \u2013 Biologische Landbouw<\/strong><\/span><\/p>\n<p data-start=\"42\" data-end=\"83\"><strong data-start=\"42\" data-end=\"83\">Producten uit de biologische landbouw<\/strong><\/p>\n<p data-start=\"85\" data-end=\"407\">Au Nid Nature promoot een meer verantwoorde consumptie via een selectie van producten met het label Biologische Landbouw (AB). Dit label garandeert landbouwpraktijken die gunstig zijn voor het milieu, het behoud van biodiversiteit en dierenwelzijn, terwijl het gebruik van synthetische chemische producten wordt beperkt.<\/p>\n<p data-start=\"409\" data-end=\"465\"><strong data-start=\"409\" data-end=\"465\">Ondersteuning van lokale producenten en korte ketens<\/strong><\/p>\n<p data-start=\"467\" data-end=\"769\">De zaak geeft, waar mogelijk, de voorkeur aan lokale producenten en korte toeleveringsketens en draagt zo bij aan de dynamiek van de lokale economie en aan het verminderen van de milieu-impact van goederenvervoer. Deze aanpak helpt ook om lokale knowhow en regionale producten in de kijker te zetten.<\/p>\n<p data-start=\"771\" data-end=\"827\"><strong data-start=\"771\" data-end=\"827\">Afvalvermindering en sensibilisering van consumenten<\/strong><\/p>\n<p data-start=\"829\" data-end=\"1167\" data-is-last-node=\"\" data-is-only-node=\"\">Met haar aanbod van biologische en lokale producten, evenals oplossingen die verpakkingen voor eenmalig gebruik beperken, moedigt Au Nid Nature meer verantwoorde consumptiegewoonten aan. Zo draagt de kruidenierszaak bij aan de bewustmaking van bewoners en bezoekers rond de uitdagingen van de ecologische transitie en duurzame consumptie.<\/p>\n<\/div>\n<\/div>\n<\/div>\n<\/div>\n<\/div>\n<\/div>\n<\/section>\n<\/div>\n<\/div>\n<p><a href=\"https:\/\/aunidnaturebio.fr\/nos-certifications-ab-bio\/\" target=\"_blank\" rel=\"noopener\"><span style=\"color: #6c9ed8;\">Meer informatie hier.<\/span><\/a>[\/vc_column_text][\/vc_column][\/vc_row][vc_row][vc_column][vc_separator][\/vc_column][\/vc_row][vc_row][vc_column][vc_column_text css=&#8221;&#8221;]<\/p>\n<div class=\"qMYqUG_convSearchResultHighlightRoot\">\n<div class=\"\" data-turn-id-container=\"request-WEB:fd7d24e8-9416-43e8-b8cb-77bd46e40fd5-37\" data-is-intersecting=\"true\">\n<section class=\"text-token-text-primary w-full focus:outline-none has-data-writing-block:pointer-events-none [&amp;:has([data-writing-block])&gt;*]:pointer-events-auto R6Vx5W_threadScrollVars scroll-mb-[calc(var(--scroll-root-safe-area-inset-bottom,0px)+var(--thread-response-height))] scroll-mt-[calc(var(--header-height)+min(200px,max(70px,20svh)))]\" dir=\"auto\" data-turn-id=\"request-WEB:fd7d24e8-9416-43e8-b8cb-77bd46e40fd5-37\" data-turn-id-container=\"request-WEB:fd7d24e8-9416-43e8-b8cb-77bd46e40fd5-37\" data-testid=\"conversation-turn-76\" data-scroll-anchor=\"false\" data-turn=\"assistant\">\n<div class=\"text-base my-auto mx-auto pb-10 [--thread-content-margin:var(--thread-content-margin-xs,calc(var(--spacing)*4))] @w-sm\/main:[--thread-content-margin:var(--thread-content-margin-sm,calc(var(--spacing)*6))] @w-lg\/main:[--thread-content-margin:var(--thread-content-margin-lg,calc(var(--spacing)*16))] px-(--thread-content-margin)\">\n<div class=\"[--thread-content-max-width:40rem] @w-lg\/main:[--thread-content-max-width:48rem] mx-auto max-w-(--thread-content-max-width) flex-1 group\/turn-messages focus-visible:outline-hidden relative flex w-full min-w-0 flex-col agent-turn\">\n<div class=\"flex max-w-full flex-col gap-4 grow\">\n<div class=\"min-h-8 text-message relative flex w-full flex-col items-end gap-2 text-start break-words whitespace-normal outline-none keyboard-focused:focus-ring [.text-message+&amp;]:mt-1\" dir=\"auto\" tabindex=\"0\" data-message-author-role=\"assistant\" data-message-id=\"63d3f29a-86e0-4b45-9c89-3e988b688fbe\" data-message-model-slug=\"gpt-5-5\" data-turn-start-message=\"true\">\n<div class=\"flex w-full flex-col gap-1 empty:hidden\">\n<div class=\"markdown prose dark:prose-invert wrap-break-word w-full light markdown-new-styling\">\n<h2 data-start=\"0\" data-end=\"38\">Ontdek onze beschermde natuurgebieden.<\/h2>\n<\/div>\n<\/div>\n<\/div>\n<\/div>\n<div class=\"z-0 flex min-h-[46px] justify-start\"><\/div>\n<div class=\"mt-3 w-full empty:hidden\">\n<div class=\"text-center\"><\/div>\n<\/div>\n<\/div>\n<\/div>\n<\/section>\n<\/div>\n<\/div>\n<p>[\/vc_column_text][\/vc_column][\/vc_row][vc_row][vc_column width=&#8221;1\/3&#8243;][\/vc_column][vc_column width=&#8221;1\/3&#8243;]\n\n    <div class=\"brochure\">\n      <a class=\"brochure_link\" target=\"_blank\"><div class=\"brochure_img\"><img loading=\"lazy\" decoding=\"async\" src=\"https:\/\/www.samoens.com\/wp-content\/uploads\/2026\/02\/Espaces-proteges.png\" width=\"596\" height=\"842\"><\/div><\/a><p class=\"brochure_title\"><\/p><a class=\"gtm_brochures_download brochure_link ye_boutPlein\" href=\"https:\/\/www.samoens.com\/wp-content\/uploads\/2026\/02\/protection_nature_OK2.pdf\" target=\"_blank\">Download the brochure<\/a><\/div>[\/vc_column][vc_column width=&#8221;1\/3&#8243;][\/vc_column][vc_column][vc_empty_space][\/vc_column][\/vc_row][vc_row][vc_column width=&#8221;5\/6&#8243;][vc_column_text css=&#8221;&#8221;]<\/p>\n<div class=\"qMYqUG_convSearchResultHighlightRoot\">\n<div class=\"\" data-turn-id-container=\"request-WEB:fd7d24e8-9416-43e8-b8cb-77bd46e40fd5-38\" data-is-intersecting=\"true\">\n<section class=\"text-token-text-primary w-full focus:outline-none has-data-writing-block:pointer-events-none [&amp;:has([data-writing-block])&gt;*]:pointer-events-auto R6Vx5W_threadScrollVars scroll-mb-[calc(var(--scroll-root-safe-area-inset-bottom,0px)+var(--thread-response-height))] scroll-mt-[calc(var(--header-height)+min(200px,max(70px,20svh)))]\" dir=\"auto\" data-turn-id=\"request-WEB:fd7d24e8-9416-43e8-b8cb-77bd46e40fd5-38\" data-turn-id-container=\"request-WEB:fd7d24e8-9416-43e8-b8cb-77bd46e40fd5-38\" data-testid=\"conversation-turn-78\" data-scroll-anchor=\"false\" data-turn=\"assistant\">\n<div class=\"text-base my-auto mx-auto pb-10 [--thread-content-margin:var(--thread-content-margin-xs,calc(var(--spacing)*4))] @w-sm\/main:[--thread-content-margin:var(--thread-content-margin-sm,calc(var(--spacing)*6))] @w-lg\/main:[--thread-content-margin:var(--thread-content-margin-lg,calc(var(--spacing)*16))] px-(--thread-content-margin)\">\n<div class=\"[--thread-content-max-width:40rem] @w-lg\/main:[--thread-content-max-width:48rem] mx-auto max-w-(--thread-content-max-width) flex-1 group\/turn-messages focus-visible:outline-hidden relative flex w-full min-w-0 flex-col agent-turn\">\n<div class=\"flex max-w-full flex-col gap-4 grow\">\n<div class=\"min-h-8 text-message relative flex w-full flex-col items-end gap-2 text-start break-words whitespace-normal outline-none keyboard-focused:focus-ring [.text-message+&amp;]:mt-1\" dir=\"auto\" tabindex=\"0\" data-message-author-role=\"assistant\" data-message-id=\"6f944982-f751-4a08-b746-52b3dbb2565d\" data-message-model-slug=\"gpt-5-5\" data-turn-start-message=\"true\">\n<div class=\"flex w-full flex-col gap-1 empty:hidden\">\n<div class=\"markdown prose dark:prose-invert wrap-break-word w-full light markdown-new-styling\">\n<p data-start=\"0\" data-end=\"52\" data-is-last-node=\"\" data-is-only-node=\"\"><span style=\"color: #eb4747;\">NATIONAAL NATUURRESERVAAT SIXT-FER-\u00c0-CHEVAL \/ PASSY<\/span><\/p>\n<\/div>\n<\/div>\n<\/div>\n<\/div>\n<div class=\"z-0 flex min-h-[46px] justify-start\"><\/div>\n<\/div>\n<\/div>\n<\/section>\n<\/div>\n<\/div>\n<p>&nbsp;<\/p>\n<p data-start=\"0\" data-end=\"336\">Het natuurreservaat Sixt-Fer-\u00e0-Cheval \/ Passy, opgericht in 1977, ligt in het kalksteenmassief van de Haut-Giffre. Het bestaat uit twee valleien, die van Fer-\u00e0-Cheval en die van Les Fonts, ontstaan uit twee gletsjercirkels die worden gedomineerd door hoge bergtoppen. <strong>Het is het vijfde grootste natuurreservaat van Europees Frankrijk<\/strong>.<\/p>\n<p data-start=\"338\" data-end=\"724\">Met zijn uitgestrekte oppervlakte (ongeveer 9.000 hectare) en groot hoogteverschil (van 870 m tot 3.100 m) omvat het achtereenvolgens verschillende hoogtezones: montaan, subalpien en alpien. Dankzij de aanwezigheid van bossen, alpenweiden, rotswanden, kalksteenformaties en gletsjers biedt het reservaat een groot leefgebied voor een brede verscheidenheid aan dier- en plantensoorten.<\/p>\n<p data-start=\"726\" data-end=\"960\" data-is-last-node=\"\" data-is-only-node=\"\">Het natuurreservaat Sixt-Fer-\u00e0-Cheval \/ Passy maakt deel uit van een netwerk van vijf natuurreservaten die samen een beschermd gebied van 15.500 hectare vormen, tussen de Giffrevallei in Sixt-Fer-\u00e0-Cheval en de Arvevallei in Chamonix.<\/p>\n<p>[\/vc_column_text][vc_btn title=&#8221;Natuurbeheerorganisatie voor Natuurgebieden van Haute-Savoie.&#8221; color=&#8221;danger&#8221; css=&#8221;&#8221; link=&#8221;url:http%3A%2F%2Fwww.cen-haute-savoie.org%2Freserve-naturelle%2Fsixt-fer-cheval-passy&#8221;][vc_column_text][\/vc_column_text][\/vc_column][vc_column width=&#8221;1\/6&#8243;][vc_single_image image=&#8221;587826&#8243;][\/vc_column][\/vc_row][vc_row][vc_column width=&#8221;1\/3&#8243;][vc_single_image image=&#8221;588286&#8243; img_size=&#8221;medium&#8221;][\/vc_column][vc_column width=&#8221;1\/3&#8243;][vc_single_image image=&#8221;588279&#8243; img_size=&#8221;medium&#8221;][\/vc_column][vc_column width=&#8221;1\/3&#8243;][vc_single_image image=&#8221;588282&#8243; img_size=&#8221;medium&#8221;][\/vc_column][\/vc_row][vc_row][vc_column width=&#8221;5\/6&#8243;][vc_column_text css=&#8221;&#8221;]<span style=\"font-size: 1.05em; color: #eb4747;\">BIOTOOPBESCHERMINGSGEBIED<\/span><\/p>\n<div class=\"qMYqUG_convSearchResultHighlightRoot\">\n<div class=\"\" data-turn-id-container=\"request-WEB:fd7d24e8-9416-43e8-b8cb-77bd46e40fd5-41\" data-is-intersecting=\"true\">\n<section class=\"text-token-text-primary w-full focus:outline-none has-data-writing-block:pointer-events-none [&amp;:has([data-writing-block])&gt;*]:pointer-events-auto R6Vx5W_threadScrollVars scroll-mb-[calc(var(--scroll-root-safe-area-inset-bottom,0px)+var(--thread-response-height))] scroll-mt-[calc(var(--header-height)+min(200px,max(70px,20svh)))]\" dir=\"auto\" data-turn-id=\"request-WEB:fd7d24e8-9416-43e8-b8cb-77bd46e40fd5-41\" data-turn-id-container=\"request-WEB:fd7d24e8-9416-43e8-b8cb-77bd46e40fd5-41\" data-testid=\"conversation-turn-84\" data-scroll-anchor=\"false\" data-turn=\"assistant\">\n<div class=\"text-base my-auto mx-auto pb-10 [--thread-content-margin:var(--thread-content-margin-xs,calc(var(--spacing)*4))] @w-sm\/main:[--thread-content-margin:var(--thread-content-margin-sm,calc(var(--spacing)*6))] @w-lg\/main:[--thread-content-margin:var(--thread-content-margin-lg,calc(var(--spacing)*16))] px-(--thread-content-margin)\">\n<div class=\"[--thread-content-max-width:40rem] @w-lg\/main:[--thread-content-max-width:48rem] mx-auto max-w-(--thread-content-max-width) flex-1 group\/turn-messages focus-visible:outline-hidden relative flex w-full min-w-0 flex-col agent-turn\">\n<div class=\"z-0 flex min-h-[46px] justify-start\"><\/div>\n<\/div>\n<\/div>\n<\/section>\n<\/div>\n<\/div>\n<div class=\"qMYqUG_convSearchResultHighlightRoot\">\n<div class=\"\" data-turn-id-container=\"request-WEB:fd7d24e8-9416-43e8-b8cb-77bd46e40fd5-42\" data-is-intersecting=\"true\">\n<section class=\"text-token-text-primary w-full focus:outline-none has-data-writing-block:pointer-events-none [&amp;:has([data-writing-block])&gt;*]:pointer-events-auto R6Vx5W_threadScrollVars scroll-mb-[calc(var(--scroll-root-safe-area-inset-bottom,0px)+var(--thread-response-height))] scroll-mt-[calc(var(--header-height)+min(200px,max(70px,20svh)))]\" dir=\"auto\" data-turn-id=\"request-WEB:fd7d24e8-9416-43e8-b8cb-77bd46e40fd5-42\" data-turn-id-container=\"request-WEB:fd7d24e8-9416-43e8-b8cb-77bd46e40fd5-42\" data-testid=\"conversation-turn-86\" data-scroll-anchor=\"false\" data-turn=\"assistant\">\n<div class=\"text-base my-auto mx-auto pb-10 [--thread-content-margin:var(--thread-content-margin-xs,calc(var(--spacing)*4))] @w-sm\/main:[--thread-content-margin:var(--thread-content-margin-sm,calc(var(--spacing)*6))] @w-lg\/main:[--thread-content-margin:var(--thread-content-margin-lg,calc(var(--spacing)*16))] px-(--thread-content-margin)\">\n<div class=\"[--thread-content-max-width:40rem] @w-lg\/main:[--thread-content-max-width:48rem] mx-auto max-w-(--thread-content-max-width) flex-1 group\/turn-messages focus-visible:outline-hidden relative flex w-full min-w-0 flex-col agent-turn\">\n<div class=\"flex max-w-full flex-col gap-4 grow\">\n<div class=\"min-h-8 text-message relative flex w-full flex-col items-end gap-2 text-start break-words whitespace-normal outline-none keyboard-focused:focus-ring [.text-message+&amp;]:mt-1\" dir=\"auto\" tabindex=\"0\" data-message-author-role=\"assistant\" data-message-id=\"55cb4a53-618f-4dcf-ae9a-0767fb827e32\" data-message-model-slug=\"gpt-5-5\" data-turn-start-message=\"true\">\n<div class=\"flex w-full flex-col gap-1 empty:hidden\">\n<div class=\"markdown prose dark:prose-invert wrap-break-word w-full light markdown-new-styling\">\n<p data-start=\"0\" data-end=\"192\">Een biotoop is een <strong>leefomgeving die gunstige ecologische omstandigheden biedt voor de ontwikkeling van een dier- of plantensoort<\/strong> (schuilplaats, voortplanting, rust, voedselvoorziening enz.).<\/p>\n<p data-start=\"194\" data-end=\"431\">De zone L\u00e9dedian &#8211; Combe de Vaconnant valt onder een biotoopbeschermingsbesluit, bedoeld om een natuurlijke habitat te beschermen die onmisbaar is voor het voortbestaan van beschermde soorten (vogels, amfibie\u00ebn, zeldzame planten enz.).<\/p>\n<p data-start=\"433\" data-end=\"569\">Deze bescherming richt zich niet alleen op de soorten zelf, maar vooral op hun leefomgeving (moerasgebied, rotswand, weide, bos enz.).<\/p>\n<p data-start=\"571\" data-end=\"659\" data-is-last-node=\"\" data-is-only-node=\"\">Elke activiteit die deze omgeving kan aantasten, kan gereglementeerd of verboden worden.<\/p>\n<\/div>\n<\/div>\n<\/div>\n<\/div>\n<div class=\"z-0 flex min-h-[46px] justify-start\"><\/div>\n<div class=\"mt-3 w-full empty:hidden\">\n<div class=\"text-center\"><\/div>\n<\/div>\n<\/div>\n<\/div>\n<\/section>\n<\/div>\n<\/div>\n<p>[\/vc_column_text][vc_btn title=&#8221;Natuurbeheerorganisatie voor Natuurgebieden van Haute-Savoie.&#8221; color=&#8221;danger&#8221; css=&#8221;&#8221; link=&#8221;url:http%3A%2F%2Fwww.cen-haute-savoie.org%2Freserve-naturelle%2Fsixt-fer-cheval-passy&#8221;][vc_column_text][\/vc_column_text][\/vc_column][vc_column width=&#8221;1\/6&#8243;][vc_single_image image=&#8221;606616&#8243; css=&#8221;&#8221;][\/vc_column][\/vc_row][vc_row][vc_column width=&#8221;5\/6&#8243;][vc_column_text css=&#8221;&#8221;]<span style=\"color: #eb4747;\">NATURA 2000-GEBIED<\/span><\/p>\n<p>&nbsp;<\/p>\n<div class=\"qMYqUG_convSearchResultHighlightRoot\">\n<div class=\"\" data-turn-id-container=\"request-WEB:fd7d24e8-9416-43e8-b8cb-77bd46e40fd5-45\" data-is-intersecting=\"true\">\n<section class=\"text-token-text-primary w-full focus:outline-none has-data-writing-block:pointer-events-none [&amp;:has([data-writing-block])&gt;*]:pointer-events-auto R6Vx5W_threadScrollVars scroll-mb-[calc(var(--scroll-root-safe-area-inset-bottom,0px)+var(--thread-response-height))] scroll-mt-[calc(var(--header-height)+min(200px,max(70px,20svh)))]\" dir=\"auto\" data-turn-id=\"request-WEB:fd7d24e8-9416-43e8-b8cb-77bd46e40fd5-45\" data-turn-id-container=\"request-WEB:fd7d24e8-9416-43e8-b8cb-77bd46e40fd5-45\" data-testid=\"conversation-turn-92\" data-scroll-anchor=\"false\" data-turn=\"assistant\">\n<div class=\"text-base my-auto mx-auto pb-10 [--thread-content-margin:var(--thread-content-margin-xs,calc(var(--spacing)*4))] @w-sm\/main:[--thread-content-margin:var(--thread-content-margin-sm,calc(var(--spacing)*6))] @w-lg\/main:[--thread-content-margin:var(--thread-content-margin-lg,calc(var(--spacing)*16))] px-(--thread-content-margin)\">\n<div class=\"[--thread-content-max-width:40rem] @w-lg\/main:[--thread-content-max-width:48rem] mx-auto max-w-(--thread-content-max-width) flex-1 group\/turn-messages focus-visible:outline-hidden relative flex w-full min-w-0 flex-col agent-turn\">\n<div class=\"flex max-w-full flex-col gap-4 grow\">\n<div class=\"min-h-8 text-message relative flex w-full flex-col items-end gap-2 text-start break-words whitespace-normal outline-none keyboard-focused:focus-ring [.text-message+&amp;]:mt-1\" dir=\"auto\" tabindex=\"0\" data-message-author-role=\"assistant\" data-message-id=\"db764663-910b-480f-a732-5ca8d0bf875f\" data-message-model-slug=\"gpt-5-5\" data-turn-start-message=\"true\">\n<div class=\"flex w-full flex-col gap-1 empty:hidden\">\n<div class=\"markdown prose dark:prose-invert wrap-break-word w-full light markdown-new-styling\">\n<p data-start=\"0\" data-end=\"226\">Het Natura 2000-netwerk is een geheel van natuurgebieden die binnen de Europese Unie zijn aangeduid vanwege de zeldzaamheid of kwetsbaarheid van wilde dier- en plantensoorten en van de natuurlijke habitats die zij herbergen.<\/p>\n<p data-start=\"228\" data-end=\"371\">Het doel is om deze natuurlijke milieus en soorten van Europees belang in een gunstige staat van instandhouding te behouden of te herstellen.<\/p>\n<p data-start=\"373\" data-end=\"479\">De ambitie van Natura 2000 is om menselijke activiteiten te verzoenen met het behoud van biodiversiteit.<\/p>\n<p>&nbsp;<\/p>\n<p data-start=\"481\" data-end=\"499\"><span style=\"color: #6c9ed8;\"><strong data-start=\"481\" data-end=\"497\">HAUT GIFFRE:<\/strong><\/span><\/p>\n<p data-start=\"501\" data-end=\"544\">Oppervlakte: 18.122 ha, ongeveer 181 km\u00b2.<\/p>\n<p data-start=\"546\" data-end=\"555\">Hoogte:<\/p>\n<ul data-start=\"556\" data-end=\"606\">\n<li data-section-id=\"1cdisnr\" data-start=\"556\" data-end=\"574\">Minimum: 718 m<\/li>\n<li data-section-id=\"6pe7d9\" data-start=\"575\" data-end=\"606\">Maximum: 3.096 m op de Buet<\/li>\n<\/ul>\n<p data-start=\"608\" data-end=\"684\">Betrokken gemeenten: Morzine, Passy, Samo\u00ebns, Sixt-Fer-\u00e0-Cheval, Verchaix.<\/p>\n<p data-start=\"686\" data-end=\"733\">Beheerder van het gebied: SIVM du Haut Giffre<\/p>\n<p>&nbsp;<\/p>\n<p data-start=\"735\" data-end=\"757\"><span style=\"color: #6c9ed8;\"><strong data-start=\"735\" data-end=\"755\">PLATEAU DE LO\u00cbX:<\/strong><\/span><\/p>\n<p data-start=\"759\" data-end=\"863\">Het gebied werd aangewezen in het kader van de richtlijnen \u00ab Habitats, fauna en flora \u00bb en \u00ab Vogels \u00bb.<\/p>\n<p data-start=\"865\" data-end=\"888\">Oppervlakte: 1.233 ha<\/p>\n<p data-start=\"890\" data-end=\"899\">Hoogte:<\/p>\n<ul data-start=\"900\" data-end=\"939\">\n<li data-section-id=\"1hqxfy2\" data-start=\"900\" data-end=\"918\">Minimum: 883 m<\/li>\n<li data-section-id=\"2oiz7\" data-start=\"919\" data-end=\"939\">Maximum: 1.658 m<\/li>\n<\/ul>\n<p data-start=\"941\" data-end=\"995\">Betrokken gemeenten: Taninges, Verchaix en Les Gets.<\/p>\n<p data-start=\"997\" data-end=\"1044\">Beheerder van het gebied: SIVM du Haut Giffre<\/p>\n<p data-start=\"1046\" data-end=\"1088\">Aantal opmerkelijke habitats en soorten:<\/p>\n<ul data-start=\"1089\" data-end=\"1243\">\n<li data-section-id=\"bmvnpe\" data-start=\"1089\" data-end=\"1164\">14 habitats van Europees gemeenschappelijk belang, waarvan 3 prioritair<\/li>\n<li data-section-id=\"6xqxlo\" data-start=\"1165\" data-end=\"1243\">13 soorten van Europees gemeenschappelijk belang, waaronder 7 vogelsoorten<\/li>\n<\/ul>\n<p data-start=\"1245\" data-end=\"1442\" data-is-last-node=\"\" data-is-only-node=\"\">Sinds 2014 bevindt het gebied zich in de uitvoeringsfase (het doelstellingsdocument \u2013 DOCOB \u2013 werd goedgekeurd en deze fase bestaat uit het uitvoeren van de acties die in het DOCOB zijn opgenomen).<\/p>\n<\/div>\n<\/div>\n<\/div>\n<\/div>\n<div class=\"z-0 flex min-h-[46px] justify-start\"><\/div>\n<div class=\"mt-3 w-full empty:hidden\">\n<div class=\"text-center\"><\/div>\n<\/div>\n<\/div>\n<\/div>\n<\/section>\n<\/div>\n<\/div>\n<div class=\"pointer-events-none -mt-px h-px translate-y-[calc(var(--scroll-root-safe-area-inset-bottom)-14*var(--spacing))]\" aria-hidden=\"true\"><\/div>\n<p>[\/vc_column_text][vc_btn title=&#8221;Plateau de Lo\u00ebx&#8221; color=&#8221;danger&#8221; css=&#8221;&#8221; link=&#8221;url:https%3A%2F%2Fwww.samoens.com%2Fwp-content%2Fuploads%2F2024%2F03%2FSIVM-FICHES-LOEX-HD.pdf&#8221;][\/vc_column][vc_column width=&#8221;1\/6&#8243;][vc_single_image image=&#8221;587829&#8243;][\/vc_column][\/vc_row][vc_row][vc_column width=&#8221;1\/3&#8243;][vc_single_image image=&#8221;588293&#8243; img_size=&#8221;medium&#8221;][\/vc_column][vc_column width=&#8221;1\/3&#8243;][vc_single_image image=&#8221;588290&#8243; img_size=&#8221;medium&#8221;][\/vc_column][vc_column width=&#8221;1\/3&#8243;][vc_single_image image=&#8221;588296&#8243; img_size=&#8221;medium&#8221;][\/vc_column][\/vc_row][vc_row][vc_column]<section class=\"bloc-article-externe\"><div class=\"img-part imgcropCtn\"><img decoding=\"async\" src=\"https:\/\/www.ici.fr\/pikapi\/images\/4dc2aec1-9fb8-4284-8407-28e02faf5d28\/1200x630?webp=false\" class=\"imgcrop\"\/><\/div><div class=\"content-part\"><p class=\"pre-title\">Ils parlent de nous<\/p><h2>Les stations du Grand Massif en route pour une montagne plus propre - ICI<\/h2><div class=\"author-container\"><div class=\"imgcropCtn\"><img decoding=\"async\" src=\"\/wp-content\/themes\/samoens\/img\/no-img-user.jpg\" class=\"imgcrop\"\/><\/div><p><\/p><\/div><a href=\"https:\/\/www.francebleu.fr\/emissions\/plus-vertes-mes-savoie\/les-stations-du-grand-massif-en-route-pour-une-montagne-plus-propre-8886130\" class=\"site-container\"><p>ici.fr<\/p><\/a><p class=\"content-container\">Les stations de Samo\ufffdns, de Flaine, Morillon et Sixt Fer \ufffd Cheval sont des stations du domaine du Grand Massif, g\ufffdr\ufffdes par la compagnie des Alpes.      <\/p><a class=\"ye_boutVide ye_coul2 inner-link\" href=\"https:\/\/www.francebleu.fr\/emissions\/plus-vertes-mes-savoie\/les-stations-du-grand-massif-en-route-pour-une-montagne-plus-propre-8886130\">Lire l'article<\/a><\/div><\/section>[\/vc_column][\/vc_row]<\/p>\n<\/div>","protected":false},"excerpt":{"rendered":"<p>[vc_row][vc_column][vc_column_text css=&#8221;&#8221;] Samo\u00ebns op weg naar de energietransitie [\/vc_column_text][\/vc_column][\/vc_row][vc_row][vc_column][vc_column_text css=&#8221;&#8221;] Goed leven en gezondheid hangen in grote mate af van de omgeving. Het dorpstation Samo\u00ebns heeft dit goed begrepen en neemt verschillende maatregelen om die te beschermen, met \u00e9\u00e9n belangrijk doel: deze prachtige \u00ab natuurbestemming \u00bb behouden. [\/vc_column_text][\/vc_column][\/vc_row][vc_row][vc_column width=&#8221;2\/3&#8243;][vc_column_text css=&#8221;&#8221;] De acties van de Gemeenschap [&hellip;]<\/p>\n","protected":false},"author":2,"featured_media":426839,"parent":0,"menu_order":120,"comment_status":"closed","ping_status":"closed","template":"","meta":{"_acf_changed":false,"footnotes":""},"class_list":["post-543707","page","type-page","status-publish","hentry"],"acf":[],"yoast_head":"<!-- This site is optimized with the Yoast SEO plugin v28.1 - https:\/\/yoast.com\/product\/yoast-seo-wordpress\/ -->\n<title>Samo\u00ebns, een resort dat zich inzetvoor het milieu! Samo\u00ebns, station de ski et village authentique en Haute-Savoie<\/title>\n<meta name=\"description\" content=\"Samo\u00ebns s\u2019engage depuis des ann\u00e9es dans la protection de son environnement ! La station-village de Haute-Savoie a en effet la volont\u00e9 d\u2019accro\u00eetre le bien vivre dans sa vall\u00e9e et participer \u00e0 la lutte du r\u00e9chauffement climatique en valorisant ses pratiques \u00e9coresponsables.\" \/>\n<meta name=\"robots\" content=\"index, follow, max-snippet:-1, max-image-preview:large, max-video-preview:-1\" \/>\n<link rel=\"canonical\" href=\"https:\/\/www.samoens.com\/nl\/environnement\/\" \/>\n<meta property=\"og:locale\" content=\"nl_NL\" \/>\n<meta property=\"og:type\" content=\"article\" \/>\n<meta property=\"og:title\" content=\"Samo\u00ebns, een resort dat zich inzetvoor het milieu! Samo\u00ebns, station de ski et village authentique en Haute-Savoie\" \/>\n<meta property=\"og:description\" content=\"Samo\u00ebns s\u2019engage depuis des ann\u00e9es dans la protection de son environnement ! La station-village de Haute-Savoie a en effet la volont\u00e9 d\u2019accro\u00eetre le bien vivre dans sa vall\u00e9e et participer \u00e0 la lutte du r\u00e9chauffement climatique en valorisant ses pratiques \u00e9coresponsables.\" \/>\n<meta property=\"og:url\" content=\"https:\/\/www.samoens.com\/nl\/environnement\/\" \/>\n<meta property=\"og:site_name\" content=\"Samo\u00ebns, station de ski et village authentique en Haute-Savoie\" \/>\n<meta property=\"article:modified_time\" content=\"2026-06-09T13:24:46+00:00\" \/>\n<meta property=\"og:image\" content=\"https:\/\/www.samoens.com\/wp-content\/uploads\/2020\/08\/Samoe\u00a6ens-006.jpg\" \/>\n\t<meta property=\"og:image:width\" content=\"2522\" \/>\n\t<meta property=\"og:image:height\" content=\"987\" \/>\n\t<meta property=\"og:image:type\" content=\"image\/jpeg\" \/>\n<meta name=\"twitter:card\" content=\"summary_large_image\" \/>\n<meta name=\"twitter:label1\" content=\"Geschatte leestijd\" \/>\n\t<meta name=\"twitter:data1\" content=\"5 minuten\" \/>\n<script type=\"application\/ld+json\" class=\"yoast-schema-graph\">{\"@context\":\"https:\\\/\\\/schema.org\",\"@graph\":[{\"@type\":\"WebPage\",\"@id\":\"https:\\\/\\\/www.samoens.com\\\/nl\\\/environnement\\\/\",\"url\":\"https:\\\/\\\/www.samoens.com\\\/nl\\\/environnement\\\/\",\"name\":\"Samo\u00ebns, een resort dat zich inzetvoor het milieu! Samo\u00ebns, station de ski et village authentique en Haute-Savoie\",\"isPartOf\":{\"@id\":\"https:\\\/\\\/www.samoens.com\\\/#website\"},\"primaryImageOfPage\":{\"@id\":\"https:\\\/\\\/www.samoens.com\\\/nl\\\/environnement\\\/#primaryimage\"},\"image\":{\"@id\":\"https:\\\/\\\/www.samoens.com\\\/nl\\\/environnement\\\/#primaryimage\"},\"thumbnailUrl\":\"https:\\\/\\\/www.samoens.com\\\/wp-content\\\/uploads\\\/2020\\\/08\\\/Samoe\u00a6ens-006.jpg\",\"datePublished\":\"2023-03-13T13:19:15+00:00\",\"dateModified\":\"2026-06-09T13:24:46+00:00\",\"description\":\"Samo\u00ebns s\u2019engage depuis des ann\u00e9es dans la protection de son environnement ! La station-village de Haute-Savoie a en effet la volont\u00e9 d\u2019accro\u00eetre le bien vivre dans sa vall\u00e9e et participer \u00e0 la lutte du r\u00e9chauffement climatique en valorisant ses pratiques \u00e9coresponsables.\",\"breadcrumb\":{\"@id\":\"https:\\\/\\\/www.samoens.com\\\/nl\\\/environnement\\\/#breadcrumb\"},\"inLanguage\":\"nl-NL\",\"potentialAction\":[{\"@type\":\"ReadAction\",\"target\":[\"https:\\\/\\\/www.samoens.com\\\/nl\\\/environnement\\\/\"]}]},{\"@type\":\"ImageObject\",\"inLanguage\":\"nl-NL\",\"@id\":\"https:\\\/\\\/www.samoens.com\\\/nl\\\/environnement\\\/#primaryimage\",\"url\":\"https:\\\/\\\/www.samoens.com\\\/wp-content\\\/uploads\\\/2020\\\/08\\\/Samoe\u00a6ens-006.jpg\",\"contentUrl\":\"https:\\\/\\\/www.samoens.com\\\/wp-content\\\/uploads\\\/2020\\\/08\\\/Samoe\u00a6ens-006.jpg\",\"width\":2522,\"height\":987,\"caption\":\"Stitched Panorama\"},{\"@type\":\"BreadcrumbList\",\"@id\":\"https:\\\/\\\/www.samoens.com\\\/nl\\\/environnement\\\/#breadcrumb\",\"itemListElement\":[{\"@type\":\"ListItem\",\"position\":1,\"name\":\"Accueil\",\"item\":\"https:\\\/\\\/www.samoens.com\\\/nl\\\/\"},{\"@type\":\"ListItem\",\"position\":2,\"name\":\"Samo\u00ebns, een resort dat zich inzetvoor het milieu!\"}]},{\"@type\":\"WebSite\",\"@id\":\"https:\\\/\\\/www.samoens.com\\\/#website\",\"url\":\"https:\\\/\\\/www.samoens.com\\\/\",\"name\":\"Samo\u00ebns, station de ski et village authentique en Haute-Savoie\",\"description\":\"Nich\u00e9e au coeur du domaine skiable du Grand Massif et \u00e0 moins d&#039;1h de Gen\u00e8ve, Samo\u00ebns rendra vos vacances inoubliables en \u00e9t\u00e9 comme en hiver\",\"potentialAction\":[{\"@type\":\"SearchAction\",\"target\":{\"@type\":\"EntryPoint\",\"urlTemplate\":\"https:\\\/\\\/www.samoens.com\\\/?s={search_term_string}\"},\"query-input\":{\"@type\":\"PropertyValueSpecification\",\"valueRequired\":true,\"valueName\":\"search_term_string\"}}],\"inLanguage\":\"nl-NL\"}]}<\/script>\n<!-- \/ Yoast SEO plugin. -->","yoast_head_json":{"title":"Samo\u00ebns, een resort dat zich inzetvoor het milieu! Samo\u00ebns, station de ski et village authentique en Haute-Savoie","description":"Samo\u00ebns s\u2019engage depuis des ann\u00e9es dans la protection de son environnement ! La station-village de Haute-Savoie a en effet la volont\u00e9 d\u2019accro\u00eetre le bien vivre dans sa vall\u00e9e et participer \u00e0 la lutte du r\u00e9chauffement climatique en valorisant ses pratiques \u00e9coresponsables.","robots":{"index":"index","follow":"follow","max-snippet":"max-snippet:-1","max-image-preview":"max-image-preview:large","max-video-preview":"max-video-preview:-1"},"canonical":"https:\/\/www.samoens.com\/nl\/environnement\/","og_locale":"nl_NL","og_type":"article","og_title":"Samo\u00ebns, een resort dat zich inzetvoor het milieu! Samo\u00ebns, station de ski et village authentique en Haute-Savoie","og_description":"Samo\u00ebns s\u2019engage depuis des ann\u00e9es dans la protection de son environnement ! La station-village de Haute-Savoie a en effet la volont\u00e9 d\u2019accro\u00eetre le bien vivre dans sa vall\u00e9e et participer \u00e0 la lutte du r\u00e9chauffement climatique en valorisant ses pratiques \u00e9coresponsables.","og_url":"https:\/\/www.samoens.com\/nl\/environnement\/","og_site_name":"Samo\u00ebns, station de ski et village authentique en Haute-Savoie","article_modified_time":"2026-06-09T13:24:46+00:00","og_image":[{"width":2522,"height":987,"url":"https:\/\/www.samoens.com\/wp-content\/uploads\/2020\/08\/Samoe\u00a6ens-006.jpg","type":"image\/jpeg"}],"twitter_card":"summary_large_image","twitter_misc":{"Geschatte leestijd":"5 minuten"},"schema":{"@context":"https:\/\/schema.org","@graph":[{"@type":"WebPage","@id":"https:\/\/www.samoens.com\/nl\/environnement\/","url":"https:\/\/www.samoens.com\/nl\/environnement\/","name":"Samo\u00ebns, een resort dat zich inzetvoor het milieu! Samo\u00ebns, station de ski et village authentique en Haute-Savoie","isPartOf":{"@id":"https:\/\/www.samoens.com\/#website"},"primaryImageOfPage":{"@id":"https:\/\/www.samoens.com\/nl\/environnement\/#primaryimage"},"image":{"@id":"https:\/\/www.samoens.com\/nl\/environnement\/#primaryimage"},"thumbnailUrl":"https:\/\/www.samoens.com\/wp-content\/uploads\/2020\/08\/Samoe\u00a6ens-006.jpg","datePublished":"2023-03-13T13:19:15+00:00","dateModified":"2026-06-09T13:24:46+00:00","description":"Samo\u00ebns s\u2019engage depuis des ann\u00e9es dans la protection de son environnement ! La station-village de Haute-Savoie a en effet la volont\u00e9 d\u2019accro\u00eetre le bien vivre dans sa vall\u00e9e et participer \u00e0 la lutte du r\u00e9chauffement climatique en valorisant ses pratiques \u00e9coresponsables.","breadcrumb":{"@id":"https:\/\/www.samoens.com\/nl\/environnement\/#breadcrumb"},"inLanguage":"nl-NL","potentialAction":[{"@type":"ReadAction","target":["https:\/\/www.samoens.com\/nl\/environnement\/"]}]},{"@type":"ImageObject","inLanguage":"nl-NL","@id":"https:\/\/www.samoens.com\/nl\/environnement\/#primaryimage","url":"https:\/\/www.samoens.com\/wp-content\/uploads\/2020\/08\/Samoe\u00a6ens-006.jpg","contentUrl":"https:\/\/www.samoens.com\/wp-content\/uploads\/2020\/08\/Samoe\u00a6ens-006.jpg","width":2522,"height":987,"caption":"Stitched Panorama"},{"@type":"BreadcrumbList","@id":"https:\/\/www.samoens.com\/nl\/environnement\/#breadcrumb","itemListElement":[{"@type":"ListItem","position":1,"name":"Accueil","item":"https:\/\/www.samoens.com\/nl\/"},{"@type":"ListItem","position":2,"name":"Samo\u00ebns, een resort dat zich inzetvoor het milieu!"}]},{"@type":"WebSite","@id":"https:\/\/www.samoens.com\/#website","url":"https:\/\/www.samoens.com\/","name":"Samo\u00ebns, station de ski et village authentique en Haute-Savoie","description":"Nich\u00e9e au coeur du domaine skiable du Grand Massif et \u00e0 moins d&#039;1h de Gen\u00e8ve, Samo\u00ebns rendra vos vacances inoubliables en \u00e9t\u00e9 comme en hiver","potentialAction":[{"@type":"SearchAction","target":{"@type":"EntryPoint","urlTemplate":"https:\/\/www.samoens.com\/?s={search_term_string}"},"query-input":{"@type":"PropertyValueSpecification","valueRequired":true,"valueName":"search_term_string"}}],"inLanguage":"nl-NL"}]}},"_links":{"self":[{"href":"https:\/\/www.samoens.com\/nl\/wp-json\/wp\/v2\/pages\/543707","targetHints":{"allow":["GET"]}}],"collection":[{"href":"https:\/\/www.samoens.com\/nl\/wp-json\/wp\/v2\/pages"}],"about":[{"href":"https:\/\/www.samoens.com\/nl\/wp-json\/wp\/v2\/types\/page"}],"author":[{"embeddable":true,"href":"https:\/\/www.samoens.com\/nl\/wp-json\/wp\/v2\/users\/2"}],"replies":[{"embeddable":true,"href":"https:\/\/www.samoens.com\/nl\/wp-json\/wp\/v2\/comments?post=543707"}],"version-history":[{"count":5,"href":"https:\/\/www.samoens.com\/nl\/wp-json\/wp\/v2\/pages\/543707\/revisions"}],"predecessor-version":[{"id":608662,"href":"https:\/\/www.samoens.com\/nl\/wp-json\/wp\/v2\/pages\/543707\/revisions\/608662"}],"wp:featuredmedia":[{"embeddable":true,"href":"https:\/\/www.samoens.com\/nl\/wp-json\/wp\/v2\/media\/426839"}],"wp:attachment":[{"href":"https:\/\/www.samoens.com\/nl\/wp-json\/wp\/v2\/media?parent=543707"}],"curies":[{"name":"wp","href":"https:\/\/api.w.org\/{rel}","templated":true}]}}