{"id":38397,"date":"2019-09-09T17:53:59","date_gmt":"2019-09-09T15:53:59","guid":{"rendered":"https:\/\/www.samoens.com\/?page_id=38397"},"modified":"2026-02-16T12:11:58","modified_gmt":"2026-02-16T11:11:58","slug":"weer","status":"publish","type":"page","link":"https:\/\/www.samoens.com\/nl\/weer\/","title":{"rendered":"Weer"},"content":{"rendered":"<div class=\"wpb-content-wrapper\"><p>[vc_row][vc_column][vc_column_text]Bekijk het weer in Samoens op dorpsniveau en op de top van het massief.[\/vc_column_text][\/vc_column][\/vc_row][vc_row][vc_column width=&#8221;1\/2&#8243;][vc_column_text css=&#8221;&#8221;]<style id=\"sp_lw_dynamic_css606387\">#splw-location-weather-606387.splw-main-wrapper {max-width: 320px;margin : auto;margin-bottom: 2em;}#splw-location-weather-606387.splw-main-wrapper.horizontal {max-width: 800px;}#splw-location-weather-606387 .splw-lite-wrapper,#splw-location-weather-606387 .splw-forecast-weather select,#splw-location-weather-606387 .splw-forecast-weather option,#splw-location-weather-606387 .splw-lite-wrapper .splw-weather-attribution a{text-decoration: none;}#splw-location-weather-606387 .splw-lite-templates-body,#splw-location-weather-606387 .splw-adv-forecast-days{padding : 16px 20px 10px 20px;}#splw-location-weather-606387 .splw-weather-detailed-updated-time{padding : 0 20px 10px 20px;}#splw-location-weather-606387 .splw-lite-wrapper{ border: 0px solid #e2e2e2;}#splw-location-weather-606387 .splw-lite-wrapper .splw-lite-current-temp .splw-weather-icon{width: 58px;}#splw-location-weather-606387 .splw-lite-wrapper{border-radius: 8px;}#splw-location-weather-606387 .splw-lite-daily-weather-details .details-icon i{color:#ffffff;}#splw-location-weather-606387 .splw-lite-wrapper,#splw-location-weather-606387 .splw-forecast-weather option{background:#e4032e}#splw-location-weather-606387 .splw-lite-daily-weather-details.lw-center .splw-other-opt{text-align: center;}#splw-location-weather-606387 .splw-weather-title{color: #000;margin-top: 0px;margin-bottom: 20px;}#splw-location-weather-606387 .splw-lite-header-title{color: #fff;margin-top: 0px;margin-bottom: 10px;}#splw-location-weather-606387 .splw-lite-current-time{color: #fff;margin-top: 0px;margin-bottom: 10px;}#splw-location-weather-606387 .splw-cur-temp{color: #fff;margin-top: 0px;margin-bottom: 0px;}#splw-location-weather-606387 .splw-lite-desc{color: #fff;margin-top: 20px;margin-bottom: 0px;}#splw-location-weather-606387 .splw-lite-daily-weather-details{color: #fff;margin-top: 8px;margin-bottom: 3px;}#splw-location-weather-606387 .splw-weather-details .splw-weather-icons {color: #fff;margin-top: 20px;margin-bottom: 0px;}#splw-location-weather-606387 .lw-footer{margin-top: 0px;margin-bottom: 0px;}#splw-location-weather-606387 .splw-weather-attribution a,#splw-location-weather-606387 .splw-weather-attribution,#splw-location-weather-606387 .splw-weather-detailed-updated-time a,#splw-location-weather-606387 .splw-weather-updated-time{color: #fff;}#splw-location-weather-606387.splw-main-wrapper {position: relative;}#lw-preloader-606387{position: absolute;left: 0;top: 0;height: 100%;width: 100%;text-align: center;display: flex;align-items: center;justify-content: center;background: #fff;z-index: 9999;}<\/style><div id=\"splw-location-weather-606387\" class=\"splw-main-wrapper vertical\" data-shortcode-id=\"606387\">\n\t\t<div id=\"lw-preloader-606387\" class=\"lw-preloader\">\n\t\t\t<img loading=\"lazy\" decoding=\"async\" src=\"https:\/\/www.samoens.com\/wp-content\/plugins\/location-weather\/assets\/images\/spinner.svg\" class=\"skip-lazy\"  alt=\"loader-image\" width=\"50\" height=\"50\"\/>\n\t\t<\/div>\n\t\t\t<!-- section title html area start -->\n\t<div class=\"splw-weather-title\">\n\t\tSamo\u00ebns\t<\/div>\n<!-- section area end -->\n\t<div class=\"splw-lite-wrapper lw-preloader-wrapper\">\n\t\t<div class=\"splw-lite-templates-body\">\n\t\t\t<div class=\"splw-lite-header\">\n\t<div class=\"splw-lite-header-title-wrapper\">\n\t\t\t\t<div class=\"splw-lite-header-title\">\n\t\t\tSamo\u00ebns, FR\t\t<\/div>\n\t\t<!-- area end -->\n\t\t<!-- Current Date Time area start -->\n\t\t\t\t\t<div class=\"splw-lite-current-time\">\n\t\t\t\t<!-- time area end -->\n\t\t\t\t\t\t\t\t<span class=\"lw-date\">1 mei 2026<\/span>\n\t\t\t\t<!-- date area end -->\n\t\t\t<\/div>\n\t\t<!-- date time area end -->\n\t<\/div>\n<\/div>\n<!-- full area end -->\n<div class=\"splw-lite-current-temp\">\n\t<div class=\"splw-cur-temp\">\n\t\t<!-- weather icon html area start -->\n\t\t\t\t\t<img loading=\"lazy\" decoding=\"async\" src=\"https:\/\/www.samoens.com\/wp-content\/plugins\/location-weather\/assets\/images\/icons\/weather-icons\/04n.svg\" class=\"splw-weather-icon\" alt=\"temperature icon\" width=\"58\" height=\"58\">\n\t\t<!-- weather icon html area end -->\n\t\t<!-- weather current temperature html area start -->\n\t\t\t\t\t<span class=\"cur-temp\"> \n\t\t\t\t<span class=\"current-temperature\">10<\/span><span class=\"temperature-scale\">\u00b0C<\/span>\t\t\t<\/span>\n\t\t<!-- temperature html area end -->\n\t<\/div>\n<\/div>\n<div\n\tclass=\"splw-lite-daily-weather-details  lw-center \">\n\t<div class=\"splw-weather-details splw-other-opt\">\n\t\t\t<div class=\"splw-weather-icons icons_splw\">\n\t\t\t\t\t<!-- humidity area start -->\n\t\t\t\t\t\t<!-- humidity area end -->\n\t\t\t<!-- pressure area start -->\n\t\t\t\t\t\t<!-- pressure area end -->\n\t\t\t<!-- wind area start -->\n\t\t\t\t\t\t<div class=\"splw-icon-wind\">\n\t\t\t\t<span class=\"lw-title-wrapper\">\n\t\t\t\t\t<span class=\"details-icon\" title=\"Wind\"><i class=\"splwp-icon-wind-1\"><\/i><\/span>\t\t\t\t\t<span class=\"options-title\"><\/span>\n\t\t\t\t<\/span>\n\t\t\t\t<span class=\"options-value\">\n\t\t\t\t\t4 Km\/h\t\t\t\t<\/span>\n\t\t\t<\/div>\n\t\t\t\t\t\t<!-- wind area end -->\n\t\t\t\t\t\t\t<\/div>\n\t\t\t\t<!-- Wind guest area start -->\n\t\t\t\t<!-- Wind guest area end -->\n\t\t<!-- Clouds area start -->\n\t\t\t\t<!-- Clouds area end -->\n\t\t<!-- Visibility area start -->\n\t\t\t\t<!-- Visibility area end -->\n\t\t\t<\/div>\n<\/div>\n\t\t\t<\/div>\n\t\t\t\t<!-- weather detailed and updated html area start -->\n\t<div class=\"lw-footer\">\n\t<!-- weather detailed and updated html area end -->\n<!-- weather attribute html area start -->\n\t\t<div class=\"splw-weather-attribution\">\n\t\t\t\t\tWeather from OpenWeatherMap\t\t\t<\/div>\n<!-- weather attribute html area end -->\n<\/div>\n<!-- weather attribute html area end -->\n\t<\/div>\n<\/div>\n[\/vc_column_text][\/vc_column][vc_column width=&#8221;1\/2&#8243;][vc_column_text css=&#8221;&#8221;]<style id=\"sp_lw_dynamic_css606386\">#splw-location-weather-606386.splw-main-wrapper {max-width: 320px;margin : auto;margin-bottom: 2em;}#splw-location-weather-606386.splw-main-wrapper.horizontal {max-width: 800px;}#splw-location-weather-606386 .splw-lite-wrapper,#splw-location-weather-606386 .splw-forecast-weather select,#splw-location-weather-606386 .splw-forecast-weather option,#splw-location-weather-606386 .splw-lite-wrapper .splw-weather-attribution a{text-decoration: none;}#splw-location-weather-606386 .splw-lite-templates-body,#splw-location-weather-606386 .splw-adv-forecast-days{padding : 16px 20px 10px 20px;}#splw-location-weather-606386 .splw-weather-detailed-updated-time{padding : 0 20px 10px 20px;}#splw-location-weather-606386 .splw-lite-wrapper{ border: 0px solid #e2e2e2;}#splw-location-weather-606386 .splw-lite-wrapper .splw-lite-current-temp .splw-weather-icon{width: 58px;}#splw-location-weather-606386 .splw-lite-wrapper{border-radius: 8px;}#splw-location-weather-606386 .splw-lite-daily-weather-details .details-icon i{color:#ffffff;}#splw-location-weather-606386 .splw-lite-wrapper,#splw-location-weather-606386 .splw-forecast-weather option{background:#e4032e}#splw-location-weather-606386 .splw-lite-daily-weather-details.lw-center .splw-other-opt{text-align: center;}#splw-location-weather-606386 .splw-weather-title{color: #000;margin-top: 0px;margin-bottom: 20px;}#splw-location-weather-606386 .splw-lite-header-title{color: #fff;margin-top: 0px;margin-bottom: 10px;}#splw-location-weather-606386 .splw-lite-current-time{color: #fff;margin-top: 0px;margin-bottom: 10px;}#splw-location-weather-606386 .splw-cur-temp{color: #fff;margin-top: 0px;margin-bottom: 0px;}#splw-location-weather-606386 .splw-lite-desc{color: #fff;margin-top: 20px;margin-bottom: 0px;}#splw-location-weather-606386 .splw-lite-daily-weather-details{color: #fff;margin-top: 8px;margin-bottom: 3px;}#splw-location-weather-606386 .splw-weather-details .splw-weather-icons {color: #fff;margin-top: 20px;margin-bottom: 0px;}#splw-location-weather-606386 .lw-footer{margin-top: 0px;margin-bottom: 0px;}#splw-location-weather-606386 .splw-weather-attribution a,#splw-location-weather-606386 .splw-weather-attribution,#splw-location-weather-606386 .splw-weather-detailed-updated-time a,#splw-location-weather-606386 .splw-weather-updated-time{color: #fff;}#splw-location-weather-606386.splw-main-wrapper {position: relative;}#lw-preloader-606386{position: absolute;left: 0;top: 0;height: 100%;width: 100%;text-align: center;display: flex;align-items: center;justify-content: center;background: #fff;z-index: 9999;}<\/style><div id=\"splw-location-weather-606386\" class=\"splw-main-wrapper vertical\" data-shortcode-id=\"606386\">\n\t\t<div id=\"lw-preloader-606386\" class=\"lw-preloader\">\n\t\t\t<img loading=\"lazy\" decoding=\"async\" src=\"https:\/\/www.samoens.com\/wp-content\/plugins\/location-weather\/assets\/images\/spinner.svg\" class=\"skip-lazy\"  alt=\"loader-image\" width=\"50\" height=\"50\"\/>\n\t\t<\/div>\n\t\t\t<!-- section title html area start -->\n\t<div class=\"splw-weather-title\">\n\t\tPlateau des Saix\t<\/div>\n<!-- section area end -->\n\t<div class=\"splw-lite-wrapper lw-preloader-wrapper\">\n\t\t<div class=\"splw-lite-templates-body\">\n\t\t\t<div class=\"splw-lite-header\">\n\t<div class=\"splw-lite-header-title-wrapper\">\n\t\t\t\t<div class=\"splw-lite-header-title\">\n\t\t\tPlateau des Saix\t\t<\/div>\n\t\t<!-- area end -->\n\t\t<!-- Current Date Time area start -->\n\t\t\t\t\t<div class=\"splw-lite-current-time\">\n\t\t\t\t<!-- time area end -->\n\t\t\t\t\t\t\t\t<span class=\"lw-date\">1 mei 2026<\/span>\n\t\t\t\t<!-- date area end -->\n\t\t\t<\/div>\n\t\t<!-- date time area end -->\n\t<\/div>\n<\/div>\n<!-- full area end -->\n<div class=\"splw-lite-current-temp\">\n\t<div class=\"splw-cur-temp\">\n\t\t<!-- weather icon html area start -->\n\t\t\t\t\t<img loading=\"lazy\" decoding=\"async\" src=\"https:\/\/www.samoens.com\/wp-content\/plugins\/location-weather\/assets\/images\/icons\/weather-icons\/04n.svg\" class=\"splw-weather-icon\" alt=\"temperature icon\" width=\"58\" height=\"58\">\n\t\t<!-- weather icon html area end -->\n\t\t<!-- weather current temperature html area start -->\n\t\t\t\t\t<span class=\"cur-temp\"> \n\t\t\t\t<span class=\"current-temperature\">13<\/span><span class=\"temperature-scale\">\u00b0C<\/span>\t\t\t<\/span>\n\t\t<!-- temperature html area end -->\n\t<\/div>\n<\/div>\n<div\n\tclass=\"splw-lite-daily-weather-details  lw-center \">\n\t<div class=\"splw-weather-details splw-other-opt\">\n\t\t\t<div class=\"splw-weather-icons icons_splw\">\n\t\t\t\t\t<!-- humidity area start -->\n\t\t\t\t\t\t<!-- humidity area end -->\n\t\t\t<!-- pressure area start -->\n\t\t\t\t\t\t<!-- pressure area end -->\n\t\t\t<!-- wind area start -->\n\t\t\t\t\t\t<div class=\"splw-icon-wind\">\n\t\t\t\t<span class=\"lw-title-wrapper\">\n\t\t\t\t\t<span class=\"details-icon\" title=\"Wind\"><i class=\"splwp-icon-wind-1\"><\/i><\/span>\t\t\t\t\t<span class=\"options-title\"><\/span>\n\t\t\t\t<\/span>\n\t\t\t\t<span class=\"options-value\">\n\t\t\t\t\t4 Km\/h\t\t\t\t<\/span>\n\t\t\t<\/div>\n\t\t\t\t\t\t<!-- wind area end -->\n\t\t\t\t\t\t\t<\/div>\n\t\t\t\t<!-- Wind guest area start -->\n\t\t\t\t<!-- Wind guest area end -->\n\t\t<!-- Clouds area start -->\n\t\t\t\t<!-- Clouds area end -->\n\t\t<!-- Visibility area start -->\n\t\t\t\t<!-- Visibility area end -->\n\t\t\t<\/div>\n<\/div>\n\t\t\t<\/div>\n\t\t\t\t<!-- weather detailed and updated html area start -->\n\t<div class=\"lw-footer\">\n\t<!-- weather detailed and updated html area end -->\n<!-- weather attribute html area start -->\n\t\t<div class=\"splw-weather-attribution\">\n\t\t\t\t\tWeather from OpenWeatherMap\t\t\t<\/div>\n<!-- weather attribute html area end -->\n<\/div>\n<!-- weather attribute html area end -->\n\t<\/div>\n<\/div>\n[\/vc_column_text][\/vc_column][\/vc_row]<\/p>\n<\/div>","protected":false},"excerpt":{"rendered":"<p>[vc_row][vc_column][vc_column_text]Bekijk het weer in Samoens op dorpsniveau en op de top van het massief.[\/vc_column_text][\/vc_column][\/vc_row][vc_row][vc_column width=&#8221;1\/2&#8243;][vc_column_text css=&#8221;&#8221;][\/vc_column_text][\/vc_column][vc_column width=&#8221;1\/2&#8243;][vc_column_text css=&#8221;&#8221;][\/vc_column_text][\/vc_column][\/vc_row]<\/p>\n","protected":false},"author":2,"featured_media":575439,"parent":0,"menu_order":66,"comment_status":"closed","ping_status":"closed","template":"","meta":{"_acf_changed":false,"footnotes":""},"class_list":["post-38397","page","type-page","status-publish","hentry"],"acf":[],"yoast_head":"<!-- This site is optimized with the Yoast SEO plugin v27.4 - https:\/\/yoast.com\/product\/yoast-seo-wordpress\/ -->\n<title>Weer Samo\u00ebns, station de ski et village authentique en Haute-Savoie<\/title>\n<meta name=\"robots\" content=\"index, follow, max-snippet:-1, max-image-preview:large, max-video-preview:-1\" \/>\n<link rel=\"canonical\" href=\"https:\/\/www.samoens.com\/nl\/weer\/\" \/>\n<meta property=\"og:locale\" content=\"nl_NL\" \/>\n<meta property=\"og:type\" content=\"article\" \/>\n<meta property=\"og:title\" content=\"Weer Samo\u00ebns, station de ski et village authentique en Haute-Savoie\" \/>\n<meta property=\"og:description\" content=\"[vc_row][vc_column][vc_column_text]Bekijk het weer in Samoens op dorpsniveau en op de top van het massief.[\/vc_column_text][\/vc_column][\/vc_row][vc_row][vc_column width=&#8221;1\/2&#8243;][vc_column_text css=&#8221;&#8221;][\/vc_column_text][\/vc_column][vc_column width=&#8221;1\/2&#8243;][vc_column_text css=&#8221;&#8221;][\/vc_column_text][\/vc_column][\/vc_row]\" \/>\n<meta property=\"og:url\" content=\"https:\/\/www.samoens.com\/nl\/weer\/\" \/>\n<meta property=\"og:site_name\" content=\"Samo\u00ebns, station de ski et village authentique en Haute-Savoie\" \/>\n<meta property=\"article:modified_time\" content=\"2026-02-16T11:11:58+00:00\" \/>\n<meta property=\"og:image\" content=\"https:\/\/www.samoens.com\/wp-content\/uploads\/2023\/01\/AdobeStock_218214906-1.jpeg\" \/>\n\t<meta property=\"og:image:width\" content=\"800\" \/>\n\t<meta property=\"og:image:height\" content=\"534\" \/>\n\t<meta property=\"og:image:type\" content=\"image\/jpeg\" \/>\n<meta name=\"twitter:card\" content=\"summary_large_image\" \/>\n<script type=\"application\/ld+json\" class=\"yoast-schema-graph\">{\"@context\":\"https:\\\/\\\/schema.org\",\"@graph\":[{\"@type\":\"WebPage\",\"@id\":\"https:\\\/\\\/www.samoens.com\\\/nl\\\/weer\\\/\",\"url\":\"https:\\\/\\\/www.samoens.com\\\/nl\\\/weer\\\/\",\"name\":\"Weer Samo\u00ebns, station de ski et village authentique en Haute-Savoie\",\"isPartOf\":{\"@id\":\"https:\\\/\\\/www.samoens.com\\\/#website\"},\"primaryImageOfPage\":{\"@id\":\"https:\\\/\\\/www.samoens.com\\\/nl\\\/weer\\\/#primaryimage\"},\"image\":{\"@id\":\"https:\\\/\\\/www.samoens.com\\\/nl\\\/weer\\\/#primaryimage\"},\"thumbnailUrl\":\"https:\\\/\\\/www.samoens.com\\\/wp-content\\\/uploads\\\/2023\\\/01\\\/AdobeStock_218214906-1.jpeg\",\"datePublished\":\"2019-09-09T15:53:59+00:00\",\"dateModified\":\"2026-02-16T11:11:58+00:00\",\"breadcrumb\":{\"@id\":\"https:\\\/\\\/www.samoens.com\\\/nl\\\/weer\\\/#breadcrumb\"},\"inLanguage\":\"nl-NL\",\"potentialAction\":[{\"@type\":\"ReadAction\",\"target\":[\"https:\\\/\\\/www.samoens.com\\\/nl\\\/weer\\\/\"]}]},{\"@type\":\"ImageObject\",\"inLanguage\":\"nl-NL\",\"@id\":\"https:\\\/\\\/www.samoens.com\\\/nl\\\/weer\\\/#primaryimage\",\"url\":\"https:\\\/\\\/www.samoens.com\\\/wp-content\\\/uploads\\\/2023\\\/01\\\/AdobeStock_218214906-1.jpeg\",\"contentUrl\":\"https:\\\/\\\/www.samoens.com\\\/wp-content\\\/uploads\\\/2023\\\/01\\\/AdobeStock_218214906-1.jpeg\",\"width\":800,\"height\":534},{\"@type\":\"BreadcrumbList\",\"@id\":\"https:\\\/\\\/www.samoens.com\\\/nl\\\/weer\\\/#breadcrumb\",\"itemListElement\":[{\"@type\":\"ListItem\",\"position\":1,\"name\":\"Accueil\",\"item\":\"https:\\\/\\\/www.samoens.com\\\/nl\\\/\"},{\"@type\":\"ListItem\",\"position\":2,\"name\":\"Weer\"}]},{\"@type\":\"WebSite\",\"@id\":\"https:\\\/\\\/www.samoens.com\\\/#website\",\"url\":\"https:\\\/\\\/www.samoens.com\\\/\",\"name\":\"Samo\u00ebns, station de ski et village authentique en Haute-Savoie\",\"description\":\"Nich\u00e9e au coeur du domaine skiable du Grand Massif et \u00e0 moins d&#039;1h de Gen\u00e8ve, Samo\u00ebns rendra vos vacances inoubliables en \u00e9t\u00e9 comme en hiver\",\"potentialAction\":[{\"@type\":\"SearchAction\",\"target\":{\"@type\":\"EntryPoint\",\"urlTemplate\":\"https:\\\/\\\/www.samoens.com\\\/?s={search_term_string}\"},\"query-input\":{\"@type\":\"PropertyValueSpecification\",\"valueRequired\":true,\"valueName\":\"search_term_string\"}}],\"inLanguage\":\"nl-NL\"}]}<\/script>\n<!-- \/ Yoast SEO plugin. -->","yoast_head_json":{"title":"Weer Samo\u00ebns, station de ski et village authentique en Haute-Savoie","robots":{"index":"index","follow":"follow","max-snippet":"max-snippet:-1","max-image-preview":"max-image-preview:large","max-video-preview":"max-video-preview:-1"},"canonical":"https:\/\/www.samoens.com\/nl\/weer\/","og_locale":"nl_NL","og_type":"article","og_title":"Weer Samo\u00ebns, station de ski et village authentique en Haute-Savoie","og_description":"[vc_row][vc_column][vc_column_text]Bekijk het weer in Samoens op dorpsniveau en op de top van het massief.[\/vc_column_text][\/vc_column][\/vc_row][vc_row][vc_column width=&#8221;1\/2&#8243;][vc_column_text css=&#8221;&#8221;][\/vc_column_text][\/vc_column][vc_column width=&#8221;1\/2&#8243;][vc_column_text css=&#8221;&#8221;][\/vc_column_text][\/vc_column][\/vc_row]","og_url":"https:\/\/www.samoens.com\/nl\/weer\/","og_site_name":"Samo\u00ebns, station de ski et village authentique en Haute-Savoie","article_modified_time":"2026-02-16T11:11:58+00:00","og_image":[{"width":800,"height":534,"url":"https:\/\/www.samoens.com\/wp-content\/uploads\/2023\/01\/AdobeStock_218214906-1.jpeg","type":"image\/jpeg"}],"twitter_card":"summary_large_image","schema":{"@context":"https:\/\/schema.org","@graph":[{"@type":"WebPage","@id":"https:\/\/www.samoens.com\/nl\/weer\/","url":"https:\/\/www.samoens.com\/nl\/weer\/","name":"Weer Samo\u00ebns, station de ski et village authentique en Haute-Savoie","isPartOf":{"@id":"https:\/\/www.samoens.com\/#website"},"primaryImageOfPage":{"@id":"https:\/\/www.samoens.com\/nl\/weer\/#primaryimage"},"image":{"@id":"https:\/\/www.samoens.com\/nl\/weer\/#primaryimage"},"thumbnailUrl":"https:\/\/www.samoens.com\/wp-content\/uploads\/2023\/01\/AdobeStock_218214906-1.jpeg","datePublished":"2019-09-09T15:53:59+00:00","dateModified":"2026-02-16T11:11:58+00:00","breadcrumb":{"@id":"https:\/\/www.samoens.com\/nl\/weer\/#breadcrumb"},"inLanguage":"nl-NL","potentialAction":[{"@type":"ReadAction","target":["https:\/\/www.samoens.com\/nl\/weer\/"]}]},{"@type":"ImageObject","inLanguage":"nl-NL","@id":"https:\/\/www.samoens.com\/nl\/weer\/#primaryimage","url":"https:\/\/www.samoens.com\/wp-content\/uploads\/2023\/01\/AdobeStock_218214906-1.jpeg","contentUrl":"https:\/\/www.samoens.com\/wp-content\/uploads\/2023\/01\/AdobeStock_218214906-1.jpeg","width":800,"height":534},{"@type":"BreadcrumbList","@id":"https:\/\/www.samoens.com\/nl\/weer\/#breadcrumb","itemListElement":[{"@type":"ListItem","position":1,"name":"Accueil","item":"https:\/\/www.samoens.com\/nl\/"},{"@type":"ListItem","position":2,"name":"Weer"}]},{"@type":"WebSite","@id":"https:\/\/www.samoens.com\/#website","url":"https:\/\/www.samoens.com\/","name":"Samo\u00ebns, station de ski et village authentique en Haute-Savoie","description":"Nich\u00e9e au coeur du domaine skiable du Grand Massif et \u00e0 moins d&#039;1h de Gen\u00e8ve, Samo\u00ebns rendra vos vacances inoubliables en \u00e9t\u00e9 comme en hiver","potentialAction":[{"@type":"SearchAction","target":{"@type":"EntryPoint","urlTemplate":"https:\/\/www.samoens.com\/?s={search_term_string}"},"query-input":{"@type":"PropertyValueSpecification","valueRequired":true,"valueName":"search_term_string"}}],"inLanguage":"nl-NL"}]}},"_links":{"self":[{"href":"https:\/\/www.samoens.com\/nl\/wp-json\/wp\/v2\/pages\/38397","targetHints":{"allow":["GET"]}}],"collection":[{"href":"https:\/\/www.samoens.com\/nl\/wp-json\/wp\/v2\/pages"}],"about":[{"href":"https:\/\/www.samoens.com\/nl\/wp-json\/wp\/v2\/types\/page"}],"author":[{"embeddable":true,"href":"https:\/\/www.samoens.com\/nl\/wp-json\/wp\/v2\/users\/2"}],"replies":[{"embeddable":true,"href":"https:\/\/www.samoens.com\/nl\/wp-json\/wp\/v2\/comments?post=38397"}],"version-history":[{"count":1,"href":"https:\/\/www.samoens.com\/nl\/wp-json\/wp\/v2\/pages\/38397\/revisions"}],"predecessor-version":[{"id":606390,"href":"https:\/\/www.samoens.com\/nl\/wp-json\/wp\/v2\/pages\/38397\/revisions\/606390"}],"wp:featuredmedia":[{"embeddable":true,"href":"https:\/\/www.samoens.com\/nl\/wp-json\/wp\/v2\/media\/575439"}],"wp:attachment":[{"href":"https:\/\/www.samoens.com\/nl\/wp-json\/wp\/v2\/media?parent=38397"}],"curies":[{"name":"wp","href":"https:\/\/api.w.org\/{rel}","templated":true}]}}