{"id":3345,"date":"2019-08-23T11:44:56","date_gmt":"2019-08-23T09:44:56","guid":{"rendered":"https:\/\/www.samoens.com\/?page_id=3345"},"modified":"2023-05-09T11:52:58","modified_gmt":"2023-05-09T09:52:58","slug":"een-recreatiecentrum-in-de-bergen","status":"publish","type":"page","link":"https:\/\/www.samoens.com\/nl\/een-recreatiecentrum-in-de-bergen\/","title":{"rendered":"Een recreatiecentrum in de bergen"},"content":{"rendered":"<div class=\"wpb-content-wrapper\"><p>[vc_row][vc_column][vc_column_text]Het recreatiecentrum, gebouwd rond de 2 meren, ligt ver van het dorpscentrum. Het heeft een oppervlakte van ongeveer 10 ha. Het is de ideale plek om te ontspannen met vrienden of familie. Je kunt wandelen, vissen, wandelen, rennen. Met deze site kun je veilig evolueren, weg van auto&#8217;s en alledaagse geluiden. Een groot speelgedeelte voor kinderen wordt aangeboden in het hart van deze site, evenals sportvelden (voetbal, basketbal) voor tieners. Activiteiten worden aangeboden gedurende de zomer: tennis (verhuur en cursussen), avonturenparcours, buitenzwembad (glijbaan, 3 zwembaden), paragliding, bowlen, het bos voor de dames is ook de uitgangspunt voor kleine familie wandelingen. U kunt eindelijk eten of drinken in het bar-restaurant &#8220;Espace du Bois aux Dames&#8221;.[\/vc_column_text][\/vc_column][\/vc_row][vc_row][vc_column]<section class=\"presta_elem row\"><div class=\"col-sm-6 imgpresta\" style=\"background-image:url();\"><\/div><div class=\"col-sm-6 infospresta\"><div class=\"surtitre\"><\/div><div class=\"titre\"><a href=\"\" class=\"titrelien\"><\/a><\/div><div class=\"blocadresse\"><img decoding=\"async\" class=\"marker\" src=\"\/wp-content\/themes\/samoens\/img\/marker-white.svg\"><div class=\"adresse\"><br> <\/div><\/div><div class=\"contacts\"><\/div><\/div><\/section>[\/vc_column][\/vc_row][vc_row][vc_column]\n          <div class=\"moteurRecherche\">\n        <form id=\"formSearch\" action=\"\" method=\"post\">\n                  <\/form>\n      <\/div>\n      \n    \n          <div class=\"submoteurRecherche\">\n        <div class=\"toggleRecherche\">\n          <p>kaart verbergen<\/p>\n          <span class=\"mapIcon\">\n            <svg width=\"602\" height=\"546\" viewBox=\"0 0 602 546\" fill=\"none\" xmlns=\"http:\/\/www.w3.org\/2000\/svg\">\n              <path d=\"M598.141 440.327C560.549 382.937 510.311 350.501 456.214 348.363C453.297 348.023 450.363 347.844 447.426 347.829C442.276 347.816 437.14 348.353 432.105 349.432C405.236 354.232 379.746 364.858 357.427 380.561C335.107 396.265 316.501 416.665 302.918 440.327L297.873 447.925L301.732 453.804C340.602 513.216 392.98 545.977 449.332 545.977C505.685 545.977 558.062 513.216 596.932 453.804L601.953 446.206L598.141 440.327ZM499.919 421.739C499.926 431.649 497.129 441.358 491.852 449.747C486.576 458.136 479.034 464.863 470.096 469.153C461.158 473.442 451.19 475.119 441.34 473.99C431.49 472.86 422.16 468.971 414.426 462.77C406.693 456.569 400.871 448.309 397.632 438.944C394.393 429.578 393.869 419.489 396.121 409.838C398.372 400.188 403.308 391.37 410.358 384.403C417.407 377.435 426.285 372.602 435.965 370.46C440.764 369.875 445.591 369.557 450.425 369.507H451.169C464.395 370.472 476.769 376.39 485.82 386.077C494.87 395.764 499.931 408.509 499.989 421.763L499.919 421.739ZM449.355 524.624C402.325 524.624 357.876 497.439 323.609 447.948C338.426 425.404 357.668 406.101 380.17 391.209C375.737 400.81 373.437 411.258 373.429 421.832C373.418 433.132 375.998 444.284 380.969 454.432C385.941 464.58 393.173 473.455 402.11 480.376C411.047 487.298 421.451 492.081 432.524 494.359C443.598 496.638 455.046 496.351 465.992 493.52C476.937 490.689 487.088 485.391 495.666 478.03C504.245 470.67 511.021 461.443 515.478 451.058C519.934 440.673 521.95 429.407 521.373 418.122C520.796 406.837 517.64 395.834 512.147 385.957C537.94 400.882 559.938 421.556 576.428 446.368C541.835 496.788 496.851 524.624 449.379 524.624H449.355Z\" fill=\"#6C9ED8\"\/>\n              <path d=\"M282.669 493.326L214.228 463.98V28.4861L374.916 113.48V299.732C374.849 301.179 375.076 302.625 375.583 303.982C376.091 305.338 376.868 306.578 377.869 307.626C378.87 308.674 380.073 309.508 381.405 310.078C382.738 310.648 384.172 310.942 385.622 310.942C387.071 310.942 388.506 310.648 389.838 310.078C391.171 309.508 392.374 308.674 393.374 307.626C394.375 306.578 395.153 305.338 395.66 303.982C396.168 302.625 396.395 301.179 396.327 299.732V114.223L557.016 48.0733V331.889C556.948 333.336 557.175 334.782 557.683 336.139C558.19 337.496 558.968 338.736 559.969 339.784C560.969 340.831 562.172 341.666 563.505 342.236C564.838 342.805 566.272 343.099 567.721 343.099C569.171 343.099 570.605 342.805 571.938 342.236C573.27 341.666 574.473 340.831 575.474 339.784C576.475 338.736 577.252 337.496 577.76 336.139C578.267 334.782 578.494 333.336 578.427 331.889V32.1108C578.435 30.351 578.006 28.6168 577.178 27.0634C576.351 25.51 575.151 24.186 573.686 23.2098C572.221 22.2336 570.536 21.6358 568.783 21.4699C567.03 21.304 565.264 21.5752 563.641 22.2592L386.145 95.2636L208.555 1.18499C208.555 1.18499 208.23 1.18499 208.137 0.975871C207.651 0.744266 207.146 0.557606 206.626 0.418231C206.321 0.299282 205.999 0.228724 205.673 0.209115C205.022 0 204.58 0 203.836 0H202.999C202.459 0.0170354 201.922 0.0870769 201.395 0.209115C201.07 0.209115 200.744 0.209115 200.419 0.418231H200.21L7.39283 64.6631C5.24831 65.3992 3.38533 66.7825 2.0611 68.6221C0.736872 70.4617 0.0167101 72.6668 4.62809e-05 74.933V535.289C-0.00499989 536.99 0.402677 538.667 1.18816 540.177C1.97363 541.686 3.1135 542.983 4.51011 543.955C6.31782 545.262 8.48643 545.976 10.7173 546C11.8833 545.981 13.0412 545.801 14.1579 545.466L203.115 482.522L274.323 513.029C275.649 513.584 277.071 513.876 278.508 513.889C280.976 513.884 283.366 513.028 285.275 511.465C287.185 509.903 288.496 507.73 288.988 505.313C289.48 502.896 289.122 500.383 287.975 498.199C286.828 496.016 284.962 494.294 282.692 493.326H282.669ZM21.4112 82.647L192.817 25.5585V463.353L21.4112 520.465V82.647Z\" fill=\"#6C9ED8\"\/>\n            <\/svg>\n          <\/span>\n        <\/div>\n      <\/div>\n    \n    \n\n    \n      <link  href=\"https:\/\/cdnjs.cloudflare.com\/ajax\/libs\/leaflet\/1.9.3\/leaflet.min.css\" rel=\"stylesheet\">\n      <script src=\"https:\/\/cdnjs.cloudflare.com\/ajax\/libs\/leaflet\/1.9.3\/leaflet.min.js\"><\/script>\n      <link rel=\"stylesheet\" href=\"\/\/unpkg.com\/leaflet-gesture-handling\/dist\/leaflet-gesture-handling.min.css\" type=\"text\/css\">\n      <script src=\"\/\/unpkg.com\/leaflet-gesture-handling\"><\/script>\n\n      <div class=\"listemapetitems\"><div class=\"col-sm-4 colonnemap\"><div id=\"mapid0\" class=\"map-list\" style=\"height:500px;\"><\/div><\/div><div class=\"col-sm-8 colonneitems laliste\">\n                <div class=\"inner\" id=\"listItems0\"><\/div>\n                <div class=\"loader\" id=\"loader0\" hidden><img decoding=\"async\" src=\"\/wp-content\/themes\/samoens\/img\/loader.svg\" alt=\"Loader\"><\/div>\n                 <div class=\"voirplusctn\"><button onclick=\"displayItems0();\" id=\"voirlasuite0\" class=\"voirplus\">Voir la suite<\/button><\/div>\n              <\/div>\n              <\/div>\n    <script type=\"text\/javascript\">\n      \n        \n          var myIcon = L.icon({\n            iconUrl: \"\/wp-content\/themes\/samoens\/img\/marker_bleu.png\",\n            iconSize: [24,33],\n            iconAnchor: [12,32],\n            popupAnchor: [1, -33]\n          });\n          var myIconRed = L.icon({\n            iconUrl: \"\/wp-content\/themes\/samoens\/img\/marker_rouge.png\",\n            iconSize: [24,33],\n            iconAnchor: [12,32],\n            popupAnchor: [1, -33]\n          });\n              var layers0 = [];\n      var mymap0;\n      var page0 = 0;\n      var allItems0 = [{\"ID\":584502,\"post_author\":\"0\",\"post_date\":\"2026-04-16 05:30:55\",\"post_date_gmt\":\"2026-04-16 03:30:55\",\"post_content\":\"\",\"post_title\":\"Le Criou Bioscoop\",\"post_excerpt\":\"\",\"post_status\":\"publish\",\"comment_status\":\"closed\",\"ping_status\":\"closed\",\"post_password\":\"\",\"post_name\":\"le-criou-bioscoop\",\"to_ping\":\"\",\"pinged\":\"\",\"post_modified\":\"2026-04-16 05:30:55\",\"post_modified_gmt\":\"2026-04-16 03:30:55\",\"post_content_filtered\":\"\",\"post_parent\":0,\"guid\":\"https:\\\/\\\/www.samoens.com\\\/le-criou-bioscoop\\\/\",\"menu_order\":0,\"post_type\":\"articlesyatadata\",\"post_mime_type\":\"\",\"comment_count\":\"0\",\"filter\":\"raw\"},{\"ID\":584161,\"post_author\":\"0\",\"post_date\":\"2026-04-30 03:32:24\",\"post_date_gmt\":\"2026-04-30 01:32:24\",\"post_content\":\"\",\"post_title\":\"Stadsmediabibliotheek Fran\\u00e7ois-D\\u00e9sarnod\",\"post_excerpt\":\"\",\"post_status\":\"publish\",\"comment_status\":\"closed\",\"ping_status\":\"closed\",\"post_password\":\"\",\"post_name\":\"stadsmediabibliotheek-francois-desarnod\",\"to_ping\":\"\",\"pinged\":\"\",\"post_modified\":\"2026-04-30 03:32:24\",\"post_modified_gmt\":\"2026-04-30 01:32:24\",\"post_content_filtered\":\"\",\"post_parent\":0,\"guid\":\"https:\\\/\\\/www.samoens.com\\\/stadsmediabibliotheek-francois-desarnod\\\/\",\"menu_order\":0,\"post_type\":\"articlesyatadata\",\"post_mime_type\":\"\",\"comment_count\":\"0\",\"filter\":\"raw\"}];\n      var items0 = [{\"ID\":584502,\"post_author\":\"0\",\"post_date\":\"2026-04-16 05:30:55\",\"post_date_gmt\":\"2026-04-16 03:30:55\",\"post_content\":\"\",\"post_title\":\"Le Criou Bioscoop\",\"post_excerpt\":\"\",\"post_status\":\"publish\",\"comment_status\":\"closed\",\"ping_status\":\"closed\",\"post_password\":\"\",\"post_name\":\"le-criou-bioscoop\",\"to_ping\":\"\",\"pinged\":\"\",\"post_modified\":\"2026-04-16 05:30:55\",\"post_modified_gmt\":\"2026-04-16 03:30:55\",\"post_content_filtered\":\"\",\"post_parent\":0,\"guid\":\"https:\\\/\\\/www.samoens.com\\\/le-criou-bioscoop\\\/\",\"menu_order\":0,\"post_type\":\"articlesyatadata\",\"post_mime_type\":\"\",\"comment_count\":\"0\",\"filter\":\"raw\"},{\"ID\":584161,\"post_author\":\"0\",\"post_date\":\"2026-04-30 03:32:24\",\"post_date_gmt\":\"2026-04-30 01:32:24\",\"post_content\":\"\",\"post_title\":\"Stadsmediabibliotheek Fran\\u00e7ois-D\\u00e9sarnod\",\"post_excerpt\":\"\",\"post_status\":\"publish\",\"comment_status\":\"closed\",\"ping_status\":\"closed\",\"post_password\":\"\",\"post_name\":\"stadsmediabibliotheek-francois-desarnod\",\"to_ping\":\"\",\"pinged\":\"\",\"post_modified\":\"2026-04-30 03:32:24\",\"post_modified_gmt\":\"2026-04-30 01:32:24\",\"post_content_filtered\":\"\",\"post_parent\":0,\"guid\":\"https:\\\/\\\/www.samoens.com\\\/stadsmediabibliotheek-francois-desarnod\\\/\",\"menu_order\":0,\"post_type\":\"articlesyatadata\",\"post_mime_type\":\"\",\"comment_count\":\"0\",\"filter\":\"raw\"}];\n      var fields0 = {\"584502\":{\"id\":171106,\"presentation\":{\"descriptifCourt\":{\"libelleFr\":\"Cin\\u00e9ma est ouvert pendant la saison d'\\u00e9t\\u00e9 et d'hiver.\\r\\nIl vous propose 2 s\\u00e9ances par jour avec les principaux films du moment. Certaines s\\u00e9ances sont propos\\u00e9es en sortie nationale, en 3D ou en VO \\r\\nProjection num\\u00e9rique (image & son).\",\"libelleEn\":\"Cinema open during the winter and summer seasons.\\r\\n2 sessions a day with the main films of the moment. Some sessions are offered in national release, 3D or VO\\r\\nDigital projection (image & sound).\",\"libelleNl\":\"De bioscoop is geopend in de winter- en zomerseizoenen.\\r\\n2 sessies per dag met de hoofdfilms van het moment. Sommige sessies worden voorgesteld in nationale versie, in 3D of in VO\\r\\nDigitale projectie (beeld en geluid).\"},\"descriptifDetaille\":{},\"descriptifsThematises\":[{\"theme\":{\"elementReferenceType\":\"DescriptifTheme\",\"id\":5154},\"description\":{\"libelleFr\":\"Possibilit\\u00e9 de s\\u00e9ance suppl\\u00e9mentaire en cas de mauvais temps.\\r\\nLe cin\\u00e9ma est \\u00e9quip\\u00e9 en son et image num\\u00e9rique et des s\\u00e9ances en relief 3D sont \\u00e9galement propos\\u00e9es.\",\"libelleEn\":\"Additional shows may be scheduled in bad weather.\\r\\nThe cinema is equipped with digital sound and images and 3D films are also shown.\",\"libelleNl\":\"Mogelijkheid tot extra sessie in geval van slecht weer. De bioscoop is uitgerust met digitaal geluid en beeld en 3D-schermen zijn ook beschikbaar.\"}}],\"typologiesPromoSitra\":[{\"elementReferenceType\":\"TypologiePromoSitra\",\"id\":1670}],\"bonsPlans\":{\"libelleFr\":\"Possibilit\\u00e9 de s\\u00e9ance suppl\\u00e9mentaire en cas de mauvais temps.\\r\\nLe cin\\u00e9ma est \\u00e9quip\\u00e9 en son et image num\\u00e9rique et des s\\u00e9ances en relief 3D sont \\u00e9galement propos\\u00e9es.\",\"libelleEn\":\"Additional shows may be scheduled in bad weather.\\r\\nThe cinema is equipped with digital sound and images and 3D films are also shown.\",\"libelleNl\":\"Mogelijkheid tot extra sessie in geval van slecht weer. De bioscoop is uitgerust met digitaal geluid en beeld en 3D-schermen zijn ook beschikbaar.\"}},\"nom\":{\"libelleFr\":\"Cin\\u00e9ma Le Criou\",\"libelleEn\":\"Le Criou Cinema\",\"libelleNl\":\"Le Criou Bioscoop\"},\"Classement\":null,\"informationsActivite\":null,\"prestations\":{\"equipements\":[{\"elementReferenceType\":\"PrestationEquipement\",\"id\":1321}],\"animauxAcceptes\":\"NON_ACCEPTES\",\"animauxAcceptesSupplement\":\"NON_DISPONIBLE\",\"languesParlees\":[{\"elementReferenceType\":\"Langue\",\"id\":1197}],\"languesDocumentation\":[{\"elementReferenceType\":\"Langue\",\"id\":1197}],\"complementAccueil\":{},\"tourismesAdaptes\":[{\"elementReferenceType\":\"TourismeAdapte\",\"id\":3651}],\"surchargeTourismesAdaptes\":true,\"surchargeDescriptifHandicapMoteur\":true,\"surchargeDescriptifHandicapAuditif\":true,\"surchargeDescriptifHandicapVisuel\":true,\"surchargeDescriptifHandicapMental\":true,\"surchargeNombreFauteuilsRoulants\":true,\"typesClientele\":[{\"elementReferenceType\":\"TypeClientele\",\"id\":509},{\"elementReferenceType\":\"TypeClientele\",\"id\":513},{\"elementReferenceType\":\"TypeClientele\",\"id\":496},{\"elementReferenceType\":\"TypeClientele\",\"id\":594},{\"elementReferenceType\":\"TypeClientele\",\"id\":593}],\"tailleGroupeMax\":304,\"ageMin\":12,\"uniteAgeMin\":\"ANNEE\"},\"CATEG_ASPECTS\":null,\"PARKING\":\"On\",\"WIFI\":null,\"ANIMAUX\":null,\"CLIMATISATION\":null,\"GARAGE\":null,\"TERRASSE\":null,\"JEUX\":null,\"TV\":null,\"ASCENSEUR\":null,\"PISCINE\":null,\"SAUNA\":null,\"SPA\":null,\"VELO\":null,\"main_img\":\"37003761-diaporama.jpg\",\"localisation\":{\"adresse\":{\"adresse1\":\"Cin\\u00e9ma le Criou\",\"adresse2\":\"Les Billets\",\"adresse3\":\"Village\",\"codePostal\":\"74340\",\"commune\":{\"id\":30826}},\"geolocalisation\":{\"reperePlan\":\"M6\",\"altitude\":720,\"valide\":true,\"geoJson\":{\"type\":\"Point\",\"coordinates\":[6.72732900000000011431211532908491790294647216796875,46.08113900000000029422153602354228496551513671875]}},\"perimetreGeographique\":[{\"id\":30826}],\"environnements\":[{\"elementReferenceType\":\"Environnement\",\"id\":185}]},\"COMMUNE\":\"Samo\\u00ebns\",\"NBREEMPLACEMENTS\":null,\"tarifChDbl\":null,\"datesOuverture\":[\"2026-04-05\",\"2026-04-06\",\"2026-04-07\",\"2026-04-08\",\"2026-04-09\",\"2026-04-10\"],\"SERVICES\":null,\"INFOSSEJOURHEBERGEMENT\":null,\"typesCommerce\":null,\"modesPaiement\":[\"Kijk op\",\"Bankkaart\\\/creditcard\",\"Contanten\",\"Vakantiecheques\"],\"CAPACITEACCUEIL\":null,\"CRIT_FAMILLE\":\"On\",\"CRIT_SPORT\":null,\"CRIT_PATRIMOINE\":null,\"CRIT_ARTISANAT\":null,\"CRIT_GASTRO\":null,\"CRIT_MUSIQUE\":null,\"CRIT_EXPO\":null,\"CRIT_BIENETRE\":null,\"ouverture\":{\"periodeEnClair\":{},\"periodeEnClairGenerationMode\":\"AUTOMATIQUE\",\"indicationsPeriode\":[{\"elementReferenceType\":\"IndicationPeriode\",\"id\":416},{\"elementReferenceType\":\"IndicationPeriode\",\"id\":435},{\"elementReferenceType\":\"IndicationPeriode\",\"id\":436}],\"periodesOuvertures\":[{\"identifiant\":38474213,\"dateDebut\":\"2025-12-16\",\"dateFin\":\"2026-04-10\",\"type\":\"OUVERTURE_TOUS_LES_JOURS\",\"tousLesAns\":false,\"identifiantTechnique\":40274338,\"horaires\":[{\"id\":4908947,\"type\":{\"elementReferenceType\":\"HoraireType\",\"id\":7487},\"timePeriods\":[{\"id\":5460711,\"closed\":false,\"weekdays\":[\"WED\",\"SAT\",\"SUN\",\"FRI\",\"THU\",\"MON\",\"TUE\"]}]}]}]},\"NBRECOUVERTS\":null,\"categoriesRestau\":null,\"reservation\":{\"organismes\":[{\"identifiant\":6192411,\"nom\":\"Cin\\u00e9ma le Criou\",\"type\":{\"elementReferenceType\":\"ReservationType\",\"id\":475},\"moyensCommunication\":[{\"identifiant\":95088176,\"type\":{\"elementReferenceType\":\"MoyenCommunicationType\",\"id\":205},\"coordonnees\":{\"fr\":\"https:\\\/\\\/www.cinema-samoens.fr\\\/\"}}],\"locked\":false}],\"complement\":{}},\"indicationsPeriode\":[\"Najaar\",\"Winter\",\"Voorjaar\"]},\"584161\":{\"id\":105863,\"presentation\":{\"descriptifCourt\":{\"libelleFr\":\"Espace culturel convivial ouvert toute l\\u2019ann\\u00e9e \\u00e0 tous les publics. Les abonn\\u00e9s peuvent y emprunter des documents. La consultation sur place est libre et gratuite. Des animations sont r\\u00e9guli\\u00e8rement organis\\u00e9es en partenariat avec l'association Criou Livres.\",\"libelleEn\":\"A friendly cultural space open year-round to all audiences. Subscribers can borrow materials from it. The consultation on site is free of charge. Activities are regularly organized in partnership with the association Criou Livres.\",\"libelleNl\":\"Een vriendelijke culturele ruimte die het hele jaar door geopend is voor alle doelgroepen. Abonnees kunnen er materiaal van lenen. Het consult op het terrein is gratis. Activiteiten worden regelmatig georganiseerd in samenwerking met de vereniging Criou Livres.\"},\"descriptifDetaille\":{\"libelleFr\":\"Vous trouverez forcement votre bonheur au travers des plus de 11 000 livres r\\u00e9partis dans les sections adultes et jeunesse confondues et des 500 DVD allant de la science fiction au documentaire.\\r\\n9 abonnements \\u00e0 des revues pour la section jeunesse et 10 abonnements \\u00e0 des revues pour la section adultes.\\r\\n\\r\\nLa m\\u00e9diath\\u00e8que propose tout au long de l\\u2019ann\\u00e9e, en partenariat avec l\\u2019association Criou livres, des actions culturelles pour tous les publics : Heure du conte et ateliers jeune public, atelier d\\u2019\\u00e9criture, club de lecture, soir\\u00e9es contes, conf\\u00e9rences et diaporamas, rencontres d\\u2019auteurs, projections dans le cadre de manifestations nationales (le Mois du film documentaire, le Jour le plus court).\",\"libelleEn\":\"You will surely find what you are looking for in more than 11,000 books distributed in the adult and youth sections, 400 CDs of all varieties, and 500 DVDs ranging from science fiction to documentaries.\\r\\n9 subscriptions to magazines for the youth section and 10 subscriptions to magazines for the adult section.\\r\\n\\r\\nThroughout the year, in partnership with the association Criou livres, the media library offers cultural activities for all audiences: story time and workshops for young people, writing workshops, reading clubs, storytelling evenings, conferences and slide shows, meetings with authors, screenings at national events (the Month of Documentary Film, the Shortest Day).\",\"libelleNl\":\"U zult zeker vinden wat u zoekt in meer dan 11.000 boeken die verdeeld zijn in de volwassenen- en jeugdafdeling, 400 cd's in alle soorten en 500 dvd's, vari\\u00ebrend van sciencefiction tot documentaires.\\r\\n9 abonnementen op tijdschriften voor de jeugdafdeling en 10 abonnementen op tijdschriften voor de volwassenenafdeling.\\r\\n\\r\\nHet hele jaar door biedt de mediatheek, in samenwerking met de vereniging Criou livres, culturele activiteiten voor alle doelgroepen: verhaaltijd en workshops voor jongeren, schrijfworkshops, leesclubs, vertelavonden, conferenties en diavoorstellingen, ontmoetingen met auteurs, vertoningen op nationale evenementen (de Maand van de Documentaire Film, de Kortste Dag).\"},\"descriptifsThematises\":[{\"theme\":{\"elementReferenceType\":\"DescriptifTheme\",\"id\":5154,\"libelleFr\":\"Conseils et suggestions\",\"libelleEn\":\"Tips\",\"libelleNl\":\"Tips\",\"ordre\":6,\"description\":\"Notion de conseil : visites dans le bon sens, ce qui rend l'exp\\u00e9rience inoubliable...\\r\\nMettre en valeur des prestations sugg\\u00e9r\\u00e9es pour prolonger l'exp\\u00e9rience du client\"},\"description\":{\"libelleFr\":\"La M\\u00e9diath\\u00e8que vous propose des expositions et d'autres animations \\u00e9v\\u00e8nementielles : renseignements compl\\u00e9mentaires sur place ou sur le site Internet \\u00e0 l'adresse suivante : www.samoens-biblio.fr.\\r\\nA partir du site Internet, vous pouvez consulter le catalogue de la M\\u00e9diath\\u00e8que pour d\\u00e9couvrir les collections et faire des recherches de documents.\",\"libelleEn\":\"The media library organises exhibitions and other special events: you can find out about them at the library or on the following website: www.samoens-biblio.fr.\\r\\n\\r\\nFrom the website, you can browse the library's catalogue to see the collections and search for documents.\",\"libelleNl\":\"De mediatheek organiseert tentoonstellingen en andere speciale evenementen: u kunt er terecht in de bibliotheek of op de volgende website: www.samoens-biblio.fr.\\r\\n\\r\\nOp de website kunt u de catalogus van de bibliotheek doorbladeren om de collecties te bekijken en documenten te zoeken.\"}}],\"typologiesPromoSitra\":[{\"elementReferenceType\":\"TypologiePromoSitra\",\"id\":1670,\"libelleFr\":\"Recommand\\u00e9 par mauvais temps\",\"libelleEn\":\"Bad weather alternative\",\"libelleNl\":\"Aanbevolen bij slecht weer\",\"ordre\":46,\"description\":\"Equipement couvert ou pratique sans danger pour les vacanciers m\\u00eame s'il pleut\\r\\nPeut concerner \\r\\nPCU : mus\\u00e9es ...\\r\\nACT : rafting ...\\r\\nEVE : concert dans une salle ou sous une halle\"}],\"bonsPlans\":{\"libelleFr\":\"La M\\u00e9diath\\u00e8que vous propose des expositions et d'autres animations \\u00e9v\\u00e8nementielles : renseignements compl\\u00e9mentaires sur place ou sur le site Internet \\u00e0 l'adresse suivante : www.samoens-biblio.fr.\\r\\nA partir du site Internet, vous pouvez consulter le catalogue de la M\\u00e9diath\\u00e8que pour d\\u00e9couvrir les collections et faire des recherches de documents.\",\"libelleEn\":\"The media library organises exhibitions and other special events: you can find out about them at the library or on the following website: www.samoens-biblio.fr.\\r\\n\\r\\nFrom the website, you can browse the library's catalogue to see the collections and search for documents.\",\"libelleNl\":\"De mediatheek organiseert tentoonstellingen en andere speciale evenementen: u kunt er terecht in de bibliotheek of op de volgende website: www.samoens-biblio.fr.\\r\\n\\r\\nOp de website kunt u de catalogus van de bibliotheek doorbladeren om de collecties te bekijken en documenten te zoeken.\"}},\"nom\":{\"libelleFr\":\"M\\u00e9diath\\u00e8que municipale Fran\\u00e7ois-D\\u00e9sarnod\",\"libelleEn\":\"Fran\\u00e7ois-D\\u00e9sarnod municipal media library\",\"libelleNl\":\"Stadsmediabibliotheek Fran\\u00e7ois-D\\u00e9sarnod\"},\"Classement\":null,\"informationsActivite\":null,\"prestations\":{\"equipements\":[{\"elementReferenceType\":\"PrestationEquipement\",\"id\":1321,\"libelleFr\":\"Parking \\u00e0 proximit\\u00e9\",\"libelleEn\":\"Parking nearby\",\"libelleNl\":\"Parkeerterrein in de buurt\",\"ordre\":233,\"description\":\"A 500 m maxi\\r\\nNe concerne que les parkings publics, sinon utiliser \\\"parking priv\\u00e9\\\"\",\"familleCritere\":{\"elementReferenceType\":\"FamilleCritere\",\"id\":126,\"libelleFr\":\"Stationnement\",\"libelleEn\":\"Parking\",\"libelleNl\":\"Parkeren\",\"ordre\":157}}],\"animauxAcceptes\":\"NON_DISPONIBLE\",\"animauxAcceptesSupplement\":\"NON_DISPONIBLE\",\"languesParlees\":[{\"elementReferenceType\":\"Langue\",\"id\":1192,\"libelleFr\":\"Anglais\",\"libelleEn\":\"English\",\"libelleNl\":\"Engels\",\"ordre\":2},{\"elementReferenceType\":\"Langue\",\"id\":1194,\"libelleFr\":\"Espagnol\",\"libelleEn\":\"Spanish\",\"libelleNl\":\"Spaans\",\"ordre\":13},{\"elementReferenceType\":\"Langue\",\"id\":1197,\"libelleFr\":\"Fran\\u00e7ais\",\"libelleEn\":\"French\",\"libelleNl\":\"Frans\",\"ordre\":14}],\"languesDocumentation\":[{\"elementReferenceType\":\"Langue\",\"id\":1197,\"libelleFr\":\"Fran\\u00e7ais\",\"libelleEn\":\"French\",\"libelleNl\":\"Frans\",\"ordre\":14}],\"complementAccueil\":{\"libelleFr\":\"Abonnement pour les vacanciers. \\r\\nL'acc\\u00e8s \\u00e0 la M\\u00e9diath\\u00e8que est adapt\\u00e9 pour les personnes \\u00e0 mobilit\\u00e9 r\\u00e9duite.\\r\\nL'acc\\u00e8s \\u00e0 la m\\u00e9diath\\u00e8que et la consultation sur place des documents imprim\\u00e9s sont gratuits et ouverts \\u00e0 tous. \\r\\nLe pr\\u00eat et l\\u2019utilisation des postes informatiques sont consentis aux seuls adh\\u00e9rents \\u00e0 jour de leur cotisation : un droit d'inscription est demand\\u00e9.\\r\\nAccueil des groupes sur rendez-vous.\",\"libelleEn\":\"Subscription for holidaymakers. \\r\\nAccess to the Media Library is adapted for disabled persons.\\r\\nAccess to the media library and on-site consultation of printed documents is free and open to all. \\r\\nThe loan and use of the computer workstations are only granted to members who have paid their subscription: a registration fee is required.\\r\\nGroups are welcome by appointment.\",\"libelleNl\":\"Abonnement voor vakantiegangers. \\r\\nDe toegang tot de mediatheek is aangepast voor mensen met een beperkte mobiliteit.\\r\\nDe toegang tot de mediatheek en de raadpleging ter plaatse van gedrukte documenten is gratis en voor iedereen toegankelijk. \\r\\nHet uitlenen en gebruiken van de computerwerkplekken wordt alleen toegestaan aan leden die hun abonnement hebben betaald: een inschrijvingsgeld is vereist.\\r\\nGroepen zijn welkom op afspraak.\"},\"tourismesAdaptes\":[{\"elementReferenceType\":\"TourismeAdapte\",\"id\":3652,\"libelleFr\":\"Accessible en fauteuil roulant avec aide\",\"libelleEn\":\"Accessible for wheelchairs with assistance\",\"libelleNl\":\"Toegankelijk voor rolstoel met hulp\",\"ordre\":2,\"description\":\"Certaines contraintes mat\\u00e9rielles, rendent impossible le d\\u00e9placement d'une personne en fauteuil roulant sans l'aide de quelqu'un.\",\"familleCritere\":{\"elementReferenceType\":\"FamilleCritere\",\"id\":3650,\"libelleFr\":\"Crit\\u00e8res d'accessibilit\\u00e9 pour d\\u00e9ficience motrice\",\"libelleEn\":\"Accessibility criteria for people with reduced mobility\",\"libelleNl\":\"Toegankelijkheidscriteria voor personen met beperkte mobiliteit\",\"ordre\":32,\"description\":\"Conditions \\u00e0 remplir pour qu'un site soit consid\\u00e9r\\u00e9 comme accessible en fauteuil roulant.\"}},{\"elementReferenceType\":\"TourismeAdapte\",\"id\":3659,\"libelleFr\":\"Cheminement de plain-pied\",\"libelleEn\":\"Absence of protrusions > 2 cm\",\"libelleNl\":\"Geen hobbels > 2 cm\",\"ordre\":29,\"description\":\"Un seuil de porte, une marche de trottoir de + de 2 cm peuvent devenir des obstacles dangereux \\r\\nqui peuvent entrainer un renversement du fauteuil ou \\u00eatre infranchissables en fonction de la force de la personne en fauteuil roulant.\",\"familleCritere\":{\"elementReferenceType\":\"FamilleCritere\",\"id\":3650,\"libelleFr\":\"Crit\\u00e8res d'accessibilit\\u00e9 pour d\\u00e9ficience motrice\",\"libelleEn\":\"Accessibility criteria for people with reduced mobility\",\"libelleNl\":\"Toegankelijkheidscriteria voor personen met beperkte mobiliteit\",\"ordre\":32,\"description\":\"Conditions \\u00e0 remplir pour qu'un site soit consid\\u00e9r\\u00e9 comme accessible en fauteuil roulant.\"}},{\"elementReferenceType\":\"TourismeAdapte\",\"id\":3660,\"libelleFr\":\"Zone de circulation d\\u00e9gag\\u00e9e\",\"libelleEn\":\"Minimum aisle width of 90 cm\",\"libelleNl\":\"Minimale doorgang 90 cm\",\"ordre\":32,\"description\":\"90 cm, c'est la largeur n\\u00e9cessaire pour une circulation d'un fauteuil roulant (pour les structures construites apr\\u00e8s 2007).\\r\\nPrivil\\u00e9gier les cheminements plus larges pour que les accompagnants puissent marcher \\u00e0 c\\u00f4t\\u00e9 et non derri\\u00e8re.\\r\\nla r\\u00e8glementation tol\\u00e8re les passages de 70 cm pour les structures construites avant 2007.\",\"familleCritere\":{\"elementReferenceType\":\"FamilleCritere\",\"id\":3650,\"libelleFr\":\"Crit\\u00e8res d'accessibilit\\u00e9 pour d\\u00e9ficience motrice\",\"libelleEn\":\"Accessibility criteria for people with reduced mobility\",\"libelleNl\":\"Toegankelijkheidscriteria voor personen met beperkte mobiliteit\",\"ordre\":32,\"description\":\"Conditions \\u00e0 remplir pour qu'un site soit consid\\u00e9r\\u00e9 comme accessible en fauteuil roulant.\"}},{\"elementReferenceType\":\"TourismeAdapte\",\"id\":3667,\"libelleFr\":\"WC + barre d'appui + espace de circulation\",\"libelleEn\":\"WC + grab handle + adequate space to move\",\"libelleNl\":\"WC + handgreep + circulatieruimte\",\"ordre\":42,\"description\":\"Aire rotation 150 cm ou espace lat\\u00e9ral 80*130 + barres d\\u2019appui\",\"familleCritere\":{\"elementReferenceType\":\"FamilleCritere\",\"id\":3650,\"libelleFr\":\"Crit\\u00e8res d'accessibilit\\u00e9 pour d\\u00e9ficience motrice\",\"libelleEn\":\"Accessibility criteria for people with reduced mobility\",\"libelleNl\":\"Toegankelijkheidscriteria voor personen met beperkte mobiliteit\",\"ordre\":32,\"description\":\"Conditions \\u00e0 remplir pour qu'un site soit consid\\u00e9r\\u00e9 comme accessible en fauteuil roulant.\"}}],\"surchargeTourismesAdaptes\":true,\"descriptifHandicapMoteur\":{\"libelleFr\":\"Poste informatique adaptable en hauteur permettant l'acc\\u00e8s en fauteuil roulant.\",\"libelleEn\":\"Height-adjustable computer for wheelchair access.\",\"libelleNl\":\"In hoogte verstelbaar computerwerkstation voor rolstoelgebruikers.\"},\"surchargeDescriptifHandicapMoteur\":true,\"surchargeDescriptifHandicapAuditif\":true,\"surchargeDescriptifHandicapVisuel\":true,\"surchargeDescriptifHandicapMental\":true,\"surchargeNombreFauteuilsRoulants\":true,\"typesClientele\":[{\"elementReferenceType\":\"TypeClientele\",\"id\":513,\"libelleFr\":\"Sp\\u00e9cial famille avec enfants\",\"libelleEn\":\"Children\",\"libelleNl\":\"Kinderen\",\"ordre\":52,\"description\":\"Permet de caract\\u00e9riser une offre accessible et attractive pour des familles avec enfants de moins de 12 ou 14 ans, et remplissant au moins une des deux conditions suivantes :\\r\\n\\r\\n- permettre une pratique que l\\u2019on recommanderait pour une famille (enfants, parents\\u2026,) \\r\\n- proposer un contenu et\\\/ou des services particuli\\u00e8rement adapt\\u00e9s (ex : h\\u00e9bergements et restaurants avec jeux, services \\u2013 Animations, spectacles, \\u00e9v\\u00e9nements pour les enfants \\u2013 Mus\\u00e9es, sites de visites avec prestations adapt\\u00e9es.\\r\\n\\r\\nRenseigner le bon plan dans les types objets suivants HOT, HCO, CAM, PCU, RES., pour bien valoriser les services et \\u00e9quipements offerts.\",\"familleCritere\":{\"elementReferenceType\":\"FamilleCritere\",\"id\":2,\"libelleFr\":\"Offres adapt\\u00e9es \\u00e0 des client\\u00e8les sp\\u00e9cifiques\",\"libelleEn\":\"Grouping by age\",\"libelleNl\":\"Indeling per leeftijd\",\"ordre\":187,\"description\":\"Les crit\\u00e8res suivants doivent \\u00eatre utilis\\u00e9s uniquement pour identifier une offre ou un service adapt\\u00e9 ou r\\u00e9serv\\u00e9 \\u00e0 une client\\u00e8le particuli\\u00e8re. Sans s\\u00e9lection de l\\u2019un ou l\\u2019autre de ces crit\\u00e8res, l\\u2019objet est consid\\u00e9r\\u00e9 concernant tous les publics au sens large.\\r\\n \\r\\nLes grands principes :\\r\\n\\r\\n- Par d\\u00e9faut, la majeure partie de l\\u2019offre concerne une client\\u00e8le touristique, grand public et adulte.\\r\\n- Il faut r\\u00e9server l\\u2019utilisation des crit\\u00e8res \\u00e0 la qualification d\\u2019une offre qui pr\\u00e9sente des sp\\u00e9cificit\\u00e9s pour un public particulier :\\r\\n -> Soit pour r\\u00e9pondre \\u00e0 une organisation marketing de l\\u2019offre relative \\u00e0 la nature du client.\\r\\n-> Soit parce que pour r\\u00e9pondre aux exigences des diff\\u00e9rentes pratiques.\"}},{\"elementReferenceType\":\"TypeClientele\",\"id\":593,\"libelleFr\":\"Accueil groupes\",\"libelleEn\":\"Groups\",\"libelleNl\":\"Onthaal van groepen\",\"ordre\":27,\"description\":\"Permet d\\u2019identifier les prestataires susceptibles d\\u2019accueillir en plus une client\\u00e8le groupe.\\r\\n\\r\\nSont retenus par ailleurs les crit\\u00e8res \\u00ab Accueil groupes affaire\\\/incentive \\u00bb et \\u00ab Accueil groupes scolaires\\\/enfants \\u00bb qui doivent \\u00eatre r\\u00e9serv\\u00e9s aux offres proposant des prestations, tarifs et services adapt\\u00e9s.\\r\\n\\r\\nIl y a n\\u00e9cessit\\u00e9 d\\u2019avoir une politique tarifaire pour les groupes, quelle que soit leur taille. Les tarifs groupes devront \\u00eatre renseign\\u00e9s en pr\\u00e9cisant la taille des groupes pour b\\u00e9n\\u00e9ficier des tarifs indiqu\\u00e9s.\",\"familleCritere\":{\"elementReferenceType\":\"FamilleCritere\",\"id\":5,\"libelleFr\":\"Public cibl\\u00e9 : groupes\",\"libelleEn\":\"Client profile\",\"libelleNl\":\"Profiel cli\\u00ebnt\\u00e8le\",\"ordre\":189}},{\"elementReferenceType\":\"TypeClientele\",\"id\":594,\"libelleFr\":\"Sp\\u00e9cial enfants\",\"libelleEn\":\"Specially for children\",\"libelleNl\":\"Special kinderen\",\"ordre\":46,\"description\":\"Concerne les activit\\u00e9s et les \\u00e9v\\u00e9nements exclusivement r\\u00e9serv\\u00e9s aux enfants.\",\"familleCritere\":{\"elementReferenceType\":\"FamilleCritere\",\"id\":2,\"libelleFr\":\"Offres adapt\\u00e9es \\u00e0 des client\\u00e8les sp\\u00e9cifiques\",\"libelleEn\":\"Grouping by age\",\"libelleNl\":\"Indeling per leeftijd\",\"ordre\":187,\"description\":\"Les crit\\u00e8res suivants doivent \\u00eatre utilis\\u00e9s uniquement pour identifier une offre ou un service adapt\\u00e9 ou r\\u00e9serv\\u00e9 \\u00e0 une client\\u00e8le particuli\\u00e8re. Sans s\\u00e9lection de l\\u2019un ou l\\u2019autre de ces crit\\u00e8res, l\\u2019objet est consid\\u00e9r\\u00e9 concernant tous les publics au sens large.\\r\\n \\r\\nLes grands principes :\\r\\n\\r\\n- Par d\\u00e9faut, la majeure partie de l\\u2019offre concerne une client\\u00e8le touristique, grand public et adulte.\\r\\n- Il faut r\\u00e9server l\\u2019utilisation des crit\\u00e8res \\u00e0 la qualification d\\u2019une offre qui pr\\u00e9sente des sp\\u00e9cificit\\u00e9s pour un public particulier :\\r\\n -> Soit pour r\\u00e9pondre \\u00e0 une organisation marketing de l\\u2019offre relative \\u00e0 la nature du client.\\r\\n-> Soit parce que pour r\\u00e9pondre aux exigences des diff\\u00e9rentes pratiques.\"}}],\"tailleGroupeMax\":100,\"ageMin\":0,\"uniteAgeMin\":\"ANNEE\"},\"CATEG_ASPECTS\":{\"HANDICAP\":{\"main_img\":\"37266608-diaporama.png\"}},\"PARKING\":\"On\",\"WIFI\":null,\"ANIMAUX\":null,\"CLIMATISATION\":null,\"GARAGE\":null,\"TERRASSE\":null,\"JEUX\":null,\"TV\":null,\"ASCENSEUR\":null,\"PISCINE\":null,\"SAUNA\":null,\"SPA\":null,\"VELO\":null,\"main_img\":\"37266608-diaporama.png\",\"localisation\":{\"adresse\":{\"adresse1\":\"4 route de Taninges\",\"adresse2\":\"Le Petit Bellevue\",\"codePostal\":\"74340\",\"commune\":{\"id\":30826,\"code\":\"74258\",\"nom\":\"Samo\\u00ebns\",\"pays\":{\"elementReferenceType\":\"Pays\",\"id\":532,\"libelleFr\":\"France\",\"libelleEn\":\"France\",\"libelleNl\":\"FRANKRIJK\",\"ordre\":78},\"codePostal\":\"74340\"}},\"geolocalisation\":{\"reperePlan\":\"C4\",\"altitude\":720,\"complement\":{\"libelleFr\":\"Immeuble \\\"Le Petit Bellevue\\\" (rez-de-chauss\\u00e9e), 4 route de Taninges.\\r\\nA l'entr\\u00e9e du village, en venant de Verchaix, la M\\u00e9diath\\u00e8que est situ\\u00e9e \\u00e0 c\\u00f4t\\u00e9 de l'h\\u00f4tel Le Gai Soleil, apr\\u00e8s avoir d\\u00e9pass\\u00e9 l'\\u00e9cole sur la gauche.\",\"libelleEn\":\"Building \\\"Le Petit Bellevue\\\" (ground floor), 4 route de Taninges.\\r\\nAt the village entry, coming from Verchaix, the library is located next to the hotel Le Gai Soleil, after the school on the left.\",\"libelleNl\":\"Gebouw \\\"Le Petit Bellevue\\\" (begane grond), 4 route de Taninges.\\r\\nBij de ingang van het dorp, komende van Verchaix, bevindt zich de bibliotheek naast het hotel Le Gai Soleil, na de school aan de linkerkant.\"},\"valide\":true,\"geoJson\":{\"type\":\"Point\",\"coordinates\":[6.72281700000000004280309440218843519687652587890625,46.08476999999999890178514760918915271759033203125]}},\"perimetreGeographique\":[{\"id\":30826,\"code\":\"74258\",\"nom\":\"Samo\\u00ebns\",\"pays\":{\"elementReferenceType\":\"Pays\",\"id\":532,\"libelleFr\":\"France\",\"libelleEn\":\"France\",\"libelleNl\":\"FRANKRIJK\",\"ordre\":78},\"codePostal\":\"74340\"}],\"environnements\":[{\"elementReferenceType\":\"Environnement\",\"id\":171,\"libelleFr\":\"En montagne\",\"libelleEn\":\"Mountain location\",\"libelleNl\":\"In de bergen\",\"ordre\":42,\"description\":\"L'\\u00e9tablissement se trouve en montagne ou moyenne-montagne (inf\\u00e9rieur \\u00e0 1800m).\"},{\"elementReferenceType\":\"Environnement\",\"id\":185,\"libelleFr\":\"Centre village\",\"libelleEn\":\"Village centre\",\"libelleNl\":\"Centrum dorp\",\"ordre\":44},{\"elementReferenceType\":\"Environnement\",\"id\":195,\"libelleFr\":\"Village \\u00e0 -2 km\",\"libelleEn\":\"Village -2 km away\",\"libelleNl\":\"Dorp op -2 km\",\"ordre\":100}]},\"COMMUNE\":\"Samo\\u00ebns\",\"NBREEMPLACEMENTS\":null,\"tarifChDbl\":null,\"datesOuverture\":[\"2026-04-30\",\"2026-05-02\",\"2026-05-04\",\"2026-05-05\",\"2026-05-06\",\"2026-05-07\",\"2026-05-09\",\"2026-05-11\",\"2026-05-12\",\"2026-05-13\",\"2026-05-15\",\"2026-05-16\",\"2026-05-18\",\"2026-05-19\",\"2026-05-20\",\"2026-05-21\",\"2026-05-22\",\"2026-05-23\",\"2026-05-25\",\"2026-05-26\",\"2026-05-27\",\"2026-05-28\",\"2026-05-29\",\"2026-05-30\",\"2026-06-01\",\"2026-06-02\",\"2026-06-03\",\"2026-06-04\",\"2026-06-05\",\"2026-06-06\",\"2026-06-08\",\"2026-06-09\",\"2026-06-10\",\"2026-06-11\",\"2026-06-12\",\"2026-06-13\",\"2026-06-15\",\"2026-06-16\",\"2026-06-17\",\"2026-06-18\",\"2026-06-19\",\"2026-06-20\",\"2026-06-22\",\"2026-06-23\",\"2026-06-24\",\"2026-06-25\",\"2026-06-26\",\"2026-06-27\",\"2026-06-29\",\"2026-06-30\",\"2026-07-01\",\"2026-07-02\",\"2026-07-03\",\"2026-07-04\",\"2026-07-06\",\"2026-07-07\",\"2026-07-08\",\"2026-07-09\",\"2026-07-10\",\"2026-07-11\",\"2026-07-13\",\"2026-07-15\",\"2026-07-16\",\"2026-07-17\",\"2026-07-18\",\"2026-07-20\",\"2026-07-21\",\"2026-07-22\",\"2026-07-23\",\"2026-07-24\",\"2026-07-25\",\"2026-07-27\",\"2026-07-28\",\"2026-07-29\",\"2026-07-30\",\"2026-07-31\",\"2026-08-01\",\"2026-08-03\",\"2026-08-04\",\"2026-08-05\",\"2026-08-06\",\"2026-08-07\",\"2026-08-08\",\"2026-08-10\",\"2026-08-11\",\"2026-08-12\",\"2026-08-13\",\"2026-08-14\",\"2026-08-17\",\"2026-08-18\",\"2026-08-19\",\"2026-08-20\",\"2026-08-21\",\"2026-08-22\",\"2026-08-24\",\"2026-08-25\",\"2026-08-26\",\"2026-08-27\",\"2026-08-28\",\"2026-08-29\",\"2026-08-31\",\"2026-09-01\",\"2026-09-02\",\"2026-09-03\",\"2026-09-04\",\"2026-09-05\",\"2026-09-07\",\"2026-09-08\",\"2026-09-09\",\"2026-09-10\",\"2026-09-11\",\"2026-09-12\",\"2026-09-14\",\"2026-09-15\",\"2026-09-16\",\"2026-09-17\",\"2026-09-18\",\"2026-09-19\",\"2026-09-21\",\"2026-09-22\",\"2026-09-23\",\"2026-09-24\",\"2026-09-25\",\"2026-09-26\",\"2026-09-28\",\"2026-09-29\",\"2026-09-30\",\"2026-10-01\",\"2026-10-02\",\"2026-10-03\",\"2026-10-05\",\"2026-10-06\",\"2026-10-07\",\"2026-10-08\",\"2026-10-09\",\"2026-10-10\",\"2026-10-12\",\"2026-10-13\",\"2026-10-14\",\"2026-10-15\",\"2026-10-16\",\"2026-10-17\",\"2026-10-19\",\"2026-10-20\",\"2026-10-21\",\"2026-10-22\",\"2026-10-23\",\"2026-10-24\",\"2026-10-26\",\"2026-10-27\",\"2026-10-28\",\"2026-10-29\",\"2026-10-30\",\"2026-10-31\",\"2026-11-02\",\"2026-11-03\",\"2026-11-04\",\"2026-11-05\",\"2026-11-06\",\"2026-11-07\",\"2026-11-09\",\"2026-11-10\",\"2026-11-12\",\"2026-11-13\",\"2026-11-14\",\"2026-11-16\",\"2026-11-17\",\"2026-11-18\",\"2026-11-19\",\"2026-11-20\",\"2026-11-21\",\"2026-11-23\",\"2026-11-24\",\"2026-11-25\",\"2026-11-26\",\"2026-11-27\",\"2026-11-28\",\"2026-11-30\",\"2026-12-01\",\"2026-12-02\",\"2026-12-03\",\"2026-12-04\",\"2026-12-05\",\"2026-12-07\",\"2026-12-08\",\"2026-12-09\",\"2026-12-10\",\"2026-12-11\",\"2026-12-12\",\"2026-12-14\",\"2026-12-15\",\"2026-12-16\",\"2026-12-17\",\"2026-12-18\",\"2026-12-19\",\"2026-12-21\",\"2026-12-22\",\"2026-12-23\",\"2026-12-24\",\"2026-12-26\",\"2026-12-28\",\"2026-12-29\",\"2026-12-30\",\"2026-12-31\"],\"SERVICES\":null,\"INFOSSEJOURHEBERGEMENT\":null,\"typesCommerce\":null,\"modesPaiement\":[\"Kijk op\",\"Contanten\"],\"CAPACITEACCUEIL\":null,\"CRIT_FAMILLE\":\"On\",\"CRIT_SPORT\":null,\"CRIT_PATRIMOINE\":null,\"CRIT_ARTISANAT\":null,\"CRIT_GASTRO\":null,\"CRIT_MUSIQUE\":null,\"CRIT_EXPO\":null,\"CRIT_BIENETRE\":null,\"ouverture\":{\"periodeEnClair\":{\"libelleFr\":\"Du 01\\\/01\\\/2025 au 31\\\/12\\\/2026 le lundi, mardi, jeudi et vendredi de 16h \\u00e0 18h. Le mercredi de 10h \\u00e0 12h et de 16h \\u00e0 18h. Le samedi de 10h \\u00e0 12h et de 15h \\u00e0 18h. Ferm\\u00e9 le dimanche.\\nFermetures exceptionnelles les 24\\\/12\\\/2025, 31\\\/12\\\/2025, 1er janvier, Lundi de P\\u00e2ques, Jeudi de l'Ascension, 1er mai, 8 mai, 14 juillet, 15 ao\\u00fbt, 1er novembre, 11 novembre et 25 d\\u00e9cembre.\\nFermeture le 24 et 31 d\\u00e9cembre.\",\"libelleEn\":\"From 01\\\/01\\\/2025 to 31\\\/12\\\/2026 on Monday, Tuesday, Thursday and Friday between 4 pm and 6 pm. On Wednesday between 10 am and 12 pm and between 4 pm and 6 pm. On Saturday between 10 am and 12 pm and between 3 pm and 6 pm. Closed on Sunday.\\nClosed exceptionally on 24\\\/12\\\/2025, 31\\\/12\\\/2025, January 1st, Easter Monday, Feast of the Ascension, May 1st, May 8th, July 14th, August 15th, November 1st, November 11th and December 25th.\\nClosed on December 24 and 31.\",\"libelleNl\":\"Van 01\\\/01\\\/2025 tot en met 31\\\/12\\\/2026 op maandag, dinsdag, donderdag en vrijdag van 16.00 tot 18.00 u. Op woensdag van 10.00 tot 12.00 u en van 16.00 tot 18.00 u. Op zaterdag van 10.00 tot 12.00 u en van 15.00 tot 18.00 u. Gesloten op zondag.\\nBij uitzondering gesloten op 24\\\/12\\\/2025, 31\\\/12\\\/2025, 1 januari, Paasmaandag, Hemelvaartsdag, 1 mei, 8 mei, 14 juli, 15 augustus, 1er november, 11 november en 25 december.\\nGesloten op 24 en 31 december.\"},\"periodeEnClairGenerationMode\":\"AUTOMATIQUE\",\"indicationsPeriode\":[{\"elementReferenceType\":\"IndicationPeriode\",\"id\":416,\"libelleFr\":\"Automne\",\"libelleEn\":\"Autumn\",\"libelleNl\":\"Najaar\",\"ordre\":4,\"description\":\"Permet de trouver des objets en fonction de la saison automnale - 21 septembre au 20 d\\u00e9cembre\",\"familleCritere\":{\"elementReferenceType\":\"FamilleCritere\",\"id\":114,\"libelleFr\":\"P\\u00e9riode\",\"libelleEn\":\"Period\",\"libelleNl\":\"Periode\",\"ordre\":118}},{\"elementReferenceType\":\"IndicationPeriode\",\"id\":418,\"libelleFr\":\"Et\\u00e9\",\"libelleEn\":\"Summer\",\"libelleNl\":\"Zomer\",\"ordre\":3,\"description\":\"Permet de trouver des objets en fonction de la saison estivale - 21 juin au 20 septembre\",\"familleCritere\":{\"elementReferenceType\":\"FamilleCritere\",\"id\":114,\"libelleFr\":\"P\\u00e9riode\",\"libelleEn\":\"Period\",\"libelleNl\":\"Periode\",\"ordre\":118}},{\"elementReferenceType\":\"IndicationPeriode\",\"id\":435,\"libelleFr\":\"Hiver\",\"libelleEn\":\"Winter\",\"libelleNl\":\"Winter\",\"ordre\":5,\"description\":\"Permet de trouver des objets en fonction de la saison hivernale - 21 d\\u00e9cembre au 20 mars\",\"familleCritere\":{\"elementReferenceType\":\"FamilleCritere\",\"id\":114,\"libelleFr\":\"P\\u00e9riode\",\"libelleEn\":\"Period\",\"libelleNl\":\"Periode\",\"ordre\":118}},{\"elementReferenceType\":\"IndicationPeriode\",\"id\":436,\"libelleFr\":\"Printemps\",\"libelleEn\":\"Spring\",\"libelleNl\":\"Voorjaar\",\"ordre\":2,\"description\":\"Permet de trouver des objets en fonction de la saison printani\\u00e8re - 21 mars au 20 juin\",\"familleCritere\":{\"elementReferenceType\":\"FamilleCritere\",\"id\":114,\"libelleFr\":\"P\\u00e9riode\",\"libelleEn\":\"Period\",\"libelleNl\":\"Periode\",\"ordre\":118}}],\"periodesOuvertures\":[{\"identifiant\":37405553,\"dateDebut\":\"2025-01-01\",\"dateFin\":\"2026-12-31\",\"complementHoraire\":{\"libelleFr\":\"Fermeture le 24 et 31 d\\u00e9cembre.\",\"libelleEn\":\"Closed on December 24 and 31.\",\"libelleNl\":\"Gesloten op 24 en 31 december.\"},\"type\":\"OUVERTURE_SAUF\",\"tousLesAns\":false,\"ouverturesJournalieres\":[{\"jour\":\"DIMANCHE\"}],\"identifiantTechnique\":39599410,\"horaires\":[{\"id\":4266575,\"type\":{\"elementReferenceType\":\"HoraireType\",\"id\":7487,\"libelleFr\":\"Ouverture\",\"libelleEn\":\"Opening hours\",\"libelleNl\":\"Openingstijden\",\"ordre\":1,\"description\":\"Horaires d'ouverture\",\"externalType\":\"opening\",\"startTimeVisibility\":true,\"endTimeVisibility\":true,\"recurrenceVisibility\":false},\"timePeriods\":[{\"id\":4715846,\"closed\":true,\"weekdays\":[\"SUN\"]},{\"id\":4715847,\"closed\":false,\"weekdays\":[\"THU\",\"FRI\",\"MON\",\"TUE\"],\"timeFrames\":[{\"id\":4695075,\"startTime\":\"16:00\",\"endTime\":\"18:00\"}]},{\"id\":4715848,\"closed\":false,\"weekdays\":[\"WED\"],\"timeFrames\":[{\"id\":4695076,\"startTime\":\"10:00\",\"endTime\":\"12:00\"},{\"id\":4695077,\"startTime\":\"16:00\",\"endTime\":\"18:00\"}]},{\"id\":4715849,\"closed\":false,\"weekdays\":[\"SAT\"],\"timeFrames\":[{\"id\":4695078,\"startTime\":\"10:00\",\"endTime\":\"12:00\"},{\"id\":4695079,\"startTime\":\"15:00\",\"endTime\":\"18:00\"}]}]}]}],\"fermeturesExceptionnelles\":[{\"dateSpeciale\":\"PREMIER_JANVIER\",\"dates\":[\"2025-01-01\",\"2026-01-01\"]},{\"dateSpeciale\":\"LUNDI_PAQUES\",\"dates\":[\"2025-04-21\",\"2026-04-06\"]},{\"dateSpeciale\":\"ASCENSION\",\"dates\":[\"2025-05-29\",\"2026-05-14\"]},{\"dateSpeciale\":\"PREMIER_MAI\",\"dates\":[\"2025-05-01\",\"2026-05-01\"]},{\"dateSpeciale\":\"HUIT_MAI\",\"dates\":[\"2025-05-08\",\"2026-05-08\"]},{\"dateSpeciale\":\"QUATORZE_JUILLET\",\"dates\":[\"2025-07-14\",\"2026-07-14\"]},{\"dateSpeciale\":\"QUINZE_AOUT\",\"dates\":[\"2025-08-15\",\"2026-08-15\"]},{\"dateSpeciale\":\"PREMIER_NOVEMBRE\",\"dates\":[\"2025-11-01\",\"2026-11-01\"]},{\"dateSpeciale\":\"ONZE_NOVEMBRE\",\"dates\":[\"2025-11-11\",\"2026-11-11\"]},{\"dateSpeciale\":\"VINGT_CINQ_DECEMBRE\",\"dates\":[\"2025-12-25\",\"2026-12-25\"]},{\"dateFermeture\":\"2025-12-24\"},{\"dateFermeture\":\"2025-12-31\"}]},\"NBRECOUVERTS\":null,\"categoriesRestau\":null,\"reservation\":{},\"indicationsPeriode\":[\"Najaar\",\"Zomer\",\"Winter\",\"Voorjaar\"]}};\n      var nbPerPg0 = 8;\n            function bindMarker(id){\n        var markerToBind = layers0[id];\n        if (markerToBind) {\n          markerToBind.openPopup();\n          markerToBind.setIcon(myIconRed);\n        }\n      }\n\n      function unbindMarker(id){\n        var markerToBind = layers0[id];\n        if (markerToBind) {\n          markerToBind.setIcon(myIcon);\n        }\n      }\n\n      function displayItems0()\n      {\n        var aspect = \"\";\n        var old_height = $(window).height();  \/\/store document height before modifications\n        var old_scroll = $(window).scrollTop(); \/\/remember the scroll position\n        jQuery('#loader0').show();\n        var itemsToShow = [];\n        var fieldsToShow = [];\n        var deb = page0 * nbPerPg0;\n        var fin = deb + nbPerPg0;\n        var count = 0;\n        page0++;\n        for (var i = deb; i < fin; i++) {\n          if (items0[i]) {\n            itemsToShow[count] = items0[i];\n            fieldsToShow[count] = fields0[items0[i].ID];\n            jQuery('#voirlasuite0').css('visibility', 'visible');\n          } else {\n            jQuery('#voirlasuite0').css('visibility', 'hidden');\n          }\n          count++;\n        }\n        jQuery.ajax({\n          url: 'https:\/\/www.samoens.com\/wp-content\/plugins\/yatadata-shortcodes\/includes\/ajax\/get_articlesyatadata.php',\n                      data: {'lang' : \"nl\", 'saison': \"ete\", 'libelle': \"libelleNl\", 'nlist': 0, 'items': itemsToShow, 'fields': fieldsToShow, 'aspect': aspect},\n            \n          type: 'post',\n          dataType: 'html',\n          success: function(code_html, statut){\n            jQuery('#loader0').hide();\n            if(code_html){\n                jQuery(code_html).appendTo('#listItems0');\n            }else{\n                var aucunresultat = \"Aucun r\u00e9sultat\";\n                jQuery('<p class=\"aucun-resultat\">'+aucunresultat+'<\/p>').appendTo('#listItems0');\n            }\n\n            $(window).scrollTop(old_scroll + $(window).height() - old_height); \/\/restore \"scroll position\"\n          }\n        });\n      }\n\n      jQuery(function(){\n        function initMap()\n        {\n          \/\/ mymap0 = L.map('mapid0', { dragging: !L.Browser.mobile }).setView([46.083431, 6.727270], 15);\n          mymap0 = L.map('mapid0', { gestureHandling: true }).setView([46.083431, 6.727270], 15);\n          \n          L.tileLayer('https:\/\/{s}.tile.openstreetmap.fr\/hot\/{z}\/{x}\/{y}.png', {\n          \tmaxZoom: 19,\n          \tattribution: '&copy; <a href=\"https:\/\/www.openstreetmap.org\/copyright\">OpenStreetMap<\/a> contributors, Tiles style by <a href=\"https:\/\/www.hotosm.org\/\" target=\"_blank\">Humanitarian OpenStreetMap Team<\/a> hosted by <a href=\"https:\/\/openstreetmap.fr\/\" target=\"_blank\">OpenStreetMap France<\/a>'\n          }).addTo(mymap0);\n        }\n\n        function displayAllMarkers()\n        {\n          allItems0.forEach(item => displayMarker(item));\n        }\n\n        function displayMarker(item)\n        {\n          var itemID = item.ID;\n          var fieldItem = fields0[itemID];\n          if (fieldItem.localisation.geolocalisation) {\n            if (fieldItem.localisation.geolocalisation.geoJson) {\n              var lat = fieldItem.localisation.geolocalisation.geoJson.coordinates[1];\n              var lng = fieldItem.localisation.geolocalisation.geoJson.coordinates[0];\n              var title = item.post_title;\n              var popuphtml = \"<div><a href='\"+ item.guid +\"'><p><b>\"+ title +\"<\/b><\/p><\/a><\/div>\";\n              var marker = L.marker([lat, lng], {icon: myIcon}).addTo(mymap0);\n              marker.bindPopup(popuphtml);\n              layers0[itemID] = marker;\n            }\n          }\n        }\n\n        function datasToArr(datas)\n        {\n          var BeautifyDatas = [];\n          if (datas.indexOf('&')) {\n            datas = datas.split('&');\n          } else {\n            datas = [datas];\n          }\n\n          datas.forEach(function(data, index){\n            data = data.split('=');\n            BeautifyDatas.push(data[0]);\n            BeautifyDatas.push(data[1]);\n          });\n\n          return BeautifyDatas;\n        }\n\n        function submitForm(){\n          jQuery('#formSearch').submit();\n        }\n\n        jQuery('#formSearch').on('submit', function(e){\n          e.preventDefault();\n          items0 = getItems(jQuery(this).serialize());\n          page0 = 0;\n          jQuery('#listItems0').html('');\n          displayItems0();\n        });\n\n        function getItems(datas)\n        {\n          datas = datasToArr(datas);\n          var newItems = [];\n          console.log(datas);\n          allItems0.forEach(function(item, index){\n            var addThis = true;\n            for (var i = 0; i < datas.length; i++) {\n              var index = datas[i];\n              i++;\n              var value = datas[i];\n              if (value == '' || !value) {\n                continue;\n              }\n              var type = '';\n              if (index == 'dateDeb' || index == 'dateFin') {\n                var dateTest = value.replace(\/%2F\/g, '\/');\n                dateTest = dateTest.split('\/').reverse().join('');\n                if (index == 'dateDeb'){\n                  var dateDeb = dateTest;\n                } else if (index == 'dateFin') {\n                  var dateFin = dateTest;\n                }\n                \/\/ var date = item.date.split('||');\n                \/\/ if(date.length > 1){\n                \/\/   dateDebSplit = date[0];\n                \/\/   dateFinSplit = date[1];\n                \/\/ }else{\n                \/\/   dateDebSplit = date[0];\n                \/\/   dateFinSplit = date[0];\n                \/\/ }\n                var DateDebTest = item.date.split('-').join('');\n                var DateFinTest = item.date.split('-').join('');\n                \/\/ if (item.ID == '553437') {\n                \/\/   console.log(item.date);\n                \/\/   \/\/console.log(DateFinTest);\n                \/\/ }\n                if (dateFin && dateDeb && DateDebTest && DateFinTest) {\n                  if (parseInt(DateFinTest) < parseInt(dateDeb) || parseInt(DateDebTest) > parseInt(dateFin)) {\n                    addThis = false;\n                  }\n                }\n              } else {\n                if (!fields0[item.ID][index]) {\n                  \/\/certaines fiches n'ont pas de capacit\u00e9 ou de nbr de chambres, il faut les afficher quand m\u00eame\n                  if(index != 'NBREEMPLACEMENTS' && index != 'CAPACITEACCUEIL' && index != 'NBRECOUVERTS'){\n                    addThis = false;\n                  }else{\n                    var values = value.split('-');\n                    if(parseInt(values[0], 10) != 0){\n                      addThis = false;\n                    }\n                  }\n                } else {\n                  var testValue = fields0[item.ID][index];\n                  if (typeof testValue != 'string') {\n                    testValue = testValue.toString();\n                  }\n                  if (index == 'tarifChDbl' || index == 'NBREPERS' || index == 'NBREEMPLACEMENTS' || index == 'nuitee' || index == 'tarifSemaine' || index == 'tarifResto' || index == 'CAPACITEACCUEIL' || index == 'NBRECOUVERTS') {\n                    type = 'range';\n                  }\n                  if (index == 'datesOuverture') {\n                    value = wpFeSanitizeTitle(value.split('%2F').reverse().join('\/'));\n                  }\n                  if (type == 'range') {\n                    var values = value.split('-');\n                    if (testValue < parseInt(values[0], 10) || testValue > parseInt(values[1], 10)) {\n                      addThis = false;\n                    }\n                  } else {\n\n                    if (wpFeSanitizeTitle(testValue).indexOf(value) == -1) {\n                      addThis = false;\n                    }\n                  }\n                }\n              }\n            }\n\n            if (addThis) {\n              newItems.push(item);\n            }\n          });\n          return newItems;\n        }\n\n\n                  initMap();\n          displayAllMarkers();\n                if (jQuery('#formSearch').length) {\n          \/\/ console.log('ITEMS : ');\n          \/\/ console.log(jQuery('#formSearch').length);\n          jQuery('#formSearch').submit();\n          \/\/ displayItems0();\n        } else {\n                    displayItems0();\n                  }\n\n              });\n    <\/script>\n    [\/vc_column][\/vc_row]<\/p>\n<\/div>","protected":false},"excerpt":{"rendered":"<p>[vc_row][vc_column][vc_column_text]Het recreatiecentrum, gebouwd rond de 2 meren, ligt ver van het dorpscentrum. Het heeft een oppervlakte van ongeveer 10 ha. Het is de ideale plek om te ontspannen met vrienden of familie. Je kunt wandelen, vissen, wandelen, rennen. Met deze site kun je veilig evolueren, weg van auto&#8217;s en alledaagse geluiden. Een groot speelgedeelte voor [&hellip;]<\/p>\n","protected":false},"author":2,"featured_media":578798,"parent":0,"menu_order":24,"comment_status":"closed","ping_status":"closed","template":"","meta":{"_acf_changed":false,"footnotes":""},"class_list":["post-3345","page","type-page","status-publish","hentry"],"acf":[],"yoast_head":"<!-- This site is optimized with the Yoast SEO plugin v27.4 - https:\/\/yoast.com\/product\/yoast-seo-wordpress\/ -->\n<title>2 Een recreatiecentrum in de bergen<\/title>\n<meta name=\"description\" content=\"Overdag, in de zomer kunt u genieten van het recreatiecentrum en het zwembad van Samo\u00ebns.\" \/>\n<meta name=\"robots\" content=\"index, follow, max-snippet:-1, max-image-preview:large, max-video-preview:-1\" \/>\n<link rel=\"canonical\" href=\"https:\/\/www.samoens.com\/nl\/een-recreatiecentrum-in-de-bergen\/\" \/>\n<meta property=\"og:locale\" content=\"nl_NL\" \/>\n<meta property=\"og:type\" content=\"article\" \/>\n<meta property=\"og:title\" content=\"2 Een recreatiecentrum in de bergen\" \/>\n<meta property=\"og:description\" content=\"[vc_row][vc_column][vc_column_text]Het recreatiecentrum, gebouwd rond de 2 meren, ligt ver van het dorpscentrum. Het heeft een oppervlakte van ongeveer 10 ha. Het is de ideale plek om te ontspannen met vrienden of familie. Je kunt wandelen, vissen, wandelen, rennen. Met deze site kun je veilig evolueren, weg van auto&#8217;s en alledaagse geluiden. Een groot speelgedeelte voor [&hellip;]\" \/>\n<meta property=\"og:url\" content=\"https:\/\/www.samoens.com\/nl\/een-recreatiecentrum-in-de-bergen\/\" \/>\n<meta property=\"og:site_name\" content=\"Samo\u00ebns, station de ski et village authentique en Haute-Savoie\" \/>\n<meta property=\"article:modified_time\" content=\"2023-05-09T09:52:58+00:00\" \/>\n<meta property=\"og:image\" content=\"https:\/\/www.samoens.com\/wp-content\/uploads\/2023\/05\/Base-de-loisirs-Samoens.jpg\" \/>\n\t<meta property=\"og:image:width\" content=\"1000\" \/>\n\t<meta property=\"og:image:height\" content=\"416\" \/>\n\t<meta property=\"og:image:type\" content=\"image\/jpeg\" \/>\n<meta name=\"twitter:card\" content=\"summary_large_image\" \/>\n<meta name=\"twitter:label1\" content=\"Geschatte leestijd\" \/>\n\t<meta name=\"twitter:data1\" content=\"1 minuut\" \/>\n<script type=\"application\/ld+json\" class=\"yoast-schema-graph\">{\"@context\":\"https:\\\/\\\/schema.org\",\"@graph\":[{\"@type\":\"WebPage\",\"@id\":\"https:\\\/\\\/www.samoens.com\\\/nl\\\/een-recreatiecentrum-in-de-bergen\\\/\",\"url\":\"https:\\\/\\\/www.samoens.com\\\/nl\\\/een-recreatiecentrum-in-de-bergen\\\/\",\"name\":\"2 Een recreatiecentrum in de bergen\",\"isPartOf\":{\"@id\":\"https:\\\/\\\/www.samoens.com\\\/#website\"},\"primaryImageOfPage\":{\"@id\":\"https:\\\/\\\/www.samoens.com\\\/nl\\\/een-recreatiecentrum-in-de-bergen\\\/#primaryimage\"},\"image\":{\"@id\":\"https:\\\/\\\/www.samoens.com\\\/nl\\\/een-recreatiecentrum-in-de-bergen\\\/#primaryimage\"},\"thumbnailUrl\":\"https:\\\/\\\/www.samoens.com\\\/wp-content\\\/uploads\\\/2023\\\/05\\\/Base-de-loisirs-Samoens.jpg\",\"datePublished\":\"2019-08-23T09:44:56+00:00\",\"dateModified\":\"2023-05-09T09:52:58+00:00\",\"breadcrumb\":{\"@id\":\"https:\\\/\\\/www.samoens.com\\\/nl\\\/een-recreatiecentrum-in-de-bergen\\\/#breadcrumb\"},\"inLanguage\":\"nl-NL\",\"potentialAction\":[{\"@type\":\"ReadAction\",\"target\":[\"https:\\\/\\\/www.samoens.com\\\/nl\\\/een-recreatiecentrum-in-de-bergen\\\/\"]}]},{\"@type\":\"ImageObject\",\"inLanguage\":\"nl-NL\",\"@id\":\"https:\\\/\\\/www.samoens.com\\\/nl\\\/een-recreatiecentrum-in-de-bergen\\\/#primaryimage\",\"url\":\"https:\\\/\\\/www.samoens.com\\\/wp-content\\\/uploads\\\/2023\\\/05\\\/Base-de-loisirs-Samoens.jpg\",\"contentUrl\":\"https:\\\/\\\/www.samoens.com\\\/wp-content\\\/uploads\\\/2023\\\/05\\\/Base-de-loisirs-Samoens.jpg\",\"width\":1000,\"height\":416},{\"@type\":\"BreadcrumbList\",\"@id\":\"https:\\\/\\\/www.samoens.com\\\/nl\\\/een-recreatiecentrum-in-de-bergen\\\/#breadcrumb\",\"itemListElement\":[{\"@type\":\"ListItem\",\"position\":1,\"name\":\"Accueil\",\"item\":\"https:\\\/\\\/www.samoens.com\\\/nl\\\/\"},{\"@type\":\"ListItem\",\"position\":2,\"name\":\"Een recreatiecentrum in de bergen\"}]},{\"@type\":\"WebSite\",\"@id\":\"https:\\\/\\\/www.samoens.com\\\/#website\",\"url\":\"https:\\\/\\\/www.samoens.com\\\/\",\"name\":\"Samo\u00ebns, station de ski et village authentique en Haute-Savoie\",\"description\":\"Nich\u00e9e au coeur du domaine skiable du Grand Massif et \u00e0 moins d&#039;1h de Gen\u00e8ve, Samo\u00ebns rendra vos vacances inoubliables en \u00e9t\u00e9 comme en hiver\",\"potentialAction\":[{\"@type\":\"SearchAction\",\"target\":{\"@type\":\"EntryPoint\",\"urlTemplate\":\"https:\\\/\\\/www.samoens.com\\\/?s={search_term_string}\"},\"query-input\":{\"@type\":\"PropertyValueSpecification\",\"valueRequired\":true,\"valueName\":\"search_term_string\"}}],\"inLanguage\":\"nl-NL\"}]}<\/script>\n<!-- \/ Yoast SEO plugin. -->","yoast_head_json":{"title":"2 Een recreatiecentrum in de bergen","description":"Overdag, in de zomer kunt u genieten van het recreatiecentrum en het zwembad van Samo\u00ebns.","robots":{"index":"index","follow":"follow","max-snippet":"max-snippet:-1","max-image-preview":"max-image-preview:large","max-video-preview":"max-video-preview:-1"},"canonical":"https:\/\/www.samoens.com\/nl\/een-recreatiecentrum-in-de-bergen\/","og_locale":"nl_NL","og_type":"article","og_title":"2 Een recreatiecentrum in de bergen","og_description":"[vc_row][vc_column][vc_column_text]Het recreatiecentrum, gebouwd rond de 2 meren, ligt ver van het dorpscentrum. Het heeft een oppervlakte van ongeveer 10 ha. Het is de ideale plek om te ontspannen met vrienden of familie. Je kunt wandelen, vissen, wandelen, rennen. Met deze site kun je veilig evolueren, weg van auto&#8217;s en alledaagse geluiden. Een groot speelgedeelte voor [&hellip;]","og_url":"https:\/\/www.samoens.com\/nl\/een-recreatiecentrum-in-de-bergen\/","og_site_name":"Samo\u00ebns, station de ski et village authentique en Haute-Savoie","article_modified_time":"2023-05-09T09:52:58+00:00","og_image":[{"width":1000,"height":416,"url":"https:\/\/www.samoens.com\/wp-content\/uploads\/2023\/05\/Base-de-loisirs-Samoens.jpg","type":"image\/jpeg"}],"twitter_card":"summary_large_image","twitter_misc":{"Geschatte leestijd":"1 minuut"},"schema":{"@context":"https:\/\/schema.org","@graph":[{"@type":"WebPage","@id":"https:\/\/www.samoens.com\/nl\/een-recreatiecentrum-in-de-bergen\/","url":"https:\/\/www.samoens.com\/nl\/een-recreatiecentrum-in-de-bergen\/","name":"2 Een recreatiecentrum in de bergen","isPartOf":{"@id":"https:\/\/www.samoens.com\/#website"},"primaryImageOfPage":{"@id":"https:\/\/www.samoens.com\/nl\/een-recreatiecentrum-in-de-bergen\/#primaryimage"},"image":{"@id":"https:\/\/www.samoens.com\/nl\/een-recreatiecentrum-in-de-bergen\/#primaryimage"},"thumbnailUrl":"https:\/\/www.samoens.com\/wp-content\/uploads\/2023\/05\/Base-de-loisirs-Samoens.jpg","datePublished":"2019-08-23T09:44:56+00:00","dateModified":"2023-05-09T09:52:58+00:00","breadcrumb":{"@id":"https:\/\/www.samoens.com\/nl\/een-recreatiecentrum-in-de-bergen\/#breadcrumb"},"inLanguage":"nl-NL","potentialAction":[{"@type":"ReadAction","target":["https:\/\/www.samoens.com\/nl\/een-recreatiecentrum-in-de-bergen\/"]}]},{"@type":"ImageObject","inLanguage":"nl-NL","@id":"https:\/\/www.samoens.com\/nl\/een-recreatiecentrum-in-de-bergen\/#primaryimage","url":"https:\/\/www.samoens.com\/wp-content\/uploads\/2023\/05\/Base-de-loisirs-Samoens.jpg","contentUrl":"https:\/\/www.samoens.com\/wp-content\/uploads\/2023\/05\/Base-de-loisirs-Samoens.jpg","width":1000,"height":416},{"@type":"BreadcrumbList","@id":"https:\/\/www.samoens.com\/nl\/een-recreatiecentrum-in-de-bergen\/#breadcrumb","itemListElement":[{"@type":"ListItem","position":1,"name":"Accueil","item":"https:\/\/www.samoens.com\/nl\/"},{"@type":"ListItem","position":2,"name":"Een recreatiecentrum in de bergen"}]},{"@type":"WebSite","@id":"https:\/\/www.samoens.com\/#website","url":"https:\/\/www.samoens.com\/","name":"Samo\u00ebns, station de ski et village authentique en Haute-Savoie","description":"Nich\u00e9e au coeur du domaine skiable du Grand Massif et \u00e0 moins d&#039;1h de Gen\u00e8ve, Samo\u00ebns rendra vos vacances inoubliables en \u00e9t\u00e9 comme en hiver","potentialAction":[{"@type":"SearchAction","target":{"@type":"EntryPoint","urlTemplate":"https:\/\/www.samoens.com\/?s={search_term_string}"},"query-input":{"@type":"PropertyValueSpecification","valueRequired":true,"valueName":"search_term_string"}}],"inLanguage":"nl-NL"}]}},"_links":{"self":[{"href":"https:\/\/www.samoens.com\/nl\/wp-json\/wp\/v2\/pages\/3345","targetHints":{"allow":["GET"]}}],"collection":[{"href":"https:\/\/www.samoens.com\/nl\/wp-json\/wp\/v2\/pages"}],"about":[{"href":"https:\/\/www.samoens.com\/nl\/wp-json\/wp\/v2\/types\/page"}],"author":[{"embeddable":true,"href":"https:\/\/www.samoens.com\/nl\/wp-json\/wp\/v2\/users\/2"}],"replies":[{"embeddable":true,"href":"https:\/\/www.samoens.com\/nl\/wp-json\/wp\/v2\/comments?post=3345"}],"version-history":[{"count":0,"href":"https:\/\/www.samoens.com\/nl\/wp-json\/wp\/v2\/pages\/3345\/revisions"}],"wp:featuredmedia":[{"embeddable":true,"href":"https:\/\/www.samoens.com\/nl\/wp-json\/wp\/v2\/media\/578798"}],"wp:attachment":[{"href":"https:\/\/www.samoens.com\/nl\/wp-json\/wp\/v2\/media?parent=3345"}],"curies":[{"name":"wp","href":"https:\/\/api.w.org\/{rel}","templated":true}]}}