{"id":3235,"date":"2019-08-21T12:05:41","date_gmt":"2019-08-21T10:05:41","guid":{"rendered":"https:\/\/www.samoens.com\/?page_id=3235"},"modified":"2024-05-17T16:11:47","modified_gmt":"2024-05-17T14:11:47","slug":"toeristische-woningen","status":"publish","type":"page","link":"https:\/\/www.samoens.com\/nl\/hebergements-2\/toeristische-woningen\/","title":{"rendered":"Toeristische woningen"},"content":{"rendered":"<div class=\"wpb-content-wrapper\"><p>[vc_row][vc_column][vc_column_text]<\/p>\n<h2>Toeristenwoningen in Samo\u00ebns<\/h2>\n<p>De toeristische residenties in Samo\u00ebns bieden u het voordeel van een permanent en persoonlijk welkom, terwijl u geniet van de onafhankelijkheid van een appartement of een chalet.<\/p>\n<p>Kies het appartement, gelegen nabij de skipistes, wandelpaden of in het hart van het dorp Samoens. Huur een appartement of een chalet in een toeristenresidentie, het is om te profiteren van vele diensten. Sommige bieden hoteldiensten. Het is een receptie-receptie, een bakkerij of een gratis priv\u00e9parkeerplaats. Je hebt ook de mogelijkheid om diensten te kiezen zoals ontbijt, wellness in een fitnessruimte of overdekte verwarmde zwembaden &#8230;<\/p>\n<p>Ten slotte bieden sommige vestigingen de mogelijkheid om te kiezen uit een reeks verblijven (met de week, alles inbegrepen, met skipas, kort verblijf &#8230;).[\/vc_column_text][\/vc_column][\/vc_row][vc_row][vc_column]\n          <div class=\"moteurRecherche\">\n        <form id=\"formSearch\" action=\"\" method=\"post\">\n                  <\/form>\n      <\/div>\n      \n    \n          <div class=\"submoteurRecherche\">\n        <div class=\"toggleRecherche\">\n          <p>kaart verbergen<\/p>\n          <span class=\"mapIcon\">\n            <svg width=\"602\" height=\"546\" viewBox=\"0 0 602 546\" fill=\"none\" xmlns=\"http:\/\/www.w3.org\/2000\/svg\">\n              <path d=\"M598.141 440.327C560.549 382.937 510.311 350.501 456.214 348.363C453.297 348.023 450.363 347.844 447.426 347.829C442.276 347.816 437.14 348.353 432.105 349.432C405.236 354.232 379.746 364.858 357.427 380.561C335.107 396.265 316.501 416.665 302.918 440.327L297.873 447.925L301.732 453.804C340.602 513.216 392.98 545.977 449.332 545.977C505.685 545.977 558.062 513.216 596.932 453.804L601.953 446.206L598.141 440.327ZM499.919 421.739C499.926 431.649 497.129 441.358 491.852 449.747C486.576 458.136 479.034 464.863 470.096 469.153C461.158 473.442 451.19 475.119 441.34 473.99C431.49 472.86 422.16 468.971 414.426 462.77C406.693 456.569 400.871 448.309 397.632 438.944C394.393 429.578 393.869 419.489 396.121 409.838C398.372 400.188 403.308 391.37 410.358 384.403C417.407 377.435 426.285 372.602 435.965 370.46C440.764 369.875 445.591 369.557 450.425 369.507H451.169C464.395 370.472 476.769 376.39 485.82 386.077C494.87 395.764 499.931 408.509 499.989 421.763L499.919 421.739ZM449.355 524.624C402.325 524.624 357.876 497.439 323.609 447.948C338.426 425.404 357.668 406.101 380.17 391.209C375.737 400.81 373.437 411.258 373.429 421.832C373.418 433.132 375.998 444.284 380.969 454.432C385.941 464.58 393.173 473.455 402.11 480.376C411.047 487.298 421.451 492.081 432.524 494.359C443.598 496.638 455.046 496.351 465.992 493.52C476.937 490.689 487.088 485.391 495.666 478.03C504.245 470.67 511.021 461.443 515.478 451.058C519.934 440.673 521.95 429.407 521.373 418.122C520.796 406.837 517.64 395.834 512.147 385.957C537.94 400.882 559.938 421.556 576.428 446.368C541.835 496.788 496.851 524.624 449.379 524.624H449.355Z\" fill=\"#6C9ED8\"\/>\n              <path d=\"M282.669 493.326L214.228 463.98V28.4861L374.916 113.48V299.732C374.849 301.179 375.076 302.625 375.583 303.982C376.091 305.338 376.868 306.578 377.869 307.626C378.87 308.674 380.073 309.508 381.405 310.078C382.738 310.648 384.172 310.942 385.622 310.942C387.071 310.942 388.506 310.648 389.838 310.078C391.171 309.508 392.374 308.674 393.374 307.626C394.375 306.578 395.153 305.338 395.66 303.982C396.168 302.625 396.395 301.179 396.327 299.732V114.223L557.016 48.0733V331.889C556.948 333.336 557.175 334.782 557.683 336.139C558.19 337.496 558.968 338.736 559.969 339.784C560.969 340.831 562.172 341.666 563.505 342.236C564.838 342.805 566.272 343.099 567.721 343.099C569.171 343.099 570.605 342.805 571.938 342.236C573.27 341.666 574.473 340.831 575.474 339.784C576.475 338.736 577.252 337.496 577.76 336.139C578.267 334.782 578.494 333.336 578.427 331.889V32.1108C578.435 30.351 578.006 28.6168 577.178 27.0634C576.351 25.51 575.151 24.186 573.686 23.2098C572.221 22.2336 570.536 21.6358 568.783 21.4699C567.03 21.304 565.264 21.5752 563.641 22.2592L386.145 95.2636L208.555 1.18499C208.555 1.18499 208.23 1.18499 208.137 0.975871C207.651 0.744266 207.146 0.557606 206.626 0.418231C206.321 0.299282 205.999 0.228724 205.673 0.209115C205.022 0 204.58 0 203.836 0H202.999C202.459 0.0170354 201.922 0.0870769 201.395 0.209115C201.07 0.209115 200.744 0.209115 200.419 0.418231H200.21L7.39283 64.6631C5.24831 65.3992 3.38533 66.7825 2.0611 68.6221C0.736872 70.4617 0.0167101 72.6668 4.62809e-05 74.933V535.289C-0.00499989 536.99 0.402677 538.667 1.18816 540.177C1.97363 541.686 3.1135 542.983 4.51011 543.955C6.31782 545.262 8.48643 545.976 10.7173 546C11.8833 545.981 13.0412 545.801 14.1579 545.466L203.115 482.522L274.323 513.029C275.649 513.584 277.071 513.876 278.508 513.889C280.976 513.884 283.366 513.028 285.275 511.465C287.185 509.903 288.496 507.73 288.988 505.313C289.48 502.896 289.122 500.383 287.975 498.199C286.828 496.016 284.962 494.294 282.692 493.326H282.669ZM21.4112 82.647L192.817 25.5585V463.353L21.4112 520.465V82.647Z\" fill=\"#6C9ED8\"\/>\n            <\/svg>\n          <\/span>\n        <\/div>\n      <\/div>\n    \n    \n\n    \n      <link  href=\"https:\/\/cdnjs.cloudflare.com\/ajax\/libs\/leaflet\/1.9.3\/leaflet.min.css\" rel=\"stylesheet\">\n      <script src=\"https:\/\/cdnjs.cloudflare.com\/ajax\/libs\/leaflet\/1.9.3\/leaflet.min.js\"><\/script>\n      <link rel=\"stylesheet\" href=\"\/\/unpkg.com\/leaflet-gesture-handling\/dist\/leaflet-gesture-handling.min.css\" type=\"text\/css\">\n      <script src=\"\/\/unpkg.com\/leaflet-gesture-handling\"><\/script>\n\n      <div class=\"listemapetitems\"><div class=\"col-sm-4 colonnemap\"><div id=\"mapid0\" class=\"map-list\" style=\"height:500px;\"><\/div><\/div><div class=\"col-sm-8 colonneitems laliste\">\n                <div class=\"inner\" id=\"listItems0\"><\/div>\n                <div class=\"loader\" id=\"loader0\" hidden><img decoding=\"async\" src=\"\/wp-content\/themes\/samoens\/img\/loader.svg\" alt=\"Loader\"><\/div>\n                 <div class=\"voirplusctn\"><button onclick=\"displayItems0();\" id=\"voirlasuite0\" class=\"voirplus\">Voir la suite<\/button><\/div>\n              <\/div>\n              <\/div>\n    <script type=\"text\/javascript\">\n      \n        \n          var myIcon = L.icon({\n            iconUrl: \"\/wp-content\/themes\/samoens\/img\/marker_bleu.png\",\n            iconSize: [24,33],\n            iconAnchor: [12,32],\n            popupAnchor: [1, -33]\n          });\n          var myIconRed = L.icon({\n            iconUrl: \"\/wp-content\/themes\/samoens\/img\/marker_rouge.png\",\n            iconSize: [24,33],\n            iconAnchor: [12,32],\n            popupAnchor: [1, -33]\n          });\n              var layers0 = [];\n      var mymap0;\n      var page0 = 0;\n      var allItems0 = [{\"ID\":586440,\"post_author\":\"0\",\"post_date\":\"2026-04-28 05:33:38\",\"post_date_gmt\":\"2026-04-28 03:33:38\",\"post_content\":\"\",\"post_title\":\"CGH Residence &amp; Spa Les Chalets de La\\u00ffssia\",\"post_excerpt\":\"\",\"post_status\":\"publish\",\"comment_status\":\"closed\",\"ping_status\":\"closed\",\"post_password\":\"\",\"post_name\":\"cgh-residence-spa-les-chalets-de-layssia\",\"to_ping\":\"\",\"pinged\":\"\",\"post_modified\":\"2026-04-28 05:33:38\",\"post_modified_gmt\":\"2026-04-28 03:33:38\",\"post_content_filtered\":\"\",\"post_parent\":0,\"guid\":\"https:\\\/\\\/www.samoens.com\\\/cgh-residence-spa-les-chalets-de-layssia-3\\\/\",\"menu_order\":0,\"post_type\":\"articlesyatadata\",\"post_mime_type\":\"\",\"comment_count\":\"0\",\"filter\":\"raw\"},{\"ID\":584223,\"post_author\":\"0\",\"post_date\":\"2026-03-18 04:31:12\",\"post_date_gmt\":\"2026-03-18 03:31:12\",\"post_content\":\"\",\"post_title\":\"Arts et Vie residentie\",\"post_excerpt\":\"\",\"post_status\":\"publish\",\"comment_status\":\"closed\",\"ping_status\":\"closed\",\"post_password\":\"\",\"post_name\":\"arts-et-vie-residentie\",\"to_ping\":\"\",\"pinged\":\"\",\"post_modified\":\"2026-03-18 04:31:12\",\"post_modified_gmt\":\"2026-03-18 03:31:12\",\"post_content_filtered\":\"\",\"post_parent\":0,\"guid\":\"https:\\\/\\\/www.samoens.com\\\/arts-et-vie-residentie\\\/\",\"menu_order\":0,\"post_type\":\"articlesyatadata\",\"post_mime_type\":\"\",\"comment_count\":\"0\",\"filter\":\"raw\"},{\"ID\":584403,\"post_author\":\"0\",\"post_date\":\"2026-04-26 05:30:20\",\"post_date_gmt\":\"2026-04-26 03:30:20\",\"post_content\":\"\",\"post_title\":\"CGH Residences &amp; Spas La Reine des Pr\\u00e9s\",\"post_excerpt\":\"\",\"post_status\":\"publish\",\"comment_status\":\"closed\",\"ping_status\":\"closed\",\"post_password\":\"\",\"post_name\":\"cgh-residences-spas-la-reine-des-pres\",\"to_ping\":\"\",\"pinged\":\"\",\"post_modified\":\"2026-04-26 05:30:20\",\"post_modified_gmt\":\"2026-04-26 03:30:20\",\"post_content_filtered\":\"\",\"post_parent\":0,\"guid\":\"https:\\\/\\\/www.samoens.com\\\/cgh-residences-spas-la-reine-des-pres-3\\\/\",\"menu_order\":0,\"post_type\":\"articlesyatadata\",\"post_mime_type\":\"\",\"comment_count\":\"0\",\"filter\":\"raw\"},{\"ID\":585312,\"post_author\":\"0\",\"post_date\":\"2026-04-28 05:32:02\",\"post_date_gmt\":\"2026-04-28 03:32:02\",\"post_content\":\"\",\"post_title\":\"MGM Hotels &amp; Residenties - R\\u00e9sidence Alexane *****\",\"post_excerpt\":\"\",\"post_status\":\"publish\",\"comment_status\":\"closed\",\"ping_status\":\"closed\",\"post_password\":\"\",\"post_name\":\"alexane-residence\",\"to_ping\":\"\",\"pinged\":\"\",\"post_modified\":\"2026-04-28 05:32:02\",\"post_modified_gmt\":\"2026-04-28 03:32:02\",\"post_content_filtered\":\"\",\"post_parent\":0,\"guid\":\"https:\\\/\\\/www.samoens.com\\\/alexane-residence-2\\\/\",\"menu_order\":0,\"post_type\":\"articlesyatadata\",\"post_mime_type\":\"\",\"comment_count\":\"0\",\"filter\":\"raw\"},{\"ID\":584559,\"post_author\":\"0\",\"post_date\":\"2026-04-11 05:31:02\",\"post_date_gmt\":\"2026-04-11 03:31:02\",\"post_content\":\"\",\"post_title\":\"R\\u00e9sidence Lagrange - Les Fermes de Samo\\u00ebns\",\"post_excerpt\":\"\",\"post_status\":\"publish\",\"comment_status\":\"closed\",\"ping_status\":\"closed\",\"post_password\":\"\",\"post_name\":\"residence-lagrange-les-fermes-de-samoens\",\"to_ping\":\"\",\"pinged\":\"\",\"post_modified\":\"2026-04-11 05:31:02\",\"post_modified_gmt\":\"2026-04-11 03:31:02\",\"post_content_filtered\":\"\",\"post_parent\":0,\"guid\":\"https:\\\/\\\/www.samoens.com\\\/residence-lagrange-les-fermes-de-samoens-2\\\/\",\"menu_order\":0,\"post_type\":\"articlesyatadata\",\"post_mime_type\":\"\",\"comment_count\":\"0\",\"filter\":\"raw\"},{\"ID\":584556,\"post_author\":\"0\",\"post_date\":\"2026-04-16 05:30:58\",\"post_date_gmt\":\"2026-04-16 03:30:58\",\"post_content\":\"\",\"post_title\":\"Residence La Cour - Dahu Compagnie\",\"post_excerpt\":\"\",\"post_status\":\"publish\",\"comment_status\":\"closed\",\"ping_status\":\"closed\",\"post_password\":\"\",\"post_name\":\"residence-la-cour-dahu-compagnie\",\"to_ping\":\"\",\"pinged\":\"\",\"post_modified\":\"2026-04-16 05:30:58\",\"post_modified_gmt\":\"2026-04-16 03:30:58\",\"post_content_filtered\":\"\",\"post_parent\":0,\"guid\":\"https:\\\/\\\/www.samoens.com\\\/residence-la-cour-dahu-compagnie-2\\\/\",\"menu_order\":0,\"post_type\":\"articlesyatadata\",\"post_mime_type\":\"\",\"comment_count\":\"0\",\"filter\":\"raw\"},{\"ID\":584850,\"post_author\":\"0\",\"post_date\":\"2026-04-24 05:30:51\",\"post_date_gmt\":\"2026-04-24 03:30:51\",\"post_content\":\"\",\"post_title\":\"Residentie la Renardi\\u00e8re\",\"post_excerpt\":\"\",\"post_status\":\"publish\",\"comment_status\":\"closed\",\"ping_status\":\"closed\",\"post_password\":\"\",\"post_name\":\"residentie-la-renardiere\",\"to_ping\":\"\",\"pinged\":\"\",\"post_modified\":\"2026-04-24 05:30:51\",\"post_modified_gmt\":\"2026-04-24 03:30:51\",\"post_content_filtered\":\"\",\"post_parent\":0,\"guid\":\"https:\\\/\\\/www.samoens.com\\\/residentie-la-renardiere\\\/\",\"menu_order\":0,\"post_type\":\"articlesyatadata\",\"post_mime_type\":\"\",\"comment_count\":\"0\",\"filter\":\"raw\"},{\"ID\":586068,\"post_author\":\"0\",\"post_date\":\"2026-04-28 05:33:10\",\"post_date_gmt\":\"2026-04-28 03:33:10\",\"post_content\":\"\",\"post_title\":\"Residentie Club MMV Samo\\u00ebns Dorp\",\"post_excerpt\":\"\",\"post_status\":\"publish\",\"comment_status\":\"closed\",\"ping_status\":\"closed\",\"post_password\":\"\",\"post_name\":\"residence-club-mmv-samoens-village\",\"to_ping\":\"\",\"pinged\":\"\",\"post_modified\":\"2026-04-28 05:33:10\",\"post_modified_gmt\":\"2026-04-28 03:33:10\",\"post_content_filtered\":\"\",\"post_parent\":0,\"guid\":\"https:\\\/\\\/www.samoens.com\\\/residence-club-mmv-samoens-village-3\\\/\",\"menu_order\":0,\"post_type\":\"articlesyatadata\",\"post_mime_type\":\"\",\"comment_count\":\"0\",\"filter\":\"raw\"}];\n      var items0 = [{\"ID\":586440,\"post_author\":\"0\",\"post_date\":\"2026-04-28 05:33:38\",\"post_date_gmt\":\"2026-04-28 03:33:38\",\"post_content\":\"\",\"post_title\":\"CGH Residence &amp; Spa Les Chalets de La\\u00ffssia\",\"post_excerpt\":\"\",\"post_status\":\"publish\",\"comment_status\":\"closed\",\"ping_status\":\"closed\",\"post_password\":\"\",\"post_name\":\"cgh-residence-spa-les-chalets-de-layssia\",\"to_ping\":\"\",\"pinged\":\"\",\"post_modified\":\"2026-04-28 05:33:38\",\"post_modified_gmt\":\"2026-04-28 03:33:38\",\"post_content_filtered\":\"\",\"post_parent\":0,\"guid\":\"https:\\\/\\\/www.samoens.com\\\/cgh-residence-spa-les-chalets-de-layssia-3\\\/\",\"menu_order\":0,\"post_type\":\"articlesyatadata\",\"post_mime_type\":\"\",\"comment_count\":\"0\",\"filter\":\"raw\"},{\"ID\":584223,\"post_author\":\"0\",\"post_date\":\"2026-03-18 04:31:12\",\"post_date_gmt\":\"2026-03-18 03:31:12\",\"post_content\":\"\",\"post_title\":\"Arts et Vie residentie\",\"post_excerpt\":\"\",\"post_status\":\"publish\",\"comment_status\":\"closed\",\"ping_status\":\"closed\",\"post_password\":\"\",\"post_name\":\"arts-et-vie-residentie\",\"to_ping\":\"\",\"pinged\":\"\",\"post_modified\":\"2026-03-18 04:31:12\",\"post_modified_gmt\":\"2026-03-18 03:31:12\",\"post_content_filtered\":\"\",\"post_parent\":0,\"guid\":\"https:\\\/\\\/www.samoens.com\\\/arts-et-vie-residentie\\\/\",\"menu_order\":0,\"post_type\":\"articlesyatadata\",\"post_mime_type\":\"\",\"comment_count\":\"0\",\"filter\":\"raw\"},{\"ID\":584403,\"post_author\":\"0\",\"post_date\":\"2026-04-26 05:30:20\",\"post_date_gmt\":\"2026-04-26 03:30:20\",\"post_content\":\"\",\"post_title\":\"CGH Residences &amp; Spas La Reine des Pr\\u00e9s\",\"post_excerpt\":\"\",\"post_status\":\"publish\",\"comment_status\":\"closed\",\"ping_status\":\"closed\",\"post_password\":\"\",\"post_name\":\"cgh-residences-spas-la-reine-des-pres\",\"to_ping\":\"\",\"pinged\":\"\",\"post_modified\":\"2026-04-26 05:30:20\",\"post_modified_gmt\":\"2026-04-26 03:30:20\",\"post_content_filtered\":\"\",\"post_parent\":0,\"guid\":\"https:\\\/\\\/www.samoens.com\\\/cgh-residences-spas-la-reine-des-pres-3\\\/\",\"menu_order\":0,\"post_type\":\"articlesyatadata\",\"post_mime_type\":\"\",\"comment_count\":\"0\",\"filter\":\"raw\"},{\"ID\":585312,\"post_author\":\"0\",\"post_date\":\"2026-04-28 05:32:02\",\"post_date_gmt\":\"2026-04-28 03:32:02\",\"post_content\":\"\",\"post_title\":\"MGM Hotels &amp; Residenties - R\\u00e9sidence Alexane *****\",\"post_excerpt\":\"\",\"post_status\":\"publish\",\"comment_status\":\"closed\",\"ping_status\":\"closed\",\"post_password\":\"\",\"post_name\":\"alexane-residence\",\"to_ping\":\"\",\"pinged\":\"\",\"post_modified\":\"2026-04-28 05:32:02\",\"post_modified_gmt\":\"2026-04-28 03:32:02\",\"post_content_filtered\":\"\",\"post_parent\":0,\"guid\":\"https:\\\/\\\/www.samoens.com\\\/alexane-residence-2\\\/\",\"menu_order\":0,\"post_type\":\"articlesyatadata\",\"post_mime_type\":\"\",\"comment_count\":\"0\",\"filter\":\"raw\"},{\"ID\":584559,\"post_author\":\"0\",\"post_date\":\"2026-04-11 05:31:02\",\"post_date_gmt\":\"2026-04-11 03:31:02\",\"post_content\":\"\",\"post_title\":\"R\\u00e9sidence Lagrange - Les Fermes de Samo\\u00ebns\",\"post_excerpt\":\"\",\"post_status\":\"publish\",\"comment_status\":\"closed\",\"ping_status\":\"closed\",\"post_password\":\"\",\"post_name\":\"residence-lagrange-les-fermes-de-samoens\",\"to_ping\":\"\",\"pinged\":\"\",\"post_modified\":\"2026-04-11 05:31:02\",\"post_modified_gmt\":\"2026-04-11 03:31:02\",\"post_content_filtered\":\"\",\"post_parent\":0,\"guid\":\"https:\\\/\\\/www.samoens.com\\\/residence-lagrange-les-fermes-de-samoens-2\\\/\",\"menu_order\":0,\"post_type\":\"articlesyatadata\",\"post_mime_type\":\"\",\"comment_count\":\"0\",\"filter\":\"raw\"},{\"ID\":584556,\"post_author\":\"0\",\"post_date\":\"2026-04-16 05:30:58\",\"post_date_gmt\":\"2026-04-16 03:30:58\",\"post_content\":\"\",\"post_title\":\"Residence La Cour - Dahu Compagnie\",\"post_excerpt\":\"\",\"post_status\":\"publish\",\"comment_status\":\"closed\",\"ping_status\":\"closed\",\"post_password\":\"\",\"post_name\":\"residence-la-cour-dahu-compagnie\",\"to_ping\":\"\",\"pinged\":\"\",\"post_modified\":\"2026-04-16 05:30:58\",\"post_modified_gmt\":\"2026-04-16 03:30:58\",\"post_content_filtered\":\"\",\"post_parent\":0,\"guid\":\"https:\\\/\\\/www.samoens.com\\\/residence-la-cour-dahu-compagnie-2\\\/\",\"menu_order\":0,\"post_type\":\"articlesyatadata\",\"post_mime_type\":\"\",\"comment_count\":\"0\",\"filter\":\"raw\"},{\"ID\":584850,\"post_author\":\"0\",\"post_date\":\"2026-04-24 05:30:51\",\"post_date_gmt\":\"2026-04-24 03:30:51\",\"post_content\":\"\",\"post_title\":\"Residentie la Renardi\\u00e8re\",\"post_excerpt\":\"\",\"post_status\":\"publish\",\"comment_status\":\"closed\",\"ping_status\":\"closed\",\"post_password\":\"\",\"post_name\":\"residentie-la-renardiere\",\"to_ping\":\"\",\"pinged\":\"\",\"post_modified\":\"2026-04-24 05:30:51\",\"post_modified_gmt\":\"2026-04-24 03:30:51\",\"post_content_filtered\":\"\",\"post_parent\":0,\"guid\":\"https:\\\/\\\/www.samoens.com\\\/residentie-la-renardiere\\\/\",\"menu_order\":0,\"post_type\":\"articlesyatadata\",\"post_mime_type\":\"\",\"comment_count\":\"0\",\"filter\":\"raw\"},{\"ID\":586068,\"post_author\":\"0\",\"post_date\":\"2026-04-28 05:33:10\",\"post_date_gmt\":\"2026-04-28 03:33:10\",\"post_content\":\"\",\"post_title\":\"Residentie Club MMV Samo\\u00ebns Dorp\",\"post_excerpt\":\"\",\"post_status\":\"publish\",\"comment_status\":\"closed\",\"ping_status\":\"closed\",\"post_password\":\"\",\"post_name\":\"residence-club-mmv-samoens-village\",\"to_ping\":\"\",\"pinged\":\"\",\"post_modified\":\"2026-04-28 05:33:10\",\"post_modified_gmt\":\"2026-04-28 03:33:10\",\"post_content_filtered\":\"\",\"post_parent\":0,\"guid\":\"https:\\\/\\\/www.samoens.com\\\/residence-club-mmv-samoens-village-3\\\/\",\"menu_order\":0,\"post_type\":\"articlesyatadata\",\"post_mime_type\":\"\",\"comment_count\":\"0\",\"filter\":\"raw\"}];\n      var fields0 = {\"586440\":{\"id\":667693,\"presentation\":{\"descriptifCourt\":{\"libelleFr\":\"Situ\\u00e9e au c\\u0153ur du village de Samo\\u00ebns, Les Chalets de La\\u00ffssia*****, vous offre un environnement unique.\",\"libelleEn\":\"Located in the heart of the village of Samo\\u00ebns, Les Chalets de La\\u00ffssia*****, offers a unique environment.\",\"libelleNl\":\"Les Chalets de La\\u00ffssia***** ligt in het hart van het dorp Samo\\u00ebns en biedt een unieke omgeving.\"},\"descriptifDetaille\":{\"libelleFr\":\"Vous b\\u00e9n\\u00e9ficierez ainsi de services accrues et de prestations suppl\\u00e9mentaires, et nos \\u00e9quipes vous offriront un accueil sous le signe de l'excellence et de la convivialit\\u00e9.\\r\\nDans la r\\u00e9sidence vous pourrez profiter d'appartements enti\\u00e8rement \\u00e9quip\\u00e9s et tout confort, avec des pi\\u00e8ces \\u00e0 vivre spacieuses, du mobilier de qualit\\u00e9 et des balcons (ou terrasses) bien expos\\u00e9s. Sans oublier un acc\\u00e8s \\u00e0 la piscine int\\u00e9rieure chauff\\u00e9e, aux saunas et hammams, et salle de cardio-training, ainsi qu'\\u00e0 notre Spa \\u00d4 des Cimes.\",\"libelleEn\":\"You can take advantage of the leisure area with heated swimming pool and children's pool, saunas, whirlpools, hammam and cardio-training room.\\r\\nAccess our high-altitude Spa \\u00d4 Des Cimes, inside the residence for moments of well-being.\\r\\nAll in an authentic Savoy village, ideal for family holidays.\\r\\nIn winter, you will be a few minutes from the Grand Massif ski area.\\r\\n\\r\\nOur residence is made up of high-end apartments, from 2-room apartments for 4 people to 5-room apartments for 10 people. All fully equipped, spacious and with modern, high-quality furnishings, our apartments will bring you comfort and serenity throughout your stay in Samo\\u00ebns.\",\"libelleNl\":\"U kunt profiteren van het recreatiegebied met verwarmd zwembad en kinderbad, sauna's, whirlpools, hamam en cardio-trainingsruimte.\\r\\nToegang tot onze hooggelegen Spa \\u00d4 Des Cimes, in de residentie voor momenten van welzijn.\\r\\nAlles in een authentiek Savoy-dorp, ideaal voor familievakanties.\\r\\nIn de winter bent u binnen een paar minuten in het skigebied Grand Massif.\\r\\n\\r\\nOnze residentie bestaat uit hoogwaardige appartementen, van tweekamerappartementen voor 4 personen tot 5-kamerappartementen voor 10 personen. Alle appartementen zijn volledig uitgerust, ruim en met moderne meubels van hoge kwaliteit. Onze appartementen bieden u comfort en rust tijdens uw verblijf in Samo\\u00ebns.\"},\"typologiesPromoSitra\":[{\"elementReferenceType\":\"TypologiePromoSitra\",\"id\":1536}]},\"nom\":{\"libelleFr\":\"CGH R\\u00e9sidence & Spa Les Chalets de La\\u00ffssia\",\"libelleEn\":\"CGH Residence & Spa Les Chalets de La\\u00ffssia\",\"libelleNl\":\"CGH Residence & Spa Les Chalets de La\\u00ffssia\"},\"Classement\":\"5 sterren\",\"informationsActivite\":null,\"prestations\":{\"equipements\":[{\"elementReferenceType\":\"PrestationEquipement\",\"id\":1504},{\"elementReferenceType\":\"PrestationEquipement\",\"id\":1506},{\"elementReferenceType\":\"PrestationEquipement\",\"id\":1507},{\"elementReferenceType\":\"PrestationEquipement\",\"id\":1093},{\"elementReferenceType\":\"PrestationEquipement\",\"id\":1323},{\"elementReferenceType\":\"PrestationEquipement\",\"id\":972},{\"elementReferenceType\":\"PrestationEquipement\",\"id\":1057},{\"elementReferenceType\":\"PrestationEquipement\",\"id\":1038},{\"elementReferenceType\":\"PrestationEquipement\",\"id\":914},{\"elementReferenceType\":\"PrestationEquipement\",\"id\":624},{\"elementReferenceType\":\"PrestationEquipement\",\"id\":606}],\"services\":[{\"elementReferenceType\":\"PrestationService\",\"id\":687},{\"elementReferenceType\":\"PrestationService\",\"id\":1020},{\"elementReferenceType\":\"PrestationService\",\"id\":1025},{\"elementReferenceType\":\"PrestationService\",\"id\":1111},{\"elementReferenceType\":\"PrestationService\",\"id\":1115},{\"elementReferenceType\":\"PrestationService\",\"id\":1130},{\"elementReferenceType\":\"PrestationService\",\"id\":1157},{\"elementReferenceType\":\"PrestationService\",\"id\":1166},{\"elementReferenceType\":\"PrestationService\",\"id\":5061}],\"animauxAcceptes\":\"ACCEPTES\",\"animauxAcceptesSupplement\":\"AVEC_SUPPLEMENT\",\"conforts\":[{\"elementReferenceType\":\"PrestationConfort\",\"id\":847},{\"elementReferenceType\":\"PrestationConfort\",\"id\":943},{\"elementReferenceType\":\"PrestationConfort\",\"id\":951},{\"elementReferenceType\":\"PrestationConfort\",\"id\":971},{\"elementReferenceType\":\"PrestationConfort\",\"id\":922},{\"elementReferenceType\":\"PrestationConfort\",\"id\":999},{\"elementReferenceType\":\"PrestationConfort\",\"id\":946},{\"elementReferenceType\":\"PrestationConfort\",\"id\":1016},{\"elementReferenceType\":\"PrestationConfort\",\"id\":1015},{\"elementReferenceType\":\"PrestationConfort\",\"id\":1011},{\"elementReferenceType\":\"PrestationConfort\",\"id\":1013},{\"elementReferenceType\":\"PrestationConfort\",\"id\":1010},{\"elementReferenceType\":\"PrestationConfort\",\"id\":1014},{\"elementReferenceType\":\"PrestationConfort\",\"id\":5940},{\"elementReferenceType\":\"PrestationConfort\",\"id\":4061},{\"elementReferenceType\":\"PrestationConfort\",\"id\":6601},{\"elementReferenceType\":\"PrestationConfort\",\"id\":904},{\"elementReferenceType\":\"PrestationConfort\",\"id\":898},{\"elementReferenceType\":\"PrestationConfort\",\"id\":5915},{\"elementReferenceType\":\"PrestationConfort\",\"id\":6804},{\"elementReferenceType\":\"PrestationConfort\",\"id\":1004},{\"elementReferenceType\":\"PrestationConfort\",\"id\":838},{\"elementReferenceType\":\"PrestationConfort\",\"id\":907},{\"elementReferenceType\":\"PrestationConfort\",\"id\":850},{\"elementReferenceType\":\"PrestationConfort\",\"id\":799}],\"languesParlees\":[{\"elementReferenceType\":\"Langue\",\"id\":1192},{\"elementReferenceType\":\"Langue\",\"id\":1197}],\"languesDocumentation\":[{\"elementReferenceType\":\"Langue\",\"id\":1197}],\"complementAccueil\":{},\"tourismesAdaptes\":[{\"elementReferenceType\":\"TourismeAdapte\",\"id\":3653},{\"elementReferenceType\":\"TourismeAdapte\",\"id\":3663},{\"elementReferenceType\":\"TourismeAdapte\",\"id\":3673}],\"surchargeTourismesAdaptes\":true,\"descriptifHandicapMoteur\":{\"libelleFr\":\"Acc\\u00e8s \\u00e0 l'espace bien \\u00eatre possible avec ascenseur.\",\"libelleEn\":\"Elevator access to wellness area.\",\"libelleNl\":\"Lift naar de wellnessruimte.\"},\"surchargeDescriptifHandicapMoteur\":true,\"surchargeDescriptifHandicapAuditif\":true,\"surchargeDescriptifHandicapVisuel\":true,\"surchargeDescriptifHandicapMental\":true,\"surchargeNombreFauteuilsRoulants\":true,\"typesClientele\":[{\"elementReferenceType\":\"TypeClientele\",\"id\":593}]},\"CATEG_ASPECTS\":{\"HIVER\":{\"main_img\":\"3972375-diaporama.jpg\"},\"ETE\":{\"main_img\":\"2250341-diaporama.jpg\"}},\"PARKING\":\"On\",\"WIFI\":\"On\",\"ANIMAUX\":\"On\",\"CLIMATISATION\":null,\"GARAGE\":null,\"TERRASSE\":null,\"JEUX\":null,\"TV\":null,\"ASCENSEUR\":\"On\",\"PISCINE\":\"On\",\"SAUNA\":null,\"SPA\":\"On\",\"VELO\":\"On\",\"main_img\":\"3972375-diaporama.jpg\",\"localisation\":{\"adresse\":{\"adresse1\":\"19, Place des 7 Monts\",\"codePostal\":\"74340\",\"commune\":{\"id\":30826}},\"geolocalisation\":{\"reperePlan\":\"L7\",\"altitude\":720,\"valide\":true,\"geoJson\":{\"type\":\"Point\",\"coordinates\":[6.7235139999999997684199115610681474208831787109375,46.0838949999999982765075401403009891510009765625]}},\"perimetreGeographique\":[{\"id\":30826}],\"environnements\":[{\"elementReferenceType\":\"Environnement\",\"id\":169},{\"elementReferenceType\":\"Environnement\",\"id\":171},{\"elementReferenceType\":\"Environnement\",\"id\":184}]},\"COMMUNE\":\"Samo\\u00ebns\",\"NBREEMPLACEMENTS\":null,\"tarifChDbl\":null,\"datesOuverture\":[\"2026-06-12\",\"2026-06-13\",\"2026-06-14\",\"2026-06-15\",\"2026-06-16\",\"2026-06-17\",\"2026-06-18\",\"2026-06-19\",\"2026-06-20\",\"2026-06-21\",\"2026-06-22\",\"2026-06-23\",\"2026-06-24\",\"2026-06-25\",\"2026-06-26\",\"2026-06-27\",\"2026-06-28\",\"2026-06-29\",\"2026-06-30\",\"2026-07-01\",\"2026-07-02\",\"2026-07-03\",\"2026-07-04\",\"2026-07-05\",\"2026-07-06\",\"2026-07-07\",\"2026-07-08\",\"2026-07-09\",\"2026-07-10\",\"2026-07-11\",\"2026-07-12\",\"2026-07-13\",\"2026-07-14\",\"2026-07-15\",\"2026-07-16\",\"2026-07-17\",\"2026-07-18\",\"2026-07-19\",\"2026-07-20\",\"2026-07-21\",\"2026-07-22\",\"2026-07-23\",\"2026-07-24\",\"2026-07-25\",\"2026-07-26\",\"2026-07-27\",\"2026-07-28\",\"2026-07-29\",\"2026-07-30\",\"2026-07-31\",\"2026-08-01\",\"2026-08-02\",\"2026-08-03\",\"2026-08-04\",\"2026-08-05\",\"2026-08-06\",\"2026-08-07\",\"2026-08-08\",\"2026-08-09\",\"2026-08-10\",\"2026-08-11\",\"2026-08-12\",\"2026-08-13\",\"2026-08-14\",\"2026-08-15\",\"2026-08-16\",\"2026-08-17\",\"2026-08-18\",\"2026-08-19\",\"2026-08-20\",\"2026-08-21\",\"2026-08-22\",\"2026-08-23\",\"2026-08-24\",\"2026-08-25\",\"2026-08-26\",\"2026-08-27\",\"2026-08-28\",\"2026-08-29\",\"2026-08-30\",\"2026-08-31\",\"2026-09-01\",\"2026-09-02\",\"2026-09-03\",\"2026-09-04\",\"2026-09-05\",\"2026-09-06\",\"2026-09-07\",\"2026-09-08\",\"2026-09-09\",\"2026-09-10\",\"2026-09-11\",\"2026-09-12\",\"2026-09-13\",\"2026-09-14\",\"2026-09-15\",\"2026-09-16\",\"2026-09-17\",\"2026-09-18\",\"2026-09-19\",\"2026-09-20\",\"2026-09-21\",\"2026-09-22\",\"2026-09-23\",\"2026-09-24\",\"2026-09-25\",\"2026-09-26\",\"2026-09-27\",\"2026-09-28\",\"2026-09-29\",\"2026-09-30\",\"2026-10-01\",\"2026-10-02\",\"2026-10-03\",\"2026-10-04\",\"2026-10-05\",\"2026-10-06\",\"2026-10-07\",\"2026-10-08\",\"2026-10-09\",\"2026-10-10\",\"2026-10-11\",\"2026-10-12\",\"2026-10-13\",\"2026-10-14\",\"2026-10-15\",\"2026-10-16\",\"2026-10-17\",\"2026-10-18\",\"2026-10-19\",\"2026-10-20\",\"2026-10-21\",\"2026-10-22\",\"2026-10-23\",\"2026-10-24\",\"2026-10-25\",\"2026-10-26\",\"2026-10-27\",\"2026-10-28\",\"2026-10-29\",\"2026-10-30\",\"2026-10-31\",\"2026-11-01\"],\"SERVICES\":[\"Huisdieren toegestaan\",\"Schoonheidsverzorging\",\"Huisdieren mits toeslag\",\"Bagagerie\",\"Wifi Internet\",\"Toeristische documentatie\",\"Massages \\\/ Modelages\",\"Schoonmaken einde verblijf\",\"Bedden gemaakt bij aankomst\"],\"INFOSSEJOURHEBERGEMENT\":null,\"typesCommerce\":null,\"modesPaiement\":[\"Bankkaart\\\/creditcard\",\"Vakantiecheques\"],\"CAPACITEACCUEIL\":null,\"CRIT_FAMILLE\":null,\"CRIT_SPORT\":null,\"CRIT_PATRIMOINE\":null,\"CRIT_ARTISANAT\":null,\"CRIT_GASTRO\":null,\"CRIT_MUSIQUE\":null,\"CRIT_EXPO\":null,\"CRIT_BIENETRE\":null,\"ouverture\":{\"periodeEnClair\":{\"libelleFr\":\"Du 19\\\/12\\\/2025 au 19\\\/04\\\/2026 tous les jours.\\nHoraires accueil r\\u00e9sidence :\\r\\nDu dimanche au vendredi : 8h - 12h \\\/ 16h - 20h\\r\\nSamedi : 7h - 20h.\\n\\nDu 12\\\/06 au 01\\\/11\\\/2026 tous les jours.\\nHoraires accueil r\\u00e9sidence :\\r\\nDu dimanche au vendredi : 8h - 12h \\\/ 16h - 20h\\r\\nSamedi : 7h - 20h.\",\"libelleEn\":\"From 19\\\/12\\\/2025 to 19\\\/04\\\/2026 daily.\\nOpening hours :\\r\\nSunday to Friday: 8am - 12am \\\/ 4pm - 8pm\\r\\nSaturday: 7am - 8pm.\\n\\nFrom 12\\\/06 to 01\\\/11\\\/2026 daily.\\nOpening hours :\\r\\nSunday to Friday: 8am - 12am \\\/ 4pm - 8pm\\r\\nSaturday: 7am - 8pm.\",\"libelleEs\":\"Del 19\\\/12\\\/2025 al 19\\\/04\\\/2026 todos los dias.\\n\\nDel 12\\\/06 al 01\\\/11\\\/2026 todos los dias.\",\"libelleIt\":\"Dal 19\\\/12\\\/2025 al 19\\\/04\\\/2026 ogni giorno.\\n\\nDal 12\\\/06 al 01\\\/11\\\/2026 ogni giorno.\",\"libelleDe\":\"Vom 19\\\/12\\\/2025 bis 19\\\/04\\\/2026 t\\u00e4glich.\\n\\nVom 12\\\/06 bis 01\\\/11\\\/2026 t\\u00e4glich.\",\"libelleNl\":\"Van 19\\\/12\\\/2025 tot en met 19\\\/04\\\/2026 iedere dag.\\nOpeningstijden :\\r\\nZondag tot vrijdag: 8u - 12u \\\/ 16u - 20u\\r\\nZaterdag: 7u - 20u.\\n\\nVan 12\\\/06 tot en met 01\\\/11\\\/2026 iedere dag.\\nOpeningstijden :\\r\\nZondag tot vrijdag: 8u - 12u \\\/ 16u - 20u\\r\\nZaterdag: 7u - 20u.\",\"libelleRu\":\"\\u0421 19\\\/12\\\/2025 \\u0434\\u043e 19\\\/04\\\/2026 \\u0435\\u0436\\u0435\\u0434\\u043d\\u0435\\u0432\\u043d\\u043e.\\n\\n\\u0421 12\\\/06 \\u0434\\u043e 01\\\/11\\\/2026 \\u0435\\u0436\\u0435\\u0434\\u043d\\u0435\\u0432\\u043d\\u043e.\",\"libelleZh\":\"\\u4ece 2025\\u5e7412\\u670819\\u65e5 \\u5230 2026\\u5e744\\u670819\\u65e5 \\u65e5\\u5e38.\\n\\n\\u4ece 6\\u670812\\u65e5 \\u5230 2026\\u5e7411\\u67081\\u65e5 \\u65e5\\u5e38.\",\"libellePtBR\":\"De 19\\\/12\\\/2025 a 19\\\/04\\\/2026 todos os dias.\\n\\nDe 12\\\/06 a 01\\\/11\\\/2026 todos os dias.\",\"libelleJa\":\"19\\\/12\\\/2025 \\u304b\\u3089 19\\\/04\\\/2026 \\u307e\\u3067 \\u6bce\\u65e5.\\n\\n12\\\/06 \\u304b\\u3089 01\\\/11\\\/2026 \\u307e\\u3067 \\u6bce\\u65e5.\",\"libelleKo\":\"19\\\/12\\\/2025 \\uc77c\\ubd80\\ud130 19\\\/04\\\/2026 \\uc77c\\uae4c\\uc9c0 \\ub9e4\\uc77c.\\n\\n12\\\/06 \\uc77c\\ubd80\\ud130 01\\\/11\\\/2026 \\uc77c\\uae4c\\uc9c0 \\ub9e4\\uc77c.\"},\"periodeEnClairGenerationMode\":\"AUTOMATIQUE\",\"indicationsPeriode\":[{\"elementReferenceType\":\"IndicationPeriode\",\"id\":416},{\"elementReferenceType\":\"IndicationPeriode\",\"id\":418},{\"elementReferenceType\":\"IndicationPeriode\",\"id\":435},{\"elementReferenceType\":\"IndicationPeriode\",\"id\":436}],\"periodesOuvertures\":[{\"identifiant\":37039963,\"dateDebut\":\"2025-12-19\",\"dateFin\":\"2026-04-19\",\"complementHoraire\":{\"libelleFr\":\"Horaires accueil r\\u00e9sidence :\\r\\nDu dimanche au vendredi : 8h - 12h \\\/ 16h - 20h\\r\\nSamedi : 7h - 20h\",\"libelleEn\":\"Opening hours :\\r\\nSunday to Friday: 8am - 12am \\\/ 4pm - 8pm\\r\\nSaturday: 7am - 8pm\",\"libelleNl\":\"Openingstijden :\\r\\nZondag tot vrijdag: 8u - 12u \\\/ 16u - 20u\\r\\nZaterdag: 7u - 20u\"},\"type\":\"OUVERTURE_TOUS_LES_JOURS\",\"tousLesAns\":false,\"identifiantTechnique\":39908814,\"horaires\":[{\"id\":4563140,\"type\":{\"elementReferenceType\":\"HoraireType\",\"id\":7487},\"timePeriods\":[{\"id\":5058933,\"closed\":false,\"weekdays\":[\"MON\",\"SUN\",\"FRI\",\"SAT\",\"HOL\",\"THU\",\"WED\",\"TUE\"]}]}]},{\"identifiant\":39908858,\"dateDebut\":\"2026-06-12\",\"dateFin\":\"2026-11-01\",\"complementHoraire\":{\"libelleFr\":\"Horaires accueil r\\u00e9sidence :\\r\\nDu dimanche au vendredi : 8h - 12h \\\/ 16h - 20h\\r\\nSamedi : 7h - 20h\",\"libelleEn\":\"Opening hours :\\r\\nSunday to Friday: 8am - 12am \\\/ 4pm - 8pm\\r\\nSaturday: 7am - 8pm\",\"libelleNl\":\"Openingstijden :\\r\\nZondag tot vrijdag: 8u - 12u \\\/ 16u - 20u\\r\\nZaterdag: 7u - 20u\"},\"type\":\"OUVERTURE_TOUS_LES_JOURS\",\"tousLesAns\":false,\"identifiantTechnique\":39908858,\"horaires\":[{\"id\":4563189,\"type\":{\"elementReferenceType\":\"HoraireType\",\"id\":7487},\"timePeriods\":[{\"id\":5058999,\"closed\":false,\"weekdays\":[\"MON\",\"SUN\",\"FRI\",\"SAT\",\"HOL\",\"THU\",\"WED\",\"TUE\"]}]}]}]},\"NBRECOUVERTS\":null,\"categoriesRestau\":null,\"reservation\":{\"organismes\":[{\"identifiant\":3058217,\"nom\":\"CGH Centrale de r\\u00e9servation\",\"type\":{\"elementReferenceType\":\"ReservationType\",\"id\":475},\"moyensCommunication\":[{\"identifiant\":53282995,\"type\":{\"elementReferenceType\":\"MoyenCommunicationType\",\"id\":201},\"coordonnees\":{\"fr\":\"04 50 33 10 96\"},\"observation\":{}},{\"identifiant\":53283071,\"type\":{\"elementReferenceType\":\"MoyenCommunicationType\",\"id\":204},\"coordonnees\":{\"fr\":\"contact@cgh-residences.com\"},\"observation\":{}},{\"identifiant\":53283022,\"type\":{\"elementReferenceType\":\"MoyenCommunicationType\",\"id\":205},\"coordonnees\":{\"fr\":\"https:\\\/\\\/www.cgh-residences.com\\\/residences\\\/les-chalets-de-layssia-25\"}}],\"locked\":false},{\"identifiant\":9184343,\"structureReference\":{\"type\":\"STRUCTURE\",\"id\":63609},\"nom\":\"Samo\\u00ebns R\\u00e9servations\",\"type\":{\"elementReferenceType\":\"ReservationType\",\"id\":473},\"moyensCommunication\":[{\"identifiant\":9890113,\"type\":{\"elementReferenceType\":\"MoyenCommunicationType\",\"id\":201},\"coordonnees\":{\"fr\":\"04 50 78 62 50\",\"en\":\"+33 4 50 78 62 50\",\"nl\":\"+33 4 50 78 62 50\"}},{\"identifiant\":9890115,\"type\":{\"elementReferenceType\":\"MoyenCommunicationType\",\"id\":204},\"coordonnees\":{\"fr\":\"reservation@samoens.com\",\"en\":\"reservation@samoens.com\",\"nl\":\"reservation@samoens.com\"}},{\"identifiant\":131752810,\"type\":{\"elementReferenceType\":\"MoyenCommunicationType\",\"id\":205},\"coordonnees\":{\"fr\":\"https:\\\/\\\/reservation.samoens.com\\\/cgh-les-chalets-de-layssia.html\"}}],\"locked\":false}]},\"indicationsPeriode\":[\"Najaar\",\"Zomer\",\"Winter\",\"Voorjaar\"]},\"584223\":{\"id\":120050,\"presentation\":{\"descriptifCourt\":{\"libelleFr\":\"A proximit\\u00e9 du centre du village et de la t\\u00e9l\\u00e9cabine, cette r\\u00e9sidence grand confort vous propose en toute saison : calme, tranquillit\\u00e9, convivialit\\u00e9, sport, animations gratuites et sorties. Parc de 2,5 ha.\",\"libelleEn\":\"Situated close to both the centre of Samoens and the chairlift, this comfortable and friendly residence offers peace and tranquility, activities and free outings, plus sports facilties.\",\"libelleNl\":\"Vakantiehuis voor alle seizoenen , met zeer comfortabele faciliteiten - voor sport en een vriendelijk verblijf . Gelegen naast het centrum van het dorp  en van de Grand Massif Express skilift.\"},\"descriptifDetaille\":{\"libelleFr\":\"Situ\\u00e9e \\u00e0 700 m d'altitude, proche du centre et \\u00e0 300 m du Grand Massif Express, cette r\\u00e9sidence, install\\u00e9e dans un parc de 2,5 ha, est compos\\u00e9e d'un grand chalet d'accueil-loisirs et de 6 grands chalets abritant les appartements grand confort (micro-ondes, Lave-vaisselle, TV \\u00e9cran plat, wifi, 1 place de parking souterrain par logement). Au c\\u0153ur de la Vall\\u00e9e du Giffre, \\u00e0 deux pas du Mont Blanc, des grandes villes et des grands mus\\u00e9es suisses.\",\"libelleEn\":\"Situated at an altitude of 700 m, close to the center and 300 m from the Grand Massif Express gondola, this residence, set in 2.5 ha of parkland, features a large welcome and leisure chalet and 6 large chalets providing comfortable flats (microwave, dishwasher, flat-screen TV, wifi, 1 underground parking space per accommodation). In the heart of the Giffre Valley, a few steps away from the Mont Blanc, the big cities, and the major Swiss museums.\",\"libelleNl\":\"Gelegen op 700 m hoogte, dicht bij het centrum en op 300 m van de Grand Massif Express, bestaat deze residentie, gelegen in een park van 2,5 ha, uit een groot onthaal-ontspanningschalet en 6 grote chalets met appartementen met hoog comfort (microgolfoven, vaatwasmachine, flatscreen-tv, wifi, 1 ondergrondse parkeerplaats per accommodatie). In het hart van de Giffrevallei, op een steenworp afstand van de Mont Blanc, de grote steden en de grote Zwitserse musea.\"},\"descriptifsThematises\":[{\"theme\":{\"elementReferenceType\":\"DescriptifTheme\",\"id\":5154},\"description\":{\"libelleFr\":\"Hors vacances scolaires, tarifs int\\u00e9ressants. Semaines th\\u00e9matiques.\\r\\nTarif No\\u00ebl de 530 \\u00e0 780 \\u20ac.\",\"libelleEn\":\"Low prices outside school holidays. Weeks with special themes.\\r\\nChristmas tarif from 530 \\u20ac to 780 \\u20ac.\",\"libelleNl\":\"Lage prijzen buiten de schoolvakanties. Weken met speciale thema's.\\r\\nKersttarief van 530 \\u20ac tot 780 \\u20ac.\"}}],\"typologiesPromoSitra\":[{\"elementReferenceType\":\"TypologiePromoSitra\",\"id\":1589},{\"elementReferenceType\":\"TypologiePromoSitra\",\"id\":6199}],\"bonsPlans\":{\"libelleFr\":\"Hors vacances scolaires, tarifs int\\u00e9ressants. Semaines th\\u00e9matiques.\\r\\nTarif No\\u00ebl de 530 \\u00e0 780 \\u20ac.\",\"libelleEn\":\"Low prices outside school holidays. Weeks with special themes.\\r\\nChristmas tarif from 530 \\u20ac to 780 \\u20ac.\",\"libelleNl\":\"Lage prijzen buiten de schoolvakanties. Weken met speciale thema's.\\r\\nKersttarief van 530 \\u20ac tot 780 \\u20ac.\"}},\"nom\":{\"libelleFr\":\"R\\u00e9sidence Arts et Vie Samo\\u00ebns\",\"libelleEn\":\"Arts et Vie residence\",\"libelleNl\":\"Arts et Vie residentie\"},\"Classement\":\"3 sterren\",\"informationsActivite\":null,\"prestations\":{\"equipements\":[{\"elementReferenceType\":\"PrestationEquipement\",\"id\":1297},{\"elementReferenceType\":\"PrestationEquipement\",\"id\":4554},{\"elementReferenceType\":\"PrestationEquipement\",\"id\":4054},{\"elementReferenceType\":\"PrestationEquipement\",\"id\":1298},{\"elementReferenceType\":\"PrestationEquipement\",\"id\":5215},{\"elementReferenceType\":\"PrestationEquipement\",\"id\":4062},{\"elementReferenceType\":\"PrestationEquipement\",\"id\":1058},{\"elementReferenceType\":\"PrestationEquipement\",\"id\":5592},{\"elementReferenceType\":\"PrestationEquipement\",\"id\":6393},{\"elementReferenceType\":\"PrestationEquipement\",\"id\":1300},{\"elementReferenceType\":\"PrestationEquipement\",\"id\":972},{\"elementReferenceType\":\"PrestationEquipement\",\"id\":5048},{\"elementReferenceType\":\"PrestationEquipement\",\"id\":4063},{\"elementReferenceType\":\"PrestationEquipement\",\"id\":672},{\"elementReferenceType\":\"PrestationEquipement\",\"id\":4055},{\"elementReferenceType\":\"PrestationEquipement\",\"id\":715},{\"elementReferenceType\":\"PrestationEquipement\",\"id\":723},{\"elementReferenceType\":\"PrestationEquipement\",\"id\":914},{\"elementReferenceType\":\"PrestationEquipement\",\"id\":1050},{\"elementReferenceType\":\"PrestationEquipement\",\"id\":1421},{\"elementReferenceType\":\"PrestationEquipement\",\"id\":984},{\"elementReferenceType\":\"PrestationEquipement\",\"id\":1030},{\"elementReferenceType\":\"PrestationEquipement\",\"id\":3833},{\"elementReferenceType\":\"PrestationEquipement\",\"id\":1378},{\"elementReferenceType\":\"PrestationEquipement\",\"id\":612},{\"elementReferenceType\":\"PrestationEquipement\",\"id\":826},{\"elementReferenceType\":\"PrestationEquipement\",\"id\":860},{\"elementReferenceType\":\"PrestationEquipement\",\"id\":707},{\"elementReferenceType\":\"PrestationEquipement\",\"id\":836},{\"elementReferenceType\":\"PrestationEquipement\",\"id\":624},{\"elementReferenceType\":\"PrestationEquipement\",\"id\":1290},{\"elementReferenceType\":\"PrestationEquipement\",\"id\":606}],\"services\":[{\"elementReferenceType\":\"PrestationService\",\"id\":687},{\"elementReferenceType\":\"PrestationService\",\"id\":791},{\"elementReferenceType\":\"PrestationService\",\"id\":993},{\"elementReferenceType\":\"PrestationService\",\"id\":995},{\"elementReferenceType\":\"PrestationService\",\"id\":1115},{\"elementReferenceType\":\"PrestationService\",\"id\":1145}],\"animauxAcceptes\":\"ACCEPTES\",\"animauxAcceptesSupplement\":\"SANS_SUPPLEMENT\",\"descriptifAnimauxAcceptes\":{\"libelleFr\":\"Accueil des animaux : Les animaux, except\\u00e9 les chiens de 1ere cat\\u00e9gorie, sont accept\\u00e9s sur pr\\u00e9sentation du carnet de sant\\u00e9 \\u00e0 jour. Ils ne sont pas admis dans les espaces ext\\u00e9rieurs et les parties communes de la R\\u00e9sidence\",\"libelleEn\":\"Pets:  Except for 1st category dogs, are accepted on presentation of an up-to-date health book. They are not allowed in the outside areas and common areas of the Residence\",\"libelleNl\":\"Huisdieren: met uitzondering van honden van de 1e categorie, worden geaccepteerd op vertoon van een up-to-date gezondheidsboekje. Ze zijn niet toegestaan in de buitenruimtes en gemeenschappelijke ruimtes van de Residence\"},\"activites\":[{\"elementReferenceType\":\"PrestationActivite\",\"id\":3927},{\"elementReferenceType\":\"PrestationActivite\",\"id\":691},{\"elementReferenceType\":\"PrestationActivite\",\"id\":582},{\"elementReferenceType\":\"PrestationActivite\",\"id\":3926},{\"elementReferenceType\":\"PrestationActivite\",\"id\":669},{\"elementReferenceType\":\"PrestationActivite\",\"id\":680}],\"conforts\":[{\"elementReferenceType\":\"PrestationConfort\",\"id\":847},{\"elementReferenceType\":\"PrestationConfort\",\"id\":943},{\"elementReferenceType\":\"PrestationConfort\",\"id\":951},{\"elementReferenceType\":\"PrestationConfort\",\"id\":824},{\"elementReferenceType\":\"PrestationConfort\",\"id\":882},{\"elementReferenceType\":\"PrestationConfort\",\"id\":960},{\"elementReferenceType\":\"PrestationConfort\",\"id\":917},{\"elementReferenceType\":\"PrestationConfort\",\"id\":922},{\"elementReferenceType\":\"PrestationConfort\",\"id\":999},{\"elementReferenceType\":\"PrestationConfort\",\"id\":946},{\"elementReferenceType\":\"PrestationConfort\",\"id\":949},{\"elementReferenceType\":\"PrestationConfort\",\"id\":902},{\"elementReferenceType\":\"PrestationConfort\",\"id\":1015},{\"elementReferenceType\":\"PrestationConfort\",\"id\":988},{\"elementReferenceType\":\"PrestationConfort\",\"id\":1011},{\"elementReferenceType\":\"PrestationConfort\",\"id\":1012},{\"elementReferenceType\":\"PrestationConfort\",\"id\":1014},{\"elementReferenceType\":\"PrestationConfort\",\"id\":4060},{\"elementReferenceType\":\"PrestationConfort\",\"id\":5914},{\"elementReferenceType\":\"PrestationConfort\",\"id\":997},{\"elementReferenceType\":\"PrestationConfort\",\"id\":5691},{\"elementReferenceType\":\"PrestationConfort\",\"id\":904},{\"elementReferenceType\":\"PrestationConfort\",\"id\":963},{\"elementReferenceType\":\"PrestationConfort\",\"id\":898},{\"elementReferenceType\":\"PrestationConfort\",\"id\":5915},{\"elementReferenceType\":\"PrestationConfort\",\"id\":973},{\"elementReferenceType\":\"PrestationConfort\",\"id\":842},{\"elementReferenceType\":\"PrestationConfort\",\"id\":6804},{\"elementReferenceType\":\"PrestationConfort\",\"id\":774},{\"elementReferenceType\":\"PrestationConfort\",\"id\":838},{\"elementReferenceType\":\"PrestationConfort\",\"id\":799}],\"languesParlees\":[{\"elementReferenceType\":\"Langue\",\"id\":1192},{\"elementReferenceType\":\"Langue\",\"id\":5118},{\"elementReferenceType\":\"Langue\",\"id\":1194},{\"elementReferenceType\":\"Langue\",\"id\":1197}],\"languesDocumentation\":[{\"elementReferenceType\":\"Langue\",\"id\":1189},{\"elementReferenceType\":\"Langue\",\"id\":1192},{\"elementReferenceType\":\"Langue\",\"id\":1197}],\"complementAccueil\":{\"libelleFr\":\"Ne re\\u00e7oit pas de classe de neige.\\r\\n3 logements 2 pi\\u00e8ces pour 4 adapt\\u00e9s \\u00e0 l\\u2019h\\u00e9bergement des personnes handicap\\u00e9es moteur.\\r\\n1 Place de parking couvert par appartement\\r\\nWIFI \\r\\nDraps fournis.\\r\\nR\\u00e9servation de repas et de pain.\\r\\nLocation de salle (100 personnes maximum).\",\"libelleEn\":\"Do not receive school winter camps.\\r\\n3 two-roomed flats for 4 people adapted to accommodate people with reduced mobility.\\r\\n1 covered parking space per flat\\r\\nWIFI \\r\\nSheets are provided.\\r\\nMeal and bread supplies are bookable.\\r\\nMeeting room rental (100 people maximum).\",\"libelleNl\":\"Krijgt geen sneeuwklas.\\r\\n3 tweekamerappartementen voor 4 personen, aangepast voor mensen met een motorische handicap.\\r\\n1 overdekte parkeerplaats per appartement\\r\\nWIFI \\r\\nBladen voorzien.\\r\\nReservering van maaltijden en brood.\\r\\nZaalhuur (maximaal 100 personen).\"},\"tourismesAdaptes\":[{\"elementReferenceType\":\"TourismeAdapte\",\"id\":3652},{\"elementReferenceType\":\"TourismeAdapte\",\"id\":3653},{\"elementReferenceType\":\"TourismeAdapte\",\"id\":3655},{\"elementReferenceType\":\"TourismeAdapte\",\"id\":3657},{\"elementReferenceType\":\"TourismeAdapte\",\"id\":3663},{\"elementReferenceType\":\"TourismeAdapte\",\"id\":3664},{\"elementReferenceType\":\"TourismeAdapte\",\"id\":3667},{\"elementReferenceType\":\"TourismeAdapte\",\"id\":3668},{\"elementReferenceType\":\"TourismeAdapte\",\"id\":3673},{\"elementReferenceType\":\"TourismeAdapte\",\"id\":3674},{\"elementReferenceType\":\"TourismeAdapte\",\"id\":3684}],\"surchargeTourismesAdaptes\":true,\"surchargeDescriptifHandicapMoteur\":true,\"surchargeDescriptifHandicapAuditif\":true,\"surchargeDescriptifHandicapVisuel\":true,\"surchargeDescriptifHandicapMental\":true,\"nombrePersonnesEnFauteuilRoulantAccueilliesSimultanement\":3,\"surchargeNombreFauteuilsRoulants\":true,\"typesClientele\":[{\"elementReferenceType\":\"TypeClientele\",\"id\":593}]},\"CATEG_ASPECTS\":{\"HIVER\":{\"main_img\":\"975907-diaporama.jpg\"},\"ETE\":{\"main_img\":\"18888765-diaporama.jpg\"}},\"PARKING\":\"On\",\"WIFI\":\"On\",\"ANIMAUX\":\"On\",\"CLIMATISATION\":null,\"GARAGE\":\"On\",\"TERRASSE\":\"On\",\"JEUX\":\"On\",\"TV\":\"On\",\"ASCENSEUR\":\"On\",\"PISCINE\":null,\"SAUNA\":null,\"SPA\":null,\"VELO\":\"On\",\"main_img\":\"18888776-diaporama.jpg\",\"localisation\":{\"adresse\":{\"adresse1\":\"339 route du Grand-Massif\",\"codePostal\":\"74340\",\"commune\":{\"id\":30826}},\"geolocalisation\":{\"reperePlan\":\"L8\",\"altitude\":702,\"complement\":{\"libelleFr\":\"Autoroute jusqu\\u2019\\u00e0 Cluses (17 km) et gare de Cluses (17 km).\",\"libelleEn\":\"Motorway to Cluses (17 km) ; Cluses railway station (17 km).\",\"libelleNl\":\"Snelweg naar Cluses (17 km) en treinstation in Cluses (17 km).\"},\"valide\":true,\"geoJson\":{\"type\":\"Point\",\"coordinates\":[6.72595299999999962636820782790891826152801513671875,46.0773769999999984747773851267993450164794921875]}},\"perimetreGeographique\":[{\"id\":30826}],\"environnements\":[{\"elementReferenceType\":\"Environnement\",\"id\":149},{\"elementReferenceType\":\"Environnement\",\"id\":160},{\"elementReferenceType\":\"Environnement\",\"id\":171},{\"elementReferenceType\":\"Environnement\",\"id\":183},{\"elementReferenceType\":\"Environnement\",\"id\":185},{\"elementReferenceType\":\"Environnement\",\"id\":3743}]},\"COMMUNE\":\"Samo\\u00ebns\",\"NBREEMPLACEMENTS\":null,\"tarifChDbl\":null,\"datesOuverture\":[\"2026-03-17\",\"2026-03-18\",\"2026-03-19\",\"2026-03-20\",\"2026-03-21\",\"2026-03-22\",\"2026-03-23\",\"2026-03-24\",\"2026-03-25\",\"2026-03-26\",\"2026-03-27\",\"2026-03-28\",\"2026-03-29\",\"2026-03-30\",\"2026-03-31\",\"2026-04-01\",\"2026-04-02\",\"2026-04-03\",\"2026-04-04\",\"2026-04-05\",\"2026-04-06\",\"2026-04-07\",\"2026-04-08\",\"2026-04-09\",\"2026-04-10\",\"2026-04-11\",\"2026-04-12\",\"2026-04-13\",\"2026-04-14\",\"2026-04-15\",\"2026-04-16\",\"2026-04-17\",\"2026-04-18\",\"2026-04-19\",\"2026-04-20\",\"2026-04-21\",\"2026-04-22\",\"2026-04-23\",\"2026-04-24\",\"2026-04-25\",\"2026-04-26\",\"2026-05-24\",\"2026-05-25\",\"2026-05-26\",\"2026-05-27\",\"2026-05-28\",\"2026-05-29\",\"2026-05-30\",\"2026-05-31\",\"2026-06-01\",\"2026-06-02\",\"2026-06-03\",\"2026-06-04\",\"2026-06-05\",\"2026-06-06\",\"2026-06-07\",\"2026-06-08\",\"2026-06-09\",\"2026-06-10\",\"2026-06-11\",\"2026-06-12\",\"2026-06-13\",\"2026-06-14\",\"2026-06-15\",\"2026-06-16\",\"2026-06-17\",\"2026-06-18\",\"2026-06-19\",\"2026-06-20\",\"2026-06-21\",\"2026-06-22\",\"2026-06-23\",\"2026-06-24\",\"2026-06-25\",\"2026-06-26\",\"2026-06-27\",\"2026-06-28\",\"2026-06-29\",\"2026-06-30\",\"2026-07-01\",\"2026-07-02\",\"2026-07-03\",\"2026-07-04\",\"2026-07-05\",\"2026-07-06\",\"2026-07-07\",\"2026-07-08\",\"2026-07-09\",\"2026-07-10\",\"2026-07-11\",\"2026-07-12\",\"2026-07-13\",\"2026-07-14\",\"2026-07-15\",\"2026-07-16\",\"2026-07-17\",\"2026-07-18\",\"2026-07-19\",\"2026-07-20\",\"2026-07-21\",\"2026-07-22\",\"2026-07-23\",\"2026-07-24\",\"2026-07-25\",\"2026-07-26\",\"2026-07-27\",\"2026-07-28\",\"2026-07-29\",\"2026-07-30\",\"2026-07-31\",\"2026-08-01\",\"2026-08-02\",\"2026-08-03\",\"2026-08-04\",\"2026-08-05\",\"2026-08-06\",\"2026-08-07\",\"2026-08-08\",\"2026-08-09\",\"2026-08-10\",\"2026-08-11\",\"2026-08-12\",\"2026-08-13\",\"2026-08-14\",\"2026-08-15\",\"2026-08-16\",\"2026-08-17\",\"2026-08-18\",\"2026-08-19\",\"2026-08-20\",\"2026-08-21\",\"2026-08-22\",\"2026-08-23\",\"2026-08-24\",\"2026-08-25\",\"2026-08-26\",\"2026-08-27\",\"2026-08-28\",\"2026-08-29\",\"2026-08-30\",\"2026-08-31\",\"2026-09-01\",\"2026-09-02\",\"2026-09-03\",\"2026-09-04\",\"2026-09-05\",\"2026-09-06\",\"2026-09-07\",\"2026-09-08\",\"2026-09-09\",\"2026-09-10\",\"2026-09-11\",\"2026-09-12\",\"2026-09-13\",\"2026-09-14\",\"2026-09-15\",\"2026-09-16\",\"2026-09-17\",\"2026-09-18\",\"2026-09-19\",\"2026-09-20\"],\"SERVICES\":[\"Huisdieren toegestaan\",\"Strijkhoek\",\"Reserveren\",\"Reserveren verplicht\",\"Wifi Internet\",\"Verhuur linnengoed\"],\"INFOSSEJOURHEBERGEMENT\":null,\"typesCommerce\":null,\"modesPaiement\":[\"Bankkaart\\\/creditcard\",\"Vakantiecheques\",\"Contanten\",\"Overschrijving\"],\"CAPACITEACCUEIL\":null,\"CRIT_FAMILLE\":null,\"CRIT_SPORT\":null,\"CRIT_PATRIMOINE\":null,\"CRIT_ARTISANAT\":null,\"CRIT_GASTRO\":null,\"CRIT_MUSIQUE\":null,\"CRIT_EXPO\":null,\"CRIT_BIENETRE\":null,\"ouverture\":{\"periodeEnClair\":{\"libelleFr\":\"Du 20\\\/12\\\/2025 au 26\\\/04\\\/2026 tous les jours.\\n Horaires de la r\\u00e9ception tous les jours de 8h \\u00e0 12h et de 16h \\u00e0 20h.\\n\\nDu 24\\\/05 au 20\\\/09\\\/2026 tous les jours.\\n Horaires de la r\\u00e9ception tous les jours de 8h \\u00e0 12h et de 16h \\u00e0 20h.\",\"libelleEn\":\"From 20\\\/12\\\/2025 to 26\\\/04\\\/2026 daily.\\n Reception opening hours daily between 8 am and 12 pm and between 4 pm and 8 pm.\\n\\nFrom 24\\\/05 to 20\\\/09\\\/2026 daily.\\n Reception opening hours daily between 8 am and 12 pm and between 4 pm and 8 pm.\",\"libelleEs\":\"Del 20\\\/12\\\/2025 al 26\\\/04\\\/2026 todos los dias.\\n Horario de recepci\\u00f3n todos los dias de 8 a 12 y de 16 a 20.\\n\\nDel 24\\\/05 al 20\\\/09\\\/2026 todos los dias.\\n Horario de recepci\\u00f3n todos los dias de 8 a 12 y de 16 a 20.\",\"libelleIt\":\"Dal 20\\\/12\\\/2025 al 26\\\/04\\\/2026 ogni giorno.\\n Orari di apertura della reception ogni giorno dalle 8 alle 12 e dalle 16 alle 20.\\n\\nDal 24\\\/05 al 20\\\/09\\\/2026 ogni giorno.\\n Orari di apertura della reception ogni giorno dalle 8 alle 12 e dalle 16 alle 20.\",\"libelleDe\":\"Vom 20\\\/12\\\/2025 bis 26\\\/04\\\/2026 t\\u00e4glich.\\n \\u00d6ffnungszeiten der Rezeption t\\u00e4glich von 8 Uhr bis 12 Uhr und von 16 Uhr bis 20 Uhr.\\n\\nVom 24\\\/05 bis 20\\\/09\\\/2026 t\\u00e4glich.\\n \\u00d6ffnungszeiten der Rezeption t\\u00e4glich von 8 Uhr bis 12 Uhr und von 16 Uhr bis 20 Uhr.\",\"libelleNl\":\"Van 20\\\/12\\\/2025 tot en met 26\\\/04\\\/2026 iedere dag.\\n Openingstijden receptie iedere dag van 8.00 tot 12.00 u en van 16.00 tot 20.00 u.\\n\\nVan 24\\\/05 tot en met 20\\\/09\\\/2026 iedere dag.\\n Openingstijden receptie iedere dag van 8.00 tot 12.00 u en van 16.00 tot 20.00 u.\",\"libelleRu\":\"\\u0421 20\\\/12\\\/2025 \\u0434\\u043e 26\\\/04\\\/2026 \\u0435\\u0436\\u0435\\u0434\\u043d\\u0435\\u0432\\u043d\\u043e.\\n \\u0412\\u0440\\u0435\\u043c\\u044f \\u0440\\u0430\\u0431\\u043e\\u0442\\u044b \\u0441\\u0442\\u043e\\u0439\\u043a\\u0438 \\u0440\\u0435\\u0433\\u0438\\u0441\\u0442\\u0440\\u0430\\u0446\\u0438\\u0438 \\u0435\\u0436\\u0435\\u0434\\u043d\\u0435\\u0432\\u043d\\u043e \\u0441 8h \\u0434\\u043e 12h \\u0438 \\u0441 16h \\u0434\\u043e 20h.\\n\\n\\u0421 24\\\/05 \\u0434\\u043e 20\\\/09\\\/2026 \\u0435\\u0436\\u0435\\u0434\\u043d\\u0435\\u0432\\u043d\\u043e.\\n \\u0412\\u0440\\u0435\\u043c\\u044f \\u0440\\u0430\\u0431\\u043e\\u0442\\u044b \\u0441\\u0442\\u043e\\u0439\\u043a\\u0438 \\u0440\\u0435\\u0433\\u0438\\u0441\\u0442\\u0440\\u0430\\u0446\\u0438\\u0438 \\u0435\\u0436\\u0435\\u0434\\u043d\\u0435\\u0432\\u043d\\u043e \\u0441 8h \\u0434\\u043e 12h \\u0438 \\u0441 16h \\u0434\\u043e 20h.\",\"libelleZh\":\"\\u4ece 2025\\u5e7412\\u670820\\u65e5 \\u5230 2026\\u5e744\\u670826\\u65e5 \\u65e5\\u5e38.\\n \\u63a5\\u5f85\\u5904\\u5f00\\u653e\\u65f6\\u95f4 \\u65e5\\u5e38 \\u5c0f\\u65f6\\u5c0f\\u65f6 \\u548c \\u5c0f\\u65f6\\u5c0f\\u65f6 \\u4e4b\\u95f4 \\u548c \\u5c0f\\u65f6\\u5c0f\\u65f6 \\u548c \\u5c0f\\u65f6\\u5c0f\\u65f6 \\u4e4b\\u95f4.\\n\\n\\u4ece 5\\u670824\\u65e5 \\u5230 2026\\u5e749\\u670820\\u65e5 \\u65e5\\u5e38.\\n \\u63a5\\u5f85\\u5904\\u5f00\\u653e\\u65f6\\u95f4 \\u65e5\\u5e38 \\u5c0f\\u65f6\\u5c0f\\u65f6 \\u548c \\u5c0f\\u65f6\\u5c0f\\u65f6 \\u4e4b\\u95f4 \\u548c \\u5c0f\\u65f6\\u5c0f\\u65f6 \\u548c \\u5c0f\\u65f6\\u5c0f\\u65f6 \\u4e4b\\u95f4.\",\"libellePtBR\":\"De 20\\\/12\\\/2025 a 26\\\/04\\\/2026 todos os dias.\\n Hor\\u00e1rio de funcionamento da recep\\u00e7\\u00e3o todos os dias de 8h a\\u00a0 12h e de 16h a\\u00a0 20h.\\n\\nDe 24\\\/05 a 20\\\/09\\\/2026 todos os dias.\\n Hor\\u00e1rio de funcionamento da recep\\u00e7\\u00e3o todos os dias de 8h a\\u00a0 12h e de 16h a\\u00a0 20h.\",\"libelleJa\":\"20\\\/12\\\/2025 \\u304b\\u3089 26\\\/04\\\/2026 \\u307e\\u3067 \\u6bce\\u65e5.\\n \\u53d7\\u4ed8\\u6642\\u9593 \\u6bce\\u65e5 8 \\u5348\\u524d \\u3068 12 \\u5348\\u5f8c \\u306e\\u9593 \\u3068 4 \\u5348\\u5f8c \\u3068 8 \\u5348\\u5f8c \\u306e\\u9593.\\n\\n24\\\/05 \\u304b\\u3089 20\\\/09\\\/2026 \\u307e\\u3067 \\u6bce\\u65e5.\\n \\u53d7\\u4ed8\\u6642\\u9593 \\u6bce\\u65e5 8 \\u5348\\u524d \\u3068 12 \\u5348\\u5f8c \\u306e\\u9593 \\u3068 4 \\u5348\\u5f8c \\u3068 8 \\u5348\\u5f8c \\u306e\\u9593.\",\"libelleKo\":\"20\\\/12\\\/2025 \\uc77c\\ubd80\\ud130 26\\\/04\\\/2026 \\uc77c\\uae4c\\uc9c0 \\ub9e4\\uc77c.\\n \\ub9e4\\uc77c 8h \\uc5d0\\uc11c 12h \\uae4c\\uc9c0 \\uadf8\\ub9ac\\uace0 16h \\uc5d0\\uc11c 20h \\uae4c\\uc9c0.\\n\\n24\\\/05 \\uc77c\\ubd80\\ud130 20\\\/09\\\/2026 \\uc77c\\uae4c\\uc9c0 \\ub9e4\\uc77c.\\n \\ub9e4\\uc77c 8h \\uc5d0\\uc11c 12h \\uae4c\\uc9c0 \\uadf8\\ub9ac\\uace0 16h \\uc5d0\\uc11c 20h \\uae4c\\uc9c0.\"},\"periodeEnClairGenerationMode\":\"AUTOMATIQUE\",\"indicationsPeriode\":[{\"elementReferenceType\":\"IndicationPeriode\",\"id\":416},{\"elementReferenceType\":\"IndicationPeriode\",\"id\":418},{\"elementReferenceType\":\"IndicationPeriode\",\"id\":420},{\"elementReferenceType\":\"IndicationPeriode\",\"id\":435},{\"elementReferenceType\":\"IndicationPeriode\",\"id\":436}],\"periodesOuvertures\":[{\"identifiant\":32523911,\"dateDebut\":\"2025-12-20\",\"dateFin\":\"2026-04-26\",\"complementHoraire\":{},\"type\":\"OUVERTURE_TOUS_LES_JOURS\",\"tousLesAns\":false,\"identifiantTechnique\":39874779,\"horaires\":[{\"id\":4530876,\"type\":{\"elementReferenceType\":\"HoraireType\",\"id\":7487},\"timePeriods\":[{\"id\":5021410,\"closed\":false,\"weekdays\":[\"SUN\",\"TUE\",\"MON\",\"FRI\",\"SAT\",\"THU\",\"WED\"]}]},{\"id\":4530877,\"type\":{\"elementReferenceType\":\"HoraireType\",\"id\":7502},\"timePeriods\":[{\"id\":5021411,\"closed\":false,\"weekdays\":[\"SUN\",\"TUE\",\"MON\",\"FRI\",\"SAT\",\"THU\",\"WED\"],\"timeFrames\":[{\"id\":4967356,\"startTime\":\"08:00\",\"endTime\":\"12:00\"},{\"id\":4967357,\"startTime\":\"16:00\",\"endTime\":\"20:00\"}]}]}]},{\"identifiant\":39874780,\"dateDebut\":\"2026-05-24\",\"dateFin\":\"2026-09-20\",\"complementHoraire\":{},\"type\":\"OUVERTURE_TOUS_LES_JOURS\",\"tousLesAns\":false,\"identifiantTechnique\":39874780,\"horaires\":[{\"id\":4530878,\"type\":{\"elementReferenceType\":\"HoraireType\",\"id\":7487},\"timePeriods\":[{\"id\":5021412,\"closed\":false,\"weekdays\":[\"SUN\",\"TUE\",\"MON\",\"FRI\",\"SAT\",\"THU\",\"WED\"]}]},{\"id\":4530879,\"type\":{\"elementReferenceType\":\"HoraireType\",\"id\":7502},\"timePeriods\":[{\"id\":5021413,\"closed\":false,\"weekdays\":[\"SUN\",\"TUE\",\"MON\",\"FRI\",\"SAT\",\"THU\",\"WED\"],\"timeFrames\":[{\"id\":4967358,\"startTime\":\"08:00\",\"endTime\":\"12:00\"},{\"id\":4967359,\"startTime\":\"16:00\",\"endTime\":\"20:00\"}]}]}]}]},\"NBRECOUVERTS\":null,\"categoriesRestau\":null,\"reservation\":{\"organismes\":[{\"identifiant\":1452832,\"nom\":\"R\\u00e9sidence Arts et Vie\",\"type\":{\"elementReferenceType\":\"ReservationType\",\"id\":475},\"moyensCommunication\":[{\"identifiant\":10073132,\"type\":{\"elementReferenceType\":\"MoyenCommunicationType\",\"id\":201},\"coordonnees\":{\"fr\":\"04 50 34 97 78\"}},{\"identifiant\":10073130,\"type\":{\"elementReferenceType\":\"MoyenCommunicationType\",\"id\":204},\"coordonnees\":{\"fr\":\"samoens@artsetvie.com\"}},{\"identifiant\":125480472,\"type\":{\"elementReferenceType\":\"MoyenCommunicationType\",\"id\":205},\"coordonnees\":{\"fr\":\"https:\\\/\\\/websrv.artsetvie.com\\\/AV_RESIDENCES11?PARAM1=DISPO_RESIDENCES&NumeroCentre=2&_ga=2.220420312.175357728.1711045528-312784577.1680163826\"}}],\"locked\":false}]},\"indicationsPeriode\":[\"Najaar\",\"Zomer\",\"Accepteert klanten voor \\u00e9\\u00e9n nacht\",\"Winter\",\"Voorjaar\"]},\"584403\":{\"id\":147365,\"presentation\":{\"descriptifCourt\":{\"libelleFr\":\"La r\\u00e9sidence CGH La Reine des Pr\\u00e9s 4* est familiale et chaleureuse. Situ\\u00e9e au c\\u0153ur du Grand Massif pour des vacances sous le signe du sport, de la d\\u00e9tente, du farniente. Appartements grand confort tout \\u00e9quip\\u00e9s. Piscine chauff\\u00e9e, spa, sauna & hammam.\",\"libelleEn\":\"The CGH 4* residence La Reine des Pr\\u00e9s is family-friendly and warm. Situated in the heart of the Grand Massif. Ideal for relaxing or activity holidays. 83 fully-equipped apartments. Heated indoor pool, hot tub, saunas, steam rooms, gym, and O des Cimes spa.\",\"libelleNl\":\"De CGH 4* residentie La Reine des Pr\\u00e9s is gezinsvriendelijk en warm. Gelegen in het hart van het Grand Massif. Ideaal voor een ontspannende of actieve vakantie. 83 volledig uitgeruste appartementen. Verwarmd binnenzwembad, bubbelbad, sauna's, stoombaden, fitnessruimte en O des Cimes spa.\"},\"descriptifDetaille\":{\"libelleFr\":\"Toute de bois et de pierre, implant\\u00e9e entre l'acc\\u00e8s au domaine du Grand Massif et le coeur du village de Samo\\u00ebns, les chalets de La Reine des Pr\\u00e9s se fondent si bien dans le paysage que l'on pourrait penser qu'ils ont pouss\\u00e9 naturellement. Avec les montagnes environnantes s'invitant \\u00e0 l'int\\u00e9rieur par les baies vitr\\u00e9es, c'est toute la g\\u00e9n\\u00e9rosit\\u00e9 et la richesse du terroir montagnard qui vous donnent rendez-vous dans les appartements spacieux et lumineux. \\r\\n\\r\\nLes espaces piscine, fitness, bains bouillonnants, hammam et sauna participent \\u00e0 votre \\u00e9panouissement optimal.\\r\\n\\r\\nAcc\\u00e9dez \\u00e9galement \\u00e0 notre Spa d'altitude \\u00d4 Des Cimes et offrez vous massages, et soins du corps ou du visage.\",\"libelleEn\":\"All wood and stone, set between the access to the Grand Massif ski area and the heart of the village, the chalets of La Reine des Pr\\u00e9s fit so well into the landscape that it might seem as if they have been naturally grown. With the surrounding mountains inviting you inside through the bay windows, it is all the generosity and richness of the mountain terroir that brings you to the spacious and luminous flats. \\r\\n\\r\\nThe swimming pool, fitness center, whirlpool, hammam, and sauna areas contribute to your optimal well-being.\\r\\n\\r\\nYou can also access our high altitude Spa \\u00d4 Des Cimes and enjoy massages, body and facial treatments.\",\"libelleNl\":\"De chalets van La Reine des Pr\\u00e9s, volledig van hout en steen, liggen tussen de toegang tot het skigebied van het Grand Massif en het hart van het dorp, en passen zo goed in het landschap dat het lijkt alsof ze op natuurlijke wijze zijn gegroeid. Met de omringende bergen die u door de erkerramen naar binnen lokken, is het de gulheid en de rijkdom van het bergterroir die u naar de ruime en lumineuze appartementen brengt. \\r\\n\\r\\nHet zwembad, het fitnesscentrum, het bubbelbad, de hammam en de sauna dragen bij aan uw optimale welzijn.\\r\\n\\r\\nU kunt ook gebruik maken van onze hooggelegen Spa \\u00d4 Des Cimes en genieten van massages, lichaams- en gezichtsbehandelingen.\"},\"typologiesPromoSitra\":[{\"elementReferenceType\":\"TypologiePromoSitra\",\"id\":1536},{\"elementReferenceType\":\"TypologiePromoSitra\",\"id\":1589}]},\"nom\":{\"libelleFr\":\"CGH R\\u00e9sidences & Spas La Reine des Pr\\u00e9s\",\"libelleEn\":\"CGH Residences & Spas La Reine des Pr\\u00e9s\",\"libelleNl\":\"CGH Residences & Spas La Reine des Pr\\u00e9s\"},\"Classement\":\"4 sterren\",\"informationsActivite\":null,\"prestations\":{\"equipements\":[{\"elementReferenceType\":\"PrestationEquipement\",\"id\":1504},{\"elementReferenceType\":\"PrestationEquipement\",\"id\":4054},{\"elementReferenceType\":\"PrestationEquipement\",\"id\":1506},{\"elementReferenceType\":\"PrestationEquipement\",\"id\":1093},{\"elementReferenceType\":\"PrestationEquipement\",\"id\":1323},{\"elementReferenceType\":\"PrestationEquipement\",\"id\":972},{\"elementReferenceType\":\"PrestationEquipement\",\"id\":1318},{\"elementReferenceType\":\"PrestationEquipement\",\"id\":1057},{\"elementReferenceType\":\"PrestationEquipement\",\"id\":1038},{\"elementReferenceType\":\"PrestationEquipement\",\"id\":4055},{\"elementReferenceType\":\"PrestationEquipement\",\"id\":914},{\"elementReferenceType\":\"PrestationEquipement\",\"id\":836},{\"elementReferenceType\":\"PrestationEquipement\",\"id\":624},{\"elementReferenceType\":\"PrestationEquipement\",\"id\":606}],\"services\":[{\"elementReferenceType\":\"PrestationService\",\"id\":687},{\"elementReferenceType\":\"PrestationService\",\"id\":993},{\"elementReferenceType\":\"PrestationService\",\"id\":1020},{\"elementReferenceType\":\"PrestationService\",\"id\":1025},{\"elementReferenceType\":\"PrestationService\",\"id\":1111},{\"elementReferenceType\":\"PrestationService\",\"id\":1115},{\"elementReferenceType\":\"PrestationService\",\"id\":1130},{\"elementReferenceType\":\"PrestationService\",\"id\":1157},{\"elementReferenceType\":\"PrestationService\",\"id\":1166},{\"elementReferenceType\":\"PrestationService\",\"id\":5061}],\"animauxAcceptes\":\"ACCEPTES\",\"animauxAcceptesSupplement\":\"AVEC_SUPPLEMENT\",\"conforts\":[{\"elementReferenceType\":\"PrestationConfort\",\"id\":847},{\"elementReferenceType\":\"PrestationConfort\",\"id\":943},{\"elementReferenceType\":\"PrestationConfort\",\"id\":951},{\"elementReferenceType\":\"PrestationConfort\",\"id\":971},{\"elementReferenceType\":\"PrestationConfort\",\"id\":922},{\"elementReferenceType\":\"PrestationConfort\",\"id\":999},{\"elementReferenceType\":\"PrestationConfort\",\"id\":946},{\"elementReferenceType\":\"PrestationConfort\",\"id\":1016},{\"elementReferenceType\":\"PrestationConfort\",\"id\":1015},{\"elementReferenceType\":\"PrestationConfort\",\"id\":1011},{\"elementReferenceType\":\"PrestationConfort\",\"id\":1013},{\"elementReferenceType\":\"PrestationConfort\",\"id\":1010},{\"elementReferenceType\":\"PrestationConfort\",\"id\":1014},{\"elementReferenceType\":\"PrestationConfort\",\"id\":5940},{\"elementReferenceType\":\"PrestationConfort\",\"id\":4061},{\"elementReferenceType\":\"PrestationConfort\",\"id\":6601},{\"elementReferenceType\":\"PrestationConfort\",\"id\":904},{\"elementReferenceType\":\"PrestationConfort\",\"id\":963},{\"elementReferenceType\":\"PrestationConfort\",\"id\":898},{\"elementReferenceType\":\"PrestationConfort\",\"id\":5915},{\"elementReferenceType\":\"PrestationConfort\",\"id\":842},{\"elementReferenceType\":\"PrestationConfort\",\"id\":6804},{\"elementReferenceType\":\"PrestationConfort\",\"id\":1004},{\"elementReferenceType\":\"PrestationConfort\",\"id\":838},{\"elementReferenceType\":\"PrestationConfort\",\"id\":907},{\"elementReferenceType\":\"PrestationConfort\",\"id\":799}],\"languesParlees\":[{\"elementReferenceType\":\"Langue\",\"id\":1192},{\"elementReferenceType\":\"Langue\",\"id\":1197}],\"complementAccueil\":{},\"tourismesAdaptes\":[{\"elementReferenceType\":\"TourismeAdapte\",\"id\":3653},{\"elementReferenceType\":\"TourismeAdapte\",\"id\":3655},{\"elementReferenceType\":\"TourismeAdapte\",\"id\":3663},{\"elementReferenceType\":\"TourismeAdapte\",\"id\":3667},{\"elementReferenceType\":\"TourismeAdapte\",\"id\":3668},{\"elementReferenceType\":\"TourismeAdapte\",\"id\":3673}],\"surchargeTourismesAdaptes\":true,\"surchargeDescriptifHandicapMoteur\":true,\"surchargeDescriptifHandicapAuditif\":true,\"surchargeDescriptifHandicapVisuel\":true,\"surchargeDescriptifHandicapMental\":true,\"surchargeNombreFauteuilsRoulants\":true,\"typesClientele\":[{\"elementReferenceType\":\"TypeClientele\",\"id\":593}]},\"CATEG_ASPECTS\":{\"HIVER\":{\"main_img\":\"2250251-diaporama.jpg\"},\"ETE\":{\"main_img\":\"5753400-diaporama.jpg\"}},\"PARKING\":\"On\",\"WIFI\":\"On\",\"ANIMAUX\":\"On\",\"CLIMATISATION\":null,\"GARAGE\":null,\"TERRASSE\":null,\"JEUX\":null,\"TV\":\"On\",\"ASCENSEUR\":\"On\",\"PISCINE\":\"On\",\"SAUNA\":null,\"SPA\":\"On\",\"VELO\":\"On\",\"main_img\":\"26273752-diaporama.jpg\",\"localisation\":{\"adresse\":{\"adresse1\":\"132, route du Grand Massif\",\"adresse2\":\"132 route du Grand-Massif\",\"codePostal\":\"74340\",\"commune\":{\"id\":30826}},\"geolocalisation\":{\"reperePlan\":\"L7\",\"altitude\":720,\"valide\":true,\"geoJson\":{\"type\":\"Point\",\"coordinates\":[6.72539200000000025880808607325889170169830322265625,46.07963099999999911915438133291900157928466796875]}},\"perimetreGeographique\":[{\"id\":30826}],\"environnements\":[{\"elementReferenceType\":\"Environnement\",\"id\":169},{\"elementReferenceType\":\"Environnement\",\"id\":171},{\"elementReferenceType\":\"Environnement\",\"id\":184},{\"elementReferenceType\":\"Environnement\",\"id\":195}]},\"COMMUNE\":\"Samo\\u00ebns\",\"NBREEMPLACEMENTS\":null,\"tarifChDbl\":null,\"datesOuverture\":[\"2026-06-05\",\"2026-06-06\",\"2026-06-07\",\"2026-06-08\",\"2026-06-09\",\"2026-06-10\",\"2026-06-11\",\"2026-06-12\",\"2026-06-13\",\"2026-06-14\",\"2026-06-15\",\"2026-06-16\",\"2026-06-17\",\"2026-06-18\",\"2026-06-19\",\"2026-06-20\",\"2026-06-21\",\"2026-06-22\",\"2026-06-23\",\"2026-06-24\",\"2026-06-25\",\"2026-06-26\",\"2026-06-27\",\"2026-06-28\",\"2026-06-29\",\"2026-06-30\",\"2026-07-01\",\"2026-07-02\",\"2026-07-03\",\"2026-07-04\",\"2026-07-05\",\"2026-07-06\",\"2026-07-07\",\"2026-07-08\",\"2026-07-09\",\"2026-07-10\",\"2026-07-11\",\"2026-07-12\",\"2026-07-13\",\"2026-07-14\",\"2026-07-15\",\"2026-07-16\",\"2026-07-17\",\"2026-07-18\",\"2026-07-19\",\"2026-07-20\",\"2026-07-21\",\"2026-07-22\",\"2026-07-23\",\"2026-07-24\",\"2026-07-25\",\"2026-07-26\",\"2026-07-27\",\"2026-07-28\",\"2026-07-29\",\"2026-07-30\",\"2026-07-31\",\"2026-08-01\",\"2026-08-02\",\"2026-08-03\",\"2026-08-04\",\"2026-08-05\",\"2026-08-06\",\"2026-08-07\",\"2026-08-08\",\"2026-08-09\",\"2026-08-10\",\"2026-08-11\",\"2026-08-12\",\"2026-08-13\",\"2026-08-14\",\"2026-08-15\",\"2026-08-16\",\"2026-08-17\",\"2026-08-18\",\"2026-08-19\",\"2026-08-20\",\"2026-08-21\",\"2026-08-22\",\"2026-08-23\",\"2026-08-24\",\"2026-08-25\",\"2026-08-26\",\"2026-08-27\",\"2026-08-28\",\"2026-08-29\",\"2026-08-30\"],\"SERVICES\":[\"Huisdieren toegestaan\",\"Reserveren\",\"Schoonheidsverzorging\",\"Huisdieren mits toeslag\",\"Bagagerie\",\"Wifi Internet\",\"Toeristische documentatie\",\"Massages \\\/ Modelages\",\"Schoonmaken einde verblijf\",\"Bedden gemaakt bij aankomst\"],\"INFOSSEJOURHEBERGEMENT\":null,\"typesCommerce\":null,\"modesPaiement\":[\"Bankkaart\\\/creditcard\",\"Vakantiecheques\"],\"CAPACITEACCUEIL\":null,\"CRIT_FAMILLE\":null,\"CRIT_SPORT\":null,\"CRIT_PATRIMOINE\":null,\"CRIT_ARTISANAT\":null,\"CRIT_GASTRO\":null,\"CRIT_MUSIQUE\":null,\"CRIT_EXPO\":null,\"CRIT_BIENETRE\":null,\"ouverture\":{\"periodeEnClair\":{\"libelleFr\":\"Du 19\\\/12\\\/2025 au 12\\\/04\\\/2026 tous les jours.\\nDimanche au vendredi : 8h \\u00e0 12h & 16h \\u00e0 20h - samedi : 7h \\u00e0 20h.\\n\\nDu 05\\\/06 au 30\\\/08\\\/2026 le lundi, mardi, mercredi, jeudi, vendredi et dimanche de 8h \\u00e0 11h et de 16h \\u00e0 19h. Le samedi de 8h \\u00e0 20h.\",\"libelleEn\":\"From 19\\\/12\\\/2025 to 12\\\/04\\\/2026 daily.\\nReception opening hours: Sunday to Friday: 8am to 12pm & 4pm to 8pm - Saturday: 7am to 8pm.\\n\\nFrom 05\\\/06 to 30\\\/08\\\/2026 on Monday, Tuesday, Wednesday, Thursday, Friday and Sunday between 8 am and 11 am and between 4 pm and 7 pm. On Saturday between 8 am and 8 pm.\",\"libelleEs\":\"Del 19\\\/12\\\/2025 al 12\\\/04\\\/2026 todos los dias.\\n\\nDel 05\\\/06 al 30\\\/08\\\/2026 los lunes, martes, mi\\u00e9rcoles, jueves, viernes y domingo de 8 a 11 y de 16 a 19. Los s\\u00e1bado de 8 a 20.\",\"libelleIt\":\"Dal 19\\\/12\\\/2025 al 12\\\/04\\\/2026 ogni giorno.\\n\\nDal 05\\\/06 al 30\\\/08\\\/2026 il luned\\u00ec, marted\\u00ec, mercoled\\u00ec, gioved\\u00ec, venerd\\u00ec e domenica dalle 8 alle 11 e dalle 16 alle 19. Il sabato dalle 8 alle 20.\",\"libelleDe\":\"Vom 19\\\/12\\\/2025 bis 12\\\/04\\\/2026 t\\u00e4glich.\\n\\nVom 05\\\/06 bis 30\\\/08\\\/2026 jeden Montag, Dienstag, Mittwoch, Donnerstag, Freitag und Sonntag von 8 Uhr bis 11 Uhr und von 16 Uhr bis 19 Uhr. Jeden Samstag von 8 Uhr bis 20 Uhr.\",\"libelleNl\":\"Van 19\\\/12\\\/2025 tot en met 12\\\/04\\\/2026 iedere dag.\\nOpeningstijden receptie: zondag t\\\/m vrijdag: 8.00 tot 12.00 uur en 16.00 tot 20.00 uur - zaterdag: 7.00 tot 20.00 uur.\\n\\nVan 05\\\/06 tot en met 30\\\/08\\\/2026 op maandag, dinsdag, woensdag, donderdag, vrijdag en zondag van 8.00 tot 11.00 u en van 16.00 tot 19.00 u. Op zaterdag van 8.00 tot 20.00 u.\",\"libelleRu\":\"\\u0421 19\\\/12\\\/2025 \\u0434\\u043e 12\\\/04\\\/2026 \\u0435\\u0436\\u0435\\u0434\\u043d\\u0435\\u0432\\u043d\\u043e.\\n\\n\\u0421 05\\\/06 \\u0434\\u043e 30\\\/08\\\/2026 \\u043d\\u0430 \\u043f\\u043e\\u043d\\u0435\\u0434\\u0435\\u043b\\u044c\\u043d\\u0438\\u043a, \\u0432\\u0442\\u043e\\u0440\\u043d\\u0438\\u043a, \\u0441\\u0440\\u0435\\u0434\\u0430, \\u0447\\u0435\\u0442\\u0432\\u0435\\u0440\\u0433, \\u043f\\u044f\\u0442\\u043d\\u0438\\u0446\\u0430 \\u0438 \\u0432\\u043e\\u0441\\u043a\\u0440\\u0435\\u0441\\u0435\\u043d\\u044c\\u0435 \\u0441 8h \\u0434\\u043e 11h \\u0438 \\u0441 16h \\u0434\\u043e 19h. \\u041d\\u0430 \\u0441\\u0443\\u0431\\u0431\\u043e\\u0442\\u0430 \\u0441 8h \\u0434\\u043e 20h.\",\"libelleZh\":\"\\u4ece 2025\\u5e7412\\u670819\\u65e5 \\u5230 2026\\u5e744\\u670812\\u65e5 \\u65e5\\u5e38.\\n\\n\\u4ece 6\\u67085\\u65e5 \\u5230 2026\\u5e748\\u670830\\u65e5 \\u4e0a \\u661f\\u671f\\u4e00, \\u661f\\u671f\\u4e8c, \\u661f\\u671f\\u4e09, \\u661f\\u671f\\u56db, \\u661f\\u671f\\u4e94 \\u548c \\u661f\\u671f\\u65e5 \\u5c0f\\u65f6\\u5c0f\\u65f6 \\u548c \\u5c0f\\u65f6\\u5c0f\\u65f6 \\u4e4b\\u95f4 \\u548c \\u5c0f\\u65f6\\u5c0f\\u65f6 \\u548c \\u5c0f\\u65f6\\u5c0f\\u65f6 \\u4e4b\\u95f4. \\u4e0a \\u661f\\u671f\\u516d \\u5c0f\\u65f6\\u5c0f\\u65f6 \\u548c \\u5c0f\\u65f6\\u5c0f\\u65f6 \\u4e4b\\u95f4.\",\"libellePtBR\":\"De 19\\\/12\\\/2025 a 12\\\/04\\\/2026 todos os dias.\\n\\nDe 05\\\/06 a 30\\\/08\\\/2026 na segunda-feira, ter\\u00e7a-feira, quarta-feira, quinta-feira, sexta-feira e domingo de 8h a\\u00a0 11h e de 16h a\\u00a0 19h. Na s\\u00e1bado de 8h a\\u00a0 20h.\",\"libelleJa\":\"19\\\/12\\\/2025 \\u304b\\u3089 12\\\/04\\\/2026 \\u307e\\u3067 \\u6bce\\u65e5.\\n\\n05\\\/06 \\u304b\\u3089 30\\\/08\\\/2026 \\u307e\\u3067 \\u6708\\u66dc\\u65e5, \\u706b\\u66dc\\u65e5, \\u6c34\\u66dc\\u65e5, \\u6728\\u66dc\\u65e5, \\u91d1\\u66dc\\u65e5 \\u3068 \\u65e5\\u66dc\\u65e5 \\u306b 8 \\u5348\\u524d \\u3068 11 \\u5348\\u524d \\u306e\\u9593 \\u3068 4 \\u5348\\u5f8c \\u3068 7 \\u5348\\u5f8c \\u306e\\u9593. \\u571f\\u66dc\\u65e5 \\u306b 8 \\u5348\\u524d \\u3068 8 \\u5348\\u5f8c \\u306e\\u9593.\",\"libelleKo\":\"19\\\/12\\\/2025 \\uc77c\\ubd80\\ud130 12\\\/04\\\/2026 \\uc77c\\uae4c\\uc9c0 \\ub9e4\\uc77c.\\n\\n05\\\/06 \\uc77c\\ubd80\\ud130 30\\\/08\\\/2026 \\uc77c\\uae4c\\uc9c0 \\uc758 \\uc6d4\\uc694\\uc77c, \\ud654\\uc694\\uc77c, \\uc218\\uc694\\uc77c, \\ubaa9\\uc694\\uc77c, \\uae08\\uc694\\uc77c \\ubc0f \\uc77c\\uc694\\uc77c 8h \\uc5d0\\uc11c 11h \\uae4c\\uc9c0 \\uadf8\\ub9ac\\uace0 16h \\uc5d0\\uc11c 19h \\uae4c\\uc9c0. \\uc758 \\ud1a0\\uc694\\uc77c 8h \\uc5d0\\uc11c 20h \\uae4c\\uc9c0.\"},\"periodeEnClairGenerationMode\":\"AUTOMATIQUE\",\"indicationsPeriode\":[{\"elementReferenceType\":\"IndicationPeriode\",\"id\":416},{\"elementReferenceType\":\"IndicationPeriode\",\"id\":418},{\"elementReferenceType\":\"IndicationPeriode\",\"id\":435},{\"elementReferenceType\":\"IndicationPeriode\",\"id\":436}],\"periodesOuvertures\":[{\"identifiant\":37039893,\"dateDebut\":\"2025-12-19\",\"dateFin\":\"2026-04-12\",\"complementHoraire\":{\"libelleFr\":\"Dimanche au vendredi : 8h \\u00e0 12h & 16h \\u00e0 20h - samedi : 7h \\u00e0 20h\",\"libelleEn\":\"Reception opening hours: Sunday to Friday: 8am to 12pm & 4pm to 8pm - Saturday: 7am to 8pm\",\"libelleNl\":\"Openingstijden receptie: zondag t\\\/m vrijdag: 8.00 tot 12.00 uur en 16.00 tot 20.00 uur - zaterdag: 7.00 tot 20.00 uur\"},\"type\":\"OUVERTURE_TOUS_LES_JOURS\",\"tousLesAns\":false,\"identifiantTechnique\":39908957,\"horaires\":[{\"id\":4563292,\"type\":{\"elementReferenceType\":\"HoraireType\",\"id\":7487},\"timePeriods\":[{\"id\":5059123,\"closed\":false,\"weekdays\":[\"MON\",\"SUN\",\"FRI\",\"HOL\",\"SAT\",\"THU\",\"WED\",\"TUE\"]}]}]},{\"identifiant\":37283453,\"dateDebut\":\"2026-06-05\",\"dateFin\":\"2026-08-30\",\"complementHoraire\":{},\"type\":\"OUVERTURE_TOUS_LES_JOURS\",\"tousLesAns\":false,\"identifiantTechnique\":39908958,\"horaires\":[{\"id\":4563293,\"type\":{\"elementReferenceType\":\"HoraireType\",\"id\":7487},\"timePeriods\":[{\"id\":5059124,\"closed\":false,\"weekdays\":[\"MON\",\"SUN\",\"FRI\",\"THU\",\"WED\",\"TUE\"],\"timeFrames\":[{\"id\":5001897,\"startTime\":\"08:00\",\"endTime\":\"11:00\"},{\"id\":5001898,\"startTime\":\"16:00\",\"endTime\":\"19:00\"}]},{\"id\":5059125,\"closed\":false,\"weekdays\":[\"SAT\"],\"timeFrames\":[{\"id\":5001899,\"startTime\":\"08:00\",\"endTime\":\"20:00\"}]}]}]}]},\"NBRECOUVERTS\":null,\"categoriesRestau\":null,\"reservation\":{\"organismes\":[{\"identifiant\":3058050,\"nom\":\"CGH Centrale de r\\u00e9servation\",\"type\":{\"elementReferenceType\":\"ReservationType\",\"id\":475},\"moyensCommunication\":[{\"identifiant\":53276286,\"type\":{\"elementReferenceType\":\"MoyenCommunicationType\",\"id\":201},\"coordonnees\":{\"fr\":\"04 50 33 10 96\"},\"observation\":{\"libelleFr\":\"Centrale de r\\u00e9servation\"}},{\"identifiant\":53276396,\"type\":{\"elementReferenceType\":\"MoyenCommunicationType\",\"id\":204},\"coordonnees\":{\"fr\":\"contact@cgh-residences.com\"},\"observation\":{\"libelleFr\":\"Centrale de r\\u00e9servation\"}},{\"identifiant\":53276351,\"type\":{\"elementReferenceType\":\"MoyenCommunicationType\",\"id\":205},\"coordonnees\":{\"fr\":\"https:\\\/\\\/www.cgh-residences.com\\\/residences\\\/la-reine-des-pres-24\"}}],\"locked\":false},{\"identifiant\":9184353,\"structureReference\":{\"type\":\"STRUCTURE\",\"id\":63609},\"nom\":\"Samo\\u00ebns R\\u00e9servations\",\"type\":{\"elementReferenceType\":\"ReservationType\",\"id\":473},\"moyensCommunication\":[{\"identifiant\":9890113,\"type\":{\"elementReferenceType\":\"MoyenCommunicationType\",\"id\":201},\"coordonnees\":{\"fr\":\"04 50 78 62 50\",\"en\":\"+33 4 50 78 62 50\",\"nl\":\"+33 4 50 78 62 50\"}},{\"identifiant\":9890115,\"type\":{\"elementReferenceType\":\"MoyenCommunicationType\",\"id\":204},\"coordonnees\":{\"fr\":\"reservation@samoens.com\",\"en\":\"reservation@samoens.com\",\"nl\":\"reservation@samoens.com\"}},{\"identifiant\":131752922,\"type\":{\"elementReferenceType\":\"MoyenCommunicationType\",\"id\":205},\"coordonnees\":{\"fr\":\"https:\\\/\\\/reservation.samoens.com\\\/cgh-la-reine-des-pres.html\"}}],\"locked\":false}]},\"indicationsPeriode\":[\"Najaar\",\"Zomer\",\"Winter\",\"Voorjaar\"]},\"585312\":{\"id\":4954981,\"presentation\":{\"descriptifCourt\":{\"libelleFr\":\"La r\\u00e9sidence Alexane,  \\u00e0 l\\u2019ambiance chaleureuse et intimiste, vous accueille au c\\u0153ur du village et proche des pistes. Pour vos moments de d\\u00e9tente, profitez du Centre Wellness novateur de 1000m\\u00b2 et vivez une exp\\u00e9rience sensorielle in\\u00e9dite.\",\"libelleEn\":\"The Alexane residence, with its warm, intimate atmosphere, welcomes you to the heart of the village and close to the slopes. Take advantage of the innovative 1,000m\\u00b2 Wellness Center for a unique sensory experience.\",\"libelleNl\":\"Residentie Alexane, gehuld in een warme en intieme sfeer, verwelkomt je in het hart van het dorp en vlak bij de pistes. Kom tot rust in het moderne wellnesscentrum van 1000 m\\u00b2 en beleef een unieke, zintuiglijke ervaring.\"},\"descriptifDetaille\":{\"libelleFr\":\"Notre r\\u00e9sidence comprend 30 appartements grand confort pouvant accueillir de 4 \\u00e0 10 personnes. Gr\\u00e2ce son espace bien-\\u00eatre Spa Montagnes du Monde, MGM H\\u00f4tels & R\\u00e9sidences vous garantit des m oments inoubliables \\u00e0 partager entre amis ou en famille.\",\"libelleEn\":\"Our residence comprises 30 luxury apartments for 4 to 10 people. With its Montagnes du Monde Spa wellness area, MGM H\\u00f4tels & R\\u00e9sidences guarantees unforgettable moments to share with friends or family.\",\"libelleNl\":\"Onze residentie bestaat uit 30 luxe appartementen voor 4 tot 10 personen. MGM H\\u00f4tels & R\\u00e9sidences staat met zijn wellnessruimte Montagnes du Monde Spa garant voor onvergetelijke momenten om te delen met vrienden of familie.\"},\"descriptifsThematises\":[{\"theme\":{\"elementReferenceType\":\"DescriptifTheme\",\"id\":5417},\"description\":{\"libelleFr\":\"H\\u00e9bergement labellis\\u00e9 Clef Verte \\r\\n\\r\\nUN LABEL ENVIRONNEMENTAL INTERNATIONAL \\r\\nChaque ann\\u00e9e en France des millions de vacanciers ou professionnels en d\\u00e9placement s\\u00e9journent dans des h\\u00e9bergements touristiques et se rendent au restaurant. Aujourd\\u2019hui ils peuvent choisir de r\\u00e9duire leur impact environnemental et affirmer leur responsabilit\\u00e9 sociale en choisissant un \\u00e9tablissement labellis\\u00e9 Clef Verte en France ou Green Key dans 60 autres pays. Pr\\u00e9sent sur les cinq continents, l'ecolabel touristique Clef Verte \\\/ Green Key est le premier label de tourisme durable international pour les h\\u00e9bergements touristiques et les restaurants. \\r\\n\\r\\nLE 1ER ECOLABEL POUR LES H\\u00c9BERGEMENTS TOURISTIQUES ET LES RESTAURANTS \\r\\nH\\u00f4tels, campings, g\\u00eetes, meubl\\u00e9s de tourisme, chambres d\\u2019h\\u00f4tes, r\\u00e9sidences de tourisme, villages et centres de vacances, auberges de jeunesse, restaurants, s\\u2019engagent dans une d\\u00e9marche environnementale performante avec pour objectif d\\u2019\\u00e9voluer en permanence vers les meilleures pratiques recommand\\u00e9es par l'ecolabel Clef Verte. D\\u00e9velopp\\u00e9 en France depuis 1998, le label Clef Verte est, par le nombre d'\\u00e9tablissements labellis\\u00e9s et par son ant\\u00e9riorit\\u00e9, le premier \\u00e9colabel pour les \\u00e9tablissements touristiques en France. \\r\\n\\r\\nEN ROUTE VERS LE TOURISME DURABLE ! \\r\\nMise en oeuvre d'une politique environnementale et d'une d\\u00e9marche socialement responsable, gestion intelligente des d\\u00e9chets (r\\u00e9duction \\u00e0 la source, collecte et recyclage), ma\\u00eetrise des consommations d\\u2019\\u00e9nergie et d\\u2019eau, achats responsables (en particulier pour l'alimentation et l'entretien), sensibilisation active de la client\\u00e8le : ce sont autant de crit\\u00e8res du label Clef Verte qui sont pris en compte par les \\u00e9tablissements labellis\\u00e9s. Le processus de labellisation pr\\u00e9voit des audits r\\u00e9guliers et la collecte de preuve pour attester du s\\u00e9rieux de la d\\u00e9marche des \\u00e9tablissements. L'\\u00e9quipe Clef Verte est pr\\u00e9sente toute l'ann\\u00e9e aupr\\u00e8s des acteurs de l'industrie touristique pour les accompagner, \\u00e9changer des bonnes pratiques et les conseiller, afin de permettre le d\\u00e9veloppement en France d'un tourisme durable, \\u00e9cologiquement vertueux et socialement responsable.\",\"libelleEn\":\"Green Key accommodation\\r\\n\\r\\nAN INTERNATIONAL ENVIRONMENTAL LABEL\\r\\nEvery year in France, millions of vacationers and business travelers stay in tourist accommodations and visit restaurants. Today, they can choose to reduce their environmental impact and assert their social responsibility by choosing an establishment with the Clef Verte label in France or the Green Key label in 60 other countries. Present on five continents, the Clef Verte \\\/ Green Key ecolabel is the leading international sustainable tourism label for tourist accommodation and restaurants.\\r\\n\\r\\nTHE 1ST ECOLABEL FOR TOURIST ACCOMMODATION AND RESTAURANTS\\r\\nHotels, campsites, self-catering cottages, furnished tourist accommodation, bed and breakfasts, tourist residences, vacation villages and centers, youth hostels and restaurants are all committed to a high-performance environmental approach, with the aim of constantly evolving towards the best practices recommended by the Green Key ecolabel. Developed in France since 1998, the Clef Verte label is the leading ecolabel for tourist establishments in France, both in terms of the number of establishments awarded the label and its long history.\\r\\n\\r\\nON THE ROAD TO SUSTAINABLE TOURISM!\\r\\nImplementing an environmental policy and a socially responsible approach, intelligent waste management (reduction at source, collection and recycling), controlling energy and water consumption, responsible purchasing (particularly for food and maintenance), actively raising customer awareness: these are all criteria of the Clef Verte label that are taken into account by certified establishments. The labeling process includes regular audits and the collection of evidence to attest to the seriousness of the establishments' approach. The Clef Verte team is on hand all year round to support and advise players in the tourism industry, exchanging best practices and promoting the development of sustainable, ecologically virtuous and socially responsible tourism in France.\",\"libelleNl\":\"Groene Sleutel accommodatie\\r\\n\\r\\nEEN INTERNATIONAAL MILIEUKEURMERK\\r\\nElk jaar verblijven in Frankrijk miljoenen vakantiegangers en zakenreizigers in toeristische accommodaties en restaurants. Nu kunnen ze ervoor kiezen om hun impact op het milieu te verminderen en hun sociale verantwoordelijkheid te nemen door te kiezen voor een etablissement met het Clef Verte label in Frankrijk of het Green Key label in 60 andere landen. Het Clef Verte \\\/ Green Key toeristische ecolabel is aanwezig op vijf continenten en is het eerste internationale label voor duurzaam toerisme voor toeristische accommodaties en restaurants.\\r\\n\\r\\nHET 1E MILIEUKEURMERK VOOR TOERISTISCHE ACCOMMODATIE EN RESTAURANTS\\r\\nHotels, campings, vakantiehuisjes, gemeubileerde toeristische accommodaties, bed & breakfasts, toeristische residenties, vakantiedorpen en -centra, jeugdherbergen en restaurants zetten zich allemaal in voor een milieuvriendelijke aanpak met hoge prestaties, met als doel om voortdurend te werken aan de beste praktijken die worden aanbevolen door het Green Key-keurmerk. Het Clef Verte label is sinds 1998 in Frankrijk ontwikkeld en is het belangrijkste milieukeurmerk voor toeristische etablissementen in Frankrijk, zowel wat betreft het aantal etablissementen waaraan het label is toegekend als zijn lange geschiedenis.\\r\\n\\r\\nOP WEG NAAR DUURZAAM TOERISME!\\r\\nHet implementeren van een milieubeleid en een sociaal verantwoorde aanpak, intelligent afvalbeheer (vermindering aan de bron, inzameling en recycling), het beheersen van het energie- en waterverbruik, verantwoord inkopen (met name voor voedsel en schoonmaak), het actief bewustmaken van klanten: dit zijn allemaal criteria van het label Clef Verte waarmee de gecertificeerde etablissementen rekening houden. Het labelproces omvat regelmatige audits en het verzamelen van bewijs om de ernst van de aanpak van de etablissementen aan te tonen. Het Clef Verte team staat het hele jaar door klaar om de spelers in de toeristische sector te ondersteunen, beste praktijken te delen en hen te adviseren, om zo de ontwikkeling van duurzaam, milieuvriendelijk en sociaal verantwoord toerisme in Frankrijk aan te moedigen.\"}}]},\"nom\":{\"libelleFr\":\"MGM H\\u00f4tels & R\\u00e9sidences \\u2013 R\\u00e9sidence Alexane *****\",\"libelleEn\":\"MGM Hotels & Residences - R\\u00e9sidence Alexane *****\",\"libelleNl\":\"MGM Hotels & Residenties - R\\u00e9sidence Alexane *****\"},\"Classement\":\"5 sterren\",\"informationsActivite\":null,\"prestations\":{\"equipements\":[{\"elementReferenceType\":\"PrestationEquipement\",\"id\":1106},{\"elementReferenceType\":\"PrestationEquipement\",\"id\":1297},{\"elementReferenceType\":\"PrestationEquipement\",\"id\":1093},{\"elementReferenceType\":\"PrestationEquipement\",\"id\":1323},{\"elementReferenceType\":\"PrestationEquipement\",\"id\":976},{\"elementReferenceType\":\"PrestationEquipement\",\"id\":972},{\"elementReferenceType\":\"PrestationEquipement\",\"id\":1318},{\"elementReferenceType\":\"PrestationEquipement\",\"id\":1057},{\"elementReferenceType\":\"PrestationEquipement\",\"id\":1054},{\"elementReferenceType\":\"PrestationEquipement\",\"id\":723},{\"elementReferenceType\":\"PrestationEquipement\",\"id\":698},{\"elementReferenceType\":\"PrestationEquipement\",\"id\":715},{\"elementReferenceType\":\"PrestationEquipement\",\"id\":1050},{\"elementReferenceType\":\"PrestationEquipement\",\"id\":1421},{\"elementReferenceType\":\"PrestationEquipement\",\"id\":655},{\"elementReferenceType\":\"PrestationEquipement\",\"id\":1030},{\"elementReferenceType\":\"PrestationEquipement\",\"id\":826},{\"elementReferenceType\":\"PrestationEquipement\",\"id\":624},{\"elementReferenceType\":\"PrestationEquipement\",\"id\":673},{\"elementReferenceType\":\"PrestationEquipement\",\"id\":957},{\"elementReferenceType\":\"PrestationEquipement\",\"id\":1064}],\"services\":[{\"elementReferenceType\":\"PrestationService\",\"id\":687},{\"elementReferenceType\":\"PrestationService\",\"id\":781},{\"elementReferenceType\":\"PrestationService\",\"id\":783},{\"elementReferenceType\":\"PrestationService\",\"id\":791},{\"elementReferenceType\":\"PrestationService\",\"id\":993},{\"elementReferenceType\":\"PrestationService\",\"id\":1018},{\"elementReferenceType\":\"PrestationService\",\"id\":1025},{\"elementReferenceType\":\"PrestationService\",\"id\":1110},{\"elementReferenceType\":\"PrestationService\",\"id\":1111},{\"elementReferenceType\":\"PrestationService\",\"id\":1115},{\"elementReferenceType\":\"PrestationService\",\"id\":1130},{\"elementReferenceType\":\"PrestationService\",\"id\":1157}],\"animauxAcceptes\":\"ACCEPTES\",\"animauxAcceptesSupplement\":\"AVEC_SUPPLEMENT\",\"conforts\":[{\"elementReferenceType\":\"PrestationConfort\",\"id\":882},{\"elementReferenceType\":\"PrestationConfort\",\"id\":971},{\"elementReferenceType\":\"PrestationConfort\",\"id\":946},{\"elementReferenceType\":\"PrestationConfort\",\"id\":949},{\"elementReferenceType\":\"PrestationConfort\",\"id\":961},{\"elementReferenceType\":\"PrestationConfort\",\"id\":902},{\"elementReferenceType\":\"PrestationConfort\",\"id\":1015},{\"elementReferenceType\":\"PrestationConfort\",\"id\":983},{\"elementReferenceType\":\"PrestationConfort\",\"id\":1011},{\"elementReferenceType\":\"PrestationConfort\",\"id\":1013},{\"elementReferenceType\":\"PrestationConfort\",\"id\":1006},{\"elementReferenceType\":\"PrestationConfort\",\"id\":1014},{\"elementReferenceType\":\"PrestationConfort\",\"id\":3694},{\"elementReferenceType\":\"PrestationConfort\",\"id\":6601},{\"elementReferenceType\":\"PrestationConfort\",\"id\":797},{\"elementReferenceType\":\"PrestationConfort\",\"id\":894},{\"elementReferenceType\":\"PrestationConfort\",\"id\":963},{\"elementReferenceType\":\"PrestationConfort\",\"id\":898},{\"elementReferenceType\":\"PrestationConfort\",\"id\":973},{\"elementReferenceType\":\"PrestationConfort\",\"id\":842},{\"elementReferenceType\":\"PrestationConfort\",\"id\":996},{\"elementReferenceType\":\"PrestationConfort\",\"id\":838},{\"elementReferenceType\":\"PrestationConfort\",\"id\":796},{\"elementReferenceType\":\"PrestationConfort\",\"id\":850},{\"elementReferenceType\":\"PrestationConfort\",\"id\":799}],\"languesParlees\":[{\"elementReferenceType\":\"Langue\",\"id\":1192},{\"elementReferenceType\":\"Langue\",\"id\":1194},{\"elementReferenceType\":\"Langue\",\"id\":1197}],\"tourismesAdaptes\":[{\"elementReferenceType\":\"TourismeAdapte\",\"id\":1199},{\"elementReferenceType\":\"TourismeAdapte\",\"id\":3652},{\"elementReferenceType\":\"TourismeAdapte\",\"id\":3653},{\"elementReferenceType\":\"TourismeAdapte\",\"id\":3663},{\"elementReferenceType\":\"TourismeAdapte\",\"id\":3673},{\"elementReferenceType\":\"TourismeAdapte\",\"id\":4212},{\"elementReferenceType\":\"TourismeAdapte\",\"id\":4215},{\"elementReferenceType\":\"TourismeAdapte\",\"id\":6892},{\"elementReferenceType\":\"TourismeAdapte\",\"id\":6897}],\"surchargeTourismesAdaptes\":true,\"surchargeDescriptifHandicapMoteur\":true,\"surchargeDescriptifHandicapAuditif\":true,\"surchargeDescriptifHandicapVisuel\":true,\"surchargeDescriptifHandicapMental\":true,\"nombrePersonnesEnFauteuilRoulantAccueilliesSimultanement\":2,\"surchargeNombreFauteuilsRoulants\":true},\"CATEG_ASPECTS\":{\"TOURISME_AFFAIRES\":{\"main_img\":\"35562657-diaporama.jpg\"}},\"PARKING\":\"On\",\"WIFI\":\"On\",\"ANIMAUX\":\"On\",\"CLIMATISATION\":null,\"GARAGE\":\"On\",\"TERRASSE\":\"On\",\"JEUX\":\"On\",\"TV\":\"On\",\"ASCENSEUR\":\"On\",\"PISCINE\":\"On\",\"SAUNA\":\"On\",\"SPA\":\"On\",\"VELO\":null,\"main_img\":\"35562657-diaporama.jpg\",\"localisation\":{\"adresse\":{\"adresse1\":\"20 avenue du Giffre\",\"codePostal\":\"74340\",\"commune\":{\"id\":30826}},\"geolocalisation\":{\"valide\":true,\"geoJson\":{\"type\":\"Point\",\"coordinates\":[6.72328499999999973368858263711445033550262451171875,46.0821779999999989740899764001369476318359375]}},\"perimetreGeographique\":[{\"id\":30826}]},\"COMMUNE\":\"Samo\\u00ebns\",\"NBREEMPLACEMENTS\":null,\"tarifChDbl\":null,\"datesOuverture\":[\"2026-06-20\",\"2026-06-21\",\"2026-06-22\",\"2026-06-23\",\"2026-06-24\",\"2026-06-25\",\"2026-06-26\",\"2026-06-27\",\"2026-06-28\",\"2026-06-29\",\"2026-06-30\",\"2026-07-01\",\"2026-07-02\",\"2026-07-03\",\"2026-07-04\",\"2026-07-05\",\"2026-07-06\",\"2026-07-07\",\"2026-07-08\",\"2026-07-09\",\"2026-07-10\",\"2026-07-11\",\"2026-07-12\",\"2026-07-13\",\"2026-07-14\",\"2026-07-15\",\"2026-07-16\",\"2026-07-17\",\"2026-07-18\",\"2026-07-19\",\"2026-07-20\",\"2026-07-21\",\"2026-07-22\",\"2026-07-23\",\"2026-07-24\",\"2026-07-25\",\"2026-07-26\",\"2026-07-27\",\"2026-07-28\",\"2026-07-29\",\"2026-07-30\",\"2026-07-31\",\"2026-08-01\",\"2026-08-02\",\"2026-08-03\",\"2026-08-04\",\"2026-08-05\",\"2026-08-06\",\"2026-08-07\",\"2026-08-08\",\"2026-08-09\",\"2026-08-10\",\"2026-08-11\",\"2026-08-12\",\"2026-08-13\",\"2026-08-14\",\"2026-08-15\",\"2026-08-16\",\"2026-08-17\",\"2026-08-18\",\"2026-08-19\",\"2026-08-20\",\"2026-08-21\",\"2026-08-22\",\"2026-08-23\",\"2026-08-24\",\"2026-08-25\",\"2026-08-26\",\"2026-08-27\",\"2026-08-28\",\"2026-08-29\",\"2026-08-30\",\"2026-08-31\",\"2026-09-01\",\"2026-09-02\",\"2026-09-03\",\"2026-09-04\",\"2026-09-05\",\"2026-09-06\",\"2026-09-07\",\"2026-09-08\",\"2026-09-09\",\"2026-09-10\",\"2026-09-11\",\"2026-09-12\"],\"SERVICES\":[\"Huisdieren toegestaan\",\"Toegang bus\",\"Receptie\",\"Strijkhoek\",\"Reserveren\",\"Wasserij\",\"Huisdieren mits toeslag\",\"Uitleen materiaal\",\"Bagagerie\",\"Wifi Internet\",\"Toeristische documentatie\",\"Massages \\\/ Modelages\"],\"INFOSSEJOURHEBERGEMENT\":null,\"typesCommerce\":null,\"modesPaiement\":[\"Kijk op\",\"Bankkaart\\\/creditcard\",\"Contanten\",\"Vakantiecheques\",\"Overschrijving\"],\"CAPACITEACCUEIL\":null,\"CRIT_FAMILLE\":null,\"CRIT_SPORT\":null,\"CRIT_PATRIMOINE\":null,\"CRIT_ARTISANAT\":null,\"CRIT_GASTRO\":null,\"CRIT_MUSIQUE\":null,\"CRIT_EXPO\":null,\"CRIT_BIENETRE\":null,\"ouverture\":{\"periodeEnClair\":{\"libelleFr\":\"Du 20\\\/06 au 12\\\/09\\\/2026 tous les jours de 10h \\u00e0 20h.\",\"libelleEn\":\"From 20\\\/06 to 12\\\/09\\\/2026 daily between 10 am and 8 pm.\",\"libelleEs\":\"Del 20\\\/06 al 12\\\/09\\\/2026 todos los dias de 10 a 20.\",\"libelleIt\":\"Dal 20\\\/06 al 12\\\/09\\\/2026 ogni giorno dalle 10 alle 20.\",\"libelleDe\":\"Vom 20\\\/06 bis 12\\\/09\\\/2026 t\\u00e4glich von 10 Uhr bis 20 Uhr.\",\"libelleNl\":\"Van 20\\\/06 tot en met 12\\\/09\\\/2026 iedere dag van 10.00 tot 20.00 u.\",\"libelleRu\":\"\\u0421 20\\\/06 \\u0434\\u043e 12\\\/09\\\/2026 \\u0435\\u0436\\u0435\\u0434\\u043d\\u0435\\u0432\\u043d\\u043e \\u0441 10h \\u0434\\u043e 20h.\",\"libelleZh\":\"\\u4ece 6\\u670820\\u65e5 \\u5230 2026\\u5e749\\u670812\\u65e5 \\u65e5\\u5e38 \\u5c0f\\u65f6\\u5c0f\\u65f6 \\u548c \\u5c0f\\u65f6\\u5c0f\\u65f6 \\u4e4b\\u95f4.\",\"libellePtBR\":\"De 20\\\/06 a 12\\\/09\\\/2026 todos os dias de 10h a\\u00a0 20h.\",\"libelleJa\":\"20\\\/06 \\u304b\\u3089 12\\\/09\\\/2026 \\u307e\\u3067 \\u6bce\\u65e5 10 \\u5348\\u524d \\u3068 8 \\u5348\\u5f8c \\u306e\\u9593.\",\"libelleKo\":\"20\\\/06 \\uc77c\\ubd80\\ud130 12\\\/09\\\/2026 \\uc77c\\uae4c\\uc9c0 \\ub9e4\\uc77c 10h \\uc5d0\\uc11c 20h \\uae4c\\uc9c0.\"},\"periodeEnClairGenerationMode\":\"AUTOMATIQUE\",\"indicationsPeriode\":[{\"elementReferenceType\":\"IndicationPeriode\",\"id\":416},{\"elementReferenceType\":\"IndicationPeriode\",\"id\":418},{\"elementReferenceType\":\"IndicationPeriode\",\"id\":435},{\"elementReferenceType\":\"IndicationPeriode\",\"id\":436}],\"periodesOuvertures\":[{\"identifiant\":37405544,\"dateDebut\":\"2025-12-14\",\"dateFin\":\"2026-04-12\",\"type\":\"OUVERTURE_TOUS_LES_JOURS\",\"tousLesAns\":false,\"identifiantTechnique\":40401192,\"horaires\":[{\"id\":5027430,\"type\":{\"elementReferenceType\":\"HoraireType\",\"id\":7487},\"timePeriods\":[{\"id\":5598920,\"closed\":false,\"weekdays\":[\"SUN\",\"MON\",\"FRI\",\"SAT\",\"THU\",\"WED\",\"TUE\"]}]}]},{\"identifiant\":37405524,\"dateDebut\":\"2026-06-20\",\"dateFin\":\"2026-09-12\",\"complementHoraire\":{},\"horaireOuverture\":\"10:00:00\",\"horaireFermeture\":\"20:00:00\",\"type\":\"OUVERTURE_TOUS_LES_JOURS\",\"tousLesAns\":false,\"identifiantTechnique\":40401193,\"horaires\":[{\"id\":5027431,\"type\":{\"elementReferenceType\":\"HoraireType\",\"id\":7487},\"timePeriods\":[{\"id\":5598921,\"closed\":false,\"weekdays\":[\"SUN\",\"MON\",\"FRI\",\"SAT\",\"THU\",\"WED\",\"TUE\"],\"timeFrames\":[{\"id\":5481704,\"startTime\":\"10:00\",\"endTime\":\"20:00\"}]}]}]}]},\"NBRECOUVERTS\":null,\"categoriesRestau\":null,\"reservation\":{\"organismes\":[{\"identifiant\":4235919,\"nom\":\"SAMOENS RESERVATION\",\"type\":{\"elementReferenceType\":\"ReservationType\",\"id\":473},\"moyensCommunication\":[{\"identifiant\":69813943,\"type\":{\"elementReferenceType\":\"MoyenCommunicationType\",\"id\":205},\"coordonnees\":{\"fr\":\"https:\\\/\\\/reservation.samoens.com\\\/resialex4p8-residence-mgm-alexane-4-pieces-8-personnes.html\"}}],\"locked\":false},{\"identifiant\":9348769,\"nom\":\"R\\u00e9sidence Alexane\",\"type\":{\"elementReferenceType\":\"ReservationType\",\"id\":475},\"moyensCommunication\":[{\"identifiant\":133621735,\"type\":{\"elementReferenceType\":\"MoyenCommunicationType\",\"id\":205},\"coordonnees\":{\"fr\":\"https:\\\/\\\/www.mgm-hotels-residences.com\\\/fr\"}}],\"locked\":false}]},\"indicationsPeriode\":[\"Najaar\",\"Zomer\",\"Winter\",\"Voorjaar\"]},\"584559\":{\"id\":177975,\"presentation\":{\"descriptifCourt\":{\"libelleFr\":\"R\\u00e9sidence de style savoyard situ\\u00e9e \\u00e0 800 m du centre village, \\u00e0 400 m des premiers commerces et \\u00e0 1 km de la t\\u00e9l\\u00e9cabine (navettes gratuites). Piscine couverte chauff\\u00e9e, sauna, hammam, Wifi. Draps et linge de toilette inclus...\",\"libelleEn\":\"A residence in the Savoyard style, situated 800m from the village centre, 400m from the nearest  shops and 1km from the ski lift. There is a free ski bus which stops just by the residence.\",\"libelleNl\":\"800 meter van het centrum , 400 meter van de winkels en 1 km van de skilift        (gratis skibus) , traditioneel chalets. Overdekt zwembad , sauna en stoombad , fitness zaal ...\"},\"descriptifDetaille\":{\"libelleFr\":\"R\\u00e9sidence Lagrange compos\\u00e9e d\\u2019appartements dans des b\\u00e2timents de 2 \\u00e9tages et de chalets accol\\u00e9s construits dans le respect de la tradition savoyarde. D\\u2019une capacit\\u00e9 de 2 \\u00e0 12 personnes, les logements sont totalement \\u00e9quip\\u00e9s avec balcon ou terrasse en rez-de-chauss\\u00e9e. Services inclus : Piscine couverte chauff\\u00e9e (+ piscine ext\\u00e9rieure ouverte en \\u00e9t\\u00e9), salle de fitness, TV, draps et linge de toilette inclus. En suppl\\u00e9ment : Sauna\\\/Hammam, wifi dans les logements, parking couvert, laverie, services h\\u00f4teliers\\u2026\",\"libelleEn\":\"The Residence Lagrange is composed of two-storey buildings and chalets constructed in the Savoyard tradition. With a capacity of between 2 and 12 people. The apartments are fully-equiped and have a balcony or a terrace. Services include : indoor pool in winter, (+ outdoor pool in summer ), fitness-room, TV, bed-linen and towels.\\r\\n\\r\\nPlus, there is a sauna\\\/hammam, wifi in the apartments, covered  parking, laundry-room and hotel services.\",\"libelleNl\":\"Residence Lagrange bestaat uit appartementen in gebouwen van 2 verdiepingen en aangrenzende chalets die gebouwd zijn volgens de traditie van de Savoie. Met een capaciteit van 2 tot 12 personen zijn de accommodaties volledig uitgerust met balkon of terras op de begane grond. Inbegrepen services: Verwarmd binnenzwembad (+ buitenzwembad open in de zomer), fitnessruimte, tv, beddengoed en handdoeken inbegrepen. Bovendien: sauna \\\/ hamam, wifi in de accommodatie, overdekte parkeerplaats, wasserette, hoteldiensten ...\"},\"descriptifsThematises\":[{\"theme\":{\"elementReferenceType\":\"DescriptifTheme\",\"id\":5154},\"description\":{\"libelleFr\":\"Gratuit : Piscine couverte chauff\\u00e9e, espace fitness, salon avec chemin\\u00e9e, pr\\u00eat de lit et chaise de b\\u00e9b\\u00e9 (-2 ans),\\r\\n1 s\\u00e9ance de sauna ou hammam offerte par semaine par appartement !\\r\\n\\r\\nPayant : Espace remise en forme avec sauna et hammam (8\\u20ac\\\/s\\u00e9ance, 39\\u20ac\\\/7 s\\u00e9ances), billard, service , laverie.\",\"libelleEn\":\"Free: Indoor, heated pool, fitness rooms, lounge with fireplace, cot, and baby chair ( under 2 years old ).\\r\\n\\r\\nExtra charge for the sauna and hammam ( 8\\u20ac per session, 39\\u20ac for 7 sessions ) as well as for the billiards, laundry room, parking, wifi, and hotel services.\",\"libelleNl\":\"Gratis: verwarmd binnenzwembad, fitnesszalen, lounge met open haard, kinderbed en kinderstoel (tot 2 jaar).\\r\\n\\r\\nExtra kosten voor de sauna en hammam ( 8\\u20ac per sessie, 39\\u20ac voor 7 sessies ) evenals voor het biljart, wasruimte, parking, wifi, en hoteldiensten.\"}}],\"typologiesPromoSitra\":[{\"elementReferenceType\":\"TypologiePromoSitra\",\"id\":1589},{\"elementReferenceType\":\"TypologiePromoSitra\",\"id\":1645}],\"bonsPlans\":{\"libelleFr\":\"Gratuit : Piscine couverte chauff\\u00e9e, espace fitness, salon avec chemin\\u00e9e, pr\\u00eat de lit et chaise de b\\u00e9b\\u00e9 (-2 ans),\\r\\n1 s\\u00e9ance de sauna ou hammam offerte par semaine par appartement !\\r\\n\\r\\nPayant : Espace remise en forme avec sauna et hammam (8\\u20ac\\\/s\\u00e9ance, 39\\u20ac\\\/7 s\\u00e9ances), billard, service , laverie.\",\"libelleEn\":\"Free: Indoor, heated pool, fitness rooms, lounge with fireplace, cot, and baby chair ( under 2 years old ).\\r\\n\\r\\nExtra charge for the sauna and hammam ( 8\\u20ac per session, 39\\u20ac for 7 sessions ) as well as for the billiards, laundry room, parking, wifi, and hotel services.\",\"libelleNl\":\"Gratis: verwarmd binnenzwembad, fitnesszalen, lounge met open haard, kinderbed en kinderstoel (tot 2 jaar).\\r\\n\\r\\nExtra kosten voor de sauna en hammam ( 8\\u20ac per sessie, 39\\u20ac voor 7 sessies ) evenals voor het biljart, wasruimte, parking, wifi, en hoteldiensten.\"}},\"nom\":{\"libelleFr\":\"R\\u00e9sidence Lagrange - Les Fermes de Samo\\u00ebns\",\"libelleEn\":\"Les Fermes de Samo\\u00ebns - Lagrange residence\",\"libelleNl\":\"R\\u00e9sidence Lagrange - Les Fermes de Samo\\u00ebns\"},\"Classement\":\"3 sterren\",\"informationsActivite\":null,\"prestations\":{\"equipements\":[{\"elementReferenceType\":\"PrestationEquipement\",\"id\":1504},{\"elementReferenceType\":\"PrestationEquipement\",\"id\":1506},{\"elementReferenceType\":\"PrestationEquipement\",\"id\":1093},{\"elementReferenceType\":\"PrestationEquipement\",\"id\":972},{\"elementReferenceType\":\"PrestationEquipement\",\"id\":1318},{\"elementReferenceType\":\"PrestationEquipement\",\"id\":1320},{\"elementReferenceType\":\"PrestationEquipement\",\"id\":1054},{\"elementReferenceType\":\"PrestationEquipement\",\"id\":698},{\"elementReferenceType\":\"PrestationEquipement\",\"id\":914},{\"elementReferenceType\":\"PrestationEquipement\",\"id\":1508},{\"elementReferenceType\":\"PrestationEquipement\",\"id\":836},{\"elementReferenceType\":\"PrestationEquipement\",\"id\":624}],\"services\":[{\"elementReferenceType\":\"PrestationService\",\"id\":687},{\"elementReferenceType\":\"PrestationService\",\"id\":993},{\"elementReferenceType\":\"PrestationService\",\"id\":1028},{\"elementReferenceType\":\"PrestationService\",\"id\":1072},{\"elementReferenceType\":\"PrestationService\",\"id\":1130},{\"elementReferenceType\":\"PrestationService\",\"id\":1145},{\"elementReferenceType\":\"PrestationService\",\"id\":1160},{\"elementReferenceType\":\"PrestationService\",\"id\":1166}],\"animauxAcceptes\":\"ACCEPTES\",\"animauxAcceptesSupplement\":\"NON_DISPONIBLE\",\"conforts\":[{\"elementReferenceType\":\"PrestationConfort\",\"id\":847},{\"elementReferenceType\":\"PrestationConfort\",\"id\":960},{\"elementReferenceType\":\"PrestationConfort\",\"id\":971},{\"elementReferenceType\":\"PrestationConfort\",\"id\":922},{\"elementReferenceType\":\"PrestationConfort\",\"id\":999},{\"elementReferenceType\":\"PrestationConfort\",\"id\":902},{\"elementReferenceType\":\"PrestationConfort\",\"id\":1015},{\"elementReferenceType\":\"PrestationConfort\",\"id\":1012},{\"elementReferenceType\":\"PrestationConfort\",\"id\":983},{\"elementReferenceType\":\"PrestationConfort\",\"id\":1011},{\"elementReferenceType\":\"PrestationConfort\",\"id\":1014},{\"elementReferenceType\":\"PrestationConfort\",\"id\":904},{\"elementReferenceType\":\"PrestationConfort\",\"id\":963},{\"elementReferenceType\":\"PrestationConfort\",\"id\":898},{\"elementReferenceType\":\"PrestationConfort\",\"id\":880},{\"elementReferenceType\":\"PrestationConfort\",\"id\":973},{\"elementReferenceType\":\"PrestationConfort\",\"id\":6804},{\"elementReferenceType\":\"PrestationConfort\",\"id\":1004},{\"elementReferenceType\":\"PrestationConfort\",\"id\":838},{\"elementReferenceType\":\"PrestationConfort\",\"id\":796},{\"elementReferenceType\":\"PrestationConfort\",\"id\":850}],\"languesParlees\":[{\"elementReferenceType\":\"Langue\",\"id\":1192},{\"elementReferenceType\":\"Langue\",\"id\":1197}],\"languesDocumentation\":[{\"elementReferenceType\":\"Langue\",\"id\":1192},{\"elementReferenceType\":\"Langue\",\"id\":1197}],\"complementAccueil\":{\"libelleFr\":\"Non inclus : Caution et taxe de s\\u00e9jour, frais de m\\u00e9nage si l\\u2019appartement n\\u2019est pas rendu propre (55 \\u00e0 85\\u20ac). Arriv\\u00e9es les samedi de 17h \\u00e0 20h \\u2013 D\\u00e9parts les samedi de 8h \\u00e0 10h. Ouverture de la r\\u00e9ception du lundi au dimanche : 8h-12h et 16h-20h, le samedi : 8h-12h et 14h-20h. D\\u00e9p\\u00f4t de boulangerie.\\r\\nparking couvert : 49\\u20ac \\\/semaine en hiver  29\\u20ac\\\/semaine en \\u00e9t\\u00e9\",\"libelleEn\":\"Not included: Deposit and tourist tax, cleaning costs if the flat is not left clean (55 to 85\\u20ac). Arrivals on Saturdays from 5 pm to 8 pm - Departures on Saturdays from 8 am to 10 am. Front desk services from Monday to Sunday: 8am-12pm and 4pm-8pm, Saturdays: 8am-12pm and 2pm-8pm. Bakery depot.\\r\\nCovered parking: 49\\u20ac\\\/week in winter 29\\u20ac\\\/week in summer.\",\"libelleNl\":\"Niet inbegrepen: Borg en toeristenbelasting, schoonmaakkosten indien het appartement niet schoon wordt achtergelaten (55 tot 85\\u20ac). Aankomst op zaterdag van 17.00 tot 20.00 uur - Vertrek op zaterdag van 8.00 tot 10.00 uur. Receptie van maandag tot zondag: 8u-12u en 16u-8u, zaterdag: 8u-12u en 14u-8u. Bakkerij depot.\\r\\nOverdekte parkeerplaats: 49\\u20ac\\\/week in de winter 29\\u20ac\\\/week in de zomer.\"},\"tourismesAdaptes\":[{\"elementReferenceType\":\"TourismeAdapte\",\"id\":3653}],\"surchargeTourismesAdaptes\":true,\"surchargeDescriptifHandicapMoteur\":true,\"surchargeDescriptifHandicapAuditif\":true,\"surchargeDescriptifHandicapVisuel\":true,\"surchargeDescriptifHandicapMental\":true,\"surchargeNombreFauteuilsRoulants\":true,\"typesClientele\":[{\"elementReferenceType\":\"TypeClientele\",\"id\":593}]},\"CATEG_ASPECTS\":{\"HIVER\":{\"main_img\":\"975897-diaporama.jpg\"},\"ETE\":{\"main_img\":\"975897-diaporama.jpg\"}},\"PARKING\":\"On\",\"WIFI\":null,\"ANIMAUX\":\"On\",\"CLIMATISATION\":null,\"GARAGE\":null,\"TERRASSE\":null,\"JEUX\":null,\"TV\":\"On\",\"ASCENSEUR\":\"On\",\"PISCINE\":\"On\",\"SAUNA\":\"On\",\"SPA\":null,\"VELO\":null,\"main_img\":\"975897-diaporama.jpg\",\"localisation\":{\"adresse\":{\"adresse1\":\"347 chemin de sur-la-ville\",\"adresse2\":\"Les Beules\",\"codePostal\":\"74340\",\"commune\":{\"id\":30826}},\"geolocalisation\":{\"reperePlan\":\"O8\",\"altitude\":708,\"complement\":{\"libelleFr\":\"A Samo\\u00ebns, au 1er rond point apr\\u00e8s le pont, prendre direction de Sixt Fer \\u00e0 Cheval. Au 2\\u00e8me rond-point, prendre \\u00e0 droite, direction Sixt. Traverser le pont puis \\u00e0 100m prendre \\u00e0 droite direction des \\\"Beules\\\". La r\\u00e9sidence se situe \\u00e0 100m sur la gauche.\",\"libelleEn\":\"In Samo\\u00ebns, at the first roundabout after the bridge, take the direction of Sixt Fer \\u00e0 Cheval. At the 2nd roundabout, turn right, direction Sixt. Cross the bridge and then 100m further on, turn right in the direction of \\\"Les Beules\\\". The residence is located 100m on the left.\",\"libelleNl\":\"In Samo\\u00ebns, op de eerste rotonde na de brug, neemt u de richting Sixt Fer \\u00e0 Cheval. Bij de 2e rotonde slaat u rechtsaf, richting Sixt. Over de brug en dan 100m verder, rechtsaf richting \\\"Les Beules\\\". De residentie ligt 100m aan de linkerkant.\"},\"valide\":true,\"geoJson\":{\"type\":\"Point\",\"coordinates\":[6.7298980000000003798277248279191553592681884765625,46.07787499999999880628820392303168773651123046875]}},\"perimetreGeographique\":[{\"id\":30826}],\"environnements\":[{\"elementReferenceType\":\"Environnement\",\"id\":169},{\"elementReferenceType\":\"Environnement\",\"id\":135},{\"elementReferenceType\":\"Environnement\",\"id\":171},{\"elementReferenceType\":\"Environnement\",\"id\":193},{\"elementReferenceType\":\"Environnement\",\"id\":183},{\"elementReferenceType\":\"Environnement\",\"id\":160}]},\"COMMUNE\":\"Samo\\u00ebns\",\"NBREEMPLACEMENTS\":null,\"tarifChDbl\":null,\"datesOuverture\":[\"2026-04-10\",\"2026-04-11\",\"2026-05-23\",\"2026-05-24\",\"2026-05-25\",\"2026-05-26\",\"2026-05-27\",\"2026-05-28\",\"2026-05-29\",\"2026-05-30\",\"2026-05-31\",\"2026-06-01\",\"2026-06-02\",\"2026-06-03\",\"2026-06-04\",\"2026-06-05\",\"2026-06-06\",\"2026-06-07\",\"2026-06-08\",\"2026-06-09\",\"2026-06-10\",\"2026-06-11\",\"2026-06-12\",\"2026-06-13\",\"2026-06-14\",\"2026-06-15\",\"2026-06-16\",\"2026-06-17\",\"2026-06-18\",\"2026-06-19\",\"2026-06-20\",\"2026-06-21\",\"2026-06-22\",\"2026-06-23\",\"2026-06-24\",\"2026-06-25\",\"2026-06-26\",\"2026-06-27\",\"2026-06-28\",\"2026-06-29\",\"2026-06-30\",\"2026-07-01\",\"2026-07-02\",\"2026-07-03\",\"2026-07-04\",\"2026-07-05\",\"2026-07-06\",\"2026-07-07\",\"2026-07-08\",\"2026-07-09\",\"2026-07-10\",\"2026-07-11\",\"2026-07-12\",\"2026-07-13\",\"2026-07-14\",\"2026-07-15\",\"2026-07-16\",\"2026-07-17\",\"2026-07-18\",\"2026-07-19\",\"2026-07-20\",\"2026-07-21\",\"2026-07-22\",\"2026-07-23\",\"2026-07-24\",\"2026-07-25\",\"2026-07-26\",\"2026-07-27\",\"2026-07-28\",\"2026-07-29\",\"2026-07-30\",\"2026-07-31\",\"2026-08-01\",\"2026-08-02\",\"2026-08-03\",\"2026-08-04\",\"2026-08-05\",\"2026-08-06\",\"2026-08-07\",\"2026-08-08\",\"2026-08-09\",\"2026-08-10\",\"2026-08-11\",\"2026-08-12\",\"2026-08-13\",\"2026-08-14\",\"2026-08-15\",\"2026-08-16\",\"2026-08-17\",\"2026-08-18\",\"2026-08-19\",\"2026-08-20\",\"2026-08-21\",\"2026-08-22\",\"2026-08-23\",\"2026-08-24\",\"2026-08-25\",\"2026-08-26\",\"2026-08-27\",\"2026-08-28\",\"2026-08-29\",\"2026-08-30\",\"2026-08-31\",\"2026-09-01\",\"2026-09-02\",\"2026-09-03\",\"2026-09-04\",\"2026-09-05\",\"2026-09-06\",\"2026-09-07\",\"2026-09-08\",\"2026-09-09\",\"2026-09-10\",\"2026-09-11\",\"2026-09-12\",\"2026-09-13\",\"2026-09-14\",\"2026-09-15\",\"2026-09-16\",\"2026-09-17\",\"2026-09-18\",\"2026-09-19\",\"2026-09-20\",\"2026-09-21\",\"2026-09-22\",\"2026-09-23\",\"2026-09-24\",\"2026-09-25\",\"2026-09-26\",\"2026-09-27\",\"2026-09-28\"],\"SERVICES\":[\"Huisdieren toegestaan\",\"Reserveren\",\"Verhuur lakens\",\"Pendelbus\",\"Toeristische documentatie\",\"Verhuur linnengoed\",\"Dagelijks schoonmaken\",\"Schoonmaken einde verblijf\"],\"INFOSSEJOURHEBERGEMENT\":null,\"typesCommerce\":null,\"modesPaiement\":[\"Kijk op\",\"Bankkaart\\\/creditcard\",\"Contanten\",\"Vakantiecheques\"],\"CAPACITEACCUEIL\":null,\"CRIT_FAMILLE\":null,\"CRIT_SPORT\":null,\"CRIT_PATRIMOINE\":null,\"CRIT_ARTISANAT\":null,\"CRIT_GASTRO\":null,\"CRIT_MUSIQUE\":null,\"CRIT_EXPO\":null,\"CRIT_BIENETRE\":null,\"ouverture\":{\"periodeEnClair\":{\"libelleFr\":\"Du 20\\\/12\\\/2025 au 11\\\/04\\\/2026 tous les jours.\\n\\nDu 23\\\/05 au 28\\\/09\\\/2026 tous les jours.\",\"libelleEn\":\"From 20\\\/12\\\/2025 to 11\\\/04\\\/2026 daily.\\n\\nFrom 23\\\/05 to 28\\\/09\\\/2026 daily.\",\"libelleEs\":\"Del 20\\\/12\\\/2025 al 11\\\/04\\\/2026 todos los dias.\\n\\nDel 23\\\/05 al 28\\\/09\\\/2026 todos los dias.\",\"libelleIt\":\"Dal 20\\\/12\\\/2025 al 11\\\/04\\\/2026 ogni giorno.\\n\\nDal 23\\\/05 al 28\\\/09\\\/2026 ogni giorno.\",\"libelleDe\":\"Vom 20\\\/12\\\/2025 bis 11\\\/04\\\/2026 t\\u00e4glich.\\n\\nVom 23\\\/05 bis 28\\\/09\\\/2026 t\\u00e4glich.\",\"libelleNl\":\"Van 20\\\/12\\\/2025 tot en met 11\\\/04\\\/2026 iedere dag.\\n\\nVan 23\\\/05 tot en met 28\\\/09\\\/2026 iedere dag.\",\"libelleRu\":\"\\u0421 20\\\/12\\\/2025 \\u0434\\u043e 11\\\/04\\\/2026 \\u0435\\u0436\\u0435\\u0434\\u043d\\u0435\\u0432\\u043d\\u043e.\\n\\n\\u0421 23\\\/05 \\u0434\\u043e 28\\\/09\\\/2026 \\u0435\\u0436\\u0435\\u0434\\u043d\\u0435\\u0432\\u043d\\u043e.\",\"libelleZh\":\"\\u4ece 2025\\u5e7412\\u670820\\u65e5 \\u5230 2026\\u5e744\\u670811\\u65e5 \\u65e5\\u5e38.\\n\\n\\u4ece 5\\u670823\\u65e5 \\u5230 2026\\u5e749\\u670828\\u65e5 \\u65e5\\u5e38.\",\"libellePtBR\":\"De 20\\\/12\\\/2025 a 11\\\/04\\\/2026 todos os dias.\\n\\nDe 23\\\/05 a 28\\\/09\\\/2026 todos os dias.\",\"libelleJa\":\"20\\\/12\\\/2025 \\u304b\\u3089 11\\\/04\\\/2026 \\u307e\\u3067 \\u6bce\\u65e5.\\n\\n23\\\/05 \\u304b\\u3089 28\\\/09\\\/2026 \\u307e\\u3067 \\u6bce\\u65e5.\",\"libelleKo\":\"20\\\/12\\\/2025 \\uc77c\\ubd80\\ud130 11\\\/04\\\/2026 \\uc77c\\uae4c\\uc9c0 \\ub9e4\\uc77c.\\n\\n23\\\/05 \\uc77c\\ubd80\\ud130 28\\\/09\\\/2026 \\uc77c\\uae4c\\uc9c0 \\ub9e4\\uc77c.\"},\"periodeEnClairGenerationMode\":\"AUTOMATIQUE\",\"indicationsPeriode\":[{\"elementReferenceType\":\"IndicationPeriode\",\"id\":416},{\"elementReferenceType\":\"IndicationPeriode\",\"id\":418},{\"elementReferenceType\":\"IndicationPeriode\",\"id\":435},{\"elementReferenceType\":\"IndicationPeriode\",\"id\":436}],\"periodesOuvertures\":[{\"identifiant\":37039970,\"dateDebut\":\"2025-12-20\",\"dateFin\":\"2026-04-11\",\"complementHoraire\":{},\"type\":\"OUVERTURE_TOUS_LES_JOURS\",\"tousLesAns\":false,\"identifiantTechnique\":39909949,\"horaires\":[{\"id\":4564376,\"type\":{\"elementReferenceType\":\"HoraireType\",\"id\":7487},\"timePeriods\":[{\"id\":5060452,\"closed\":false,\"weekdays\":[\"WED\",\"SAT\",\"SUN\",\"FRI\",\"THU\",\"MON\",\"TUE\"]}]}]},{\"identifiant\":39909982,\"dateDebut\":\"2026-05-23\",\"dateFin\":\"2026-09-28\",\"complementHoraire\":{},\"type\":\"OUVERTURE_TOUS_LES_JOURS\",\"tousLesAns\":false,\"identifiantTechnique\":39909982,\"horaires\":[{\"id\":4564378,\"type\":{\"elementReferenceType\":\"HoraireType\",\"id\":7487},\"timePeriods\":[{\"id\":5060454,\"closed\":false,\"weekdays\":[\"WED\",\"SAT\",\"SUN\",\"FRI\",\"THU\",\"MON\",\"TUE\"]}]}]}]},\"NBRECOUVERTS\":null,\"categoriesRestau\":null,\"reservation\":{\"organismes\":[{\"identifiant\":1442078,\"nom\":\"S\\u00e9lection Vacances\",\"type\":{\"elementReferenceType\":\"ReservationType\",\"id\":473},\"moyensCommunication\":[{\"identifiant\":8140949,\"type\":{\"elementReferenceType\":\"MoyenCommunicationType\",\"id\":201},\"coordonnees\":{\"fr\":\"0 892 160 500\"}},{\"identifiant\":143083257,\"type\":{\"elementReferenceType\":\"MoyenCommunicationType\",\"id\":205},\"coordonnees\":{\"fr\":\"https:\\\/\\\/www.vacances-lagrange.com\\\/vacances-location-mer-montagne,logements-alpes-haute-savoie,samoens-SAMOEN-L-FERM-residence.html#residence\"}}],\"locked\":false},{\"identifiant\":1442079,\"structureReference\":{\"type\":\"STRUCTURE\",\"id\":75779},\"nom\":\"Lagrange Prestige\",\"type\":{\"elementReferenceType\":\"ReservationType\",\"id\":475},\"moyensCommunication\":[{\"identifiant\":11390943,\"type\":{\"elementReferenceType\":\"MoyenCommunicationType\",\"id\":201},\"coordonnees\":{\"fr\":\"04 50 18 12 20\",\"en\":\"+33 4 50 18 12 20\",\"nl\":\"+33 4 50 18 12 20\"},\"observation\":{\"libelleFr\":\"H\\u00e9bergement\"}},{\"identifiant\":11390946,\"type\":{\"elementReferenceType\":\"MoyenCommunicationType\",\"id\":201},\"coordonnees\":{\"fr\":\"08 92 160 500\",\"en\":\"+33 8 92 160 500\",\"nl\":\"+33 8 92 160 500\"},\"observation\":{\"libelleFr\":\"r\\u00e9servation 0,40\\u20ac par min.\"}},{\"identifiant\":11390944,\"type\":{\"elementReferenceType\":\"MoyenCommunicationType\",\"id\":204},\"coordonnees\":{\"fr\":\"samoens@lagrange-vacances.com\",\"en\":\"samoens@lagrange-vacances.com\",\"nl\":\"samoens@lagrange-vacances.com\"}},{\"identifiant\":131753671,\"type\":{\"elementReferenceType\":\"MoyenCommunicationType\",\"id\":205},\"coordonnees\":{\"fr\":\"https:\\\/\\\/reservation.samoens.com\\\/lagrange-vacances.html\"}}],\"locked\":false}]},\"indicationsPeriode\":[\"Najaar\",\"Zomer\",\"Winter\",\"Voorjaar\"]},\"584556\":{\"id\":177972,\"presentation\":{\"descriptifCourt\":{\"libelleFr\":\"D\\u00e9couvrez La Cour, une r\\u00e9sidence de tourisme familiale id\\u00e9alement situ\\u00e9e o\\u00f9 charme traditionnel et confort moderne se lient. Des h\\u00e9bergements \\u00e9l\\u00e9gants, des installations cocoon et une \\u00e9quipe d\\u00e9vou\\u00e9e vous attendent pour des vacances inoubliables.\",\"libelleEn\":\"Discover La Cour, a perfectly located family-friendly tourist residence where traditional charm and modern comfort come together. Elegant accommodations, cozy facilities, and a dedicated team await you for an unforgettable vacation.\",\"libelleNl\":\"Ontdek La Cour, een ideaal gelegen familievriendelijk vakantieverblijf waar traditionele charme en modern comfort samenkomen. Stijlvolle accommodaties, knusse faciliteiten en een toegewijd team staan \\u200b\\u200bklaar om u een onvergetelijke vakantie te bezorgen.\"},\"descriptifDetaille\":{\"libelleFr\":\"Le petit chemin de La Cour vous m\\u00e8nera \\u00e0 notre r\\u00e9sidence de tourisme. D\\u00e9couvrez une maison au charme savoyard qui se situe \\u00e0 deux pas de la place historique du \\u00ab Gros Tilleul \\u00bb. Jouissant d\\u2019un emplacement unique dans un grand parc, \\u00e0 vous le calme et la s\\u00e9r\\u00e9nit\\u00e9. Notre r\\u00e9sidence se d\\u00e9marque par son emplacement idyllique. \\u00c0 la fois \\u00e0 deux pas de la vie du village avec ses commerces et ses activit\\u00e9s, la r\\u00e9sidence se situe aussi en face du t\\u00e9l\\u00e9cabine vous permettant de rejoindre le domaine skiable du Grand Massif en quelques minutes.\\r\\nLa Cour une r\\u00e9sidence \\u00e0 taille humaine : des studios et des appartements, 18 au total, d\\u2019une capacit\\u00e9 de 2 \\u00e0 9 personnes. Tous \\u00e9quip\\u00e9s avec kitchenette ou cuisine, salle de bain, t\\u00e9l\\u00e9phone et t\\u00e9l\\u00e9vision (\\u00e9cran plat). La r\\u00e9sidence La Cour, c\\u2019est aussi et surtout, une maison familiale, avec des services de qualit\\u00e9: un salon-bar convivial, un SPA montagne, du wifi et de grands espaces ext\\u00e9rieurs pour vous permettre de vivre pleinement votre s\\u00e9jour chez nous\\u2026\",\"libelleEn\":\"The small path of La Cour will lead you to our tourist residence. Discover a house with Savoyard charm which is located a stone's throw from the historic \\u201cGros Tilleul\\u201d square. Enjoying a unique location in a large park, peace and serenity are yours. Our residence stands out for its idyllic location. At the same time close to the life of the village with its shops and its activities, the residence is also located in front of the cable car allowing you to join the ski area of \\u200b\\u200bthe Grand Massif in a few minutes.\\r\\nLa Cour is a residence on a human scale: studios and apartments, 18 in total, with a capacity of 2 to 9 people. All equipped with kitchenette or kitchen, bathroom, telephone and television (flat screen). The La Cour residence is also and above all a family home, with quality services: a friendly lounge bar, a mountain SPA, wifi and large outdoor spaces to allow you to fully experience your stay with us\",\"libelleNl\":\"Het kleine pad van La Cour leidt u naar onze toeristenresidentie. Ontdek een huis met Savoyaardse charme dat op een steenworp afstand van het historische \\\"Gros Tilleul\\\" -plein ligt. Genieten op een unieke locatie in een groot park, rust en sereniteit zijn van jou. Onze residentie valt op door zijn idyllische ligging. Tegelijkertijd dicht bij het leven van het dorp met zijn winkels en zijn activiteiten, bevindt de residentie zich ook tegenover de kabelbaan waardoor u in een paar minuten naar het skigebied van het Grand Massif kunt gaan.\\r\\nLa Cour is een residentie op menselijke schaal: studio's en appartementen, 18 in totaal, met een capaciteit van 2 tot 9 personen. Allemaal uitgerust met kitchenette of keuken, badkamer, telefoon en televisie (flatscreen). De residentie La Cour is ook en vooral een gezinswoning, met kwaliteitsdiensten: een vriendelijke loungebar, een berg-SPA, wifi en grote buitenruimtes zodat u uw verblijf bij ons volledig kunt ervaren ...\"},\"typologiesPromoSitra\":[{\"elementReferenceType\":\"TypologiePromoSitra\",\"id\":1645},{\"elementReferenceType\":\"TypologiePromoSitra\",\"id\":6199}]},\"nom\":{\"libelleFr\":\"R\\u00e9sidence La Cour \\u2013 Dahu Compagnie\",\"libelleEn\":\"La Cour residence \\u2013 Dahu Compagnie\",\"libelleNl\":\"Residence La Cour - Dahu Compagnie\"},\"Classement\":\"3 sterren\",\"informationsActivite\":null,\"prestations\":{\"equipements\":[{\"elementReferenceType\":\"PrestationEquipement\",\"id\":1089},{\"elementReferenceType\":\"PrestationEquipement\",\"id\":975},{\"elementReferenceType\":\"PrestationEquipement\",\"id\":1297},{\"elementReferenceType\":\"PrestationEquipement\",\"id\":1504},{\"elementReferenceType\":\"PrestationEquipement\",\"id\":1093},{\"elementReferenceType\":\"PrestationEquipement\",\"id\":1058},{\"elementReferenceType\":\"PrestationEquipement\",\"id\":1322},{\"elementReferenceType\":\"PrestationEquipement\",\"id\":1323},{\"elementReferenceType\":\"PrestationEquipement\",\"id\":972},{\"elementReferenceType\":\"PrestationEquipement\",\"id\":1057},{\"elementReferenceType\":\"PrestationEquipement\",\"id\":698},{\"elementReferenceType\":\"PrestationEquipement\",\"id\":715},{\"elementReferenceType\":\"PrestationEquipement\",\"id\":723},{\"elementReferenceType\":\"PrestationEquipement\",\"id\":914},{\"elementReferenceType\":\"PrestationEquipement\",\"id\":1508},{\"elementReferenceType\":\"PrestationEquipement\",\"id\":612},{\"elementReferenceType\":\"PrestationEquipement\",\"id\":826},{\"elementReferenceType\":\"PrestationEquipement\",\"id\":860},{\"elementReferenceType\":\"PrestationEquipement\",\"id\":803},{\"elementReferenceType\":\"PrestationEquipement\",\"id\":673},{\"elementReferenceType\":\"PrestationEquipement\",\"id\":957},{\"elementReferenceType\":\"PrestationEquipement\",\"id\":606}],\"services\":[{\"elementReferenceType\":\"PrestationService\",\"id\":687},{\"elementReferenceType\":\"PrestationService\",\"id\":781},{\"elementReferenceType\":\"PrestationService\",\"id\":791},{\"elementReferenceType\":\"PrestationService\",\"id\":926},{\"elementReferenceType\":\"PrestationService\",\"id\":993},{\"elementReferenceType\":\"PrestationService\",\"id\":1025},{\"elementReferenceType\":\"PrestationService\",\"id\":1110},{\"elementReferenceType\":\"PrestationService\",\"id\":1111},{\"elementReferenceType\":\"PrestationService\",\"id\":1115},{\"elementReferenceType\":\"PrestationService\",\"id\":1122},{\"elementReferenceType\":\"PrestationService\",\"id\":1126},{\"elementReferenceType\":\"PrestationService\",\"id\":1130},{\"elementReferenceType\":\"PrestationService\",\"id\":1160},{\"elementReferenceType\":\"PrestationService\",\"id\":1166},{\"elementReferenceType\":\"PrestationService\",\"id\":1172},{\"elementReferenceType\":\"PrestationService\",\"id\":1177},{\"elementReferenceType\":\"PrestationService\",\"id\":1212}],\"animauxAcceptes\":\"ACCEPTES\",\"animauxAcceptesSupplement\":\"AVEC_SUPPLEMENT\",\"descriptifAnimauxAcceptes\":{\"libelleFr\":\"Extra 3\\u20ac\\\/j\",\"libelleEn\":\"Extra 3\\u20ac\\\/day\",\"libelleNl\":\"Extra 3\\u20ac\\\/dag\"},\"activites\":[{\"elementReferenceType\":\"PrestationActivite\",\"id\":691},{\"elementReferenceType\":\"PrestationActivite\",\"id\":582},{\"elementReferenceType\":\"PrestationActivite\",\"id\":3926},{\"elementReferenceType\":\"PrestationActivite\",\"id\":669}],\"conforts\":[{\"elementReferenceType\":\"PrestationConfort\",\"id\":847},{\"elementReferenceType\":\"PrestationConfort\",\"id\":951},{\"elementReferenceType\":\"PrestationConfort\",\"id\":971},{\"elementReferenceType\":\"PrestationConfort\",\"id\":961},{\"elementReferenceType\":\"PrestationConfort\",\"id\":1015},{\"elementReferenceType\":\"PrestationConfort\",\"id\":1012},{\"elementReferenceType\":\"PrestationConfort\",\"id\":1011},{\"elementReferenceType\":\"PrestationConfort\",\"id\":1014},{\"elementReferenceType\":\"PrestationConfort\",\"id\":904},{\"elementReferenceType\":\"PrestationConfort\",\"id\":963},{\"elementReferenceType\":\"PrestationConfort\",\"id\":898},{\"elementReferenceType\":\"PrestationConfort\",\"id\":973},{\"elementReferenceType\":\"PrestationConfort\",\"id\":842},{\"elementReferenceType\":\"PrestationConfort\",\"id\":6804},{\"elementReferenceType\":\"PrestationConfort\",\"id\":981},{\"elementReferenceType\":\"PrestationConfort\",\"id\":838},{\"elementReferenceType\":\"PrestationConfort\",\"id\":796},{\"elementReferenceType\":\"PrestationConfort\",\"id\":850}],\"languesParlees\":[{\"elementReferenceType\":\"Langue\",\"id\":1189},{\"elementReferenceType\":\"Langue\",\"id\":1192},{\"elementReferenceType\":\"Langue\",\"id\":1197}],\"languesDocumentation\":[{\"elementReferenceType\":\"Langue\",\"id\":1189},{\"elementReferenceType\":\"Langue\",\"id\":1192},{\"elementReferenceType\":\"Langue\",\"id\":1197}],\"complementAccueil\":{\"libelleFr\":\"Notre maison poss\\u00e8de une situation privil\\u00e9gi\\u00e9e, c\\u2019est id\\u00e9al pour les pi\\u00e9tons, l\\u2019acc\\u00e8s au village et aux pistes se fait tr\\u00e8s facilement et rapidement.\",\"libelleEn\":\"Our residence has a privileged location, it is ideal for pedestrians, the access to the village and the slopes is very easy and fast.\",\"libelleNl\":\"Onze residentie heeft een bevoorrechte ligging, het is ideaal voor voetgangers, de toegang tot het dorp en de pistes is zeer gemakkelijk en snel.\"},\"tourismesAdaptes\":[{\"elementReferenceType\":\"TourismeAdapte\",\"id\":3651}],\"surchargeTourismesAdaptes\":true,\"surchargeDescriptifHandicapMoteur\":true,\"surchargeDescriptifHandicapAuditif\":true,\"surchargeDescriptifHandicapVisuel\":true,\"surchargeDescriptifHandicapMental\":true,\"surchargeNombreFauteuilsRoulants\":true,\"typesClientele\":[{\"elementReferenceType\":\"TypeClientele\",\"id\":593}],\"tailleGroupeMin\":20,\"tailleGroupeMax\":55},\"CATEG_ASPECTS\":{\"HIVER\":{\"main_img\":\"3083965-diaporama.jpg\"},\"ETE\":{\"main_img\":\"28383564-diaporama.jpg\"}},\"PARKING\":\"On\",\"WIFI\":\"On\",\"ANIMAUX\":\"On\",\"CLIMATISATION\":null,\"GARAGE\":null,\"TERRASSE\":\"On\",\"JEUX\":\"On\",\"TV\":\"On\",\"ASCENSEUR\":null,\"PISCINE\":\"On\",\"SAUNA\":\"On\",\"SPA\":\"On\",\"VELO\":\"On\",\"main_img\":\"28383561-diaporama.jpg\",\"localisation\":{\"adresse\":{\"adresse1\":\"385 chemin de la Cour\",\"codePostal\":\"74340\",\"commune\":{\"id\":30826}},\"geolocalisation\":{\"reperePlan\":\"L7\",\"altitude\":701,\"complement\":{\"libelleFr\":\"En arrivant \\u00e0 l\\u2019entr\\u00e9e du village (via Morillon) traversez le pont du Giffre, au rondpoint prenez la premi\\u00e8re sortie \\u00e0 droite, passez devant la remont\\u00e9e m\\u00e9canique Grand Massif Express, puis empruntez le premier chemin sur votre gauche (devant restaurant \\u00ab la table de Fifine \\u00bb) remontez le chemin de La Cour sur 250m, la r\\u00e9sidence est sur votre droite.\",\"libelleEn\":\"Coming from Morillon at the first roundabout on the right, go past the GME, first road on the left, 100m and the residence La Cour is on the right.\",\"libelleNl\":\"Komende van Morillon op de eerste rotonde rechts, voorbij het GME, eerste weg links, 100m en de residentie La Cour ligt aan de rechterkant.\"},\"valide\":true,\"geoJson\":{\"type\":\"Point\",\"coordinates\":[6.72425500000000031519675758318044245243072509765625,46.0801220000000029131115297786891460418701171875]}},\"perimetreGeographique\":[{\"id\":30826}],\"environnements\":[{\"elementReferenceType\":\"Environnement\",\"id\":171},{\"elementReferenceType\":\"Environnement\",\"id\":185},{\"elementReferenceType\":\"Environnement\",\"id\":193}]},\"COMMUNE\":\"Samo\\u00ebns\",\"NBREEMPLACEMENTS\":null,\"tarifChDbl\":null,\"datesOuverture\":[\"2026-05-23\",\"2026-05-24\",\"2026-05-25\",\"2026-05-26\",\"2026-05-27\",\"2026-05-28\",\"2026-05-29\",\"2026-05-30\",\"2026-05-31\",\"2026-06-01\",\"2026-06-02\",\"2026-06-03\",\"2026-06-04\",\"2026-06-05\",\"2026-06-06\",\"2026-06-07\",\"2026-06-08\",\"2026-06-09\",\"2026-06-10\",\"2026-06-11\",\"2026-06-12\",\"2026-06-13\",\"2026-06-14\",\"2026-06-15\",\"2026-06-16\",\"2026-06-17\",\"2026-06-18\",\"2026-06-19\",\"2026-06-20\",\"2026-06-21\",\"2026-06-22\",\"2026-06-23\",\"2026-06-24\",\"2026-06-25\",\"2026-06-26\",\"2026-06-27\",\"2026-06-28\",\"2026-06-29\",\"2026-06-30\",\"2026-07-01\",\"2026-07-02\",\"2026-07-03\",\"2026-07-04\",\"2026-07-05\",\"2026-07-06\",\"2026-07-07\",\"2026-07-08\",\"2026-07-09\",\"2026-07-10\",\"2026-07-11\",\"2026-07-12\",\"2026-07-13\",\"2026-07-14\",\"2026-07-15\",\"2026-07-16\",\"2026-07-17\",\"2026-07-18\",\"2026-07-19\",\"2026-07-20\",\"2026-07-21\",\"2026-07-22\",\"2026-07-23\",\"2026-07-24\",\"2026-07-25\",\"2026-07-26\",\"2026-07-27\",\"2026-07-28\",\"2026-07-29\",\"2026-07-30\",\"2026-07-31\",\"2026-08-01\",\"2026-08-02\",\"2026-08-03\",\"2026-08-04\",\"2026-08-05\",\"2026-08-06\",\"2026-08-07\",\"2026-08-08\",\"2026-08-09\",\"2026-08-10\",\"2026-08-11\",\"2026-08-12\",\"2026-08-13\",\"2026-08-14\",\"2026-08-15\",\"2026-08-16\",\"2026-08-17\",\"2026-08-18\",\"2026-08-19\",\"2026-08-20\",\"2026-08-21\",\"2026-08-22\",\"2026-08-23\",\"2026-08-24\",\"2026-08-25\",\"2026-08-26\",\"2026-08-27\",\"2026-08-28\",\"2026-08-29\",\"2026-08-30\",\"2026-08-31\",\"2026-09-01\",\"2026-09-02\",\"2026-09-03\",\"2026-09-04\",\"2026-09-05\",\"2026-09-06\",\"2026-09-07\",\"2026-09-08\",\"2026-09-09\",\"2026-09-10\",\"2026-09-11\",\"2026-09-12\",\"2026-09-13\",\"2026-12-20\",\"2026-12-21\",\"2026-12-22\",\"2026-12-23\",\"2026-12-24\",\"2026-12-25\",\"2026-12-26\",\"2026-12-27\",\"2026-12-28\",\"2026-12-29\",\"2026-12-30\",\"2026-12-31\",\"2027-01-01\",\"2027-01-02\",\"2027-01-03\",\"2027-01-04\",\"2027-01-05\",\"2027-01-06\",\"2027-01-07\",\"2027-01-08\",\"2027-01-09\",\"2027-01-10\",\"2027-01-11\",\"2027-01-12\",\"2027-01-13\",\"2027-01-14\",\"2027-01-15\",\"2027-01-16\",\"2027-01-17\",\"2027-01-18\",\"2027-01-19\",\"2027-01-20\",\"2027-01-21\",\"2027-01-22\",\"2027-01-23\",\"2027-01-24\",\"2027-01-25\",\"2027-01-26\",\"2027-01-27\",\"2027-01-28\",\"2027-01-29\",\"2027-01-30\",\"2027-01-31\",\"2027-02-01\",\"2027-02-02\",\"2027-02-03\",\"2027-02-04\",\"2027-02-05\",\"2027-02-06\",\"2027-02-07\",\"2027-02-08\",\"2027-02-09\",\"2027-02-10\",\"2027-02-11\",\"2027-02-12\",\"2027-02-13\",\"2027-02-14\",\"2027-02-15\",\"2027-02-16\",\"2027-02-17\",\"2027-02-18\",\"2027-02-19\",\"2027-02-20\",\"2027-02-21\",\"2027-02-22\",\"2027-02-23\",\"2027-02-24\",\"2027-02-25\",\"2027-02-26\",\"2027-02-27\",\"2027-02-28\",\"2027-03-01\",\"2027-03-02\",\"2027-03-03\",\"2027-03-04\",\"2027-03-05\",\"2027-03-06\",\"2027-03-07\",\"2027-03-08\",\"2027-03-09\",\"2027-03-10\",\"2027-03-11\",\"2027-03-12\",\"2027-03-13\",\"2027-03-14\",\"2027-03-15\",\"2027-03-16\",\"2027-03-17\",\"2027-03-18\",\"2027-03-19\",\"2027-03-20\",\"2027-03-21\",\"2027-03-22\",\"2027-03-23\",\"2027-03-24\",\"2027-03-25\",\"2027-03-26\",\"2027-03-27\",\"2027-03-28\",\"2027-03-29\",\"2027-03-30\",\"2027-03-31\",\"2027-04-01\",\"2027-04-02\",\"2027-04-03\",\"2027-04-04\",\"2027-04-05\",\"2027-04-06\",\"2027-04-07\",\"2027-04-08\",\"2027-04-09\",\"2027-05-23\",\"2027-05-24\",\"2027-05-25\",\"2027-05-26\",\"2027-05-27\",\"2027-05-28\",\"2027-05-29\",\"2027-05-30\",\"2027-05-31\",\"2027-06-01\",\"2027-06-02\",\"2027-06-03\",\"2027-06-04\",\"2027-06-05\",\"2027-06-06\",\"2027-06-07\",\"2027-06-08\",\"2027-06-09\",\"2027-06-10\",\"2027-06-11\",\"2027-06-12\",\"2027-06-13\",\"2027-06-14\",\"2027-06-15\",\"2027-06-16\",\"2027-06-17\",\"2027-06-18\",\"2027-06-19\",\"2027-06-20\",\"2027-06-21\",\"2027-06-22\",\"2027-06-23\",\"2027-06-24\",\"2027-06-25\",\"2027-06-26\",\"2027-06-27\",\"2027-06-28\",\"2027-06-29\",\"2027-06-30\",\"2027-07-01\",\"2027-07-02\",\"2027-07-03\",\"2027-07-04\",\"2027-07-05\",\"2027-07-06\",\"2027-07-07\",\"2027-07-08\",\"2027-07-09\",\"2027-07-10\",\"2027-07-11\",\"2027-07-12\",\"2027-07-13\",\"2027-07-14\",\"2027-07-15\",\"2027-07-16\",\"2027-07-17\",\"2027-07-18\",\"2027-07-19\",\"2027-07-20\",\"2027-07-21\",\"2027-07-22\",\"2027-07-23\",\"2027-07-24\",\"2027-07-25\",\"2027-07-26\",\"2027-07-27\",\"2027-07-28\",\"2027-07-29\",\"2027-07-30\",\"2027-07-31\",\"2027-08-01\",\"2027-08-02\",\"2027-08-03\",\"2027-08-04\",\"2027-08-05\",\"2027-08-06\",\"2027-08-07\",\"2027-08-08\",\"2027-08-09\",\"2027-08-10\",\"2027-08-11\",\"2027-08-12\",\"2027-08-13\",\"2027-08-14\",\"2027-08-15\",\"2027-08-16\",\"2027-08-17\",\"2027-08-18\",\"2027-08-19\",\"2027-08-20\",\"2027-08-21\",\"2027-08-22\",\"2027-08-23\",\"2027-08-24\",\"2027-08-25\",\"2027-08-26\",\"2027-08-27\",\"2027-08-28\",\"2027-08-29\",\"2027-08-30\",\"2027-08-31\",\"2027-09-01\",\"2027-09-02\",\"2027-09-03\",\"2027-09-04\",\"2027-09-05\",\"2027-09-06\",\"2027-09-07\",\"2027-09-08\",\"2027-09-09\",\"2027-09-10\",\"2027-09-11\",\"2027-09-12\",\"2027-09-13\",\"2027-12-20\",\"2027-12-21\",\"2027-12-22\",\"2027-12-23\",\"2027-12-24\",\"2027-12-25\",\"2027-12-26\",\"2027-12-27\",\"2027-12-28\",\"2027-12-29\",\"2027-12-30\",\"2027-12-31\",\"2028-01-01\",\"2028-01-02\",\"2028-01-03\",\"2028-01-04\",\"2028-01-05\",\"2028-01-06\",\"2028-01-07\",\"2028-01-08\",\"2028-01-09\",\"2028-01-10\",\"2028-01-11\",\"2028-01-12\",\"2028-01-13\",\"2028-01-14\",\"2028-01-15\",\"2028-01-16\",\"2028-01-17\",\"2028-01-18\",\"2028-01-19\",\"2028-01-20\",\"2028-01-21\",\"2028-01-22\",\"2028-01-23\",\"2028-01-24\",\"2028-01-25\",\"2028-01-26\",\"2028-01-27\",\"2028-01-28\",\"2028-01-29\",\"2028-01-30\",\"2028-01-31\",\"2028-02-01\",\"2028-02-02\",\"2028-02-03\",\"2028-02-04\",\"2028-02-05\",\"2028-02-06\",\"2028-02-07\",\"2028-02-08\",\"2028-02-09\",\"2028-02-10\",\"2028-02-11\",\"2028-02-12\",\"2028-02-13\",\"2028-02-14\",\"2028-02-15\",\"2028-02-16\",\"2028-02-17\",\"2028-02-18\",\"2028-02-19\",\"2028-02-20\",\"2028-02-21\",\"2028-02-22\",\"2028-02-23\",\"2028-02-24\",\"2028-02-25\",\"2028-02-26\",\"2028-02-27\",\"2028-02-28\",\"2028-02-29\",\"2028-03-01\",\"2028-03-02\",\"2028-03-03\",\"2028-03-04\",\"2028-03-05\",\"2028-03-06\",\"2028-03-07\",\"2028-03-08\",\"2028-03-09\",\"2028-03-10\",\"2028-03-11\",\"2028-03-12\",\"2028-03-13\",\"2028-03-14\",\"2028-03-15\",\"2028-03-16\",\"2028-03-17\",\"2028-03-18\",\"2028-03-19\",\"2028-03-20\",\"2028-03-21\",\"2028-03-22\",\"2028-03-23\",\"2028-03-24\",\"2028-03-25\",\"2028-03-26\",\"2028-03-27\",\"2028-03-28\",\"2028-03-29\",\"2028-03-30\",\"2028-03-31\",\"2028-04-01\",\"2028-04-02\",\"2028-04-03\",\"2028-04-04\",\"2028-04-05\",\"2028-04-06\",\"2028-04-07\",\"2028-04-08\",\"2028-04-09\"],\"SERVICES\":[\"Huisdieren toegestaan\",\"Toegang bus\",\"Strijkhoek\",\"Ontbijt\",\"Reserveren\",\"Huisdieren mits toeslag\",\"Uitleen materiaal\",\"Bagagerie\",\"Wifi Internet\",\"Safes receptie\",\"Cyber space \\\/ Internetaansluiting\",\"Toeristische documentatie\",\"Dagelijks schoonmaken\",\"Schoonmaken einde verblijf\",\"Reserveren diensten\",\"Horeca\",\"Fast food\"],\"INFOSSEJOURHEBERGEMENT\":null,\"typesCommerce\":null,\"modesPaiement\":[\"American Express\",\"Bankkaart\\\/creditcard\",\"Kijk op\",\"Vakantiecheques\",\"Contanten\",\"Overschrijving\"],\"CAPACITEACCUEIL\":null,\"CRIT_FAMILLE\":null,\"CRIT_SPORT\":null,\"CRIT_PATRIMOINE\":null,\"CRIT_ARTISANAT\":null,\"CRIT_GASTRO\":null,\"CRIT_MUSIQUE\":null,\"CRIT_EXPO\":null,\"CRIT_BIENETRE\":null,\"ouverture\":{\"periodeEnClair\":{\"libelleFr\":\"Du 23\\\/05 au 13\\\/09 tous les jours de 9h \\u00e0 20h.\\n\\nDu 20\\\/12 au 09\\\/04 tous les jours de 9h \\u00e0 20h.\",\"libelleEn\":\"From 23\\\/05 to 13\\\/09 daily between 9 am and 8 pm.\\n\\nFrom 20\\\/12 to 09\\\/04 daily between 9 am and 8 pm.\",\"libelleEs\":\"Del 23\\\/05 al 13\\\/09 todos los dias de 9 a 20.\\n\\nDel 20\\\/12 al 09\\\/04 todos los dias de 9 a 20.\",\"libelleIt\":\"Dal 23\\\/05 al 13\\\/09 ogni giorno dalle 9 alle 20.\\n\\nDal 20\\\/12 al 09\\\/04 ogni giorno dalle 9 alle 20.\",\"libelleDe\":\"Vom 23\\\/05 bis 13\\\/09 t\\u00e4glich von 9 Uhr bis 20 Uhr.\\n\\nVom 20\\\/12 bis 09\\\/04 t\\u00e4glich von 9 Uhr bis 20 Uhr.\",\"libelleNl\":\"Van 23\\\/05 tot en met 13\\\/09 iedere dag van 9.00 tot 20.00 u.\\n\\nVan 20\\\/12 tot en met 09\\\/04 iedere dag van 9.00 tot 20.00 u.\",\"libelleRu\":\"\\u0421 23\\\/05 \\u0434\\u043e 13\\\/09 \\u0435\\u0436\\u0435\\u0434\\u043d\\u0435\\u0432\\u043d\\u043e \\u0441 9h \\u0434\\u043e 20h.\\n\\n\\u0421 20\\\/12 \\u0434\\u043e 09\\\/04 \\u0435\\u0436\\u0435\\u0434\\u043d\\u0435\\u0432\\u043d\\u043e \\u0441 9h \\u0434\\u043e 20h.\",\"libelleZh\":\"\\u4ece 5\\u670823\\u65e5 \\u5230 9\\u670813\\u65e5 \\u65e5\\u5e38 \\u5c0f\\u65f6\\u5c0f\\u65f6 \\u548c \\u5c0f\\u65f6\\u5c0f\\u65f6 \\u4e4b\\u95f4.\\n\\n\\u4ece 12\\u670820\\u65e5 \\u5230 4\\u67089\\u65e5 \\u65e5\\u5e38 \\u5c0f\\u65f6\\u5c0f\\u65f6 \\u548c \\u5c0f\\u65f6\\u5c0f\\u65f6 \\u4e4b\\u95f4.\",\"libellePtBR\":\"De 23\\\/05 a 13\\\/09 todos os dias de 9h a\\u00a0 20h.\\n\\nDe 20\\\/12 a 09\\\/04 todos os dias de 9h a\\u00a0 20h.\",\"libelleJa\":\"23\\\/05 \\u304b\\u3089 13\\\/09 \\u307e\\u3067 \\u6bce\\u65e5 9 \\u5348\\u524d \\u3068 8 \\u5348\\u5f8c \\u306e\\u9593.\\n\\n20\\\/12 \\u304b\\u3089 09\\\/04 \\u307e\\u3067 \\u6bce\\u65e5 9 \\u5348\\u524d \\u3068 8 \\u5348\\u5f8c \\u306e\\u9593.\",\"libelleKo\":\"23\\\/05 \\uc77c\\ubd80\\ud130 13\\\/09 \\uc77c\\uae4c\\uc9c0 \\ub9e4\\uc77c 9h \\uc5d0\\uc11c 20h \\uae4c\\uc9c0.\\n\\n20\\\/12 \\uc77c\\ubd80\\ud130 09\\\/04 \\uc77c\\uae4c\\uc9c0 \\ub9e4\\uc77c 9h \\uc5d0\\uc11c 20h \\uae4c\\uc9c0.\"},\"periodeEnClairGenerationMode\":\"AUTOMATIQUE\",\"indicationsPeriode\":[{\"elementReferenceType\":\"IndicationPeriode\",\"id\":416},{\"elementReferenceType\":\"IndicationPeriode\",\"id\":418},{\"elementReferenceType\":\"IndicationPeriode\",\"id\":420},{\"elementReferenceType\":\"IndicationPeriode\",\"id\":435},{\"elementReferenceType\":\"IndicationPeriode\",\"id\":436}],\"periodesOuvertures\":[{\"identifiant\":37413851,\"dateDebut\":\"2026-05-23\",\"dateFin\":\"2026-09-13\",\"complementHoraire\":{},\"horaireOuverture\":\"09:00:00\",\"horaireFermeture\":\"20:00:00\",\"type\":\"OUVERTURE_TOUS_LES_JOURS\",\"tousLesAns\":true,\"identifiantTechnique\":39907353,\"horaires\":[{\"id\":4561716,\"type\":{\"elementReferenceType\":\"HoraireType\",\"id\":7487},\"timePeriods\":[{\"id\":5057295,\"closed\":false,\"weekdays\":[\"WED\",\"SAT\",\"SUN\",\"FRI\",\"THU\",\"MON\",\"TUE\"],\"timeFrames\":[{\"id\":5000243,\"startTime\":\"09:00\",\"endTime\":\"20:00\"}]}]}]},{\"identifiant\":37047469,\"dateDebut\":\"2025-12-20\",\"dateFin\":\"2026-04-09\",\"complementHoraire\":{},\"horaireOuverture\":\"09:00:00\",\"horaireFermeture\":\"20:00:00\",\"type\":\"OUVERTURE_TOUS_LES_JOURS\",\"tousLesAns\":true,\"identifiantTechnique\":39907352,\"horaires\":[{\"id\":4561715,\"type\":{\"elementReferenceType\":\"HoraireType\",\"id\":7487},\"timePeriods\":[{\"id\":5057294,\"closed\":false,\"weekdays\":[\"WED\",\"SAT\",\"SUN\",\"FRI\",\"THU\",\"MON\",\"TUE\"],\"timeFrames\":[{\"id\":5000242,\"startTime\":\"09:00\",\"endTime\":\"20:00\"}]}]}]}]},\"NBRECOUVERTS\":null,\"categoriesRestau\":null,\"reservation\":{\"organismes\":[{\"identifiant\":1441948,\"nom\":\"R\\u00e9sidence La Cour\",\"type\":{\"elementReferenceType\":\"ReservationType\",\"id\":475},\"moyensCommunication\":[{\"identifiant\":10073137,\"type\":{\"elementReferenceType\":\"MoyenCommunicationType\",\"id\":201},\"coordonnees\":{\"fr\":\"04 50 34 92 96\"}},{\"identifiant\":10073135,\"type\":{\"elementReferenceType\":\"MoyenCommunicationType\",\"id\":204},\"coordonnees\":{\"fr\":\"info@dahu1951.com\"}},{\"identifiant\":71508118,\"type\":{\"elementReferenceType\":\"MoyenCommunicationType\",\"id\":205},\"coordonnees\":{\"fr\":\"https:\\\/\\\/www.dahu1951.com\\\/la-cour\\\/\"}}],\"locked\":false},{\"identifiant\":5458464,\"nom\":\"Samo\\u00ebns r\\u00e9servation\",\"type\":{\"elementReferenceType\":\"ReservationType\",\"id\":475},\"moyensCommunication\":[{\"identifiant\":84985011,\"type\":{\"elementReferenceType\":\"MoyenCommunicationType\",\"id\":205},\"coordonnees\":{\"fr\":\"https:\\\/\\\/reservation.samoens.com\\\/residence-la-cour-dahu-compagnie.html\"}}],\"locked\":false}],\"complement\":{\"libelleFr\":\"Arrhes : 25%\",\"libelleEn\":\"Deposit : 25% down payment\",\"libelleNl\":\"Voorschot : 25% aanbetaling\"}},\"indicationsPeriode\":[\"Najaar\",\"Zomer\",\"Accepteert klanten voor \\u00e9\\u00e9n nacht\",\"Winter\",\"Voorjaar\"]},\"584850\":{\"id\":198731,\"presentation\":{\"descriptifCourt\":{\"libelleFr\":\"Petite r\\u00e9sidence*** au d\\u00e9cor de montagne avec acc\\u00e8s aux 2 piscines chauff\\u00e9es int\\u00e9rieure & ext\\u00e9rieure (\\u00e9t\\u00e9), sauna, hammam, massage et soin beaut\\u00e9.\\r\\nS\\u00e9jour Semaine ou court s\\u00e9jour avec prestations h\\u00f4teli\\u00e8res.\\r\\nPossibilit\\u00e9 de court s\\u00e9jour.\",\"libelleEn\":\"Small residence*** in a mountain setting with access to the SPA: 2 heated indoor & outdoor pools (summer), sauna, hammam, massage and beauty treatments.\\r\\nA la carte stay with hotel services\\r\\nShort-stay options\",\"libelleNl\":\"Kleine residentie*** in een bergachtige omgeving met toegang tot de SPA: 2 verwarmde binnen- en buitenzwembaden (zomer), sauna, hammam, massage- en schoonheidsbehandelingen.\\r\\nVerblijf \\u00e0 la carte met hoteldiensten\\r\\nKort verblijf mogelijk\"},\"descriptifDetaille\":{\"libelleFr\":\"Imaginez une petite r\\u00e9sidence*** qui a conserv\\u00e9 l\\u2019allure d\\u2019un gros chalet de montagne\\r\\n\\r\\nD\\u00e9cor\\u00e9 dans un style authentique de la vall\\u00e9e du Giffre, nous vous proposons des appartements de 2 \\u00e0 6 personnes avec prestations h\\u00f4teli\\u00e8res,  un accueil-r\\u00e9ception, un salon\\\/bar avec chemin\\u00e9e, le petit-d\\u00e9jeuner ou le service Boulangerie,  un parking priv\\u00e9 gratuit, wifi et bien d\\u2019autres services...\\r\\n\\r\\nUniquement pour nos r\\u00e9sidents,\\r\\n2 piscines : une int\\u00e9rieure avec aquabike et une ext\\u00e9rieure (saison \\u00e9t\\u00e9),  sauna, hammam, massages et soins.\\r\\n\\r\\nId\\u00e9alement situ\\u00e9e, La renardi\\u00e8re est orient\\u00e9 Sud, au calme et \\u00e0 quelques pas de la place du village, et de tous les commerces. \\r\\nL\\u2019Arr\\u00eat ski bus est situ\\u00e9 face \\u00e0 la r\\u00e9sidence et  vous emm\\u00e8ne en 5 minutes au t\\u00e9l\\u00e9cabine du Grand-Massif Express.\\r\\n\\r\\nNous vous proposons toute une gamme de s\\u00e9jours (Semaine, tout-compris Forfait ski, courts s\\u00e9jours\\u2026)\\r\\nPour plus d\\u2019informations \\u2026 www.renardiere.com\",\"libelleEn\":\"Imagine a small*** residence that has retained the look of a large chalet typical of the buildings from the Giffre Valley\\r\\n\\r\\nDecorated in authentic mountain style, we offer apartments for 2 to 6 people with hotel services, a reception desk, a lounge\\\/bar with fireplace, breakfast or bakery service, free private parking, wifi and many other services...\\r\\n\\r\\nEnhance your stay with the \\\"Renardi\\u00e8re Montagne Douce\\\" Spa.\\r\\n2 pools: one indoor with aquabike and one outdoor (summer season), sauna, hammam, massages and treatments.\\r\\n\\r\\nIdeally located, La Renardi\\u00e8re is south-facing, quiet and just a few steps from the village square and all amenities.\\r\\nThe ski bus stop opposite the residence takes you to the Grand-Massif Express gondola in 5 minutes.\\r\\n\\r\\nWe offer a wide range of stays (weekly, all-inclusive ski pass, short stays...).\\r\\nFor more information... www.renardiere.com\",\"libelleNl\":\"Stel je een klein*** verblijf voor dat de uitstraling van een groot chalet heeft behouden, typisch voor de gebouwen in de kleine dorpjes van de Haute-Savoie;\\r\\n\\r\\nIngericht in een authentieke bergstijl, bieden wij appartementen voor 2 tot 6 personen met hoteldiensten, een receptie, een lounge\\\/bar met open haard, ontbijt- of bakkerijservice, gratis priv\\u00e9parkeerplaats, gratis Wi-Fi en vele andere diensten...\\r\\n\\r\\nVerrijk uw verblijf met de Spa \\\"Renardi\\u00e8re Montagne Douce\\\".\\r\\n2 zwembaden: een binnenzwembad met aquabike en een buitenzwembad (zomerseizoen), sauna, hammam, massages en behandelingen.\\r\\n\\r\\nLa Renardi\\u00e8re is ideaal gelegen op het zuiden, in een rustige omgeving op slechts een korte wandeling van het dorpsplein en alle winkels.\\r\\nDe skibushalte tegenover de residentie brengt je in slechts 5 minuten naar de Grand-Massif Express kabelbaan.\\r\\n\\r\\nWij bieden een breed scala aan vakanties (week, all-inclusive skipas, korte pauzes, etc.).\\r\\nVoor meer informatie... www.renardiere.com\"},\"descriptifsThematises\":[{\"theme\":{\"elementReferenceType\":\"DescriptifTheme\",\"id\":5417},\"description\":{\"libelleFr\":\"\\u2022\\tPas de paille\\n\\u2022\\tTri des poubelles\\n\\u2022\\tDistributeur de savon dans chaque appartement \\n\\u2022\\tProduit d\\u2019entretien \\u00e9cologique\\n\\u2022\\tChangement draps\\\/serviette \\u00e0  la demande\\n\\u2022\\tAmpoule basse consommation\\n\\u2022\\tProduit local pour le petit d\\u00e9jeuner\",\"libelleEn\":\"- No straw\\r\\n- Waste sorting\\r\\n- Investments such as heat pumps for water heating, replacement of bay windows, intelligent radiators with temperature blocking, heating switches off when windows are opened, etc.\\r\\n- Soap dispensers in each apartment, not single-use bottles\\r\\n- Ecological cleaning products\\r\\n- Change of sheets\\\/towels on request\\r\\n- Low-energy light bulbs\\r\\n- Local produce for breakfast\",\"libelleNl\":\"- Geen stro\\r\\n- Afval sorteren\\r\\n- Investeringen zoals een warmtepomp om het water te verwarmen, nieuwe erkers, een intelligente radiator met temperatuurvergrendeling, de verwarming schakelt uit zodra de ramen worden geopend, enz.\\r\\n- Zeepdispensers in elke flat, geen wegwerpflessen\\r\\n- Ecologische schoonmaakmiddelen\\r\\n- Verschoning van lakens\\\/handdoeken op verzoek\\r\\n- Energiezuinige lampen\\r\\n- Lokale producten voor het ontbijt\"}}],\"typologiesPromoSitra\":[{\"elementReferenceType\":\"TypologiePromoSitra\",\"id\":1589}]},\"nom\":{\"libelleFr\":\"R\\u00e9sidence la Renardi\\u00e8re\",\"libelleEn\":\"La Renardi\\u00e8re residence\",\"libelleNl\":\"Residentie la Renardi\\u00e8re\"},\"Classement\":\"3 sterren\",\"informationsActivite\":null,\"prestations\":{\"equipements\":[{\"elementReferenceType\":\"PrestationEquipement\",\"id\":1089},{\"elementReferenceType\":\"PrestationEquipement\",\"id\":5592},{\"elementReferenceType\":\"PrestationEquipement\",\"id\":1418},{\"elementReferenceType\":\"PrestationEquipement\",\"id\":1297},{\"elementReferenceType\":\"PrestationEquipement\",\"id\":4554},{\"elementReferenceType\":\"PrestationEquipement\",\"id\":1504},{\"elementReferenceType\":\"PrestationEquipement\",\"id\":4054},{\"elementReferenceType\":\"PrestationEquipement\",\"id\":1506},{\"elementReferenceType\":\"PrestationEquipement\",\"id\":1093},{\"elementReferenceType\":\"PrestationEquipement\",\"id\":4062},{\"elementReferenceType\":\"PrestationEquipement\",\"id\":1477},{\"elementReferenceType\":\"PrestationEquipement\",\"id\":1058},{\"elementReferenceType\":\"PrestationEquipement\",\"id\":6472},{\"elementReferenceType\":\"PrestationEquipement\",\"id\":1323},{\"elementReferenceType\":\"PrestationEquipement\",\"id\":1300},{\"elementReferenceType\":\"PrestationEquipement\",\"id\":972},{\"elementReferenceType\":\"PrestationEquipement\",\"id\":1318},{\"elementReferenceType\":\"PrestationEquipement\",\"id\":1057},{\"elementReferenceType\":\"PrestationEquipement\",\"id\":5048},{\"elementReferenceType\":\"PrestationEquipement\",\"id\":1038},{\"elementReferenceType\":\"PrestationEquipement\",\"id\":1054},{\"elementReferenceType\":\"PrestationEquipement\",\"id\":5069},{\"elementReferenceType\":\"PrestationEquipement\",\"id\":672},{\"elementReferenceType\":\"PrestationEquipement\",\"id\":4063},{\"elementReferenceType\":\"PrestationEquipement\",\"id\":4055},{\"elementReferenceType\":\"PrestationEquipement\",\"id\":723},{\"elementReferenceType\":\"PrestationEquipement\",\"id\":914},{\"elementReferenceType\":\"PrestationEquipement\",\"id\":698},{\"elementReferenceType\":\"PrestationEquipement\",\"id\":715},{\"elementReferenceType\":\"PrestationEquipement\",\"id\":1050},{\"elementReferenceType\":\"PrestationEquipement\",\"id\":1421},{\"elementReferenceType\":\"PrestationEquipement\",\"id\":1508},{\"elementReferenceType\":\"PrestationEquipement\",\"id\":1030},{\"elementReferenceType\":\"PrestationEquipement\",\"id\":612},{\"elementReferenceType\":\"PrestationEquipement\",\"id\":826},{\"elementReferenceType\":\"PrestationEquipement\",\"id\":836},{\"elementReferenceType\":\"PrestationEquipement\",\"id\":624},{\"elementReferenceType\":\"PrestationEquipement\",\"id\":606},{\"elementReferenceType\":\"PrestationEquipement\",\"id\":811},{\"elementReferenceType\":\"PrestationEquipement\",\"id\":1064}],\"services\":[{\"elementReferenceType\":\"PrestationService\",\"id\":687},{\"elementReferenceType\":\"PrestationService\",\"id\":783},{\"elementReferenceType\":\"PrestationService\",\"id\":791},{\"elementReferenceType\":\"PrestationService\",\"id\":926},{\"elementReferenceType\":\"PrestationService\",\"id\":993},{\"elementReferenceType\":\"PrestationService\",\"id\":1020},{\"elementReferenceType\":\"PrestationService\",\"id\":1025},{\"elementReferenceType\":\"PrestationService\",\"id\":1029},{\"elementReferenceType\":\"PrestationService\",\"id\":1110},{\"elementReferenceType\":\"PrestationService\",\"id\":1111},{\"elementReferenceType\":\"PrestationService\",\"id\":1115},{\"elementReferenceType\":\"PrestationService\",\"id\":1126},{\"elementReferenceType\":\"PrestationService\",\"id\":1130},{\"elementReferenceType\":\"PrestationService\",\"id\":1157},{\"elementReferenceType\":\"PrestationService\",\"id\":1160},{\"elementReferenceType\":\"PrestationService\",\"id\":1166},{\"elementReferenceType\":\"PrestationService\",\"id\":1172},{\"elementReferenceType\":\"PrestationService\",\"id\":5061}],\"animauxAcceptes\":\"ACCEPTES\",\"animauxAcceptesSupplement\":\"AVEC_SUPPLEMENT\",\"activites\":[{\"elementReferenceType\":\"PrestationActivite\",\"id\":773},{\"elementReferenceType\":\"PrestationActivite\",\"id\":3924},{\"elementReferenceType\":\"PrestationActivite\",\"id\":688},{\"elementReferenceType\":\"PrestationActivite\",\"id\":708},{\"elementReferenceType\":\"PrestationActivite\",\"id\":664},{\"elementReferenceType\":\"PrestationActivite\",\"id\":3920},{\"elementReferenceType\":\"PrestationActivite\",\"id\":737},{\"elementReferenceType\":\"PrestationActivite\",\"id\":3922},{\"elementReferenceType\":\"PrestationActivite\",\"id\":609},{\"elementReferenceType\":\"PrestationActivite\",\"id\":3927},{\"elementReferenceType\":\"PrestationActivite\",\"id\":680},{\"elementReferenceType\":\"PrestationActivite\",\"id\":3917},{\"elementReferenceType\":\"PrestationActivite\",\"id\":724},{\"elementReferenceType\":\"PrestationActivite\",\"id\":671},{\"elementReferenceType\":\"PrestationActivite\",\"id\":689},{\"elementReferenceType\":\"PrestationActivite\",\"id\":690},{\"elementReferenceType\":\"PrestationActivite\",\"id\":3919},{\"elementReferenceType\":\"PrestationActivite\",\"id\":646},{\"elementReferenceType\":\"PrestationActivite\",\"id\":709},{\"elementReferenceType\":\"PrestationActivite\",\"id\":3926},{\"elementReferenceType\":\"PrestationActivite\",\"id\":615},{\"elementReferenceType\":\"PrestationActivite\",\"id\":668},{\"elementReferenceType\":\"PrestationActivite\",\"id\":3923},{\"elementReferenceType\":\"PrestationActivite\",\"id\":669},{\"elementReferenceType\":\"PrestationActivite\",\"id\":5881}],\"conforts\":[{\"elementReferenceType\":\"PrestationConfort\",\"id\":876},{\"elementReferenceType\":\"PrestationConfort\",\"id\":917},{\"elementReferenceType\":\"PrestationConfort\",\"id\":971},{\"elementReferenceType\":\"PrestationConfort\",\"id\":922},{\"elementReferenceType\":\"PrestationConfort\",\"id\":999},{\"elementReferenceType\":\"PrestationConfort\",\"id\":946},{\"elementReferenceType\":\"PrestationConfort\",\"id\":949},{\"elementReferenceType\":\"PrestationConfort\",\"id\":961},{\"elementReferenceType\":\"PrestationConfort\",\"id\":902},{\"elementReferenceType\":\"PrestationConfort\",\"id\":1015},{\"elementReferenceType\":\"PrestationConfort\",\"id\":1012},{\"elementReferenceType\":\"PrestationConfort\",\"id\":1011},{\"elementReferenceType\":\"PrestationConfort\",\"id\":1013},{\"elementReferenceType\":\"PrestationConfort\",\"id\":1006},{\"elementReferenceType\":\"PrestationConfort\",\"id\":1010},{\"elementReferenceType\":\"PrestationConfort\",\"id\":6487},{\"elementReferenceType\":\"PrestationConfort\",\"id\":1014},{\"elementReferenceType\":\"PrestationConfort\",\"id\":5914},{\"elementReferenceType\":\"PrestationConfort\",\"id\":3694},{\"elementReferenceType\":\"PrestationConfort\",\"id\":5940},{\"elementReferenceType\":\"PrestationConfort\",\"id\":4060},{\"elementReferenceType\":\"PrestationConfort\",\"id\":797},{\"elementReferenceType\":\"PrestationConfort\",\"id\":894},{\"elementReferenceType\":\"PrestationConfort\",\"id\":904},{\"elementReferenceType\":\"PrestationConfort\",\"id\":963},{\"elementReferenceType\":\"PrestationConfort\",\"id\":898},{\"elementReferenceType\":\"PrestationConfort\",\"id\":5915},{\"elementReferenceType\":\"PrestationConfort\",\"id\":877},{\"elementReferenceType\":\"PrestationConfort\",\"id\":842},{\"elementReferenceType\":\"PrestationConfort\",\"id\":6804},{\"elementReferenceType\":\"PrestationConfort\",\"id\":996},{\"elementReferenceType\":\"PrestationConfort\",\"id\":838},{\"elementReferenceType\":\"PrestationConfort\",\"id\":796},{\"elementReferenceType\":\"PrestationConfort\",\"id\":799}],\"languesParlees\":[{\"elementReferenceType\":\"Langue\",\"id\":1192},{\"elementReferenceType\":\"Langue\",\"id\":1197}],\"languesDocumentation\":[{\"elementReferenceType\":\"Langue\",\"id\":1192},{\"elementReferenceType\":\"Langue\",\"id\":1197}],\"complementAccueil\":{\"libelleFr\":\"- Possibilit\\u00e9 de court s\\u00e9jour\\r\\n- R\\u00e9ception ouverte tous les jours de 8h \\u00e0 20h\\r\\n- Petite r\\u00e9sidence*** au d\\u00e9cor de montagne.\\r\\n- La Renardi\\u00e8re est situ\\u00e9e dans la verdure et \\u00e0 300 m\\u00e8tres du bourg historique de Samo\\u00ebns, des commerces et restaurants.\",\"libelleEn\":\"- Possibility of a short stay.  \\r\\n- Front desk open every day from 8 am to 8 pm.\\r\\n- Small residence*** with mountain decoration.\\r\\n- La Renardi\\u00e8re is situated in the greenery and 300 meters from the historic town of Samo\\u00ebns, shops, and restaurants.\",\"libelleNl\":\"- Mogelijkheid tot een kort verblijf.  \\r\\n- De receptie is elke dag open van 8 tot 20 uur.\\r\\n- Kleine residentie*** met berglandschap.\\r\\n- La Renardi\\u00e8re ligt in het groen en op 300 meter van het historische dorp Samo\\u00ebns, winkels en restaurants.\"},\"tourismesAdaptes\":[{\"elementReferenceType\":\"TourismeAdapte\",\"id\":3652},{\"elementReferenceType\":\"TourismeAdapte\",\"id\":3668},{\"elementReferenceType\":\"TourismeAdapte\",\"id\":3673}],\"surchargeTourismesAdaptes\":true,\"surchargeDescriptifHandicapMoteur\":true,\"surchargeDescriptifHandicapAuditif\":true,\"surchargeDescriptifHandicapVisuel\":true,\"surchargeDescriptifHandicapMental\":true,\"nombrePersonnesEnFauteuilRoulantAccueilliesSimultanement\":2,\"surchargeNombreFauteuilsRoulants\":true},\"CATEG_ASPECTS\":{\"HIVER\":{\"main_img\":\"18854205-diaporama.png\"},\"ETE\":{\"main_img\":\"38095158-diaporama.jpg\"},\"GROUPES\":{\"main_img\":\"38095158-diaporama.jpg\"},\"TOURISME_AFFAIRES\":{\"main_img\":\"38095158-diaporama.jpg\"}},\"PARKING\":\"On\",\"WIFI\":\"On\",\"ANIMAUX\":\"On\",\"CLIMATISATION\":null,\"GARAGE\":\"On\",\"TERRASSE\":\"On\",\"JEUX\":\"On\",\"TV\":\"On\",\"ASCENSEUR\":\"On\",\"PISCINE\":\"On\",\"SAUNA\":\"On\",\"SPA\":\"On\",\"VELO\":\"On\",\"main_img\":\"38095158-diaporama.jpg\",\"localisation\":{\"adresse\":{\"adresse1\":\"93 chemin des Forestiers\",\"codePostal\":\"74340\",\"commune\":{\"id\":30826}},\"geolocalisation\":{\"reperePlan\":\"J5\",\"altitude\":697,\"complement\":{\"libelleFr\":\"La Renardi\\u00e8re est situ\\u00e9e dans la verdure.\\r\\nLe bourg historique, les commerces\\\/restaurants se situent \\u00e0 300 m\\u00e8tres\\r\\n\\r\\nLe d\\u00e9part de la t\\u00e9l\\u00e9cabine se situe \\u00e0 600 m\\u00e8tres, ski bus (gratuit) devant la r\\u00e9sidence\",\"libelleEn\":\"La Renardi\\u00e8re is situated in the greenery.\\r\\nThe historic town, shops, and restaurants are 300 meters away.\\r\\n\\r\\nThe departure of the gondola lift is 600 meters away, ski bus (free) in front of the residence.\",\"libelleNl\":\"La Renardi\\u00e8re ligt midden in het groen.\\r\\nHet historische centrum, winkels en restaurants liggen op 300 meter afstand.\\r\\n\\r\\nHet vertrek van de gondellift is op 600 meter, skibus (gratis) voor de residentie.\"},\"valide\":true,\"geoJson\":{\"type\":\"Point\",\"coordinates\":[6.71893399999999996197175278211943805217742919921875,46.0856739999999973633748595602810382843017578125]}},\"perimetreGeographique\":[{\"id\":30826}],\"environnements\":[{\"elementReferenceType\":\"Environnement\",\"id\":160},{\"elementReferenceType\":\"Environnement\",\"id\":169},{\"elementReferenceType\":\"Environnement\",\"id\":171},{\"elementReferenceType\":\"Environnement\",\"id\":183},{\"elementReferenceType\":\"Environnement\",\"id\":185},{\"elementReferenceType\":\"Environnement\",\"id\":188},{\"elementReferenceType\":\"Environnement\",\"id\":192},{\"elementReferenceType\":\"Environnement\",\"id\":193},{\"elementReferenceType\":\"Environnement\",\"id\":200},{\"elementReferenceType\":\"Environnement\",\"id\":4071}]},\"COMMUNE\":\"Samo\\u00ebns\",\"NBREEMPLACEMENTS\":null,\"tarifChDbl\":null,\"datesOuverture\":[\"2026-06-18\",\"2026-06-19\",\"2026-06-20\",\"2026-06-21\",\"2026-06-22\",\"2026-06-23\",\"2026-06-24\",\"2026-06-25\",\"2026-06-26\",\"2026-06-27\",\"2026-06-28\",\"2026-06-29\",\"2026-06-30\",\"2026-07-01\",\"2026-07-02\",\"2026-07-03\",\"2026-07-04\",\"2026-07-05\",\"2026-07-06\",\"2026-07-07\",\"2026-07-08\",\"2026-07-09\",\"2026-07-10\",\"2026-07-11\",\"2026-07-12\",\"2026-07-13\",\"2026-07-14\",\"2026-07-15\",\"2026-07-16\",\"2026-07-17\",\"2026-07-18\",\"2026-07-19\",\"2026-07-20\",\"2026-07-21\",\"2026-07-22\",\"2026-07-23\",\"2026-07-24\",\"2026-07-25\",\"2026-07-26\",\"2026-07-27\",\"2026-07-28\",\"2026-07-29\",\"2026-07-30\",\"2026-07-31\",\"2026-08-01\",\"2026-08-02\",\"2026-08-03\",\"2026-08-04\",\"2026-08-05\",\"2026-08-06\",\"2026-08-07\",\"2026-08-08\",\"2026-08-09\",\"2026-08-10\",\"2026-08-11\",\"2026-08-12\",\"2026-08-13\",\"2026-08-14\",\"2026-08-15\",\"2026-08-16\",\"2026-08-17\",\"2026-08-18\",\"2026-08-19\",\"2026-08-20\",\"2026-08-21\",\"2026-08-22\",\"2026-08-23\",\"2026-08-24\",\"2026-08-25\",\"2026-08-26\",\"2026-08-27\",\"2026-08-28\",\"2026-08-29\",\"2026-08-30\"],\"SERVICES\":[\"Huisdieren toegestaan\",\"Receptie\",\"Strijkhoek\",\"Ontbijt\",\"Reserveren\",\"Schoonheidsverzorging\",\"Huisdieren mits toeslag\",\"Schoonmaken met extra bijdrage\",\"Uitleen materiaal\",\"Bagagerie\",\"Wifi Internet\",\"Cyber space \\\/ Internetaansluiting\",\"Toeristische documentatie\",\"Massages \\\/ Modelages\",\"Dagelijks schoonmaken\",\"Schoonmaken einde verblijf\",\"Reserveren diensten\",\"Bedden gemaakt bij aankomst\"],\"INFOSSEJOURHEBERGEMENT\":null,\"typesCommerce\":null,\"modesPaiement\":[\"Bankkaart\\\/creditcard\",\"Kijk op\",\"Vakantiecheques\",\"Contanten\",\"Overschrijving\"],\"CAPACITEACCUEIL\":null,\"CRIT_FAMILLE\":null,\"CRIT_SPORT\":null,\"CRIT_PATRIMOINE\":null,\"CRIT_ARTISANAT\":null,\"CRIT_GASTRO\":null,\"CRIT_MUSIQUE\":null,\"CRIT_EXPO\":null,\"CRIT_BIENETRE\":null,\"ouverture\":{\"periodeEnClair\":{\"libelleFr\":\"Du 18\\\/06 au 30\\\/08\\\/2026 tous les jours de 8h \\u00e0 20h.\",\"libelleEn\":\"From 18\\\/06 to 30\\\/08\\\/2026 daily between 8 am and 8 pm.\",\"libelleEs\":\"Del 18\\\/06 al 30\\\/08\\\/2026 todos los dias de 8 a 20.\",\"libelleIt\":\"Dal 18\\\/06 al 30\\\/08\\\/2026 ogni giorno dalle 8 alle 20.\",\"libelleDe\":\"Vom 18\\\/06 bis 30\\\/08\\\/2026 t\\u00e4glich von 8 Uhr bis 20 Uhr.\",\"libelleNl\":\"Van 18\\\/06 tot en met 30\\\/08\\\/2026 iedere dag van 8.00 tot 20.00 u.\",\"libelleRu\":\"\\u0421 18\\\/06 \\u0434\\u043e 30\\\/08\\\/2026 \\u0435\\u0436\\u0435\\u0434\\u043d\\u0435\\u0432\\u043d\\u043e \\u0441 8h \\u0434\\u043e 20h.\",\"libelleZh\":\"\\u4ece 6\\u670818\\u65e5 \\u5230 2026\\u5e748\\u670830\\u65e5 \\u65e5\\u5e38 \\u5c0f\\u65f6\\u5c0f\\u65f6 \\u548c \\u5c0f\\u65f6\\u5c0f\\u65f6 \\u4e4b\\u95f4.\",\"libellePtBR\":\"De 18\\\/06 a 30\\\/08\\\/2026 todos os dias de 8h a\\u00a0 20h.\",\"libelleJa\":\"18\\\/06 \\u304b\\u3089 30\\\/08\\\/2026 \\u307e\\u3067 \\u6bce\\u65e5 8 \\u5348\\u524d \\u3068 8 \\u5348\\u5f8c \\u306e\\u9593.\",\"libelleKo\":\"18\\\/06 \\uc77c\\ubd80\\ud130 30\\\/08\\\/2026 \\uc77c\\uae4c\\uc9c0 \\ub9e4\\uc77c 8h \\uc5d0\\uc11c 20h \\uae4c\\uc9c0.\"},\"periodeEnClairGenerationMode\":\"AUTOMATIQUE\",\"indicationsPeriode\":[{\"elementReferenceType\":\"IndicationPeriode\",\"id\":416},{\"elementReferenceType\":\"IndicationPeriode\",\"id\":418},{\"elementReferenceType\":\"IndicationPeriode\",\"id\":420},{\"elementReferenceType\":\"IndicationPeriode\",\"id\":435},{\"elementReferenceType\":\"IndicationPeriode\",\"id\":436}],\"periodesOuvertures\":[{\"identifiant\":36699499,\"dateDebut\":\"2025-12-19\",\"dateFin\":\"2026-04-07\",\"complementHoraire\":{},\"horaireOuverture\":\"08:00:00\",\"horaireFermeture\":\"20:00:00\",\"type\":\"OUVERTURE_TOUS_LES_JOURS\",\"tousLesAns\":false,\"identifiantTechnique\":40368127,\"horaires\":[{\"id\":4997040,\"type\":{\"elementReferenceType\":\"HoraireType\",\"id\":7487},\"timePeriods\":[{\"id\":5563405,\"closed\":false,\"weekdays\":[\"MON\",\"SUN\",\"FRI\",\"SAT\",\"THU\",\"WED\",\"TUE\"],\"timeFrames\":[{\"id\":5449315,\"startTime\":\"08:00\",\"endTime\":\"20:00\"}]}]}]},{\"identifiant\":39507791,\"dateDebut\":\"2026-06-18\",\"dateFin\":\"2026-08-30\",\"complementHoraire\":{},\"horaireOuverture\":\"08:00:00\",\"horaireFermeture\":\"20:00:00\",\"type\":\"OUVERTURE_TOUS_LES_JOURS\",\"tousLesAns\":false,\"identifiantTechnique\":40368128,\"horaires\":[{\"id\":4997041,\"type\":{\"elementReferenceType\":\"HoraireType\",\"id\":7487},\"timePeriods\":[{\"id\":5563406,\"closed\":false,\"weekdays\":[\"MON\",\"SUN\",\"FRI\",\"SAT\",\"THU\",\"WED\",\"TUE\"],\"timeFrames\":[{\"id\":5449316,\"startTime\":\"08:00\",\"endTime\":\"20:00\"}]}]}]}]},\"NBRECOUVERTS\":null,\"categoriesRestau\":null,\"reservation\":{\"organismes\":[{\"identifiant\":1441960,\"structureReference\":{\"type\":\"STRUCTURE\",\"id\":18058},\"nom\":\"R\\u00e9sidence la Renardi\\u00e8re\",\"type\":{\"elementReferenceType\":\"ReservationType\",\"id\":475},\"moyensCommunication\":[{\"identifiant\":5307278,\"type\":{\"elementReferenceType\":\"MoyenCommunicationType\",\"id\":201},\"coordonnees\":{\"fr\":\"04 50 34 45 62\",\"en\":\"+33 4 50 34 45 62\",\"nl\":\"+33 4 50 34 45 62\"}},{\"identifiant\":113225474,\"type\":{\"elementReferenceType\":\"MoyenCommunicationType\",\"id\":204},\"coordonnees\":{\"fr\":\"contact@renardiere.com\"}}],\"locked\":false}],\"complement\":{}},\"indicationsPeriode\":[\"Najaar\",\"Zomer\",\"Accepteert klanten voor \\u00e9\\u00e9n nacht\",\"Winter\",\"Voorjaar\"]},\"586068\":{\"id\":5993812,\"presentation\":{\"descriptifCourt\":{\"libelleFr\":\"Au c\\u0153ur de la station de Samoens, la r\\u00e9sidence MMV \\\"Samo\\u00ebns Village\\\" vous offre une location d'appartement id\\u00e9ale pour vos vacances, \\u00e0 proximit\\u00e9 du domaine skiable Le Grand Massif.\",\"libelleEn\":\"In the heart of the Samoens resort, the MMV \\\"Samo\\u00ebns Village\\\" residence offers the ideal apartment rental for your vacation, close to the Le Grand Massif ski area.\",\"libelleNl\":\"In het hart van het skigebied Samoens biedt de residentie MMV \\\"Samo\\u00ebns Village\\\" je het ideale appartement om te huren voor je vakantie, dicht bij het skigebied Grand Massif.\"},\"descriptifDetaille\":{\"libelleFr\":\"Alliant authenticit\\u00e9 et modernit\\u00e9, l\\u2019\\u00e9tablissement offre de vastes espaces de vie lumineux, un salon confortable avec canap\\u00e9s et chemin\\u00e9e, un corner bar, une salle Home cin\\u00e9ma ainsi qu'un coin billard et babyfoot pour des moments de d\\u00e9tente et de divertissement.\\r\\n\\r\\nLes appartements, d\\u00e9cor\\u00e9es avec soin, peuvent accueillir jusqu\\u2019\\u00e0 10 personnes.\\r\\n\\r\\nC\\u00f4t\\u00e9 d\\u00e9tente, l\\u2019Espace Aquarelaxant et le Spa invitent \\u00e0 un pur moment de bien-\\u00eatre avec sauna, hammam et bain \\u00e0 remous. Profitez aussi de la piscine int\\u00e9rieure-ext\\u00e9rieure en libre acc\\u00e8s.\\r\\n\\r\\nLes familles trouveront leur bonheur gr\\u00e2ce aux clubs enfants et ados (de 18 mois \\u00e0 17 ans), \\u00e0 l\\u2019accompagnement aux cours de ski des 4-13 ans et \\u00e0 un programme d\\u2019animations vari\\u00e9es tout au long de la semaine.\",\"libelleEn\":\"Combining authenticity and modernity, the establishment offers spacious, light-filled living spaces, a comfortable lounge with sofas and fireplace, a corner bar, a home cinema room and a billiards and table soccer corner for moments of relaxation and entertainment.\\r\\n\\r\\nThe apartments, decorated with care, can accommodate up to 10 people.\\r\\n\\r\\nOn the relaxation front, the Espace Aquarelaxant and Spa invite you to indulge in a moment of pure well-being, with sauna, hammam and whirlpool bath. There's also a free indoor-outdoor swimming pool.\\r\\n\\r\\nFamilies will be delighted by the children's and teenagers' clubs (18 months to 17 years), ski lessons for 4-13 year-olds and a varied entertainment program throughout the week.\",\"libelleNl\":\"Het etablissement combineert authenticiteit en moderniteit en biedt grote, lichte woonruimtes, een comfortabele lounge met banken en een open haard, een bar op de hoek, een thuisbioscoop en een biljart- en tafelvoetbalhoek voor momenten van ontspanning en vermaak.\\r\\n\\r\\nDe met zorg ingerichte appartementen zijn geschikt voor maximaal 10 personen.\\r\\n\\r\\nWat ontspanning betreft, nodigen het Espace Aquarelaxant en de Spa je uit om te genieten van een moment van puur welzijn, met sauna, hammam en bubbelbad. Je kunt ook gebruik maken van het gratis overdekte buitenzwembad.\\r\\n\\r\\nGezinnen zullen blij zijn met de kinder- en tienerclubs (18 maanden tot 17 jaar), skilessen voor kinderen van 4-13 jaar en een gevarieerd animatieprogramma gedurende de hele week.\"},\"descriptifsThematises\":[{\"theme\":{\"elementReferenceType\":\"DescriptifTheme\",\"id\":5417},\"description\":{\"libelleFr\":\"Aujourd'hui, MMV s'inscrit dans une d\\u00e9marche plus responsable et nous menons des actions fortes pour la sensibilisation et la protection de l'environnement notamment avec la cr\\u00e9ation de notre coin montagne ou nous mettons \\u00e0 disposition des clients sur notre application et pr\\u00e8s de l\\u2019accueil des informations, livres et conseils concernant la faune, la flore environnante ainsi que les bons gestes \\u00e0 appliquer en montagne.\\r\\n\\r\\nAfin de concr\\u00e9tiser notre engagement et de nous inscrire dans une d\\u00e9marche d\\u2019am\\u00e9lioration continue, nous sommes en d\\u00e9marche de labellisation pour obtenir le label Clef Verte.\\r\\n\\r\\nAussi, cette R\\u00e9sidence, \\u00e9voquant un chalet typique, a \\u00e9t\\u00e9 distingu\\u00e9e par le prix Pyramide d'Argent pour son engagement en faveur d'une construction bas carbone.\\r\\n\\r\\n5 bornes de recharge et 3 PMR\\r\\n\\r\\n\\u00ab Pr\\u00e9sents dans les Alpes depuis plus de 30 ans, amoureux des territoires de montagne que nous avons vu \\u00e9voluer et grandir, nous avons \\u00e0 c\\u0153ur de pr\\u00e9server cet environnement qui est le n\\u00f4tre depuis tant d'ann\\u00e9es et mettons tout en \\u0153uvre pour minimiser l'impact de notre activit\\u00e9 ! \\u00bb\",\"libelleEn\":\"Today, MMV is committed to a more responsible approach, and we are taking strong action to raise awareness and protect the environment, notably with the creation of our mountain corner, where we make information, books and advice on the fauna and flora around us, as well as good practices to be applied in the mountains, available to customers on our application and near reception.\\r\\n\\r\\nTo give concrete expression to our commitment to continuous improvement, we are in the process of obtaining the Green Key label.\\r\\n\\r\\nThe R\\u00e9sidence, reminiscent of a typical chalet, has also been awarded the Pyramide d'Argent prize for its commitment to low-carbon construction.\\r\\n\\r\\n5 charging stations and 3 PMR\\r\\n\\r\\n\\\"Present in the Alps for more than 30 years, in love with the mountain territories that we have seen evolve and grow, we are committed to preserving this environment that has been ours for so many years and do everything we can to minimize the impact of our activity!\\\"\",\"libelleNl\":\"Vandaag de dag kiest MMV voor een meer verantwoordelijke benadering en ondernemen we krachtige actie om het bewustzijn te vergroten en het milieu te beschermen, in het bijzonder met de oprichting van onze berghoek, waar we informatie, boeken en advies over de fauna en flora om ons heen, evenals goede praktijken in de bergen, beschikbaar stellen aan klanten op onze applicatie en in de buurt van de receptie.\\r\\n\\r\\nAls onderdeel van ons streven naar voortdurende verbetering zijn we bezig met het verkrijgen van het Green Key label.\\r\\n\\r\\nDe residentie, die doet denken aan een typisch chalet, is ook bekroond met de prijs Pyramide d'Argent voor zijn inzet voor koolstofarme bouw.\\r\\n\\r\\n5 oplaadpunten en 3 PMR\\r\\n\\r\\n\\\"We komen al meer dan 30 jaar in de Alpen en we houden van de bergen die we hebben zien evolueren en groeien. We zetten ons in voor het behoud van de omgeving die al zoveel jaren onze thuis is en we doen er alles aan om de impact van onze activiteiten te minimaliseren!\"}},{\"theme\":{\"elementReferenceType\":\"DescriptifTheme\",\"id\":5160},\"description\":{\"libelleFr\":\"Club Baby de 18 mois \\u00e0 3 ans.\\r\\nClub Kids & Junior de 4 \\u00e0 10 ans.\\r\\nClubs Teens & Ados de 11 \\u00e0 17 ans.\",\"libelleEn\":\"Baby Club from 18 months to 3 years old.\\r\\nKids & Junior Club from 4 to 10 years old.\\r\\nTeens & Ados Club from 11 to 17 years old.\",\"libelleNl\":\"Babyclub van 18 maanden tot 3 jaar.\\r\\nKids & Junior Club van 4 tot 10 jaar.\\r\\nTeens & Ados Club van 11 tot 17 jaar.\"}}]},\"nom\":{\"libelleFr\":\"R\\u00e9sidence Club MMV Samo\\u00ebns Village\",\"libelleEn\":\"R\\u00e9sidence Club MMV Samo\\u00ebns Village\",\"libelleNl\":\"Residentie Club MMV Samo\\u00ebns Dorp\"},\"Classement\":\"4 sterren\",\"informationsActivite\":null,\"prestations\":{\"equipements\":[{\"elementReferenceType\":\"PrestationEquipement\",\"id\":1504},{\"elementReferenceType\":\"PrestationEquipement\",\"id\":4054},{\"elementReferenceType\":\"PrestationEquipement\",\"id\":1506},{\"elementReferenceType\":\"PrestationEquipement\",\"id\":1093},{\"elementReferenceType\":\"PrestationEquipement\",\"id\":4062},{\"elementReferenceType\":\"PrestationEquipement\",\"id\":972},{\"elementReferenceType\":\"PrestationEquipement\",\"id\":1318},{\"elementReferenceType\":\"PrestationEquipement\",\"id\":1320},{\"elementReferenceType\":\"PrestationEquipement\",\"id\":1057},{\"elementReferenceType\":\"PrestationEquipement\",\"id\":5048},{\"elementReferenceType\":\"PrestationEquipement\",\"id\":1054},{\"elementReferenceType\":\"PrestationEquipement\",\"id\":4063},{\"elementReferenceType\":\"PrestationEquipement\",\"id\":4055},{\"elementReferenceType\":\"PrestationEquipement\",\"id\":914},{\"elementReferenceType\":\"PrestationEquipement\",\"id\":698},{\"elementReferenceType\":\"PrestationEquipement\",\"id\":715},{\"elementReferenceType\":\"PrestationEquipement\",\"id\":1508},{\"elementReferenceType\":\"PrestationEquipement\",\"id\":836},{\"elementReferenceType\":\"PrestationEquipement\",\"id\":957},{\"elementReferenceType\":\"PrestationEquipement\",\"id\":606},{\"elementReferenceType\":\"PrestationEquipement\",\"id\":811}],\"services\":[{\"elementReferenceType\":\"PrestationService\",\"id\":687},{\"elementReferenceType\":\"PrestationService\",\"id\":734},{\"elementReferenceType\":\"PrestationService\",\"id\":783},{\"elementReferenceType\":\"PrestationService\",\"id\":926},{\"elementReferenceType\":\"PrestationService\",\"id\":1020},{\"elementReferenceType\":\"PrestationService\",\"id\":1025},{\"elementReferenceType\":\"PrestationService\",\"id\":1029},{\"elementReferenceType\":\"PrestationService\",\"id\":1088},{\"elementReferenceType\":\"PrestationService\",\"id\":1111},{\"elementReferenceType\":\"PrestationService\",\"id\":1115},{\"elementReferenceType\":\"PrestationService\",\"id\":1119},{\"elementReferenceType\":\"PrestationService\",\"id\":1121},{\"elementReferenceType\":\"PrestationService\",\"id\":1130},{\"elementReferenceType\":\"PrestationService\",\"id\":1157},{\"elementReferenceType\":\"PrestationService\",\"id\":1166},{\"elementReferenceType\":\"PrestationService\",\"id\":3695},{\"elementReferenceType\":\"PrestationService\",\"id\":3699},{\"elementReferenceType\":\"PrestationService\",\"id\":5061}],\"animauxAcceptes\":\"ACCEPTES\",\"animauxAcceptesSupplement\":\"AVEC_SUPPLEMENT\",\"descriptifAnimauxAcceptes\":{\"libelleFr\":\"Vaccination, tatouage. Carnet de sant\\u00e9 \\u00e0 jour.\",\"libelleEn\":\"Vaccination, tattoo. Up-to-date health record.\",\"libelleNl\":\"Vaccinaties, tatoeages. Actueel gezondheidsdossier.\"},\"activites\":[{\"elementReferenceType\":\"PrestationActivite\",\"id\":3917},{\"elementReferenceType\":\"PrestationActivite\",\"id\":691},{\"elementReferenceType\":\"PrestationActivite\",\"id\":582},{\"elementReferenceType\":\"PrestationActivite\",\"id\":611},{\"elementReferenceType\":\"PrestationActivite\",\"id\":646},{\"elementReferenceType\":\"PrestationActivite\",\"id\":709},{\"elementReferenceType\":\"PrestationActivite\",\"id\":3923}],\"conforts\":[{\"elementReferenceType\":\"PrestationConfort\",\"id\":943},{\"elementReferenceType\":\"PrestationConfort\",\"id\":951},{\"elementReferenceType\":\"PrestationConfort\",\"id\":882},{\"elementReferenceType\":\"PrestationConfort\",\"id\":917},{\"elementReferenceType\":\"PrestationConfort\",\"id\":971},{\"elementReferenceType\":\"PrestationConfort\",\"id\":922},{\"elementReferenceType\":\"PrestationConfort\",\"id\":999},{\"elementReferenceType\":\"PrestationConfort\",\"id\":946},{\"elementReferenceType\":\"PrestationConfort\",\"id\":902},{\"elementReferenceType\":\"PrestationConfort\",\"id\":983},{\"elementReferenceType\":\"PrestationConfort\",\"id\":1013},{\"elementReferenceType\":\"PrestationConfort\",\"id\":1010},{\"elementReferenceType\":\"PrestationConfort\",\"id\":5914},{\"elementReferenceType\":\"PrestationConfort\",\"id\":997},{\"elementReferenceType\":\"PrestationConfort\",\"id\":5940},{\"elementReferenceType\":\"PrestationConfort\",\"id\":895},{\"elementReferenceType\":\"PrestationConfort\",\"id\":797},{\"elementReferenceType\":\"PrestationConfort\",\"id\":904},{\"elementReferenceType\":\"PrestationConfort\",\"id\":963},{\"elementReferenceType\":\"PrestationConfort\",\"id\":898},{\"elementReferenceType\":\"PrestationConfort\",\"id\":5915},{\"elementReferenceType\":\"PrestationConfort\",\"id\":880},{\"elementReferenceType\":\"PrestationConfort\",\"id\":973},{\"elementReferenceType\":\"PrestationConfort\",\"id\":842},{\"elementReferenceType\":\"PrestationConfort\",\"id\":6804},{\"elementReferenceType\":\"PrestationConfort\",\"id\":1004},{\"elementReferenceType\":\"PrestationConfort\",\"id\":981},{\"elementReferenceType\":\"PrestationConfort\",\"id\":907},{\"elementReferenceType\":\"PrestationConfort\",\"id\":796},{\"elementReferenceType\":\"PrestationConfort\",\"id\":850},{\"elementReferenceType\":\"PrestationConfort\",\"id\":799}],\"languesParlees\":[{\"elementReferenceType\":\"Langue\",\"id\":1192},{\"elementReferenceType\":\"Langue\",\"id\":1197}],\"tourismesAdaptes\":[{\"elementReferenceType\":\"TourismeAdapte\",\"id\":3653}],\"surchargeTourismesAdaptes\":true,\"surchargeDescriptifHandicapMoteur\":true,\"surchargeDescriptifHandicapAuditif\":true,\"surchargeDescriptifHandicapVisuel\":true,\"surchargeDescriptifHandicapMental\":true,\"surchargeNombreFauteuilsRoulants\":true},\"CATEG_ASPECTS\":{\"HIVER\":{\"main_img\":\"14776541-diaporama.jpg\"},\"ETE\":{\"main_img\":\"14776541-diaporama.jpg\"},\"TOURISME_AFFAIRES\":{\"main_img\":\"25502688-diaporama.jpg\"}},\"PARKING\":\"On\",\"WIFI\":\"On\",\"ANIMAUX\":\"On\",\"CLIMATISATION\":null,\"GARAGE\":null,\"TERRASSE\":null,\"JEUX\":\"On\",\"TV\":\"On\",\"ASCENSEUR\":null,\"PISCINE\":\"On\",\"SAUNA\":\"On\",\"SPA\":\"On\",\"VELO\":\"On\",\"main_img\":\"25502688-diaporama.jpg\",\"localisation\":{\"adresse\":{\"adresse1\":\"466 route des drug\\u00e8res\",\"codePostal\":\"74340\",\"etat\":\"France\",\"commune\":{\"id\":30826}},\"geolocalisation\":{\"valide\":true,\"geoJson\":{\"type\":\"Point\",\"coordinates\":[6.7184299999999996799715518136508762836456298828125,46.07944400000000229056240641511976718902587890625]}},\"perimetreGeographique\":[{\"id\":30826}],\"environnements\":[{\"elementReferenceType\":\"Environnement\",\"id\":171},{\"elementReferenceType\":\"Environnement\",\"id\":184},{\"elementReferenceType\":\"Environnement\",\"id\":185},{\"elementReferenceType\":\"Environnement\",\"id\":193}]},\"COMMUNE\":\"Samo\\u00ebns\",\"NBREEMPLACEMENTS\":null,\"tarifChDbl\":null,\"datesOuverture\":[\"2026-06-20\",\"2026-06-21\",\"2026-06-22\",\"2026-06-23\",\"2026-06-24\",\"2026-06-25\",\"2026-06-26\",\"2026-06-27\",\"2026-06-28\",\"2026-06-29\",\"2026-06-30\",\"2026-07-01\",\"2026-07-02\",\"2026-07-03\",\"2026-07-04\",\"2026-07-05\",\"2026-07-06\",\"2026-07-07\",\"2026-07-08\",\"2026-07-09\",\"2026-07-10\",\"2026-07-11\",\"2026-07-12\",\"2026-07-13\",\"2026-07-14\",\"2026-07-15\",\"2026-07-16\",\"2026-07-17\",\"2026-07-18\",\"2026-07-19\",\"2026-07-20\",\"2026-07-21\",\"2026-07-22\",\"2026-07-23\",\"2026-07-24\",\"2026-07-25\",\"2026-07-26\",\"2026-07-27\",\"2026-07-28\",\"2026-07-29\",\"2026-07-30\",\"2026-07-31\",\"2026-08-01\",\"2026-08-02\",\"2026-08-03\",\"2026-08-04\",\"2026-08-05\",\"2026-08-06\",\"2026-08-07\",\"2026-08-08\",\"2026-08-09\",\"2026-08-10\",\"2026-08-11\",\"2026-08-12\",\"2026-08-13\",\"2026-08-14\",\"2026-08-15\",\"2026-08-16\",\"2026-08-17\",\"2026-08-18\",\"2026-08-19\",\"2026-08-20\",\"2026-08-21\",\"2026-08-22\",\"2026-08-23\",\"2026-08-24\",\"2026-08-25\",\"2026-08-26\",\"2026-08-27\",\"2026-08-28\",\"2026-08-29\",\"2026-08-30\",\"2026-08-31\",\"2026-09-01\",\"2026-09-02\",\"2026-09-03\",\"2026-09-04\",\"2026-09-05\"],\"SERVICES\":[\"Huisdieren toegestaan\",\"Babyclub\",\"Receptie\",\"Ontbijt\",\"Schoonheidsverzorging\",\"Huisdieren mits toeslag\",\"Schoonmaken met extra bijdrage\",\"Permanente animateur\",\"Bagagerie\",\"Wifi Internet\",\"Jongerenclub\",\"Kinderclub\",\"Toeristische documentatie\",\"Massages \\\/ Modelages\",\"Schoonmaken einde verblijf\",\"Verhuur langlaufmateriaal\",\"Alpine skiverhuur\",\"Bedden gemaakt bij aankomst\"],\"INFOSSEJOURHEBERGEMENT\":null,\"typesCommerce\":null,\"modesPaiement\":[\"Bankkaart\\\/creditcard\",\"Kijk op\",\"Vakantiecheques\",\"Contanten\"],\"CAPACITEACCUEIL\":null,\"CRIT_FAMILLE\":null,\"CRIT_SPORT\":null,\"CRIT_PATRIMOINE\":null,\"CRIT_ARTISANAT\":null,\"CRIT_GASTRO\":null,\"CRIT_MUSIQUE\":null,\"CRIT_EXPO\":null,\"CRIT_BIENETRE\":null,\"ouverture\":{\"periodeEnClair\":{\"libelleFr\":\"Du 20\\\/06 au 05\\\/09\\\/2026 tous les jours.\",\"libelleEn\":\"From 20\\\/06 to 05\\\/09\\\/2026 daily.\",\"libelleEs\":\"Del 20\\\/06 al 05\\\/09\\\/2026 todos los dias.\",\"libelleIt\":\"Dal 20\\\/06 al 05\\\/09\\\/2026 ogni giorno.\",\"libelleDe\":\"Vom 20\\\/06 bis 05\\\/09\\\/2026 t\\u00e4glich.\",\"libelleNl\":\"Van 20\\\/06 tot en met 05\\\/09\\\/2026 iedere dag.\",\"libelleRu\":\"\\u0421 20\\\/06 \\u0434\\u043e 05\\\/09\\\/2026 \\u0435\\u0436\\u0435\\u0434\\u043d\\u0435\\u0432\\u043d\\u043e.\",\"libelleZh\":\"\\u4ece 6\\u670820\\u65e5 \\u5230 2026\\u5e749\\u67085\\u65e5 \\u65e5\\u5e38.\",\"libellePtBR\":\"De 20\\\/06 a 05\\\/09\\\/2026 todos os dias.\",\"libelleJa\":\"20\\\/06 \\u304b\\u3089 05\\\/09\\\/2026 \\u307e\\u3067 \\u6bce\\u65e5.\",\"libelleKo\":\"20\\\/06 \\uc77c\\ubd80\\ud130 05\\\/09\\\/2026 \\uc77c\\uae4c\\uc9c0 \\ub9e4\\uc77c.\"},\"periodeEnClairGenerationMode\":\"AUTOMATIQUE\",\"indicationsPeriode\":[{\"elementReferenceType\":\"IndicationPeriode\",\"id\":416},{\"elementReferenceType\":\"IndicationPeriode\",\"id\":418},{\"elementReferenceType\":\"IndicationPeriode\",\"id\":435},{\"elementReferenceType\":\"IndicationPeriode\",\"id\":436}],\"periodesOuvertures\":[{\"identifiant\":37039923,\"dateDebut\":\"2025-12-20\",\"dateFin\":\"2026-04-11\",\"type\":\"OUVERTURE_TOUS_LES_JOURS\",\"tousLesAns\":false,\"identifiantTechnique\":39954491,\"horaires\":[{\"id\":4606922,\"type\":{\"elementReferenceType\":\"HoraireType\",\"id\":7487},\"timePeriods\":[{\"id\":5109648,\"closed\":false,\"weekdays\":[\"MON\",\"SUN\",\"FRI\",\"SAT\",\"THU\",\"WED\",\"TUE\"]}]}]},{\"identifiant\":39954495,\"dateDebut\":\"2026-06-20\",\"dateFin\":\"2026-09-05\",\"type\":\"OUVERTURE_TOUS_LES_JOURS\",\"tousLesAns\":false,\"identifiantTechnique\":39954495,\"horaires\":[{\"id\":4606926,\"type\":{\"elementReferenceType\":\"HoraireType\",\"id\":7487},\"timePeriods\":[{\"id\":5109652,\"closed\":false,\"weekdays\":[\"MON\",\"SUN\",\"FRI\",\"SAT\",\"THU\",\"WED\",\"TUE\"]}]}]}]},\"NBRECOUVERTS\":null,\"categoriesRestau\":null,\"reservation\":{\"organismes\":[{\"identifiant\":6904280,\"nom\":\"R\\u00e9sidence Club MMV Samo\\u00ebns village\",\"type\":{\"elementReferenceType\":\"ReservationType\",\"id\":475},\"moyensCommunication\":[{\"identifiant\":134357031,\"type\":{\"elementReferenceType\":\"MoyenCommunicationType\",\"id\":205},\"coordonnees\":{\"fr\":\"https:\\\/\\\/www.mmv.fr\\\/residence-club-ski-samoens-samoens-village?gclid=Cj0KCQjwqoibBhDUARIsAH2OpWjdSpfReb1lh4ybYRZ96ITSaiuS4emU7om3V4WNTJD1UN_5HiiWmYkaAn64EALw_wcB\"}}],\"locked\":false},{\"identifiant\":9184369,\"structureReference\":{\"type\":\"STRUCTURE\",\"id\":63609},\"nom\":\"Samo\\u00ebns R\\u00e9servations\",\"type\":{\"elementReferenceType\":\"ReservationType\",\"id\":473},\"moyensCommunication\":[{\"identifiant\":9890115,\"type\":{\"elementReferenceType\":\"MoyenCommunicationType\",\"id\":204},\"coordonnees\":{\"fr\":\"reservation@samoens.com\",\"en\":\"reservation@samoens.com\",\"nl\":\"reservation@samoens.com\"}},{\"identifiant\":131753132,\"type\":{\"elementReferenceType\":\"MoyenCommunicationType\",\"id\":205},\"coordonnees\":{\"fr\":\"https:\\\/\\\/reservation.samoens.com\\\/residence-club-mmv-samoens-village.html\"}},{\"identifiant\":158675639,\"type\":{\"elementReferenceType\":\"MoyenCommunicationType\",\"id\":201},\"coordonnees\":{\"fr\":\"04 92 12 65 30\",\"en\":\"+33 4 92 12 65 30\"}}],\"locked\":false}]},\"indicationsPeriode\":[\"Najaar\",\"Zomer\",\"Winter\",\"Voorjaar\"]}};\n      var nbPerPg0 = 8;\n            function bindMarker(id){\n        var markerToBind = layers0[id];\n        if (markerToBind) {\n          markerToBind.openPopup();\n          markerToBind.setIcon(myIconRed);\n        }\n      }\n\n      function unbindMarker(id){\n        var markerToBind = layers0[id];\n        if (markerToBind) {\n          markerToBind.setIcon(myIcon);\n        }\n      }\n\n      function displayItems0()\n      {\n        var aspect = \"\";\n        var old_height = $(window).height();  \/\/store document height before modifications\n        var old_scroll = $(window).scrollTop(); \/\/remember the scroll position\n        jQuery('#loader0').show();\n        var itemsToShow = [];\n        var fieldsToShow = [];\n        var deb = page0 * nbPerPg0;\n        var fin = deb + nbPerPg0;\n        var count = 0;\n        page0++;\n        for (var i = deb; i < fin; i++) {\n          if (items0[i]) {\n            itemsToShow[count] = items0[i];\n            fieldsToShow[count] = fields0[items0[i].ID];\n            jQuery('#voirlasuite0').css('visibility', 'visible');\n          } else {\n            jQuery('#voirlasuite0').css('visibility', 'hidden');\n          }\n          count++;\n        }\n        jQuery.ajax({\n          url: 'https:\/\/www.samoens.com\/wp-content\/plugins\/yatadata-shortcodes\/includes\/ajax\/get_articlesyatadata.php',\n                      data: {'lang' : \"nl\", 'saison': \"ete\", 'libelle': \"libelleNl\", 'nlist': 0, 'items': itemsToShow, 'fields': fieldsToShow, 'aspect': aspect},\n            \n          type: 'post',\n          dataType: 'html',\n          success: function(code_html, statut){\n            jQuery('#loader0').hide();\n            if(code_html){\n                jQuery(code_html).appendTo('#listItems0');\n            }else{\n                var aucunresultat = \"Aucun r\u00e9sultat\";\n                jQuery('<p class=\"aucun-resultat\">'+aucunresultat+'<\/p>').appendTo('#listItems0');\n            }\n\n            $(window).scrollTop(old_scroll + $(window).height() - old_height); \/\/restore \"scroll position\"\n          }\n        });\n      }\n\n      jQuery(function(){\n        function initMap()\n        {\n          \/\/ mymap0 = L.map('mapid0', { dragging: !L.Browser.mobile }).setView([46.083431, 6.727270], 15);\n          mymap0 = L.map('mapid0', { gestureHandling: true }).setView([46.083431, 6.727270], 15);\n          \n          L.tileLayer('https:\/\/{s}.tile.openstreetmap.fr\/hot\/{z}\/{x}\/{y}.png', {\n          \tmaxZoom: 19,\n          \tattribution: '&copy; <a href=\"https:\/\/www.openstreetmap.org\/copyright\">OpenStreetMap<\/a> contributors, Tiles style by <a href=\"https:\/\/www.hotosm.org\/\" target=\"_blank\">Humanitarian OpenStreetMap Team<\/a> hosted by <a href=\"https:\/\/openstreetmap.fr\/\" target=\"_blank\">OpenStreetMap France<\/a>'\n          }).addTo(mymap0);\n        }\n\n        function displayAllMarkers()\n        {\n          allItems0.forEach(item => displayMarker(item));\n        }\n\n        function displayMarker(item)\n        {\n          var itemID = item.ID;\n          var fieldItem = fields0[itemID];\n          if (fieldItem.localisation.geolocalisation) {\n            if (fieldItem.localisation.geolocalisation.geoJson) {\n              var lat = fieldItem.localisation.geolocalisation.geoJson.coordinates[1];\n              var lng = fieldItem.localisation.geolocalisation.geoJson.coordinates[0];\n              var title = item.post_title;\n              var popuphtml = \"<div><a href='\"+ item.guid +\"'><p><b>\"+ title +\"<\/b><\/p><\/a><\/div>\";\n              var marker = L.marker([lat, lng], {icon: myIcon}).addTo(mymap0);\n              marker.bindPopup(popuphtml);\n              layers0[itemID] = marker;\n            }\n          }\n        }\n\n        function datasToArr(datas)\n        {\n          var BeautifyDatas = [];\n          if (datas.indexOf('&')) {\n            datas = datas.split('&');\n          } else {\n            datas = [datas];\n          }\n\n          datas.forEach(function(data, index){\n            data = data.split('=');\n            BeautifyDatas.push(data[0]);\n            BeautifyDatas.push(data[1]);\n          });\n\n          return BeautifyDatas;\n        }\n\n        function submitForm(){\n          jQuery('#formSearch').submit();\n        }\n\n        jQuery('#formSearch').on('submit', function(e){\n          e.preventDefault();\n          items0 = getItems(jQuery(this).serialize());\n          page0 = 0;\n          jQuery('#listItems0').html('');\n          displayItems0();\n        });\n\n        function getItems(datas)\n        {\n          datas = datasToArr(datas);\n          var newItems = [];\n          console.log(datas);\n          allItems0.forEach(function(item, index){\n            var addThis = true;\n            for (var i = 0; i < datas.length; i++) {\n              var index = datas[i];\n              i++;\n              var value = datas[i];\n              if (value == '' || !value) {\n                continue;\n              }\n              var type = '';\n              if (index == 'dateDeb' || index == 'dateFin') {\n                var dateTest = value.replace(\/%2F\/g, '\/');\n                dateTest = dateTest.split('\/').reverse().join('');\n                if (index == 'dateDeb'){\n                  var dateDeb = dateTest;\n                } else if (index == 'dateFin') {\n                  var dateFin = dateTest;\n                }\n                \/\/ var date = item.date.split('||');\n                \/\/ if(date.length > 1){\n                \/\/   dateDebSplit = date[0];\n                \/\/   dateFinSplit = date[1];\n                \/\/ }else{\n                \/\/   dateDebSplit = date[0];\n                \/\/   dateFinSplit = date[0];\n                \/\/ }\n                var DateDebTest = item.date.split('-').join('');\n                var DateFinTest = item.date.split('-').join('');\n                \/\/ if (item.ID == '553437') {\n                \/\/   console.log(item.date);\n                \/\/   \/\/console.log(DateFinTest);\n                \/\/ }\n                if (dateFin && dateDeb && DateDebTest && DateFinTest) {\n                  if (parseInt(DateFinTest) < parseInt(dateDeb) || parseInt(DateDebTest) > parseInt(dateFin)) {\n                    addThis = false;\n                  }\n                }\n              } else {\n                if (!fields0[item.ID][index]) {\n                  \/\/certaines fiches n'ont pas de capacit\u00e9 ou de nbr de chambres, il faut les afficher quand m\u00eame\n                  if(index != 'NBREEMPLACEMENTS' && index != 'CAPACITEACCUEIL' && index != 'NBRECOUVERTS'){\n                    addThis = false;\n                  }else{\n                    var values = value.split('-');\n                    if(parseInt(values[0], 10) != 0){\n                      addThis = false;\n                    }\n                  }\n                } else {\n                  var testValue = fields0[item.ID][index];\n                  if (typeof testValue != 'string') {\n                    testValue = testValue.toString();\n                  }\n                  if (index == 'tarifChDbl' || index == 'NBREPERS' || index == 'NBREEMPLACEMENTS' || index == 'nuitee' || index == 'tarifSemaine' || index == 'tarifResto' || index == 'CAPACITEACCUEIL' || index == 'NBRECOUVERTS') {\n                    type = 'range';\n                  }\n                  if (index == 'datesOuverture') {\n                    value = wpFeSanitizeTitle(value.split('%2F').reverse().join('\/'));\n                  }\n                  if (type == 'range') {\n                    var values = value.split('-');\n                    if (testValue < parseInt(values[0], 10) || testValue > parseInt(values[1], 10)) {\n                      addThis = false;\n                    }\n                  } else {\n\n                    if (wpFeSanitizeTitle(testValue).indexOf(value) == -1) {\n                      addThis = false;\n                    }\n                  }\n                }\n              }\n            }\n\n            if (addThis) {\n              newItems.push(item);\n            }\n          });\n          return newItems;\n        }\n\n\n                  initMap();\n          displayAllMarkers();\n                if (jQuery('#formSearch').length) {\n          \/\/ console.log('ITEMS : ');\n          \/\/ console.log(jQuery('#formSearch').length);\n          jQuery('#formSearch').submit();\n          \/\/ displayItems0();\n        } else {\n                    displayItems0();\n                  }\n\n              });\n    <\/script>\n    [\/vc_column][\/vc_row]<\/p>\n<\/div>","protected":false},"excerpt":{"rendered":"<p>[vc_row][vc_column][vc_column_text] Toeristenwoningen in Samo\u00ebns De toeristische residenties in Samo\u00ebns bieden u het voordeel van een permanent en persoonlijk welkom, terwijl u geniet van de onafhankelijkheid van een appartement of een chalet. Kies het appartement, gelegen nabij de skipistes, wandelpaden of in het hart van het dorp Samoens. Huur een appartement of een chalet in een [&hellip;]<\/p>\n","protected":false},"author":2,"featured_media":578336,"parent":51120,"menu_order":1,"comment_status":"closed","ping_status":"closed","template":"","meta":{"_acf_changed":false,"footnotes":""},"class_list":["post-3235","page","type-page","status-publish","hentry"],"acf":[],"yoast_head":"<!-- This site is optimized with the Yoast SEO plugin v27.4 - https:\/\/yoast.com\/product\/yoast-seo-wordpress\/ -->\n<title>8 Toeristenwoningen in Samo\u00ebns<\/title>\n<meta name=\"description\" content=\"Alleen leden van het toeristenbureau verschijnen op deze pagina.\n&nbsp;\nDe toeristische residenties in Samo\u00ebns bieden u het voordeel van een permanent en persoonlijk welkom, terwijl u geniet van de onafhankelijkheid van een appartement of een chalet.\" \/>\n<meta name=\"robots\" content=\"index, follow, max-snippet:-1, max-image-preview:large, max-video-preview:-1\" \/>\n<link rel=\"canonical\" href=\"https:\/\/www.samoens.com\/nl\/hebergements-2\/toeristische-woningen\/\" \/>\n<meta property=\"og:locale\" content=\"nl_NL\" \/>\n<meta property=\"og:type\" content=\"article\" \/>\n<meta property=\"og:title\" content=\"8 Toeristenwoningen in Samo\u00ebns\" \/>\n<meta property=\"og:description\" content=\"[vc_row][vc_column][vc_column_text] Toeristenwoningen in Samo\u00ebns De toeristische residenties in Samo\u00ebns bieden u het voordeel van een permanent en persoonlijk welkom, terwijl u geniet van de onafhankelijkheid van een appartement of een chalet. Kies het appartement, gelegen nabij de skipistes, wandelpaden of in het hart van het dorp Samoens. Huur een appartement of een chalet in een [&hellip;]\" \/>\n<meta property=\"og:url\" content=\"https:\/\/www.samoens.com\/nl\/hebergements-2\/toeristische-woningen\/\" \/>\n<meta property=\"og:site_name\" content=\"Samo\u00ebns, station de ski et village authentique en Haute-Savoie\" \/>\n<meta property=\"article:modified_time\" content=\"2024-05-17T14:11:47+00:00\" \/>\n<meta property=\"og:image\" content=\"https:\/\/www.samoens.com\/wp-content\/uploads\/2023\/04\/mgm-samoens27839-scaled.jpg\" \/>\n\t<meta property=\"og:image:width\" content=\"2048\" \/>\n\t<meta property=\"og:image:height\" content=\"1536\" \/>\n\t<meta property=\"og:image:type\" content=\"image\/jpeg\" \/>\n<meta name=\"twitter:card\" content=\"summary_large_image\" \/>\n<meta name=\"twitter:label1\" content=\"Geschatte leestijd\" \/>\n\t<meta name=\"twitter:data1\" content=\"1 minuut\" \/>\n<script type=\"application\/ld+json\" class=\"yoast-schema-graph\">{\"@context\":\"https:\\\/\\\/schema.org\",\"@graph\":[{\"@type\":\"WebPage\",\"@id\":\"https:\\\/\\\/www.samoens.com\\\/nl\\\/hebergements-2\\\/toeristische-woningen\\\/\",\"url\":\"https:\\\/\\\/www.samoens.com\\\/nl\\\/hebergements-2\\\/toeristische-woningen\\\/\",\"name\":\"8 Toeristenwoningen in Samo\u00ebns\",\"isPartOf\":{\"@id\":\"https:\\\/\\\/www.samoens.com\\\/#website\"},\"primaryImageOfPage\":{\"@id\":\"https:\\\/\\\/www.samoens.com\\\/nl\\\/hebergements-2\\\/toeristische-woningen\\\/#primaryimage\"},\"image\":{\"@id\":\"https:\\\/\\\/www.samoens.com\\\/nl\\\/hebergements-2\\\/toeristische-woningen\\\/#primaryimage\"},\"thumbnailUrl\":\"https:\\\/\\\/www.samoens.com\\\/wp-content\\\/uploads\\\/2023\\\/04\\\/mgm-samoens27839-scaled.jpg\",\"datePublished\":\"2019-08-21T10:05:41+00:00\",\"dateModified\":\"2024-05-17T14:11:47+00:00\",\"breadcrumb\":{\"@id\":\"https:\\\/\\\/www.samoens.com\\\/nl\\\/hebergements-2\\\/toeristische-woningen\\\/#breadcrumb\"},\"inLanguage\":\"nl-NL\",\"potentialAction\":[{\"@type\":\"ReadAction\",\"target\":[\"https:\\\/\\\/www.samoens.com\\\/nl\\\/hebergements-2\\\/toeristische-woningen\\\/\"]}]},{\"@type\":\"ImageObject\",\"inLanguage\":\"nl-NL\",\"@id\":\"https:\\\/\\\/www.samoens.com\\\/nl\\\/hebergements-2\\\/toeristische-woningen\\\/#primaryimage\",\"url\":\"https:\\\/\\\/www.samoens.com\\\/wp-content\\\/uploads\\\/2023\\\/04\\\/mgm-samoens27839-scaled.jpg\",\"contentUrl\":\"https:\\\/\\\/www.samoens.com\\\/wp-content\\\/uploads\\\/2023\\\/04\\\/mgm-samoens27839-scaled.jpg\",\"width\":2048,\"height\":1536},{\"@type\":\"BreadcrumbList\",\"@id\":\"https:\\\/\\\/www.samoens.com\\\/nl\\\/hebergements-2\\\/toeristische-woningen\\\/#breadcrumb\",\"itemListElement\":[{\"@type\":\"ListItem\",\"position\":1,\"name\":\"Accueil\",\"item\":\"https:\\\/\\\/www.samoens.com\\\/nl\\\/\"},{\"@type\":\"ListItem\",\"position\":2,\"name\":\"Accommodatie\",\"item\":\"https:\\\/\\\/www.samoens.com\\\/nl\\\/hebergements-2\\\/\"},{\"@type\":\"ListItem\",\"position\":3,\"name\":\"Toeristische woningen\"}]},{\"@type\":\"WebSite\",\"@id\":\"https:\\\/\\\/www.samoens.com\\\/#website\",\"url\":\"https:\\\/\\\/www.samoens.com\\\/\",\"name\":\"Samo\u00ebns, station de ski et village authentique en Haute-Savoie\",\"description\":\"Nich\u00e9e au coeur du domaine skiable du Grand Massif et \u00e0 moins d&#039;1h de Gen\u00e8ve, Samo\u00ebns rendra vos vacances inoubliables en \u00e9t\u00e9 comme en hiver\",\"potentialAction\":[{\"@type\":\"SearchAction\",\"target\":{\"@type\":\"EntryPoint\",\"urlTemplate\":\"https:\\\/\\\/www.samoens.com\\\/?s={search_term_string}\"},\"query-input\":{\"@type\":\"PropertyValueSpecification\",\"valueRequired\":true,\"valueName\":\"search_term_string\"}}],\"inLanguage\":\"nl-NL\"}]}<\/script>\n<!-- \/ Yoast SEO plugin. -->","yoast_head_json":{"title":"8 Toeristenwoningen in Samo\u00ebns","description":"Alleen leden van het toeristenbureau verschijnen op deze pagina.\n&nbsp;\nDe toeristische residenties in Samo\u00ebns bieden u het voordeel van een permanent en persoonlijk welkom, terwijl u geniet van de onafhankelijkheid van een appartement of een chalet.","robots":{"index":"index","follow":"follow","max-snippet":"max-snippet:-1","max-image-preview":"max-image-preview:large","max-video-preview":"max-video-preview:-1"},"canonical":"https:\/\/www.samoens.com\/nl\/hebergements-2\/toeristische-woningen\/","og_locale":"nl_NL","og_type":"article","og_title":"8 Toeristenwoningen in Samo\u00ebns","og_description":"[vc_row][vc_column][vc_column_text] Toeristenwoningen in Samo\u00ebns De toeristische residenties in Samo\u00ebns bieden u het voordeel van een permanent en persoonlijk welkom, terwijl u geniet van de onafhankelijkheid van een appartement of een chalet. Kies het appartement, gelegen nabij de skipistes, wandelpaden of in het hart van het dorp Samoens. Huur een appartement of een chalet in een [&hellip;]","og_url":"https:\/\/www.samoens.com\/nl\/hebergements-2\/toeristische-woningen\/","og_site_name":"Samo\u00ebns, station de ski et village authentique en Haute-Savoie","article_modified_time":"2024-05-17T14:11:47+00:00","og_image":[{"width":2048,"height":1536,"url":"https:\/\/www.samoens.com\/wp-content\/uploads\/2023\/04\/mgm-samoens27839-scaled.jpg","type":"image\/jpeg"}],"twitter_card":"summary_large_image","twitter_misc":{"Geschatte leestijd":"1 minuut"},"schema":{"@context":"https:\/\/schema.org","@graph":[{"@type":"WebPage","@id":"https:\/\/www.samoens.com\/nl\/hebergements-2\/toeristische-woningen\/","url":"https:\/\/www.samoens.com\/nl\/hebergements-2\/toeristische-woningen\/","name":"8 Toeristenwoningen in Samo\u00ebns","isPartOf":{"@id":"https:\/\/www.samoens.com\/#website"},"primaryImageOfPage":{"@id":"https:\/\/www.samoens.com\/nl\/hebergements-2\/toeristische-woningen\/#primaryimage"},"image":{"@id":"https:\/\/www.samoens.com\/nl\/hebergements-2\/toeristische-woningen\/#primaryimage"},"thumbnailUrl":"https:\/\/www.samoens.com\/wp-content\/uploads\/2023\/04\/mgm-samoens27839-scaled.jpg","datePublished":"2019-08-21T10:05:41+00:00","dateModified":"2024-05-17T14:11:47+00:00","breadcrumb":{"@id":"https:\/\/www.samoens.com\/nl\/hebergements-2\/toeristische-woningen\/#breadcrumb"},"inLanguage":"nl-NL","potentialAction":[{"@type":"ReadAction","target":["https:\/\/www.samoens.com\/nl\/hebergements-2\/toeristische-woningen\/"]}]},{"@type":"ImageObject","inLanguage":"nl-NL","@id":"https:\/\/www.samoens.com\/nl\/hebergements-2\/toeristische-woningen\/#primaryimage","url":"https:\/\/www.samoens.com\/wp-content\/uploads\/2023\/04\/mgm-samoens27839-scaled.jpg","contentUrl":"https:\/\/www.samoens.com\/wp-content\/uploads\/2023\/04\/mgm-samoens27839-scaled.jpg","width":2048,"height":1536},{"@type":"BreadcrumbList","@id":"https:\/\/www.samoens.com\/nl\/hebergements-2\/toeristische-woningen\/#breadcrumb","itemListElement":[{"@type":"ListItem","position":1,"name":"Accueil","item":"https:\/\/www.samoens.com\/nl\/"},{"@type":"ListItem","position":2,"name":"Accommodatie","item":"https:\/\/www.samoens.com\/nl\/hebergements-2\/"},{"@type":"ListItem","position":3,"name":"Toeristische woningen"}]},{"@type":"WebSite","@id":"https:\/\/www.samoens.com\/#website","url":"https:\/\/www.samoens.com\/","name":"Samo\u00ebns, station de ski et village authentique en Haute-Savoie","description":"Nich\u00e9e au coeur du domaine skiable du Grand Massif et \u00e0 moins d&#039;1h de Gen\u00e8ve, Samo\u00ebns rendra vos vacances inoubliables en \u00e9t\u00e9 comme en hiver","potentialAction":[{"@type":"SearchAction","target":{"@type":"EntryPoint","urlTemplate":"https:\/\/www.samoens.com\/?s={search_term_string}"},"query-input":{"@type":"PropertyValueSpecification","valueRequired":true,"valueName":"search_term_string"}}],"inLanguage":"nl-NL"}]}},"_links":{"self":[{"href":"https:\/\/www.samoens.com\/nl\/wp-json\/wp\/v2\/pages\/3235","targetHints":{"allow":["GET"]}}],"collection":[{"href":"https:\/\/www.samoens.com\/nl\/wp-json\/wp\/v2\/pages"}],"about":[{"href":"https:\/\/www.samoens.com\/nl\/wp-json\/wp\/v2\/types\/page"}],"author":[{"embeddable":true,"href":"https:\/\/www.samoens.com\/nl\/wp-json\/wp\/v2\/users\/2"}],"replies":[{"embeddable":true,"href":"https:\/\/www.samoens.com\/nl\/wp-json\/wp\/v2\/comments?post=3235"}],"version-history":[{"count":1,"href":"https:\/\/www.samoens.com\/nl\/wp-json\/wp\/v2\/pages\/3235\/revisions"}],"predecessor-version":[{"id":589265,"href":"https:\/\/www.samoens.com\/nl\/wp-json\/wp\/v2\/pages\/3235\/revisions\/589265"}],"up":[{"embeddable":true,"href":"https:\/\/www.samoens.com\/nl\/wp-json\/wp\/v2\/pages\/51120"}],"wp:featuredmedia":[{"embeddable":true,"href":"https:\/\/www.samoens.com\/nl\/wp-json\/wp\/v2\/media\/578336"}],"wp:attachment":[{"href":"https:\/\/www.samoens.com\/nl\/wp-json\/wp\/v2\/media?parent=3235"}],"curies":[{"name":"wp","href":"https:\/\/api.w.org\/{rel}","templated":true}]}}