{"id":11761,"date":"2019-08-29T10:41:34","date_gmt":"2019-08-29T08:41:34","guid":{"rendered":"https:\/\/www.samoens.com\/handicap\/"},"modified":"2026-03-07T17:03:38","modified_gmt":"2026-03-07T16:03:38","slug":"handicap","status":"publish","type":"page","link":"https:\/\/www.samoens.com\/nl\/handicap\/","title":{"rendered":"Handi tourism"},"content":{"rendered":"<div class=\"wpb-content-wrapper\"><p>[vc_row][vc_column width=&#8221;1\/2&#8243;][vc_single_image image=&#8221;605468&#8243; img_size=&#8221;medium&#8221; css=&#8221;&#8221;][\/vc_column][vc_column width=&#8221;1\/2&#8243;][vc_single_image image=&#8221;605770&#8243; img_size=&#8221;medium&#8221; css=&#8221;&#8221;][\/vc_column][\/vc_row][vc_row][vc_column][vc_column_text css=&#8221;&#8221;]<\/p>\n<h2>handitourism Samo\u00ebns<\/h2>\n<p>[\/vc_column_text][vc_column_text css=&#8221;&#8221;]<\/p>\n<h2 class=\"chapeau\">Hier vindt u alle praktische informatie over de toegankelijkheid en de aangepaste activiteiten die u kunt ondernemen.<\/h2>\n<p>&nbsp;<\/p>\n<p>Voor informatie over de toegankelijkheid van het gebouw van het toeristenbureau kunt u onze pagina raadplegen op <a href=\"https:\/\/acceslibre.beta.gouv.fr\/app\/74-samoens\/a\/office-du-tourisme\/erp\/office-de-tourisme-de-samoens\/\"><span style=\"color: #eb4747;\"><strong>Acceslibre.<\/strong><\/span><\/a>[\/vc_column_text][vc_column_text css=&#8221;&#8221;]Samo\u00ebns zet zich in voor toegankelijk toerisme in de bergen. Het dorp biedt een groot aantal aangepaste voorzieningen waardoor mensen met een handicap toegang hebben tot tal van sportieve en culturele activiteiten en tot de verschillende voorzieningen in het dorp.<\/p>\n<p>&nbsp;<\/p>\n<p>De gemeente Samo\u00ebns, het Office de Tourisme en de <span style=\"color: #6c9ed8;\"><a style=\"color: #6c9ed8;\" href=\"https:\/\/www.samoens.com\/nl\/samoens-handi-glisse-gehandicaptensport-in-het-hart-van-de-bergen\/\" target=\"_blank\" rel=\"noopener\"><strong>vereniging <em>Samo\u00ebns Handi-Glisse<\/em><\/strong><\/a><\/span> hebben de handen ineengeslagen en een stuurgroep opgericht. Ze hebben een aantal aanbiedingen geselecteerd waarmee bezoekers kunnen genieten van het dorp en tegelijkertijd plezier en toegankelijkheid kunnen combineren. De vereniging heeft als doel om sportmateriaal voor gehandicapten aan te bieden en dit gratis ter beschikking te stellen aan mensen met een handicap.<\/p>\n<p>Het Office de Tourisme heeft accommodaties (hotels, chalets, campings&#8230;) en restaurants en winkels bezocht om een rubriek samen te stellen die u informeert over de toegankelijkheid van deze voorzieningen voor mensen met een beperkte mobiliteit.[\/vc_column_text][vc_separator][\/vc_column][vc_column][vc_column_text css=&#8221;&#8221;]<\/p>\n<h2>Om een volledig toegankelijk verblijf te organiseren<\/h2>\n<h4><span style=\"color: #eb4747;\"><strong>Download de brochure<a style=\"color: #eb4747;\" href=\"https:\/\/www.samoens.com\/wp-content\/uploads\/2025\/10\/handi_GB_OK.pdf\"> \u2018Samo\u00ebns voor iedereen\u2019.<\/a><\/strong><\/span><\/h4>\n<h4><strong>Download de brochure<a href=\"https:\/\/www.samoens.com\/wp-content\/uploads\/2023\/11\/Guide-FALC-facile-a-lire-et-a-comprendre.pdf\"> \u2018FALC-gids &#8211; Gemakkelijk te lezen en te begrijpen\u2019<\/a> (alleen in het Frans).<\/strong><\/h4>\n<p>[\/vc_column_text][\/vc_column][\/vc_row][vc_row][vc_column width=&#8221;1\/3&#8243;][vc_single_image image=&#8221;597130&#8243; img_size=&#8221;medium&#8221; alignment=&#8221;center&#8221; onclick=&#8221;custom_link&#8221; img_link_target=&#8221;_blank&#8221; css=&#8221;&#8221; title=&#8221;Aangepaste winteractiviteiten&#8221; link=&#8221;https:\/\/www.samoens.com\/nl\/winteractiviteiten-2\/les-activites-handitourisme-en-haute-savoie-a-samoens-en-hiver\/&#8221; el_class=&#8221;lienversliste&#8221;][\/vc_column][vc_column width=&#8221;1\/3&#8243;][vc_single_image image=&#8221;413886&#8243; img_size=&#8221;medium&#8221; alignment=&#8221;center&#8221; onclick=&#8221;custom_link&#8221; img_link_target=&#8221;_blank&#8221; css=&#8221;&#8221; title=&#8221;Aangepaste zomeractiviteiten&#8221; link=&#8221;https:\/\/www.samoens.com\/nl\/zomeractiviteiten\/handicaps-in-de-bergen-in-samoens-zomer\/&#8221; el_class=&#8221;lienversliste&#8221;][\/vc_column][vc_column width=&#8221;1\/3&#8243;][vc_single_image image=&#8221;593567&#8243; img_size=&#8221;medium&#8221; alignment=&#8221;center&#8221; onclick=&#8221;custom_link&#8221; img_link_target=&#8221;_blank&#8221; css=&#8221;&#8221; title=&#8221;Aangepast vervoer&#8221; el_class=&#8221;lienversliste&#8221; link=&#8221;https:\/\/www.samoens.com\/nl\/aangepast-transport\/&#8221;][\/vc_column][\/vc_row][vc_row][vc_column width=&#8221;1\/3&#8243;][vc_single_image image=&#8221;2399&#8243; img_size=&#8221;medium&#8221; alignment=&#8221;center&#8221; onclick=&#8221;custom_link&#8221; img_link_target=&#8221;_blank&#8221; css=&#8221;&#8221; title=&#8221;Aangepaste accommodaties&#8221; link=&#8221;https:\/\/www.samoens.com\/nl\/accommodatie-label-toerisme-en-handicap\/&#8221; el_class=&#8221;lienversliste&#8221;][\/vc_column][vc_column width=&#8221;1\/3&#8243;][vc_single_image image=&#8221;598150&#8243; img_size=&#8221;medium&#8221; alignment=&#8221;center&#8221; onclick=&#8221;custom_link&#8221; img_link_target=&#8221;_blank&#8221; css=&#8221;&#8221; title=&#8221;Restaurants met toegang voor mindervaliden&#8221; link=&#8221;https:\/\/www.samoens.com\/nl\/handicap\/restaurants-pmr\/&#8221; el_class=&#8221;lienversliste&#8221;][\/vc_column][vc_column width=&#8221;1\/3&#8243;][vc_single_image image=&#8221;593621&#8243; img_size=&#8221;medium&#8221; alignment=&#8221;center&#8221; onclick=&#8221;custom_link&#8221; img_link_target=&#8221;_blank&#8221; css=&#8221;&#8221; title=&#8221;Interactieve kaart met filter \u201cToegang voor personen met beperkte mobiliteit\u201d&#8221; link=&#8221;https:\/\/explore.samoens.com\/en\/map&#8221; el_class=&#8221;lienversliste&#8221;][\/vc_column][\/vc_row][vc_row][vc_column][vc_separator css=&#8221;&#8221;][\/vc_column][\/vc_row][vc_row][vc_column]<div class=\"ye_videodiv \"><iframe style=\"width: 100%; height: 100%; right:0;margin:auto;\" src=\"https:\/\/www.youtube.com\/embed\/0NqGEayCgaU\" title=\"YouTube video player\" frameborder=\"0\" allow=\"accelerometer; autoplay; clipboard-write; encrypted-media; gyroscope; picture-in-picture\" allowfullscreen><\/iframe><\/div>[\/vc_column][\/vc_row][vc_row][vc_column][vc_separator css=&#8221;&#8221;][\/vc_column][\/vc_row][vc_row][vc_column width=&#8221;1\/2&#8243;][vc_column_text css=&#8221;&#8221;]<\/p>\n<h1 style=\"text-align: center;\">Motorische handicap<\/h1>\n<ul>\n<li>Twee gereserveerde parkeerplaatsen voor het gebouw van het toeristenbureau en \u00e9\u00e9n gereserveerde parkeerplaats achter het gebouw van het toeristenbureau.<\/li>\n<li>\u00a0Aangepaste toonbank.<\/li>\n<li>Eerste deur is zwaar (90 cm breed), maar er is een bel bij de ingang om hulp te vragen.<\/li>\n<li>Tweede automatische deur.<\/li>\n<li>De inrichting van de ontvangsthal van het VVV-kantoor zorgt voor een luchtige circulatie.<\/li>\n<li>Toegang tot het gebouw op gelijk niveau.<\/li>\n<li>Gevoelig en opgeleid personeel.<\/li>\n<li>Rustruimte.<\/li>\n<\/ul>\n<p><strong>Op verzoek kan bij de receptie van het VVV-kantoor een rolstoel worden geleend.<\/strong>[\/vc_column_text][vc_column_text css=&#8221;&#8221;]<\/p>\n<h1 style=\"text-align: center;\">Gehoorbeperking<\/h1>\n<ul>\n<li class=\"\" data-filters=\"hearing\">Ter beschikking stellen van een hoorhulpmiddel voor slechthorenden met een dubbele functie (ringleiding en geluidsversterker).<\/li>\n<li>\u00a0Wij beschikken in onze lokalen over aangepaste bewegwijzering.<\/li>\n<li>Het personeel past zich aan elke vraag aan en kan informatie schriftelijk verstrekken.<\/li>\n<li>Informatieschermen.<\/li>\n<li>Gevoelig en opgeleid personeel.<\/li>\n<li>Rustruimte.<\/li>\n<\/ul>\n<p>[\/vc_column_text][\/vc_column][vc_column width=&#8221;1\/2&#8243;][vc_column_text css=&#8221;&#8221;]<\/p>\n<h1 style=\"text-align: center;\">Visuele handicap<\/h1>\n<ul>\n<li>Aankondiging in grote letters in het toeristenbureau.<\/li>\n<li data-filters=\"visual,walking\">Buitenpad op gelijk niveau.<\/li>\n<li class=\"\" data-filters=\"visual,understand\">Glazen deur met contrasterende elementen op het glazen gedeelte.<\/li>\n<li data-filters=\"all\">Goed zichtbare ingang.<\/li>\n<li data-filters=\"all\">Ontvangst vlakbij de ingang.<\/li>\n<li data-filters=\"walking,visual\">Weg naar de gelijkvloerse ontvangsthal.<\/li>\n<li>Gevoelig en opgeleid personeel.<\/li>\n<li>Rustruimte.<\/li>\n<\/ul>\n<p>[\/vc_column_text][vc_column_text css=&#8221;&#8221;]<\/p>\n<h1 style=\"text-align: center;\">Handicap Mental<\/h1>\n<ul>\n<li>Beschikbaarstelling van een FALC-gids (gemakkelijk te lezen of te begrijpen).<\/li>\n<li>Gevoelig en opgeleid personeel.<\/li>\n<li>Rustruimte.<\/li>\n<\/ul>\n<p>[\/vc_column_text][\/vc_column][\/vc_row][vc_row][vc_column][vc_separator css=&#8221;&#8221;][\/vc_column][\/vc_row][vc_row][vc_column][vc_column_text css=&#8221;&#8221;]<\/p>\n<h2>Nuttige informatie<\/h2>\n<h4>De parkeerplaatsen voor mindervaliden bevinden zich voor de ingang van het toeristenbureau (twee plaatsen) en achter het gebouw van het toeristenbureau (\u00e9\u00e9n plaats).<\/h4>\n<h4>De dichtstbijzijnde openbare toiletten bij het gebouw van het VVV-kantoor bevinden zich bij het gebouw van de <strong><a href=\"https:\/\/explore.samoens.com\/en\/shops-and-services\/esf-public-toilets\">ESF.<\/a><\/strong><\/h4>\n<h4>Onze vakantieadviseurs raden u aan om &#8217;s ochtends tussen 9 en 10 uur of in de vroege namiddag tussen 14 en 15 uur langs te komen, zodat u in alle rust praktische informatie over uw verblijf kunt krijgen.<\/h4>\n<h4><\/h4>\n<p>[\/vc_column_text][\/vc_column][\/vc_row][vc_row][vc_column width=&#8221;1\/2&#8243;][vc_single_image image=&#8221;606482&#8243; img_size=&#8221;medium&#8221;][\/vc_column][vc_column width=&#8221;1\/2&#8243;][vc_single_image image=&#8221;606485&#8243; img_size=&#8221;medium&#8221;][\/vc_column][\/vc_row][vc_row][vc_column][vc_separator css=&#8221;&#8221;][\/vc_column][\/vc_row][vc_row][vc_column width=&#8221;1\/2&#8243;][vc_empty_space height=&#8221;100px&#8221;][vc_column_text css=&#8221;&#8221;]<\/p>\n<h1>Getuigenis:<\/h1>\n<h4>Mooie getuigenis met foto&#8217;s van Christine &#8211; alias Caddy en Annie.<\/h4>\n<p>[\/vc_column_text]<div class=\"ye_slick575 \"><div><div class=\"ye_slickinside\" style=\"height:700px; background-image:url(https:\/\/www.samoens.com\/wp-content\/uploads\/2025\/09\/WhatsApp-Image-2025-09-29-at-10.59.28-4-1425x1900.jpeg);\"><\/div><\/div><div><div class=\"ye_slickinside\" style=\"height:700px; background-image:url(https:\/\/www.samoens.com\/wp-content\/uploads\/2025\/09\/WhatsApp-Image-2025-09-29-at-10.59.28-3-1425x1900.jpeg);\"><\/div><\/div><div><div class=\"ye_slickinside\" style=\"height:700px; background-image:url(https:\/\/www.samoens.com\/wp-content\/uploads\/2025\/09\/WhatsApp-Image-2025-09-29-at-10.59.28-2.jpeg);\"><\/div><\/div><div><div class=\"ye_slickinside\" style=\"height:700px; background-image:url(https:\/\/www.samoens.com\/wp-content\/uploads\/2025\/09\/WhatsApp-Image-2025-09-29-at-10.59.28-1-1900x1377.jpeg);\"><\/div><\/div><div><div class=\"ye_slickinside\" style=\"height:700px; background-image:url(https:\/\/www.samoens.com\/wp-content\/uploads\/2025\/09\/WhatsApp-Image-2025-09-29-at-10.59.28-1425x1900.jpeg);\"><\/div><\/div><div><div class=\"ye_slickinside\" style=\"height:700px; background-image:url(https:\/\/www.samoens.com\/wp-content\/uploads\/2025\/09\/WhatsApp-Image-2025-09-29-at-10.59.27-4.jpeg);\"><\/div><\/div><div><div class=\"ye_slickinside\" style=\"height:700px; background-image:url(https:\/\/www.samoens.com\/wp-content\/uploads\/2025\/09\/WhatsApp-Image-2025-09-29-at-10.59.27-3.jpeg);\"><\/div><\/div><div><div class=\"ye_slickinside\" style=\"height:700px; background-image:url(https:\/\/www.samoens.com\/wp-content\/uploads\/2025\/09\/WhatsApp-Image-2025-09-29-at-10.59.27-2-1425x1900.jpeg);\"><\/div><\/div><div><div class=\"ye_slickinside\" style=\"height:700px; background-image:url(https:\/\/www.samoens.com\/wp-content\/uploads\/2025\/09\/WhatsApp-Image-2025-09-29-at-10.59.27-1.jpeg);\"><\/div><\/div><div><div class=\"ye_slickinside\" style=\"height:700px; background-image:url(https:\/\/www.samoens.com\/wp-content\/uploads\/2025\/09\/WhatsApp-Image-2025-09-29-at-10.59.27-1900x1425.jpeg);\"><\/div><\/div><\/div><script>\r\n                  $(\".ye_slick575\").slick({\r\n                      slidesToShow: 1,\r\n                      slidesToScroll: 1,\r\n                      dots: false,\r\n                      arrows: true,\r\n                      responsive: [{breakpoint: 768, settings: {slidesToShow: 1, slidesToScroll: 1}}]\r\n                  });<\/script>[\/vc_column][vc_column width=&#8221;1\/2&#8243;]<section class=\"elem_ambassadeur row\"><div class=\"col-sm-6 imgamba\" style=\"background-image:url();\"><\/div><div class=\"col-sm-6 textamba\"><div class=\"photoamba\" style=\"background-image:url(https:\/\/www.samoens.com\/wp-content\/uploads\/2025\/09\/WhatsApp-Image-2025-09-29-at-10.59.27-768x576.jpeg);\"><\/div><div class=\"titreamba\">Blason Berckois<\/div><p><\/p>\n<p data-start=\"107\" data-end=\"273\">Het is tijd om te vertrekken, waarmee een uitzonderlijk verblijf bij Xavier en Krystel Davergne in Clos des Cimes, in Vallon d\u2019en Haut in Samo\u00ebns, tot een einde komt.<\/p>\n<p data-start=\"275\" data-end=\"646\">Onze hartelijke dank gaat uit naar onze gastheren voor hun warme en zorgzame ontvangst. De g\u00eete, perfect toegankelijk voor een elektrische rolstoel, was zorgvuldig voorbereid: meubels werden verplaatst om medische apparatuur te installeren (verpleegbed, bedtafel, enz.), en de bedden waren opgemaakt bij onze aankomst \u2014 een waardevol comfort vanaf het allereerste moment.<\/p>\n<p data-start=\"648\" data-end=\"846\">Discreet maar altijd attent waakten Xavier en Krystel over ons welzijn en begeleidden zij ons met veel vriendelijkheid bij de organisatie van uitstappen die perfect waren aangepast aan een handicap.<\/p>\n<p data-start=\"848\" data-end=\"1064\">Dankzij de Cimgo hebben wij de bergen in al hun facetten ontdekt \u2014 hartelijk dank aan onze piloten, Xavier en Serge. Aquazen deed wonderen voor lichaam en geest; dank je wel, Krystel, voor deze ontspannende momenten.<\/p>\n<p data-start=\"1066\" data-end=\"1178\">Vol nieuwe energie hebben we al een afspraak gemaakt voor maart om het ski\u00ebn op verse poedersneeuw te ontdekken.<\/p>\n<p data-start=\"1180\" data-end=\"1350\">Op 75- en 63-jarige leeftijd is er geen leeftijdsgrens om te ontdekken, te dromen en nieuwe ervaringen te beleven \u2014 het enige wat nodig is, is de juiste mensen ontmoeten.<\/p>\n<p><\/p><\/div><\/section>[\/vc_column][\/vc_row]<\/p>\n<\/div>","protected":false},"excerpt":{"rendered":"<p>[vc_row][vc_column width=&#8221;1\/2&#8243;][vc_single_image image=&#8221;605468&#8243; img_size=&#8221;medium&#8221; css=&#8221;&#8221;][\/vc_column][vc_column width=&#8221;1\/2&#8243;][vc_single_image image=&#8221;605770&#8243; img_size=&#8221;medium&#8221; css=&#8221;&#8221;][\/vc_column][\/vc_row][vc_row][vc_column][vc_column_text css=&#8221;&#8221;] handitourism Samo\u00ebns [\/vc_column_text][vc_column_text css=&#8221;&#8221;] Hier vindt u alle praktische informatie over de toegankelijkheid en de aangepaste activiteiten die u kunt ondernemen. &nbsp; Voor informatie over de toegankelijkheid van het gebouw van het toeristenbureau kunt u onze pagina raadplegen op Acceslibre.[\/vc_column_text][vc_column_text css=&#8221;&#8221;]Samo\u00ebns zet zich in voor [&hellip;]<\/p>\n","protected":false},"author":1,"featured_media":413886,"parent":0,"menu_order":50,"comment_status":"closed","ping_status":"closed","template":"","meta":{"_acf_changed":false,"footnotes":""},"class_list":["post-11761","page","type-page","status-publish","hentry"],"acf":[],"yoast_head":"<!-- This site is optimized with the Yoast SEO plugin v27.4 - https:\/\/yoast.com\/product\/yoast-seo-wordpress\/ -->\n<title>Handi tourism Samo\u00ebns, station de ski et village authentique en Haute-Savoie<\/title>\n<meta name=\"description\" content=\"Samo\u00ebns offre de nombreuses activit\u00e9s adapt\u00e9es \u00e0 chacun afin de passer d&#039;agr\u00e9able vacances en famille ou entre amis !\" \/>\n<meta name=\"robots\" content=\"index, follow, max-snippet:-1, max-image-preview:large, max-video-preview:-1\" \/>\n<link rel=\"canonical\" href=\"https:\/\/www.samoens.com\/nl\/handicap\/\" \/>\n<meta property=\"og:locale\" content=\"nl_NL\" \/>\n<meta property=\"og:type\" content=\"article\" \/>\n<meta property=\"og:title\" content=\"Handi tourism Samo\u00ebns, station de ski et village authentique en Haute-Savoie\" \/>\n<meta property=\"og:description\" content=\"Samo\u00ebns offre de nombreuses activit\u00e9s adapt\u00e9es \u00e0 chacun afin de passer d&#039;agr\u00e9able vacances en famille ou entre amis !\" \/>\n<meta property=\"og:url\" content=\"https:\/\/www.samoens.com\/nl\/handicap\/\" \/>\n<meta property=\"og:site_name\" content=\"Samo\u00ebns, station de ski et village authentique en Haute-Savoie\" \/>\n<meta property=\"article:modified_time\" content=\"2026-03-07T16:03:38+00:00\" \/>\n<meta property=\"og:image\" content=\"https:\/\/www.samoens.com\/wp-content\/uploads\/2020\/06\/4-FTT-nov-2016-scaled.jpg\" \/>\n\t<meta property=\"og:image:width\" content=\"2560\" \/>\n\t<meta property=\"og:image:height\" content=\"1920\" \/>\n\t<meta property=\"og:image:type\" content=\"image\/jpeg\" \/>\n<meta name=\"twitter:card\" content=\"summary_large_image\" \/>\n<meta name=\"twitter:label1\" content=\"Geschatte leestijd\" \/>\n\t<meta name=\"twitter:data1\" content=\"2 minuten\" \/>\n<script type=\"application\/ld+json\" class=\"yoast-schema-graph\">{\"@context\":\"https:\\\/\\\/schema.org\",\"@graph\":[{\"@type\":\"WebPage\",\"@id\":\"https:\\\/\\\/www.samoens.com\\\/nl\\\/handicap\\\/\",\"url\":\"https:\\\/\\\/www.samoens.com\\\/nl\\\/handicap\\\/\",\"name\":\"Handi tourism Samo\u00ebns, station de ski et village authentique en Haute-Savoie\",\"isPartOf\":{\"@id\":\"https:\\\/\\\/www.samoens.com\\\/#website\"},\"primaryImageOfPage\":{\"@id\":\"https:\\\/\\\/www.samoens.com\\\/nl\\\/handicap\\\/#primaryimage\"},\"image\":{\"@id\":\"https:\\\/\\\/www.samoens.com\\\/nl\\\/handicap\\\/#primaryimage\"},\"thumbnailUrl\":\"https:\\\/\\\/www.samoens.com\\\/wp-content\\\/uploads\\\/2020\\\/06\\\/4-FTT-nov-2016-scaled.jpg\",\"datePublished\":\"2019-08-29T08:41:34+00:00\",\"dateModified\":\"2026-03-07T16:03:38+00:00\",\"description\":\"Samo\u00ebns offre de nombreuses activit\u00e9s adapt\u00e9es \u00e0 chacun afin de passer d'agr\u00e9able vacances en famille ou entre amis !\",\"breadcrumb\":{\"@id\":\"https:\\\/\\\/www.samoens.com\\\/nl\\\/handicap\\\/#breadcrumb\"},\"inLanguage\":\"nl-NL\",\"potentialAction\":[{\"@type\":\"ReadAction\",\"target\":[\"https:\\\/\\\/www.samoens.com\\\/nl\\\/handicap\\\/\"]}]},{\"@type\":\"ImageObject\",\"inLanguage\":\"nl-NL\",\"@id\":\"https:\\\/\\\/www.samoens.com\\\/nl\\\/handicap\\\/#primaryimage\",\"url\":\"https:\\\/\\\/www.samoens.com\\\/wp-content\\\/uploads\\\/2020\\\/06\\\/4-FTT-nov-2016-scaled.jpg\",\"contentUrl\":\"https:\\\/\\\/www.samoens.com\\\/wp-content\\\/uploads\\\/2020\\\/06\\\/4-FTT-nov-2016-scaled.jpg\",\"width\":2560,\"height\":1920},{\"@type\":\"BreadcrumbList\",\"@id\":\"https:\\\/\\\/www.samoens.com\\\/nl\\\/handicap\\\/#breadcrumb\",\"itemListElement\":[{\"@type\":\"ListItem\",\"position\":1,\"name\":\"Accueil\",\"item\":\"https:\\\/\\\/www.samoens.com\\\/nl\\\/\"},{\"@type\":\"ListItem\",\"position\":2,\"name\":\"Handi tourism\"}]},{\"@type\":\"WebSite\",\"@id\":\"https:\\\/\\\/www.samoens.com\\\/#website\",\"url\":\"https:\\\/\\\/www.samoens.com\\\/\",\"name\":\"Samo\u00ebns, station de ski et village authentique en Haute-Savoie\",\"description\":\"Nich\u00e9e au coeur du domaine skiable du Grand Massif et \u00e0 moins d&#039;1h de Gen\u00e8ve, Samo\u00ebns rendra vos vacances inoubliables en \u00e9t\u00e9 comme en hiver\",\"potentialAction\":[{\"@type\":\"SearchAction\",\"target\":{\"@type\":\"EntryPoint\",\"urlTemplate\":\"https:\\\/\\\/www.samoens.com\\\/?s={search_term_string}\"},\"query-input\":{\"@type\":\"PropertyValueSpecification\",\"valueRequired\":true,\"valueName\":\"search_term_string\"}}],\"inLanguage\":\"nl-NL\"}]}<\/script>\n<!-- \/ Yoast SEO plugin. -->","yoast_head_json":{"title":"Handi tourism Samo\u00ebns, station de ski et village authentique en Haute-Savoie","description":"Samo\u00ebns offre de nombreuses activit\u00e9s adapt\u00e9es \u00e0 chacun afin de passer d'agr\u00e9able vacances en famille ou entre amis !","robots":{"index":"index","follow":"follow","max-snippet":"max-snippet:-1","max-image-preview":"max-image-preview:large","max-video-preview":"max-video-preview:-1"},"canonical":"https:\/\/www.samoens.com\/nl\/handicap\/","og_locale":"nl_NL","og_type":"article","og_title":"Handi tourism Samo\u00ebns, station de ski et village authentique en Haute-Savoie","og_description":"Samo\u00ebns offre de nombreuses activit\u00e9s adapt\u00e9es \u00e0 chacun afin de passer d'agr\u00e9able vacances en famille ou entre amis !","og_url":"https:\/\/www.samoens.com\/nl\/handicap\/","og_site_name":"Samo\u00ebns, station de ski et village authentique en Haute-Savoie","article_modified_time":"2026-03-07T16:03:38+00:00","og_image":[{"width":2560,"height":1920,"url":"https:\/\/www.samoens.com\/wp-content\/uploads\/2020\/06\/4-FTT-nov-2016-scaled.jpg","type":"image\/jpeg"}],"twitter_card":"summary_large_image","twitter_misc":{"Geschatte leestijd":"2 minuten"},"schema":{"@context":"https:\/\/schema.org","@graph":[{"@type":"WebPage","@id":"https:\/\/www.samoens.com\/nl\/handicap\/","url":"https:\/\/www.samoens.com\/nl\/handicap\/","name":"Handi tourism Samo\u00ebns, station de ski et village authentique en Haute-Savoie","isPartOf":{"@id":"https:\/\/www.samoens.com\/#website"},"primaryImageOfPage":{"@id":"https:\/\/www.samoens.com\/nl\/handicap\/#primaryimage"},"image":{"@id":"https:\/\/www.samoens.com\/nl\/handicap\/#primaryimage"},"thumbnailUrl":"https:\/\/www.samoens.com\/wp-content\/uploads\/2020\/06\/4-FTT-nov-2016-scaled.jpg","datePublished":"2019-08-29T08:41:34+00:00","dateModified":"2026-03-07T16:03:38+00:00","description":"Samo\u00ebns offre de nombreuses activit\u00e9s adapt\u00e9es \u00e0 chacun afin de passer d'agr\u00e9able vacances en famille ou entre amis !","breadcrumb":{"@id":"https:\/\/www.samoens.com\/nl\/handicap\/#breadcrumb"},"inLanguage":"nl-NL","potentialAction":[{"@type":"ReadAction","target":["https:\/\/www.samoens.com\/nl\/handicap\/"]}]},{"@type":"ImageObject","inLanguage":"nl-NL","@id":"https:\/\/www.samoens.com\/nl\/handicap\/#primaryimage","url":"https:\/\/www.samoens.com\/wp-content\/uploads\/2020\/06\/4-FTT-nov-2016-scaled.jpg","contentUrl":"https:\/\/www.samoens.com\/wp-content\/uploads\/2020\/06\/4-FTT-nov-2016-scaled.jpg","width":2560,"height":1920},{"@type":"BreadcrumbList","@id":"https:\/\/www.samoens.com\/nl\/handicap\/#breadcrumb","itemListElement":[{"@type":"ListItem","position":1,"name":"Accueil","item":"https:\/\/www.samoens.com\/nl\/"},{"@type":"ListItem","position":2,"name":"Handi tourism"}]},{"@type":"WebSite","@id":"https:\/\/www.samoens.com\/#website","url":"https:\/\/www.samoens.com\/","name":"Samo\u00ebns, station de ski et village authentique en Haute-Savoie","description":"Nich\u00e9e au coeur du domaine skiable du Grand Massif et \u00e0 moins d&#039;1h de Gen\u00e8ve, Samo\u00ebns rendra vos vacances inoubliables en \u00e9t\u00e9 comme en hiver","potentialAction":[{"@type":"SearchAction","target":{"@type":"EntryPoint","urlTemplate":"https:\/\/www.samoens.com\/?s={search_term_string}"},"query-input":{"@type":"PropertyValueSpecification","valueRequired":true,"valueName":"search_term_string"}}],"inLanguage":"nl-NL"}]}},"_links":{"self":[{"href":"https:\/\/www.samoens.com\/nl\/wp-json\/wp\/v2\/pages\/11761","targetHints":{"allow":["GET"]}}],"collection":[{"href":"https:\/\/www.samoens.com\/nl\/wp-json\/wp\/v2\/pages"}],"about":[{"href":"https:\/\/www.samoens.com\/nl\/wp-json\/wp\/v2\/types\/page"}],"author":[{"embeddable":true,"href":"https:\/\/www.samoens.com\/nl\/wp-json\/wp\/v2\/users\/1"}],"replies":[{"embeddable":true,"href":"https:\/\/www.samoens.com\/nl\/wp-json\/wp\/v2\/comments?post=11761"}],"version-history":[{"count":5,"href":"https:\/\/www.samoens.com\/nl\/wp-json\/wp\/v2\/pages\/11761\/revisions"}],"predecessor-version":[{"id":606720,"href":"https:\/\/www.samoens.com\/nl\/wp-json\/wp\/v2\/pages\/11761\/revisions\/606720"}],"wp:featuredmedia":[{"embeddable":true,"href":"https:\/\/www.samoens.com\/nl\/wp-json\/wp\/v2\/media\/413886"}],"wp:attachment":[{"href":"https:\/\/www.samoens.com\/nl\/wp-json\/wp\/v2\/media?parent=11761"}],"curies":[{"name":"wp","href":"https:\/\/api.w.org\/{rel}","templated":true}]}}