{"id":553895,"date":"2021-12-16T16:27:10","date_gmt":"2021-12-16T15:27:10","guid":{"rendered":"https:\/\/www.samoens.com\/?post_type=ambassadeurs&#038;p=553895"},"modified":"2021-12-17T10:54:48","modified_gmt":"2021-12-17T09:54:48","slug":"celina","status":"publish","type":"ambassadeurs","link":"https:\/\/www.samoens.com\/en\/ambassadeurs\/celina\/","title":{"rendered":"C\u00e9lina"},"content":{"rendered":"<p>In love with Samo\u00ebns since I was 3, I love this village all year round. Always a pleasure to come there,<br \/>\nand share good times. I love hiking and huts in the summer, as well as skiing in the winter in this beautiful valley. The Septimontains are very welcoming.<\/p>\n","protected":false},"excerpt":{"rendered":"<p>In love with Samo\u00ebns since I was 3, I love this village all year round. Always a pleasure to come there, and share good times. I love hiking and huts in the summer, as well as skiing in the winter in this beautiful valley. The Septimontains are very welcoming.<\/p>\n","protected":false},"author":1,"featured_media":529542,"template":"","meta":{"_acf_changed":false,"footnotes":""},"categories":[],"class_list":["post-553895","ambassadeurs","type-ambassadeurs","status-publish","hentry"],"acf":[],"yoast_head":"<!-- This site is optimized with the Yoast SEO plugin v27.4 - https:\/\/yoast.com\/product\/yoast-seo-wordpress\/ -->\n<title>C\u00e9lina - Samo\u00ebns, station de ski et village authentique en Haute-Savoie<\/title>\n<meta name=\"robots\" content=\"noindex, follow\" \/>\n<meta property=\"og:locale\" content=\"en_US\" \/>\n<meta property=\"og:type\" content=\"article\" \/>\n<meta property=\"og:title\" content=\"C\u00e9lina - Samo\u00ebns, station de ski et village authentique en Haute-Savoie\" \/>\n<meta property=\"og:description\" content=\"In love with Samo\u00ebns since I was 3, I love this village all year round. Always a pleasure to come there, and share good times. I love hiking and huts in the summer, as well as skiing in the winter in this beautiful valley. The Septimontains are very welcoming.\" \/>\n<meta property=\"og:url\" content=\"https:\/\/www.samoens.com\/en\/ambassadeurs\/celina\/\" \/>\n<meta property=\"og:site_name\" content=\"Samo\u00ebns, station de ski et village authentique en Haute-Savoie\" \/>\n<meta property=\"article:modified_time\" content=\"2021-12-17T09:54:48+00:00\" \/>\n<meta property=\"og:image\" content=\"https:\/\/www.samoens.com\/wp-content\/uploads\/2021\/04\/Celina-Bronner.jpg\" \/>\n\t<meta property=\"og:image:width\" content=\"1242\" \/>\n\t<meta property=\"og:image:height\" content=\"2208\" \/>\n\t<meta property=\"og:image:type\" content=\"image\/jpeg\" \/>\n<meta name=\"twitter:card\" content=\"summary_large_image\" \/>\n<meta name=\"twitter:label1\" content=\"Est. reading time\" \/>\n\t<meta name=\"twitter:data1\" content=\"1 minute\" \/>\n<script type=\"application\/ld+json\" class=\"yoast-schema-graph\">{\"@context\":\"https:\\\/\\\/schema.org\",\"@graph\":[{\"@type\":\"WebPage\",\"@id\":\"https:\\\/\\\/www.samoens.com\\\/en\\\/ambassadeurs\\\/celina\\\/\",\"url\":\"https:\\\/\\\/www.samoens.com\\\/en\\\/ambassadeurs\\\/celina\\\/\",\"name\":\"C\u00e9lina - Samo\u00ebns, station de ski et village authentique en Haute-Savoie\",\"isPartOf\":{\"@id\":\"https:\\\/\\\/www.samoens.com\\\/#website\"},\"primaryImageOfPage\":{\"@id\":\"https:\\\/\\\/www.samoens.com\\\/en\\\/ambassadeurs\\\/celina\\\/#primaryimage\"},\"image\":{\"@id\":\"https:\\\/\\\/www.samoens.com\\\/en\\\/ambassadeurs\\\/celina\\\/#primaryimage\"},\"thumbnailUrl\":\"https:\\\/\\\/www.samoens.com\\\/wp-content\\\/uploads\\\/2021\\\/04\\\/Celina-Bronner.jpg\",\"datePublished\":\"2021-12-16T15:27:10+00:00\",\"dateModified\":\"2021-12-17T09:54:48+00:00\",\"breadcrumb\":{\"@id\":\"https:\\\/\\\/www.samoens.com\\\/en\\\/ambassadeurs\\\/celina\\\/#breadcrumb\"},\"inLanguage\":\"en-US\",\"potentialAction\":[{\"@type\":\"ReadAction\",\"target\":[\"https:\\\/\\\/www.samoens.com\\\/en\\\/ambassadeurs\\\/celina\\\/\"]}]},{\"@type\":\"ImageObject\",\"inLanguage\":\"en-US\",\"@id\":\"https:\\\/\\\/www.samoens.com\\\/en\\\/ambassadeurs\\\/celina\\\/#primaryimage\",\"url\":\"https:\\\/\\\/www.samoens.com\\\/wp-content\\\/uploads\\\/2021\\\/04\\\/Celina-Bronner.jpg\",\"contentUrl\":\"https:\\\/\\\/www.samoens.com\\\/wp-content\\\/uploads\\\/2021\\\/04\\\/Celina-Bronner.jpg\",\"width\":1242,\"height\":2208},{\"@type\":\"BreadcrumbList\",\"@id\":\"https:\\\/\\\/www.samoens.com\\\/en\\\/ambassadeurs\\\/celina\\\/#breadcrumb\",\"itemListElement\":[{\"@type\":\"ListItem\",\"position\":1,\"name\":\"Accueil\",\"item\":\"https:\\\/\\\/www.samoens.com\\\/en\\\/\"},{\"@type\":\"ListItem\",\"position\":2,\"name\":\"C\u00e9lina\"}]},{\"@type\":\"WebSite\",\"@id\":\"https:\\\/\\\/www.samoens.com\\\/#website\",\"url\":\"https:\\\/\\\/www.samoens.com\\\/\",\"name\":\"Samo\u00ebns, station de ski et village authentique en Haute-Savoie\",\"description\":\"Nich\u00e9e au coeur du domaine skiable du Grand Massif et \u00e0 moins d&#039;1h de Gen\u00e8ve, Samo\u00ebns rendra vos vacances inoubliables en \u00e9t\u00e9 comme en hiver\",\"potentialAction\":[{\"@type\":\"SearchAction\",\"target\":{\"@type\":\"EntryPoint\",\"urlTemplate\":\"https:\\\/\\\/www.samoens.com\\\/?s={search_term_string}\"},\"query-input\":{\"@type\":\"PropertyValueSpecification\",\"valueRequired\":true,\"valueName\":\"search_term_string\"}}],\"inLanguage\":\"en-US\"}]}<\/script>\n<!-- \/ Yoast SEO plugin. -->","yoast_head_json":{"title":"C\u00e9lina - Samo\u00ebns, station de ski et village authentique en Haute-Savoie","robots":{"index":"noindex","follow":"follow"},"og_locale":"en_US","og_type":"article","og_title":"C\u00e9lina - Samo\u00ebns, station de ski et village authentique en Haute-Savoie","og_description":"In love with Samo\u00ebns since I was 3, I love this village all year round. Always a pleasure to come there, and share good times. I love hiking and huts in the summer, as well as skiing in the winter in this beautiful valley. The Septimontains are very welcoming.","og_url":"https:\/\/www.samoens.com\/en\/ambassadeurs\/celina\/","og_site_name":"Samo\u00ebns, station de ski et village authentique en Haute-Savoie","article_modified_time":"2021-12-17T09:54:48+00:00","og_image":[{"width":1242,"height":2208,"url":"https:\/\/www.samoens.com\/wp-content\/uploads\/2021\/04\/Celina-Bronner.jpg","type":"image\/jpeg"}],"twitter_card":"summary_large_image","twitter_misc":{"Est. reading time":"1 minute"},"schema":{"@context":"https:\/\/schema.org","@graph":[{"@type":"WebPage","@id":"https:\/\/www.samoens.com\/en\/ambassadeurs\/celina\/","url":"https:\/\/www.samoens.com\/en\/ambassadeurs\/celina\/","name":"C\u00e9lina - Samo\u00ebns, station de ski et village authentique en Haute-Savoie","isPartOf":{"@id":"https:\/\/www.samoens.com\/#website"},"primaryImageOfPage":{"@id":"https:\/\/www.samoens.com\/en\/ambassadeurs\/celina\/#primaryimage"},"image":{"@id":"https:\/\/www.samoens.com\/en\/ambassadeurs\/celina\/#primaryimage"},"thumbnailUrl":"https:\/\/www.samoens.com\/wp-content\/uploads\/2021\/04\/Celina-Bronner.jpg","datePublished":"2021-12-16T15:27:10+00:00","dateModified":"2021-12-17T09:54:48+00:00","breadcrumb":{"@id":"https:\/\/www.samoens.com\/en\/ambassadeurs\/celina\/#breadcrumb"},"inLanguage":"en-US","potentialAction":[{"@type":"ReadAction","target":["https:\/\/www.samoens.com\/en\/ambassadeurs\/celina\/"]}]},{"@type":"ImageObject","inLanguage":"en-US","@id":"https:\/\/www.samoens.com\/en\/ambassadeurs\/celina\/#primaryimage","url":"https:\/\/www.samoens.com\/wp-content\/uploads\/2021\/04\/Celina-Bronner.jpg","contentUrl":"https:\/\/www.samoens.com\/wp-content\/uploads\/2021\/04\/Celina-Bronner.jpg","width":1242,"height":2208},{"@type":"BreadcrumbList","@id":"https:\/\/www.samoens.com\/en\/ambassadeurs\/celina\/#breadcrumb","itemListElement":[{"@type":"ListItem","position":1,"name":"Accueil","item":"https:\/\/www.samoens.com\/en\/"},{"@type":"ListItem","position":2,"name":"C\u00e9lina"}]},{"@type":"WebSite","@id":"https:\/\/www.samoens.com\/#website","url":"https:\/\/www.samoens.com\/","name":"Samo\u00ebns, station de ski et village authentique en Haute-Savoie","description":"Nich\u00e9e au coeur du domaine skiable du Grand Massif et \u00e0 moins d&#039;1h de Gen\u00e8ve, Samo\u00ebns rendra vos vacances inoubliables en \u00e9t\u00e9 comme en hiver","potentialAction":[{"@type":"SearchAction","target":{"@type":"EntryPoint","urlTemplate":"https:\/\/www.samoens.com\/?s={search_term_string}"},"query-input":{"@type":"PropertyValueSpecification","valueRequired":true,"valueName":"search_term_string"}}],"inLanguage":"en-US"}]}},"_links":{"self":[{"href":"https:\/\/www.samoens.com\/en\/wp-json\/wp\/v2\/ambassadeurs\/553895","targetHints":{"allow":["GET"]}}],"collection":[{"href":"https:\/\/www.samoens.com\/en\/wp-json\/wp\/v2\/ambassadeurs"}],"about":[{"href":"https:\/\/www.samoens.com\/en\/wp-json\/wp\/v2\/types\/ambassadeurs"}],"author":[{"embeddable":true,"href":"https:\/\/www.samoens.com\/en\/wp-json\/wp\/v2\/users\/1"}],"version-history":[{"count":0,"href":"https:\/\/www.samoens.com\/en\/wp-json\/wp\/v2\/ambassadeurs\/553895\/revisions"}],"wp:featuredmedia":[{"embeddable":true,"href":"https:\/\/www.samoens.com\/en\/wp-json\/wp\/v2\/media\/529542"}],"wp:attachment":[{"href":"https:\/\/www.samoens.com\/en\/wp-json\/wp\/v2\/media?parent=553895"}],"wp:term":[{"taxonomy":"categories","embeddable":true,"href":"https:\/\/www.samoens.com\/en\/wp-json\/wp\/v2\/categories?post=553895"}],"curies":[{"name":"wp","href":"https:\/\/api.w.org\/{rel}","templated":true}]}}